{"id":42,"date":"2025-08-26T13:49:44","date_gmt":"2025-08-26T11:49:44","guid":{"rendered":"https:\/\/pvcpro.eu\/?page_id=42"},"modified":"2026-03-04T21:19:47","modified_gmt":"2026-03-04T20:19:47","slug":"instrukce-k-montazi","status":"publish","type":"page","link":"https:\/\/pvcpro.eu\/cs\/instrukcja-montazu\/","title":{"rendered":"N\u00e1vod k mont\u00e1\u017ei"},"content":{"rendered":"<p>[et_pb_section fb_built=&#8221;1&#8243; _builder_version=&#8221;4.27.4&#8243; _module_preset=&#8221;default&#8221; background_image=&#8221;https:\/\/pvcpro.eu\/wp-content\/uploads\/2025\/09\/instrukcja-montazu-krtyn-pcv.jpg&#8221; background_position=&#8221;bottom_center&#8221; transform_translate_linked=&#8221;off&#8221; position_origin_a_tablet=&#8221;&#8221; position_origin_a_phone=&#8221;&#8221; position_origin_a_last_edited=&#8221;on|tablet&#8221; position_origin_f_tablet=&#8221;&#8221; position_origin_f_phone=&#8221;&#8221; position_origin_f_last_edited=&#8221;on|tablet&#8221; position_origin_r_tablet=&#8221;&#8221; position_origin_r_phone=&#8221;&#8221; position_origin_r_last_edited=&#8221;on|tablet&#8221; custom_padding=&#8221;0px||0px||false|false&#8221; positioning_tablet=&#8221;none&#8221; positioning_phone=&#8221;none&#8221; positioning_last_edited=&#8221;on|tablet&#8221; custom_css_main_element=&#8221;overflow: hidden;&#8221; custom_css_free_form=&#8221;||||&#8221; global_colors_info=&#8221;{}&#8221;][et_pb_row column_structure=&#8221;2_3,1_3&#8243; use_custom_gutter=&#8221;on&#8221; gutter_width=&#8221;1&#8243; make_equal=&#8221;on&#8221; custom_padding_last_edited=&#8221;on|phone&#8221; _builder_version=&#8221;4.27.4&#8243; _module_preset=&#8221;default&#8221; z_index=&#8221;77&#8243; custom_padding=&#8221;0px||0px||false|false&#8221; custom_padding_tablet=&#8221;0px||0px||false|false&#8221; custom_padding_phone=&#8221;20%||||false|false&#8221; background_color_tablet=&#8221;#023859&#8243; background_last_edited=&#8221;on|phone&#8221; background_enable_color_tablet=&#8221;on&#8221; use_background_color_gradient_tablet=&#8221;on&#8221; use_background_color_gradient_phone=&#8221;off&#8221; background_color_gradient_stops_tablet=&#8221;rgba(2,56,89,0) 0%|rgba(2,56,89,0) 35%|rgba(2, 56, 89, 1) 35%|#023859 65%|rgba(2, 56, 89, 0.33) 65%|rgba(2,56,89,0) 100%&#8221; background_color_gradient_overlays_image_tablet=&#8221;on&#8221; background_image_tablet=&#8221;https:\/\/pvcpro.eu\/wp-content\/uploads\/2025\/08\/pvcpro-logo-sygnet-tlo-prawe.png&#8221; background_enable_image_tablet=&#8221;on&#8221; background_enable_image_phone=&#8221;off&#8221; custom_css_main_element=&#8221;oveflow:visible;||&#8221; global_colors_info=&#8221;{}&#8221;][et_pb_column type=&#8221;2_3&#8243; _builder_version=&#8221;4.27.4&#8243; _module_preset=&#8221;default&#8221; use_background_color_gradient=&#8221;on&#8221; background_color_gradient_stops=&#8221;rgba(2,56,89,0) 0%|rgba(2,56,89,0) 44%|#023859 44%|rgba(2, 56, 89, 1) 80%|rgba(2,56,89,0) 80%|rgba(2,56,89,0) 100%&#8221; background_last_edited=&#8221;on|phone&#8221; use_background_color_gradient_tablet=&#8221;on&#8221; use_background_color_gradient_phone=&#8221;off&#8221; background_color_gradient_stops_tablet=&#8221;rgba(2,56,89,0) 0%|rgba(2,56,89,0) 44%|#023859 44%|rgba(2, 56, 89, 1) 80%|rgba(2,56,89,0) 80%|rgba(2,56,89,0) 100%&#8221; global_colors_info=&#8221;{}&#8221;][et_pb_blurb title=&#8221;Monta\u017c Kurtyn Paskowych&#8221; alt=&#8221;Kurtyny PCV Rolnicze&#8221; icon_placement=&#8221;left&#8221; image_icon_width=&#8221;100px&#8221; content_max_width=&#8221;100%&#8221; icon_placement_tablet=&#8221;top&#8221; icon_placement_phone=&#8221;top&#8221; icon_placement_last_edited=&#8221;on|tablet&#8221; image_icon_width_tablet=&#8221;70px&#8221; image_icon_width_phone=&#8221;70px&#8221; image_icon_width_last_edited=&#8221;on|tablet&#8221; module_class=&#8221;okruszki&#8221; _builder_version=&#8221;4.27.4&#8243; _module_preset=&#8221;default&#8221; header_level=&#8221;h1&#8243; header_font=&#8221;|800|||||||&#8221; header_text_color=&#8221;#FFFFFF&#8221; header_font_size=&#8221;50px&#8221; body_text_color=&#8221;rgba(255,255,255,0.73)&#8221; image_icon_custom_margin=&#8221;|20px|||false|false&#8221; background_layout=&#8221;dark&#8221; custom_margin=&#8221;24%||12%|30px|false|false&#8221; custom_margin_tablet=&#8221;20%||20%|30px|false|false&#8221; custom_margin_phone=&#8221;20%||20%|30px|false|false&#8221; custom_margin_last_edited=&#8221;on|tablet&#8221; header_font_size_tablet=&#8221;40px&#8221; header_font_size_phone=&#8221;36px&#8221; header_font_size_last_edited=&#8221;on|phone&#8221; module_alignment_tablet=&#8221;&#8221; module_alignment_phone=&#8221;left&#8221; module_alignment_last_edited=&#8221;on|phone&#8221; custom_css_blurb_title=&#8221;margin-bottom:10px;&#8221; global_colors_info=&#8221;{}&#8221; custom_css_blurb_title_last_edited=&#8221;on|tablet&#8221; custom_css_blurb_title_tablet=&#8221;margin-bottom:0px;&#8221; custom_css_blurb_title_phone=&#8221;margin-bottom:0px;&#8221;]<\/p>\n<p>Znajdujesz si\u0119: <span><span><a href=\"https:\/\/pvcpro.eu\/\">Home<\/a><\/span><\/span><\/p>\n<p>[\/et_pb_blurb][\/et_pb_column][et_pb_column type=&#8221;1_3&#8243; _builder_version=&#8221;4.27.4&#8243; _module_preset=&#8221;default&#8221; background_color=&#8221;RGBA(255,255,255,0)&#8221; background_enable_image=&#8221;off&#8221; global_colors_info=&#8221;{}&#8221;][et_pb_image src=&#8221;https:\/\/pvcpro.eu\/wp-content\/uploads\/2025\/08\/kurtyny-paskowe-pvc-sygnet-do-naglowka.png&#8221; alt=&#8221;kurtyny paskowe pvc sygnet do naglowka&#8221; title_text=&#8221;kurtyny paskowe pvc sygnet do naglowka&#8221; align_tablet=&#8221;center&#8221; align_phone=&#8221;center&#8221; align_last_edited=&#8221;on|tablet&#8221; disabled_on=&#8221;on|on|off&#8221; _builder_version=&#8221;4.27.4&#8243; _module_preset=&#8221;default&#8221; transform_scale=&#8221;150%|150%&#8221; transform_translate=&#8221;1px|37px&#8221; transform_translate_linked=&#8221;off&#8221; positioning=&#8221;absolute&#8221; position_origin_a=&#8221;top_right&#8221; horizontal_offset=&#8221;0px&#8221; z_index=&#8221;44&#8243; width=&#8221;100%&#8221; min_height=&#8221;100%&#8221; height=&#8221;100%&#8221; max_height=&#8221;100%&#8221; global_colors_info=&#8221;{}&#8221;][\/et_pb_image][\/et_pb_column][\/et_pb_row][\/et_pb_section][et_pb_section fb_built=&#8221;1&#8243; custom_padding_last_edited=&#8221;on|phone&#8221; _builder_version=&#8221;4.27.4&#8243; _module_preset=&#8221;default&#8221; background_enable_color=&#8221;off&#8221; custom_margin_tablet=&#8221;&#8221; custom_margin_phone=&#8221;||||false|false&#8221; custom_margin_last_edited=&#8221;on|phone&#8221; custom_padding=&#8221;100px||0px||false|false&#8221; custom_padding_tablet=&#8221;100px||0px||false|false&#8221; custom_padding_phone=&#8221;20px||0px||false|false&#8221; animation_style=&#8221;slide&#8221; animation_direction=&#8221;bottom&#8221; global_colors_info=&#8221;{}&#8221;][et_pb_row _builder_version=&#8221;4.27.4&#8243; _module_preset=&#8221;default&#8221; custom_margin=&#8221;||0px||false|false&#8221; custom_padding=&#8221;||0px||false|false&#8221; global_colors_info=&#8221;{}&#8221;][et_pb_column type=&#8221;4_4&#8243; _builder_version=&#8221;4.27.4&#8243; _module_preset=&#8221;default&#8221; global_colors_info=&#8221;{}&#8221;][et_pb_text _builder_version=&#8221;4.27.4&#8243; _module_preset=&#8221;default&#8221; header_2_font=&#8221;|800|||||||&#8221; header_2_text_align=&#8221;center&#8221; header_2_font_size=&#8221;45px&#8221; header_2_line_height=&#8221;1.3em&#8221; max_width=&#8221;1200px&#8221; module_alignment=&#8221;center&#8221; header_2_text_align_tablet=&#8221;center&#8221; header_2_text_align_phone=&#8221;left&#8221; header_2_text_align_last_edited=&#8221;on|phone&#8221; header_2_font_size_tablet=&#8221;36px&#8221; header_2_font_size_phone=&#8221;26px&#8221; header_2_font_size_last_edited=&#8221;on|desktop&#8221; text_orientation_tablet=&#8221;&#8221; text_orientation_phone=&#8221;left&#8221; text_orientation_last_edited=&#8221;on|phone&#8221; global_colors_info=&#8221;{}&#8221;]<\/p>\n<h2>Monta\u017c kurtyn paskowych \u2013 to prostsze, ni\u017c my\u015blisz<\/h2>\n<p>[\/et_pb_text][et_pb_text _builder_version=&#8221;4.27.4&#8243; _module_preset=&#8221;default&#8221; text_line_height=&#8221;1.8em&#8221; header_2_font=&#8221;|800|||||||&#8221; header_2_text_align=&#8221;center&#8221; header_2_font_size=&#8221;45px&#8221; header_2_line_height=&#8221;1.3em&#8221; text_orientation=&#8221;center&#8221; max_width=&#8221;1000px&#8221; module_alignment=&#8221;center&#8221; header_2_font_size_tablet=&#8221;36px&#8221; header_2_font_size_phone=&#8221;26px&#8221; header_2_font_size_last_edited=&#8221;on|desktop&#8221; text_orientation_tablet=&#8221;center&#8221; text_orientation_phone=&#8221;left&#8221; text_orientation_last_edited=&#8221;on|phone&#8221; global_colors_info=&#8221;{}&#8221;]Monta\u017c kurtyn paskowych PVC PRO jest szybki i nie wymaga specjalistycznych narz\u0119dzi. Dzi\u0119ki przemy\u015blanej konstrukcji naszych produkt\u00f3w, wi\u0119kszo\u015b\u0107 klient\u00f3w radzi sobie z instalacj\u0105 samodzielnie. Poni\u017cej przedstawiamy instrukcj\u0119 krok po kroku.[\/et_pb_text][\/et_pb_column][\/et_pb_row][\/et_pb_section][et_pb_section fb_built=&#8221;1&#8243; custom_padding_last_edited=&#8221;on|phone&#8221; _builder_version=&#8221;4.27.4&#8243; _module_preset=&#8221;default&#8221; background_image=&#8221;https:\/\/pvcpro.eu\/wp-content\/uploads\/2025\/09\/pvc-tlo-4.png&#8221; background_size=&#8221;custom&#8221; background_image_width=&#8221;100%&#8221; custom_margin=&#8221;0px||||false|false&#8221; custom_margin_tablet=&#8221;100px||||false|false&#8221; custom_margin_phone=&#8221;0px||||false|false&#8221; custom_margin_last_edited=&#8221;on|phone&#8221; custom_padding=&#8221;0px||50px||false|false&#8221; custom_padding_tablet=&#8221;||100px||false|false&#8221; custom_padding_phone=&#8221;0px||0px||false|false&#8221; animation_style=&#8221;slide&#8221; animation_direction=&#8221;bottom&#8221; background_last_edited=&#8221;on|phone&#8221; background_enable_image_phone=&#8221;off&#8221; global_colors_info=&#8221;{}&#8221;][et_pb_row column_structure=&#8221;1_2,1_2&#8243; use_custom_gutter=&#8221;on&#8221; gutter_width=&#8221;1&#8243; make_equal=&#8221;on&#8221; _builder_version=&#8221;4.27.4&#8243; _module_preset=&#8221;default&#8221; background_color=&#8221;#023859&#8243; width_tablet=&#8221;&#8221; width_phone=&#8221;100%&#8221; width_last_edited=&#8221;on|phone&#8221; custom_margin=&#8221;50px||||false|false&#8221; custom_padding=&#8221;0px||0px||true|true&#8221; global_colors_info=&#8221;{}&#8221;][et_pb_column type=&#8221;1_2&#8243; _builder_version=&#8221;4.27.4&#8243; _module_preset=&#8221;default&#8221; global_colors_info=&#8221;{}&#8221;][et_pb_text _builder_version=&#8221;4.27.4&#8243; _module_preset=&#8221;default&#8221; header_2_font=&#8221;|800|||||||&#8221; header_2_font_size=&#8221;45px&#8221; background_layout=&#8221;dark&#8221; custom_margin=&#8221;90px|7%||7%|false|true&#8221; custom_margin_tablet=&#8221;90px|7%||7%|false|true&#8221; custom_margin_phone=&#8221;50px||||false|true&#8221; custom_margin_last_edited=&#8221;on|phone&#8221; custom_padding=&#8221;||||false|false&#8221; header_2_font_size_tablet=&#8221;45px&#8221; header_2_font_size_phone=&#8221;26px&#8221; header_2_font_size_last_edited=&#8221;on|phone&#8221; global_colors_info=&#8221;{}&#8221;]<\/p>\n<h2>Co znajdziesz w przesy\u0142ce?<\/h2>\n<p>[\/et_pb_text][et_pb_text _builder_version=&#8221;4.27.4&#8243; _module_preset=&#8221;default&#8221; text_line_height=&#8221;1.8em&#8221; background_layout=&#8221;dark&#8221; custom_margin=&#8221;30px|7%|30px|7%|false|true&#8221; custom_padding=&#8221;||||false|false&#8221; custom_padding_tablet=&#8221;||||false|false&#8221; custom_padding_phone=&#8221;||||false|false&#8221; custom_padding_last_edited=&#8221;on|phone&#8221; global_colors_info=&#8221;{}&#8221;]<\/p>\n<p>Zam\u00f3wienie dostarczymy do Ciebie zazwyczaj w ci\u0105gu 48 godzin. Wszystkie zestawy pakujemy tak, aby by\u0142y gotowe do monta\u017cu od razu po rozpakowaniu \u2013 bez konieczno\u015bci doci\u0119cia, wiercenia czy kompletowania czegokolwiek na w\u0142asn\u0105 r\u0119k\u0119.<\/p>\n<p>W przesy\u0142ce znajdziesz:<\/p>\n<p>[\/et_pb_text][et_pb_blurb use_icon=&#8221;on&#8221; font_icon=&#8221;&#x39;||divi||400&#8243; icon_color=&#8221;#FFFFFF&#8221; icon_placement=&#8221;left&#8221; image_icon_width=&#8221;32px&#8221; content_max_width=&#8221;100%&#8221; _builder_version=&#8221;4.27.4&#8243; _module_preset=&#8221;default&#8221; body_line_height=&#8221;1.8em&#8221; background_layout=&#8221;dark&#8221; custom_padding=&#8221;10px|7%|10px|7%|false|true&#8221; global_colors_info=&#8221;{}&#8221;]<\/p>\n<p><strong>Zakute pasy PCV<\/strong> o odpowiedniej d\u0142ugo\u015bci,<\/p>\n<p>[\/et_pb_blurb][et_pb_blurb use_icon=&#8221;on&#8221; font_icon=&#8221;&#x39;||divi||400&#8243; icon_color=&#8221;#FFFFFF&#8221; icon_placement=&#8221;left&#8221; image_icon_width=&#8221;32px&#8221; content_max_width=&#8221;100%&#8221; _builder_version=&#8221;4.27.4&#8243; _module_preset=&#8221;default&#8221; body_line_height=&#8221;1.8em&#8221; background_layout=&#8221;dark&#8221; custom_padding=&#8221;10px|7%|10px|7%|false|true&#8221; global_colors_info=&#8221;{}&#8221;]<\/p>\n<p><strong>Listw\u0119 grzebieniow\u0105<\/strong> w dopasowanym rozmiarze,<\/p>\n<p>[\/et_pb_blurb][et_pb_blurb use_icon=&#8221;on&#8221; font_icon=&#8221;&#x39;||divi||400&#8243; icon_color=&#8221;#FFFFFF&#8221; icon_placement=&#8221;left&#8221; image_icon_width=&#8221;32px&#8221; content_max_width=&#8221;100%&#8221; _builder_version=&#8221;4.27.4&#8243; _module_preset=&#8221;default&#8221; body_line_height=&#8221;1.8em&#8221; background_layout=&#8221;dark&#8221; custom_padding=&#8221;10px|7%|10px|7%|false|true&#8221; global_colors_info=&#8221;{}&#8221;]<\/p>\n<p><strong>Komplet oku\u0107 monta\u017cowych<\/strong> (blaszki, nity),<\/p>\n<p>[\/et_pb_blurb][et_pb_blurb use_icon=&#8221;on&#8221; font_icon=&#8221;&#x39;||divi||400&#8243; icon_color=&#8221;#FFFFFF&#8221; icon_placement=&#8221;left&#8221; image_icon_width=&#8221;32px&#8221; content_max_width=&#8221;100%&#8221; _builder_version=&#8221;4.27.4&#8243; _module_preset=&#8221;default&#8221; body_line_height=&#8221;1.8em&#8221; background_layout=&#8221;dark&#8221; custom_padding=&#8221;10px|7%|10px|7%|false|true&#8221; global_colors_info=&#8221;{}&#8221;]<\/p>\n<p><strong>Dokument sprzeda\u017cy<\/strong> \u2013 paragon lub faktur\u0119 VAT,<\/p>\n<p>[\/et_pb_blurb][et_pb_blurb use_icon=&#8221;on&#8221; font_icon=&#8221;&#x39;||divi||400&#8243; icon_color=&#8221;#FFFFFF&#8221; icon_placement=&#8221;left&#8221; image_icon_width=&#8221;32px&#8221; content_max_width=&#8221;100%&#8221; _builder_version=&#8221;4.27.4&#8243; _module_preset=&#8221;default&#8221; body_line_height=&#8221;1.8em&#8221; background_layout=&#8221;dark&#8221; custom_padding=&#8221;10px|7%|10px|7%|false|true&#8221; global_colors_info=&#8221;{}&#8221;]<\/p>\n<p>Kr\u00f3tk\u0105 wersj\u0119 instrukcji, kt\u00f3r\u0105 mo\u017cesz mie\u0107 pod r\u0119k\u0105 w trakcie monta\u017cu.<\/p>\n<p>[\/et_pb_blurb][et_pb_text _builder_version=&#8221;4.27.4&#8243; _module_preset=&#8221;default&#8221; text_line_height=&#8221;1.8em&#8221; background_layout=&#8221;dark&#8221; custom_margin=&#8221;30px|7%|30px|7%|false|true&#8221; custom_padding=&#8221;||70px||false|false&#8221; custom_padding_tablet=&#8221;||70px||false|false&#8221; custom_padding_phone=&#8221;||50px||false|false&#8221; custom_padding_last_edited=&#8221;on|desktop&#8221; global_colors_info=&#8221;{}&#8221;]Je\u015bli cokolwiek budzi Twoj\u0105 w\u0105tpliwo\u015b\u0107 \u2013 wystarczy jeden telefon. Nasz doradca techniczny szybko pomo\u017ce Ci przej\u015b\u0107 przez monta\u017c krok po kroku.[\/et_pb_text][et_pb_image src=&#8221;https:\/\/pvcpro.eu\/wp-content\/uploads\/2025\/09\/zestaw-kurtyn.jpg&#8221; alt=&#8221;zestaw kurtyn Monta\u017c Kurtyn Paskowych&#8221; title_text=&#8221;zestaw kurtyn&#8221; disabled_on=&#8221;off|off|on&#8221; _builder_version=&#8221;4.27.4&#8243; _module_preset=&#8221;default&#8221; global_colors_info=&#8221;{}&#8221;][\/et_pb_image][\/et_pb_column][et_pb_column type=&#8221;1_2&#8243; _builder_version=&#8221;4.27.4&#8243; _module_preset=&#8221;default&#8221; background_color=&#8221;RGBA(255,255,255,0)&#8221; background_image=&#8221;https:\/\/pvcpro.eu\/wp-content\/uploads\/2025\/09\/kurtyny-ocv-co-znajdzesz-w-przesylce.jpg&#8221; global_colors_info=&#8221;{}&#8221;][\/et_pb_column][\/et_pb_row][\/et_pb_section][et_pb_section fb_built=&#8221;1&#8243; custom_padding_last_edited=&#8221;on|tablet&#8221; _builder_version=&#8221;4.27.4&#8243; _module_preset=&#8221;default&#8221; background_color=&#8221;#356fb4&#8243; custom_padding=&#8221;100px||100px||false|false&#8221; custom_padding_tablet=&#8221;70px||70px||false|false&#8221; custom_padding_phone=&#8221;50px||50px||false|false&#8221; animation_style=&#8221;slide&#8221; animation_direction=&#8221;bottom&#8221; global_colors_info=&#8221;{}&#8221;][et_pb_row custom_padding_last_edited=&#8221;on|tablet&#8221; _builder_version=&#8221;4.27.4&#8243; _module_preset=&#8221;default&#8221; custom_margin=&#8221;||50px||false|false&#8221; custom_margin_tablet=&#8221;||20px||false|false&#8221; custom_margin_phone=&#8221;||20px||false|false&#8221; custom_margin_last_edited=&#8221;on|tablet&#8221; custom_padding=&#8221;||||false|false&#8221; custom_padding_tablet=&#8221;||||false|false&#8221; custom_padding_phone=&#8221;||||false|false&#8221; global_colors_info=&#8221;{}&#8221;][et_pb_column type=&#8221;4_4&#8243; _builder_version=&#8221;4.27.4&#8243; _module_preset=&#8221;default&#8221; global_colors_info=&#8221;{}&#8221;][et_pb_text _builder_version=&#8221;4.27.4&#8243; _module_preset=&#8221;default&#8221; header_2_font=&#8221;|800|||||||&#8221; header_2_text_align=&#8221;center&#8221; header_2_font_size=&#8221;45px&#8221; header_2_line_height=&#8221;1.3em&#8221; text_orientation=&#8221;center&#8221; background_layout=&#8221;dark&#8221; max_width=&#8221;1200px&#8221; module_alignment=&#8221;center&#8221; header_2_text_align_tablet=&#8221;center&#8221; header_2_text_align_phone=&#8221;left&#8221; header_2_text_align_last_edited=&#8221;on|phone&#8221; header_2_font_size_tablet=&#8221;36px&#8221; header_2_font_size_phone=&#8221;26px&#8221; header_2_font_size_last_edited=&#8221;on|desktop&#8221; text_orientation_tablet=&#8221;&#8221; text_orientation_phone=&#8221;&#8221; text_orientation_last_edited=&#8221;on|desktop&#8221; global_colors_info=&#8221;{}&#8221;]<\/p>\n<h2>Wyb\u00f3r sposobu monta\u017cu<\/h2>\n<p>[\/et_pb_text][et_pb_text _builder_version=&#8221;4.27.4&#8243; _module_preset=&#8221;default&#8221; text_orientation=&#8221;center&#8221; background_layout=&#8221;dark&#8221; text_orientation_tablet=&#8221;center&#8221; text_orientation_phone=&#8221;left&#8221; text_orientation_last_edited=&#8221;on|phone&#8221; global_colors_info=&#8221;{}&#8221;]Na etapie zam\u00f3wienia wybra\u0142e\u015b ju\u017c spos\u00f3b, w jaki kurtyna ma by\u0107 zamontowana \u2013 dzi\u0119ki temu zestaw, kt\u00f3ry do Ciebie trafi\u0142, zosta\u0142 odpowiednio przygotowany.<\/p>\n<p>W PVC PRO stosujemy dwa podstawowe warianty monta\u017cu:[\/et_pb_text][\/et_pb_column][\/et_pb_row][et_pb_row _builder_version=&#8221;4.27.4&#8243; _module_preset=&#8221;default&#8221; background_color=&#8221;#FFFFFF&#8221; global_colors_info=&#8221;{}&#8221;][et_pb_column type=&#8221;4_4&#8243; _builder_version=&#8221;4.27.4&#8243; _module_preset=&#8221;default&#8221; global_colors_info=&#8221;{}&#8221;][et_pb_image src=&#8221;https:\/\/pvcpro.eu\/wp-content\/uploads\/2026\/01\/2.png&#8221; alt=&#8221;Monta\u017c Kurtyn Paskowych do frontu i pod napro\u017cem&#8221; title_text=&#8221;2&#8243; align=&#8221;center&#8221; _builder_version=&#8221;4.27.5&#8243; _module_preset=&#8221;default&#8221; animation_style=&#8221;slide&#8221; global_colors_info=&#8221;{}&#8221;][\/et_pb_image][\/et_pb_column][\/et_pb_row][et_pb_row column_structure=&#8221;1_2,1_2&#8243; custom_padding_last_edited=&#8221;on|tablet&#8221; _builder_version=&#8221;4.27.4&#8243; _module_preset=&#8221;default&#8221; custom_padding=&#8221;||30px||false|false&#8221; custom_padding_tablet=&#8221;||0px||false|false&#8221; custom_padding_phone=&#8221;||0px||false|false&#8221; global_colors_info=&#8221;{}&#8221;][et_pb_column type=&#8221;1_2&#8243; _builder_version=&#8221;4.27.4&#8243; _module_preset=&#8221;default&#8221; global_colors_info=&#8221;{}&#8221;][et_pb_image src=&#8221;https:\/\/pvcpro.eu\/wp-content\/uploads\/2025\/09\/Rectangle.png&#8221; title_text=&#8221;Rectangle&#8221; align=&#8221;center&#8221; disabled_on=&#8221;on|on|off&#8221; _builder_version=&#8221;4.27.4&#8243; _module_preset=&#8221;default&#8221; custom_margin=&#8221;-70px||||false|false&#8221; custom_padding=&#8221;0px||||false|false&#8221; global_colors_info=&#8221;{}&#8221;][\/et_pb_image][\/et_pb_column][et_pb_column type=&#8221;1_2&#8243; _builder_version=&#8221;4.27.4&#8243; _module_preset=&#8221;default&#8221; global_colors_info=&#8221;{}&#8221;][et_pb_image src=&#8221;https:\/\/pvcpro.eu\/wp-content\/uploads\/2025\/09\/Rectangle.png&#8221; title_text=&#8221;Rectangle&#8221; align=&#8221;center&#8221; disabled_on=&#8221;on|on|off&#8221; _builder_version=&#8221;4.27.4&#8243; _module_preset=&#8221;default&#8221; custom_margin=&#8221;-70px||||false|false&#8221; custom_padding=&#8221;0px||||false|false&#8221; global_colors_info=&#8221;{}&#8221;][\/et_pb_image][\/et_pb_column][\/et_pb_row][et_pb_row column_structure=&#8221;1_2,1_2&#8243; _builder_version=&#8221;4.27.4&#8243; _module_preset=&#8221;default&#8221; custom_padding=&#8221;0px||||false|false&#8221; global_colors_info=&#8221;{}&#8221;][et_pb_column type=&#8221;1_2&#8243; _builder_version=&#8221;4.27.4&#8243; _module_preset=&#8221;default&#8221; global_colors_info=&#8221;{}&#8221;][et_pb_text _builder_version=&#8221;4.27.4&#8243; _module_preset=&#8221;default&#8221; text_line_height=&#8221;1.8em&#8221; header_3_font_size=&#8221;28px&#8221; text_orientation=&#8221;center&#8221; background_layout=&#8221;dark&#8221; animation_style=&#8221;slide&#8221; animation_direction=&#8221;bottom&#8221; header_3_font_size_tablet=&#8221;28px&#8221; header_3_font_size_phone=&#8221;24px&#8221; header_3_font_size_last_edited=&#8221;on|phone&#8221; text_orientation_tablet=&#8221;center&#8221; text_orientation_phone=&#8221;left&#8221; text_orientation_last_edited=&#8221;on|desktop&#8221; global_colors_info=&#8221;{}&#8221;]<\/p>\n<h3><strong>MONTA\u017b OD FRONTU<\/strong><br \/>\u2013 na \u015bcianie, przed otworem<\/h3>\n<p>To najcz\u0119\u015bciej wybierana opcja. Listwa grzebieniowa z pasami montowana jest na \u015bcianie <strong>na zewn\u0105trz otworu,<\/strong> dzi\u0119ki czemu kurtyna ca\u0142kowicie zakrywa przej\u015bcie. Ten wariant zapewnia najlepsz\u0105 izolacj\u0119 i jest naj\u0142atwiejszy do zamocowania. Sprawdza si\u0119 zw\u0142aszcza tam, gdzie nie ma ogranicze\u0144 po bokach i nad otworem.<\/p>\n<p>[\/et_pb_text][\/et_pb_column][et_pb_column type=&#8221;1_2&#8243; _builder_version=&#8221;4.27.4&#8243; _module_preset=&#8221;default&#8221; global_colors_info=&#8221;{}&#8221;][et_pb_text _builder_version=&#8221;4.27.4&#8243; _module_preset=&#8221;default&#8221; text_line_height=&#8221;1.8em&#8221; header_3_font_size=&#8221;24px&#8221; text_orientation=&#8221;center&#8221; background_layout=&#8221;dark&#8221; animation_style=&#8221;slide&#8221; animation_direction=&#8221;bottom&#8221; text_orientation_tablet=&#8221;center&#8221; text_orientation_phone=&#8221;left&#8221; text_orientation_last_edited=&#8221;on|desktop&#8221; global_colors_info=&#8221;{}&#8221;]<\/p>\n<h3><strong>MONTA\u017b POD NADPRO\u017bEM <\/strong><br \/>\u2013 wewn\u0105trz otworu lub do sufitu<\/h3>\n<p>W tym wariancie kurtyna montowana jest <strong>wewn\u0105trz otworu<\/strong>, do g\u00f3rnej kraw\u0119dzi nadpro\u017ca. To dobre rozwi\u0105zanie, gdy nie ma miejsca na monta\u017c od frontu (np. ze wzgl\u0119du na prowadnice bramy lub brak miejsca po bokach). Kurtyna osadzona w ten spos\u00f3b jest bardziej \u201ewtopiona\u201d w struktur\u0119 obiektu \u2013 warto jednak pami\u0119ta\u0107, \u017ce w tym uk\u0142adzie prze\u015bwit mo\u017ce by\u0107 nieco mniejszy.<\/p>\n<p>[\/et_pb_text][\/et_pb_column][\/et_pb_row][\/et_pb_section][et_pb_section fb_built=&#8221;1&#8243; custom_padding_last_edited=&#8221;on|tablet&#8221; _builder_version=&#8221;4.27.4&#8243; _module_preset=&#8221;default&#8221; background_color=&#8221;#eaf2fe&#8221; custom_padding=&#8221;100px||100px||false|false&#8221; custom_padding_tablet=&#8221;70px||70px||false|false&#8221; custom_padding_phone=&#8221;50px||50px||false|false&#8221; animation_style=&#8221;slide&#8221; animation_direction=&#8221;bottom&#8221; global_colors_info=&#8221;{}&#8221;][et_pb_row custom_padding_last_edited=&#8221;on|tablet&#8221; _builder_version=&#8221;4.27.4&#8243; _module_preset=&#8221;default&#8221; custom_margin=&#8221;||0px||false|false&#8221; custom_padding=&#8221;||||false|false&#8221; custom_padding_tablet=&#8221;||||false|false&#8221; custom_padding_phone=&#8221;||||false|false&#8221; global_colors_info=&#8221;{}&#8221;][et_pb_column type=&#8221;4_4&#8243; _builder_version=&#8221;4.27.4&#8243; _module_preset=&#8221;default&#8221; global_colors_info=&#8221;{}&#8221;][et_pb_text _builder_version=&#8221;4.27.4&#8243; _module_preset=&#8221;default&#8221; header_2_font=&#8221;|800|||||||&#8221; header_2_text_align=&#8221;center&#8221; header_2_font_size=&#8221;45px&#8221; header_2_line_height=&#8221;1.3em&#8221; max_width=&#8221;1200px&#8221; module_alignment=&#8221;center&#8221; header_2_text_align_tablet=&#8221;center&#8221; header_2_text_align_phone=&#8221;left&#8221; header_2_text_align_last_edited=&#8221;on|phone&#8221; header_2_font_size_tablet=&#8221;36px&#8221; header_2_font_size_phone=&#8221;26px&#8221; header_2_font_size_last_edited=&#8221;on|desktop&#8221; text_orientation_tablet=&#8221;&#8221; text_orientation_phone=&#8221;left&#8221; text_orientation_last_edited=&#8221;on|phone&#8221; global_colors_info=&#8221;{}&#8221;]<\/p>\n<h2>Co b\u0119dzie potrzebne?<\/h2>\n<p>[\/et_pb_text][\/et_pb_column][\/et_pb_row][et_pb_row column_structure=&#8221;1_3,1_3,1_3&#8243; _builder_version=&#8221;4.27.4&#8243; _module_preset=&#8221;default&#8221; global_colors_info=&#8221;{}&#8221;][et_pb_column type=&#8221;1_3&#8243; _builder_version=&#8221;4.27.4&#8243; _module_preset=&#8221;default&#8221; global_colors_info=&#8221;{}&#8221;][et_pb_blurb use_icon=&#8221;on&#8221; font_icon=&#8221;&#x52;||divi||400&#8243; icon_color=&#8221;#356fb4&#8243; image_icon_width=&#8221;54px&#8221; _builder_version=&#8221;4.27.4&#8243; _module_preset=&#8221;default&#8221; body_line_height=&#8221;1.8em&#8221; text_orientation=&#8221;center&#8221; global_colors_info=&#8221;{}&#8221;]<\/p>\n<p>Kurtyna paskowa PVC PRO (zawiera pasy PCV z okuciami i listw\u0119 grzebieniow\u0105)<\/p>\n<p>[\/et_pb_blurb][\/et_pb_column][et_pb_column type=&#8221;1_3&#8243; _builder_version=&#8221;4.27.4&#8243; _module_preset=&#8221;default&#8221; global_colors_info=&#8221;{}&#8221;][et_pb_blurb use_icon=&#8221;on&#8221; font_icon=&#8221;&#x52;||divi||400&#8243; icon_color=&#8221;#356fb4&#8243; image_icon_width=&#8221;54px&#8221; _builder_version=&#8221;4.27.4&#8243; _module_preset=&#8221;default&#8221; body_line_height=&#8221;1.8em&#8221; text_orientation=&#8221;center&#8221; global_colors_info=&#8221;{}&#8221;]Wkr\u0119tarka lub \u015brubokr\u0119t[\/et_pb_blurb][\/et_pb_column][et_pb_column type=&#8221;1_3&#8243; _builder_version=&#8221;4.27.4&#8243; _module_preset=&#8221;default&#8221; global_colors_info=&#8221;{}&#8221;][et_pb_blurb use_icon=&#8221;on&#8221; font_icon=&#8221;&#x52;||divi||400&#8243; icon_color=&#8221;#356fb4&#8243; image_icon_width=&#8221;54px&#8221; _builder_version=&#8221;4.27.4&#8243; _module_preset=&#8221;default&#8221; body_line_height=&#8221;1.8em&#8221; text_orientation=&#8221;center&#8221; global_colors_info=&#8221;{}&#8221;]Ko\u0142ki rozporowe lub wkr\u0119ty \u2028(w zale\u017cno\u015bci od pod\u0142o\u017ca)[\/et_pb_blurb][\/et_pb_column][\/et_pb_row][et_pb_row column_structure=&#8221;1_3,1_3,1_3&#8243; _builder_version=&#8221;4.27.4&#8243; _module_preset=&#8221;default&#8221; global_colors_info=&#8221;{}&#8221;][et_pb_column type=&#8221;1_3&#8243; _builder_version=&#8221;4.27.4&#8243; _module_preset=&#8221;default&#8221; global_colors_info=&#8221;{}&#8221;][et_pb_blurb use_icon=&#8221;on&#8221; font_icon=&#8221;&#x52;||divi||400&#8243; icon_color=&#8221;#356fb4&#8243; image_icon_width=&#8221;54px&#8221; _builder_version=&#8221;4.27.4&#8243; _module_preset=&#8221;default&#8221; body_line_height=&#8221;1.8em&#8221; text_orientation=&#8221;center&#8221; global_colors_info=&#8221;{}&#8221;]Poziomica[\/et_pb_blurb][\/et_pb_column][et_pb_column type=&#8221;1_3&#8243; _builder_version=&#8221;4.27.4&#8243; _module_preset=&#8221;default&#8221; global_colors_info=&#8221;{}&#8221;][et_pb_blurb use_icon=&#8221;on&#8221; font_icon=&#8221;&#x52;||divi||400&#8243; icon_color=&#8221;#356fb4&#8243; image_icon_width=&#8221;54px&#8221; _builder_version=&#8221;4.27.4&#8243; _module_preset=&#8221;default&#8221; body_line_height=&#8221;1.8em&#8221; text_orientation=&#8221;center&#8221; global_colors_info=&#8221;{}&#8221;]Miarka[\/et_pb_blurb][\/et_pb_column][et_pb_column type=&#8221;1_3&#8243; _builder_version=&#8221;4.27.4&#8243; _module_preset=&#8221;default&#8221; global_colors_info=&#8221;{}&#8221;][et_pb_blurb use_icon=&#8221;on&#8221; font_icon=&#8221;&#x52;||divi||400&#8243; icon_color=&#8221;#356fb4&#8243; image_icon_width=&#8221;54px&#8221; _builder_version=&#8221;4.27.4&#8243; _module_preset=&#8221;default&#8221; body_line_height=&#8221;1.8em&#8221; text_orientation=&#8221;center&#8221; global_colors_info=&#8221;{}&#8221;]O\u0142\u00f3wek lub marker[\/et_pb_blurb][\/et_pb_column][\/et_pb_row][\/et_pb_section][et_pb_section fb_built=&#8221;1&#8243; custom_padding_last_edited=&#8221;on|tablet&#8221; _builder_version=&#8221;4.27.4&#8243; _module_preset=&#8221;default&#8221; background_color=&#8221;#FFFFFF&#8221; custom_padding=&#8221;100px||100px||false|false&#8221; custom_padding_tablet=&#8221;70px||70px||false|false&#8221; custom_padding_phone=&#8221;50px||50px||false|false&#8221; animation_style=&#8221;slide&#8221; animation_direction=&#8221;bottom&#8221; global_colors_info=&#8221;{}&#8221;][et_pb_row custom_padding_last_edited=&#8221;on|tablet&#8221; _builder_version=&#8221;4.27.4&#8243; _module_preset=&#8221;default&#8221; custom_margin=&#8221;||0px||false|false&#8221; custom_padding=&#8221;||||false|false&#8221; custom_padding_tablet=&#8221;||||false|false&#8221; custom_padding_phone=&#8221;||||false|false&#8221; global_colors_info=&#8221;{}&#8221;][et_pb_column type=&#8221;4_4&#8243; _builder_version=&#8221;4.27.4&#8243; _module_preset=&#8221;default&#8221; global_colors_info=&#8221;{}&#8221;][et_pb_text _builder_version=&#8221;4.27.4&#8243; _module_preset=&#8221;default&#8221; header_2_font=&#8221;|800|||||||&#8221; header_2_text_align=&#8221;center&#8221; header_2_font_size=&#8221;45px&#8221; header_2_line_height=&#8221;1.3em&#8221; max_width=&#8221;1200px&#8221; module_alignment=&#8221;center&#8221; header_2_text_align_tablet=&#8221;center&#8221; header_2_text_align_phone=&#8221;left&#8221; header_2_text_align_last_edited=&#8221;on|phone&#8221; header_2_font_size_tablet=&#8221;36px&#8221; header_2_font_size_phone=&#8221;26px&#8221; header_2_font_size_last_edited=&#8221;on|desktop&#8221; text_orientation_tablet=&#8221;&#8221; text_orientation_phone=&#8221;left&#8221; text_orientation_last_edited=&#8221;on|phone&#8221; global_colors_info=&#8221;{}&#8221;]<\/p>\n<h2>Monta\u017c \u2013 krok po kroku<\/h2>\n<p>[\/et_pb_text][et_pb_text _builder_version=&#8221;4.27.4&#8243; _module_preset=&#8221;default&#8221; text_line_height=&#8221;1.8em&#8221; text_orientation=&#8221;center&#8221; max_width=&#8221;1000px&#8221; module_alignment=&#8221;center&#8221; text_orientation_tablet=&#8221;center&#8221; text_orientation_phone=&#8221;left&#8221; text_orientation_last_edited=&#8221;on|phone&#8221; global_colors_info=&#8221;{}&#8221;]<\/p>\n<p>Zanim zaczniesz \u2013 mo\u017cesz obejrze\u0107 nasz kr\u00f3tki film instrukta\u017cowy, kt\u00f3ry pokazuje ca\u0142y proces krok po kroku.\u2028 Je\u015bli wolisz wersj\u0119 tekstow\u0105 \u2013 pe\u0142na instrukcja znajduje si\u0119 tu\u017c pod filmem. Wybierz form\u0119, kt\u00f3ra b\u0119dzie dla Ciebie wygodniejsza.<\/p>\n<p>[\/et_pb_text][\/et_pb_column][\/et_pb_row][et_pb_row _builder_version=&#8221;4.27.4&#8243; _module_preset=&#8221;default&#8221; global_colors_info=&#8221;{}&#8221;][et_pb_column type=&#8221;4_4&#8243; _builder_version=&#8221;4.27.4&#8243; _module_preset=&#8221;default&#8221; global_colors_info=&#8221;{}&#8221;][et_pb_text _builder_version=&#8221;4.27.5&#8243; _module_preset=&#8221;default&#8221; text_orientation=&#8221;center&#8221; max_width=&#8221;1000px&#8221; module_alignment=&#8221;center&#8221; global_colors_info=&#8221;{}&#8221;]<\/p>\n<p><iframe loading=\"lazy\" title=\"How to install PVC strip curtains - pvcpro.pl\" width=\"1080\" height=\"608\" src=\"https:\/\/www.youtube.com\/embed\/z4BeXfVYejM?feature=oembed&#038;enablejsapi=1&#038;origin=https:\/\/pvcpro.eu\"  allow=\"accelerometer; autoplay; clipboard-write; encrypted-media; gyroscope; picture-in-picture; web-share\" referrerpolicy=\"strict-origin-when-cross-origin\" allowfullscreen><\/iframe><\/p>\n<p>[\/et_pb_text][\/et_pb_column][\/et_pb_row][\/et_pb_section][et_pb_section fb_built=&#8221;1&#8243; custom_padding_last_edited=&#8221;on|tablet&#8221; _builder_version=&#8221;4.27.4&#8243; _module_preset=&#8221;default&#8221; background_color=&#8221;#20599d&#8221; custom_padding=&#8221;0px||0px||false|false&#8221; custom_padding_tablet=&#8221;50px||0px||false|false&#8221; custom_padding_phone=&#8221;50px|4%|0px|4%|false|true&#8221; animation_style=&#8221;slide&#8221; animation_direction=&#8221;bottom&#8221; global_colors_info=&#8221;{}&#8221;][et_pb_row column_structure=&#8221;1_2,1_2&#8243; use_custom_gutter=&#8221;on&#8221; gutter_width=&#8221;2&#8243; make_equal=&#8221;on&#8221; _builder_version=&#8221;4.27.4&#8243; _module_preset=&#8221;default&#8221; width_tablet=&#8221;&#8221; width_phone=&#8221;90%&#8221; width_last_edited=&#8221;on|phone&#8221; custom_margin=&#8221;||||false|false&#8221; custom_padding=&#8221;0px||0px||false|false&#8221; global_colors_info=&#8221;{}&#8221;][et_pb_column type=&#8221;1_2&#8243; _builder_version=&#8221;4.27.4&#8243; _module_preset=&#8221;default&#8221; background_color=&#8221;#FFFFFF&#8221; background_last_edited=&#8221;on|tablet&#8221; background_enable_color_tablet=&#8221;off&#8221; global_colors_info=&#8221;{}&#8221;][et_pb_image src=&#8221;https:\/\/pvcpro.eu\/wp-content\/uploads\/2025\/09\/montaz-kurtyn-paskowych-krok-po-kroku.jpg&#8221; alt=&#8221;monta\u017c kurtyn paskowych krok po kroku&#8221; title_text=&#8221;montaz kurtyn paskowych krok po kroku&#8221; align=&#8221;center&#8221; disabled_on=&#8221;on|on|off&#8221; _builder_version=&#8221;4.27.4&#8243; _module_preset=&#8221;default&#8221; custom_margin=&#8221;15%|5%|0px|5%|false|true&#8221; custom_margin_tablet=&#8221;5%|5%|0px|5%|false|true&#8221; custom_margin_phone=&#8221;5%|5%|0px|5%|false|true&#8221; custom_margin_last_edited=&#8221;on|desktop&#8221; animation_style=&#8221;slide&#8221; global_colors_info=&#8221;{}&#8221;][\/et_pb_image][\/et_pb_column][et_pb_column type=&#8221;1_2&#8243; _builder_version=&#8221;4.27.4&#8243; _module_preset=&#8221;default&#8221; global_colors_info=&#8221;{}&#8221;][et_pb_blurb title=&#8221;Zaznacz punkty mocowania \u2028i przygotuj otwory&#8221; use_icon=&#8221;on&#8221; font_icon=&#8221;&#x52;||divi||400&#8243; icon_color=&#8221;#FFFFFF&#8221; image_icon_width=&#8221;64px&#8221; icon_alignment=&#8221;left&#8221; content_max_width=&#8221;100%&#8221; _builder_version=&#8221;4.27.4&#8243; _module_preset=&#8221;default&#8221; header_level=&#8221;h3&#8243; header_font=&#8221;|800|||||||&#8221; header_font_size=&#8221;40px&#8221; header_line_height=&#8221;1.4em&#8221; body_line_height=&#8221;1.8em&#8221; background_layout=&#8221;dark&#8221; custom_margin=&#8221;10%|5%|10%|5%|true|true&#8221; custom_margin_tablet=&#8221;10%|5%|10%|5%|true|true&#8221; custom_margin_phone=&#8221;5%|5%|50px|5%|false|false&#8221; custom_margin_last_edited=&#8221;on|phone&#8221; header_font_size_tablet=&#8221;30px&#8221; header_font_size_phone=&#8221;26px&#8221; header_font_size_last_edited=&#8221;on|phone&#8221; custom_css_blurb_title=&#8221;margin-bottom:30px;&#8221; global_colors_info=&#8221;{}&#8221;]<\/p>\n<p>Z pomoc\u0105 poziomicy przy\u0142\u00f3\u017c listw\u0119 grzebieniow\u0105 i zaznacz miejsca na wkr\u0119ty lub ko\u0142ki. Nast\u0119pnie wykonaj otwory monta\u017cowe w \u015bcianie lub nadpro\u017cu \u2013 w zale\u017cno\u015bci od wybranego sposobu mocowania.<\/p>\n<p>[\/et_pb_blurb][et_pb_image src=&#8221;https:\/\/pvcpro.eu\/wp-content\/uploads\/2025\/09\/montaz-kurtyn-paskowych-krok-po-kroku.jpg&#8221; alt=&#8221;montaz kurtyn paskowych krok po kroku&#8221; title_text=&#8221;montaz kurtyn paskowych krok po kroku&#8221; align=&#8221;center&#8221; disabled_on=&#8221;off|off|on&#8221; _builder_version=&#8221;4.27.4&#8243; _module_preset=&#8221;default&#8221; custom_margin=&#8221;15%|5%|0px|5%|false|true&#8221; custom_margin_tablet=&#8221;5%|5%|50px|5%|false|true&#8221; custom_margin_phone=&#8221;5%|5%|50px|5%|false|true&#8221; custom_margin_last_edited=&#8221;on|phone&#8221; animation_style=&#8221;slide&#8221; global_colors_info=&#8221;{}&#8221;][\/et_pb_image][\/et_pb_column][\/et_pb_row][\/et_pb_section][et_pb_section fb_built=&#8221;1&#8243; custom_padding_last_edited=&#8221;on|tablet&#8221; _builder_version=&#8221;4.27.4&#8243; _module_preset=&#8221;default&#8221; background_color=&#8221;#023859&#8243; custom_padding=&#8221;0px||0px||false|false&#8221; custom_padding_tablet=&#8221;50px||0px||false|false&#8221; custom_padding_phone=&#8221;50px|4%|0px|4%|false|true&#8221; animation_style=&#8221;slide&#8221; animation_direction=&#8221;bottom&#8221; global_colors_info=&#8221;{}&#8221;][et_pb_row column_structure=&#8221;1_2,1_2&#8243; use_custom_gutter=&#8221;on&#8221; gutter_width=&#8221;2&#8243; make_equal=&#8221;on&#8221; _builder_version=&#8221;4.27.4&#8243; _module_preset=&#8221;default&#8221; width_tablet=&#8221;&#8221; width_phone=&#8221;90%&#8221; width_last_edited=&#8221;on|phone&#8221; custom_margin=&#8221;||||false|false&#8221; custom_padding=&#8221;0px||0px||false|false&#8221; global_colors_info=&#8221;{}&#8221;][et_pb_column type=&#8221;1_2&#8243; _builder_version=&#8221;4.27.4&#8243; _module_preset=&#8221;default&#8221; background_color=&#8221;#FFFFFF&#8221; background_last_edited=&#8221;on|tablet&#8221; background_enable_color_tablet=&#8221;off&#8221; global_colors_info=&#8221;{}&#8221;][et_pb_image src=&#8221;https:\/\/pvcpro.eu\/wp-content\/uploads\/2026\/01\/3.png&#8221; alt=&#8221;jak mierzymy kurtyny paskowe pcv&#8221; title_text=&#8221;3&#8243; align=&#8221;center&#8221; disabled_on=&#8221;on|on|off&#8221; _builder_version=&#8221;4.27.5&#8243; _module_preset=&#8221;default&#8221; custom_margin=&#8221;15%|5%|15%|5%|true|true&#8221; custom_margin_tablet=&#8221;5%|5%|5%|5%|true|true&#8221; custom_margin_phone=&#8221;5%|5%|5%|5%|true|true&#8221; custom_margin_last_edited=&#8221;on|tablet&#8221; animation_style=&#8221;slide&#8221; global_colors_info=&#8221;{}&#8221;][\/et_pb_image][\/et_pb_column][et_pb_column type=&#8221;1_2&#8243; _builder_version=&#8221;4.27.4&#8243; _module_preset=&#8221;default&#8221; global_colors_info=&#8221;{}&#8221;][et_pb_blurb title=&#8221;Zmierz miejsce monta\u017cu listwy grzebieniowej&#8221; use_icon=&#8221;on&#8221; font_icon=&#8221;&#x52;||divi||400&#8243; icon_color=&#8221;#FFFFFF&#8221; image_icon_width=&#8221;64px&#8221; icon_alignment=&#8221;left&#8221; content_max_width=&#8221;100%&#8221; _builder_version=&#8221;4.27.4&#8243; _module_preset=&#8221;default&#8221; header_level=&#8221;h3&#8243; header_font=&#8221;|800|||||||&#8221; header_font_size=&#8221;40px&#8221; header_line_height=&#8221;1.4em&#8221; body_line_height=&#8221;1.8em&#8221; background_layout=&#8221;dark&#8221; custom_margin=&#8221;10%|5%|10%|5%|true|true&#8221; custom_margin_tablet=&#8221;10%|5%|10%|5%|true|true&#8221; custom_margin_phone=&#8221;5%|5%|50px|5%|false|true&#8221; custom_margin_last_edited=&#8221;on|phone&#8221; header_font_size_tablet=&#8221;30px&#8221; header_font_size_phone=&#8221;26px&#8221; header_font_size_last_edited=&#8221;on|phone&#8221; custom_css_blurb_title=&#8221;margin-bottom:30px;&#8221; global_colors_info=&#8221;{}&#8221;]<\/p>\n<ol style=\"line-height: 1.7em; text-indent: -23px; margin-left: 23px;\">\n<li style=\"margin-bottom: 20px;\">Je\u015bli montujesz kurtyn\u0119 <strong>wewn\u0105trz otworu<\/strong>, nie musisz niczego mierzy\u0107 \u2013 listwa i pasy zosta\u0142y doci\u0119te dok\u0142adnie pod wymiar, kt\u00f3ry poda\u0142e\u015b w zam\u00f3wieniu.<\/li>\n<li>Je\u015bli jednak wybra\u0142e\u015b<strong> monta\u017c na \u015bcianie, od frontu<\/strong>, pami\u0119taj, \u017ce kurtyna zosta\u0142a skonfigurowana z dodatkowym zapasem szeroko\u015bci po bokach \u2013 po to, by pasy zachodzi\u0142y na \u015bcian\u0119 i dobrze uszczelnia\u0142y ca\u0142y otw\u00f3r. W takim przypadku zmierz dok\u0142adn\u0105 d\u0142ugo\u015b\u0107 listwy, a nast\u0119pnie wypo\u015brodkuj j\u0105 wzgl\u0119dem otworu<\/li>\n<\/ol>\n<p>[\/et_pb_blurb][et_pb_image src=&#8221;https:\/\/pvcpro.eu\/wp-content\/uploads\/2025\/09\/jak-mierzymy-kurtyny-paskowe-pcv-1024&#215;801-1-1.png&#8221; alt=&#8221;jak mierzymy kurtyny paskowe pcv&#8221; title_text=&#8221;jak-mierzymy-kurtyny-paskowe-pcv&#8221; align=&#8221;center&#8221; disabled_on=&#8221;off|off|on&#8221; _builder_version=&#8221;4.27.4&#8243; _module_preset=&#8221;default&#8221; custom_margin=&#8221;15%|5%|15%|5%|true|true&#8221; custom_margin_tablet=&#8221;5%|5%|50px|5%|false|true&#8221; custom_margin_phone=&#8221;5%|5%||5%|false|true&#8221; custom_margin_last_edited=&#8221;on|phone&#8221; animation_style=&#8221;slide&#8221; global_colors_info=&#8221;{}&#8221;][\/et_pb_image][\/et_pb_column][\/et_pb_row][\/et_pb_section][et_pb_section fb_built=&#8221;1&#8243; custom_padding_last_edited=&#8221;on|tablet&#8221; _builder_version=&#8221;4.27.4&#8243; _module_preset=&#8221;default&#8221; background_color=&#8221;#356fb4&#8243; custom_padding=&#8221;0px||0px||false|false&#8221; custom_padding_tablet=&#8221;50px||0px||false|false&#8221; custom_padding_phone=&#8221;50px|4%|0px|4%|false|true&#8221; animation_style=&#8221;slide&#8221; animation_direction=&#8221;bottom&#8221; global_colors_info=&#8221;{}&#8221;][et_pb_row column_structure=&#8221;1_2,1_2&#8243; use_custom_gutter=&#8221;on&#8221; gutter_width=&#8221;2&#8243; make_equal=&#8221;on&#8221; _builder_version=&#8221;4.27.4&#8243; _module_preset=&#8221;default&#8221; width_tablet=&#8221;&#8221; width_phone=&#8221;90%&#8221; width_last_edited=&#8221;on|phone&#8221; custom_margin=&#8221;||||false|false&#8221; custom_padding=&#8221;0px||0px||false|false&#8221; background_last_edited=&#8221;on|tablet&#8221; global_colors_info=&#8221;{}&#8221;][et_pb_column type=&#8221;1_2&#8243; _builder_version=&#8221;4.27.4&#8243; _module_preset=&#8221;default&#8221; background_color=&#8221;#FFFFFF&#8221; background_last_edited=&#8221;on|phone&#8221; background_enable_color_tablet=&#8221;off&#8221; global_colors_info=&#8221;{}&#8221;][et_pb_image src=&#8221;https:\/\/pvcpro.eu\/wp-content\/uploads\/2026\/01\/1.png&#8221; alt=&#8221;monta\u017c kurtyn paskowych rysunek techniczny&#8221; title_text=&#8221;1&#8243; align=&#8221;center&#8221; disabled_on=&#8221;on|on|off&#8221; _builder_version=&#8221;4.27.5&#8243; _module_preset=&#8221;default&#8221; custom_margin=&#8221;15%|5%|15%|5%|true|true&#8221; custom_margin_tablet=&#8221;5%|5%|5%|5%|true|true&#8221; custom_margin_phone=&#8221;5%|5%|5%|5%|true|true&#8221; custom_margin_last_edited=&#8221;on|tablet&#8221; animation_style=&#8221;slide&#8221; global_colors_info=&#8221;{}&#8221;][\/et_pb_image][\/et_pb_column][et_pb_column type=&#8221;1_2&#8243; _builder_version=&#8221;4.27.4&#8243; _module_preset=&#8221;default&#8221; global_colors_info=&#8221;{}&#8221;][et_pb_blurb title=&#8221;Zamocuj listw\u0119 grzebieniow\u0105 \/  wieszak&#8221; use_icon=&#8221;on&#8221; font_icon=&#8221;&#x52;||divi||400&#8243; icon_color=&#8221;#FFFFFF&#8221; image_icon_width=&#8221;64px&#8221; icon_alignment=&#8221;left&#8221; content_max_width=&#8221;100%&#8221; _builder_version=&#8221;4.27.4&#8243; _module_preset=&#8221;default&#8221; header_level=&#8221;h3&#8243; header_font=&#8221;|800|||||||&#8221; header_font_size=&#8221;40px&#8221; header_line_height=&#8221;1.4em&#8221; body_line_height=&#8221;1.8em&#8221; background_layout=&#8221;dark&#8221; custom_margin=&#8221;10%|5%|10%|5%|true|true&#8221; custom_margin_tablet=&#8221;10%|5%|10%|5%|true|true&#8221; custom_margin_phone=&#8221;5%|5%|50px|5%|false|true&#8221; custom_margin_last_edited=&#8221;on|phone&#8221; header_font_size_tablet=&#8221;30px&#8221; header_font_size_phone=&#8221;26px&#8221; header_font_size_last_edited=&#8221;on|phone&#8221; custom_css_blurb_title=&#8221;margin-bottom:30px;&#8221; global_colors_info=&#8221;{}&#8221;]<\/p>\n<p>Przykr\u0119\u0107 listw\u0119 do pod\u0142o\u017ca przy u\u017cyciu odpowiednich ko\u0142k\u00f3w lub wkr\u0119t\u00f3w. Sprawd\u017a, czy listwa trzyma si\u0119 stabilnie i jest zamocowana r\u00f3wno \u2013 to podstawa do p\u00f3\u017aniejszego zawieszenia pas\u00f3w.<\/p>\n<p>[\/et_pb_blurb][et_pb_image src=&#8221;https:\/\/pvcpro.eu\/wp-content\/uploads\/2025\/09\/montaz-kurtyn-paskowych-rysunek-techniczny.png&#8221; alt=&#8221;montaz kurtyn paskowych rysunek techniczny&#8221; title_text=&#8221;montaz-kurtyn-paskowych-rysunek-techniczny&#8221; align=&#8221;center&#8221; disabled_on=&#8221;off|off|on&#8221; _builder_version=&#8221;4.27.4&#8243; _module_preset=&#8221;default&#8221; custom_margin=&#8221;15%|5%|15%|5%|true|true&#8221; custom_margin_tablet=&#8221;5%|5%|50px|5%|false|true&#8221; custom_margin_phone=&#8221;5%|5%|50px|5%|false|true&#8221; custom_margin_last_edited=&#8221;on|phone&#8221; animation_style=&#8221;slide&#8221; global_colors_info=&#8221;{}&#8221;][\/et_pb_image][\/et_pb_column][\/et_pb_row][\/et_pb_section][et_pb_section fb_built=&#8221;1&#8243; custom_padding_last_edited=&#8221;on|tablet&#8221; _builder_version=&#8221;4.27.4&#8243; _module_preset=&#8221;default&#8221; background_color=&#8221;#458dca&#8221; custom_padding=&#8221;0px||0px||false|false&#8221; custom_padding_tablet=&#8221;50px||0px||false|false&#8221; custom_padding_phone=&#8221;50px|4%|0px|4%|false|true&#8221; animation_style=&#8221;slide&#8221; animation_direction=&#8221;bottom&#8221; global_colors_info=&#8221;{}&#8221;][et_pb_row column_structure=&#8221;1_2,1_2&#8243; use_custom_gutter=&#8221;on&#8221; gutter_width=&#8221;2&#8243; make_equal=&#8221;on&#8221; _builder_version=&#8221;4.27.4&#8243; _module_preset=&#8221;default&#8221; width_tablet=&#8221;&#8221; width_phone=&#8221;90%&#8221; width_last_edited=&#8221;on|phone&#8221; custom_margin=&#8221;||||false|false&#8221; custom_padding=&#8221;0px||0px||false|false&#8221; global_colors_info=&#8221;{}&#8221;][et_pb_column type=&#8221;1_2&#8243; _builder_version=&#8221;4.27.4&#8243; _module_preset=&#8221;default&#8221; background_color=&#8221;#FFFFFF&#8221; background_last_edited=&#8221;on|phone&#8221; background_enable_color_tablet=&#8221;off&#8221; global_colors_info=&#8221;{}&#8221;][et_pb_image src=&#8221;https:\/\/pvcpro.eu\/wp-content\/uploads\/2025\/09\/jak-zawiesic-pasy-pcv-kurtyny.png&#8221; alt=&#8221;jak zawiesi\u0107 pasy pcv kurtyny&#8221; title_text=&#8221;jak zawiesic pasy pcv kurtyny&#8221; align=&#8221;center&#8221; disabled_on=&#8221;on|on|off&#8221; _builder_version=&#8221;4.27.4&#8243; _module_preset=&#8221;default&#8221; custom_margin=&#8221;10%|5%|10%|5%|true|true&#8221; custom_margin_tablet=&#8221;5%|5%|5%|5%|true|true&#8221; custom_margin_phone=&#8221;5%|5%|5%|5%|true|true&#8221; custom_margin_last_edited=&#8221;on|tablet&#8221; animation_style=&#8221;slide&#8221; global_colors_info=&#8221;{}&#8221;][\/et_pb_image][\/et_pb_column][et_pb_column type=&#8221;1_2&#8243; _builder_version=&#8221;4.27.4&#8243; _module_preset=&#8221;default&#8221; global_colors_info=&#8221;{}&#8221;][et_pb_blurb title=&#8221;Zawie\u015b pasy PCV z odpowiedni\u0105 zak\u0142adk\u0105&#8221; use_icon=&#8221;on&#8221; font_icon=&#8221;&#x52;||divi||400&#8243; icon_color=&#8221;#FFFFFF&#8221; image_icon_width=&#8221;64px&#8221; icon_alignment=&#8221;left&#8221; content_max_width=&#8221;100%&#8221; _builder_version=&#8221;4.27.4&#8243; _module_preset=&#8221;default&#8221; header_level=&#8221;h3&#8243; header_font=&#8221;|800|||||||&#8221; header_font_size=&#8221;40px&#8221; header_line_height=&#8221;1.4em&#8221; body_line_height=&#8221;1.8em&#8221; background_layout=&#8221;dark&#8221; custom_margin=&#8221;10%|5%|10%|5%|true|true&#8221; custom_margin_tablet=&#8221;10%|5%|10%|5%|true|true&#8221; custom_margin_phone=&#8221;5%|5%|50px|5%|false|true&#8221; custom_margin_last_edited=&#8221;on|phone&#8221; header_font_size_tablet=&#8221;30px&#8221; header_font_size_phone=&#8221;26px&#8221; header_font_size_last_edited=&#8221;on|phone&#8221; custom_css_blurb_title=&#8221;margin-bottom:30px;&#8221; global_colors_info=&#8221;{}&#8221;]<\/p>\n<p>Wszystkie pasy przychodz\u0105 do Ciebie ju\u017c zakute fabrycznie \u2013 maj\u0105 przygotowane otwory monta\u017cowe (\u201eoczka\u201d), kt\u00f3rych liczba zale\u017cy od szeroko\u015bci pasa:<\/p>\n<ul>\n<li>pasy 200 mm \u2013 5 oczek,<\/li>\n<li>pasy 300 mm \u2013 7 oczek,<\/li>\n<li>pasy 400 mm \u2013 9 oczek.<\/li>\n<\/ul>\n<p>Najpierw zawie\u015b <strong>pierwszy, wewn\u0119trzny rz\u0105d pas\u00f3w<\/strong> \u2013 rozmieszczaj\u0105c je r\u00f3wnomiernie wzd\u0142u\u017c listwy, ale zostawiaj\u0105c mi\u0119dzy nimi odst\u0119py na kolejny rz\u0105d. Pami\u0119taj, \u017ce <strong>ka\u017cdy kolejny pas ma nachodzi\u0107 na s\u0105siednie pasy z poprzedniego rz\u0119du na jedno oczko z lewej i prawej strony<\/strong> \u2013 dzi\u0119ki temu powstaje szczelna zak\u0142adka, kt\u00f3ra zapobiega przeci\u0105gom i utracie temperatury.<\/p>\n<p>Zawieszaj drugi rz\u0105d pas\u00f3w pomi\u0119dzy pasami z pierwszego rz\u0119du \u2013 tak, aby <strong>pokrywa\u0142y si\u0119 w systemie zak\u0142adki oczko \u2013 pas \u2013 oczko.<\/strong><\/p>\n<p>[\/et_pb_blurb][et_pb_image src=&#8221;https:\/\/pvcpro.eu\/wp-content\/uploads\/2025\/09\/jak-zawiesic-pasy-pcv-kurtyny.png&#8221; alt=&#8221;jak zawiesi\u0107 pasy pcv kurtyny&#8221; title_text=&#8221;jak zawiesic pasy pcv kurtyny&#8221; align=&#8221;center&#8221; disabled_on=&#8221;off|off|on&#8221; _builder_version=&#8221;4.27.4&#8243; _module_preset=&#8221;default&#8221; background_color=&#8221;#FFFFFF&#8221; custom_margin=&#8221;10%|5%|10%|5%|true|true&#8221; custom_margin_tablet=&#8221;5%|5%|50px|5%|false|true&#8221; custom_margin_phone=&#8221;5%|5%|50px|5%|false|true&#8221; custom_margin_last_edited=&#8221;on|phone&#8221; animation_style=&#8221;slide&#8221; global_colors_info=&#8221;{}&#8221;][\/et_pb_image][\/et_pb_column][\/et_pb_row][\/et_pb_section][et_pb_section fb_built=&#8221;1&#8243; custom_padding_last_edited=&#8221;on|tablet&#8221; _builder_version=&#8221;4.27.4&#8243; _module_preset=&#8221;default&#8221; background_color=&#8221;#4fa7dd&#8221; custom_padding=&#8221;0px||0px||false|false&#8221; custom_padding_tablet=&#8221;50px||0px||false|false&#8221; custom_padding_phone=&#8221;50px||0px||false|false&#8221; animation_style=&#8221;slide&#8221; animation_direction=&#8221;bottom&#8221; global_colors_info=&#8221;{}&#8221;][et_pb_row column_structure=&#8221;1_2,1_2&#8243; use_custom_gutter=&#8221;on&#8221; gutter_width=&#8221;2&#8243; make_equal=&#8221;on&#8221; _builder_version=&#8221;4.27.4&#8243; _module_preset=&#8221;default&#8221; width_tablet=&#8221;&#8221; width_phone=&#8221;90%&#8221; width_last_edited=&#8221;on|phone&#8221; custom_margin=&#8221;||||false|false&#8221; custom_padding=&#8221;0px|4%|0px|4%|false|true&#8221; global_colors_info=&#8221;{}&#8221;][et_pb_column type=&#8221;1_2&#8243; _builder_version=&#8221;4.27.4&#8243; _module_preset=&#8221;default&#8221; background_color=&#8221;#FFFFFF&#8221; background_last_edited=&#8221;on|tablet&#8221; background_enable_color_tablet=&#8221;off&#8221; global_colors_info=&#8221;{}&#8221;][et_pb_image src=&#8221;https:\/\/pvcpro.eu\/wp-content\/uploads\/2025\/09\/jak-dopasowac-dlugosc-pasow-pcv.png&#8221; alt=&#8221;jak dopasowa\u0107 d\u0142ugo\u015b\u0107 pas\u00f3w pcv&#8221; title_text=&#8221;jak dopasowac dlugosc pasow pcv&#8221; align=&#8221;center&#8221; disabled_on=&#8221;on|on|off&#8221; _builder_version=&#8221;4.27.4&#8243; _module_preset=&#8221;default&#8221; custom_margin=&#8221;10%|5%|10%|5%|true|true&#8221; custom_margin_tablet=&#8221;5%|5%|5%|5%|true|true&#8221; custom_margin_phone=&#8221;5%|5%|5%|5%|true|true&#8221; custom_margin_last_edited=&#8221;on|tablet&#8221; animation_style=&#8221;slide&#8221; global_colors_info=&#8221;{}&#8221;][\/et_pb_image][\/et_pb_column][et_pb_column type=&#8221;1_2&#8243; _builder_version=&#8221;4.27.4&#8243; _module_preset=&#8221;default&#8221; global_colors_info=&#8221;{}&#8221;][et_pb_blurb title=&#8221;Dostosuj d\u0142ugo\u015b\u0107 \u2013 bez dotykania pod\u0142ogi&#8221; use_icon=&#8221;on&#8221; font_icon=&#8221;&#x52;||divi||400&#8243; icon_color=&#8221;#FFFFFF&#8221; image_icon_width=&#8221;64px&#8221; icon_alignment=&#8221;left&#8221; content_max_width=&#8221;100%&#8221; _builder_version=&#8221;4.27.4&#8243; _module_preset=&#8221;default&#8221; header_level=&#8221;h3&#8243; header_font=&#8221;|800|||||||&#8221; header_font_size=&#8221;40px&#8221; header_line_height=&#8221;1.4em&#8221; body_line_height=&#8221;1.8em&#8221; background_layout=&#8221;dark&#8221; custom_margin=&#8221;10%|5%|10%|5%|true|true&#8221; custom_margin_tablet=&#8221;10%|5%|10%|5%|true|true&#8221; custom_margin_phone=&#8221;5%|5%|50px|5%|false|true&#8221; custom_margin_last_edited=&#8221;on|phone&#8221; header_font_size_tablet=&#8221;30px&#8221; header_font_size_phone=&#8221;26px&#8221; header_font_size_last_edited=&#8221;on|phone&#8221; custom_css_blurb_title=&#8221;margin-bottom:30px;&#8221; global_colors_info=&#8221;{}&#8221;]<\/p>\n<p>Na koniec upewnij si\u0119, \u017ce dolne ko\u0144ce pas\u00f3w znajduj\u0105 si\u0119 <strong>ok. 1\u20132 cm nad posadzk\u0105<\/strong> \u2013 nie powinny si\u0119 o ni\u0105 opiera\u0107 ani po niej ci\u0105gn\u0105\u0107. Je\u015bli wszystko wygl\u0105da r\u00f3wno i stabilnie \u2013 gotowe!<\/p>\n<p>[\/et_pb_blurb][et_pb_image src=&#8221;https:\/\/pvcpro.eu\/wp-content\/uploads\/2025\/09\/jak-dopasowac-dlugosc-pasow-pcv.png&#8221; alt=&#8221;jak dopasowa\u0107 d\u0142ugo\u015b\u0107 pas\u00f3w pcv&#8221; title_text=&#8221;jak dopasowac dlugosc pasow pcv&#8221; align=&#8221;center&#8221; disabled_on=&#8221;off|off|on&#8221; _builder_version=&#8221;4.27.4&#8243; _module_preset=&#8221;default&#8221; custom_margin=&#8221;10%|5%|10%|5%|true|true&#8221; custom_margin_tablet=&#8221;5%|5%|50px|5%|false|true&#8221; custom_margin_phone=&#8221;5%|5%|50px|5%|false|true&#8221; custom_margin_last_edited=&#8221;on|phone&#8221; animation_style=&#8221;slide&#8221; global_colors_info=&#8221;{}&#8221;][\/et_pb_image][\/et_pb_column][\/et_pb_row][\/et_pb_section][et_pb_section fb_built=&#8221;1&#8243; custom_padding_last_edited=&#8221;on|tablet&#8221; _builder_version=&#8221;4.27.4&#8243; _module_preset=&#8221;default&#8221; background_color=&#8221;#FFFFFF&#8221; custom_padding=&#8221;100px||100px||false|false&#8221; custom_padding_tablet=&#8221;70px||70px||false|false&#8221; custom_padding_phone=&#8221;50px||50px||false|false&#8221; animation_style=&#8221;slide&#8221; animation_direction=&#8221;bottom&#8221; global_colors_info=&#8221;{}&#8221;][et_pb_row custom_padding_last_edited=&#8221;on|tablet&#8221; _builder_version=&#8221;4.27.4&#8243; _module_preset=&#8221;default&#8221; custom_margin=&#8221;||0px||false|false&#8221; custom_padding=&#8221;||||false|false&#8221; custom_padding_tablet=&#8221;||||false|false&#8221; custom_padding_phone=&#8221;||||false|false&#8221; global_colors_info=&#8221;{}&#8221;][et_pb_column type=&#8221;4_4&#8243; _builder_version=&#8221;4.27.4&#8243; _module_preset=&#8221;default&#8221; global_colors_info=&#8221;{}&#8221;][et_pb_text _builder_version=&#8221;4.27.4&#8243; _module_preset=&#8221;default&#8221; header_2_font=&#8221;|800|||||||&#8221; header_2_text_align=&#8221;center&#8221; header_2_font_size=&#8221;45px&#8221; header_2_line_height=&#8221;1.3em&#8221; max_width=&#8221;1200px&#8221; module_alignment=&#8221;center&#8221; header_2_text_align_tablet=&#8221;center&#8221; header_2_text_align_phone=&#8221;left&#8221; header_2_text_align_last_edited=&#8221;on|phone&#8221; header_2_font_size_tablet=&#8221;36px&#8221; header_2_font_size_phone=&#8221;26px&#8221; header_2_font_size_last_edited=&#8221;on|desktop&#8221; text_orientation_tablet=&#8221;&#8221; text_orientation_phone=&#8221;left&#8221; text_orientation_last_edited=&#8221;on|phone&#8221; global_colors_info=&#8221;{}&#8221;]<\/p>\n<h2>Gotowe<\/h2>\n<p>[\/et_pb_text][et_pb_text _builder_version=&#8221;4.27.4&#8243; _module_preset=&#8221;default&#8221; text_line_height=&#8221;1.8em&#8221; text_orientation=&#8221;center&#8221; max_width=&#8221;1000px&#8221; module_alignment=&#8221;center&#8221; text_orientation_tablet=&#8221;center&#8221; text_orientation_phone=&#8221;left&#8221; text_orientation_last_edited=&#8221;on|phone&#8221; global_colors_info=&#8221;{}&#8221;]Twoja kurtyna paskowa PVC PRO jest gotowa do u\u017cytku.<br \/>\nW razie pyta\u0144 lub w\u0105tpliwo\u015bci, skontaktuj si\u0119 z naszym doradc\u0105 technicznym \u2013 ch\u0119tnie pomo\u017cemy.[\/et_pb_text][\/et_pb_column][\/et_pb_row][et_pb_row column_structure=&#8221;1_2,1_2&#8243; use_custom_gutter=&#8221;on&#8221; gutter_width=&#8221;2&#8243; _builder_version=&#8221;4.27.4&#8243; _module_preset=&#8221;default&#8221; global_colors_info=&#8221;{}&#8221;][et_pb_column type=&#8221;1_2&#8243; _builder_version=&#8221;4.27.4&#8243; _module_preset=&#8221;default&#8221; global_colors_info=&#8221;{}&#8221;][et_pb_button button_url=&#8221;tel:537383728&#8243; button_text=&#8221;+48 537 383 728&#8243; button_alignment=&#8221;right&#8221; button_alignment_tablet=&#8221;center&#8221; button_alignment_phone=&#8221;left&#8221; button_alignment_last_edited=&#8221;on|tablet&#8221; _builder_version=&#8221;4.27.5&#8243; _module_preset=&#8221;default&#8221; custom_button=&#8221;on&#8221; button_bg_color=&#8221;#a6bc09&#8243; button_border_width=&#8221;0px&#8221; button_border_radius=&#8221;0px&#8221; button_icon=&#8221;&#xe00b;||divi||400&#8243; button_icon_color=&#8221;#FFFFFF&#8221; button_icon_placement=&#8221;left&#8221; button_on_hover=&#8221;off&#8221; background_layout=&#8221;dark&#8221; hover_enabled=&#8221;0&#8243; global_colors_info=&#8221;{}&#8221; transform_styles__hover_enabled=&#8221;on|hover&#8221; transform_scale__hover_enabled=&#8221;on|hover&#8221; transform_translate__hover_enabled=&#8221;on|desktop&#8221; transform_rotate__hover_enabled=&#8221;on|desktop&#8221; transform_skew__hover_enabled=&#8221;on|desktop&#8221; transform_origin__hover_enabled=&#8221;on|desktop&#8221; transform_scale__hover=&#8221;110%|110%&#8221; sticky_enabled=&#8221;0&#8243;][\/et_pb_button][\/et_pb_column][et_pb_column type=&#8221;1_2&#8243; _builder_version=&#8221;4.27.4&#8243; _module_preset=&#8221;default&#8221; global_colors_info=&#8221;{}&#8221;][et_pb_button button_url=&#8221;@ET-DC@eyJkeW5hbWljIjp0cnVlLCJjb250ZW50IjoicG9zdF9saW5rX3VybF9wYWdlIiwic2V0dGluZ3MiOnsicG9zdF9pZCI6IjY2In19@&#8221; button_text=&#8221;napisz do nas w formularzu&#8221; button_alignment=&#8221;left&#8221; button_alignment_tablet=&#8221;center&#8221; button_alignment_phone=&#8221;left&#8221; button_alignment_last_edited=&#8221;on|tablet&#8221; _builder_version=&#8221;4.27.4&#8243; _dynamic_attributes=&#8221;button_url&#8221; _module_preset=&#8221;default&#8221; custom_button=&#8221;on&#8221; button_bg_color=&#8221;#a6bc09&#8243; button_border_width=&#8221;0px&#8221; button_border_radius=&#8221;0px&#8221; button_icon=&#8221;&#xe010;||divi||400&#8243; button_icon_color=&#8221;#FFFFFF&#8221; button_icon_placement=&#8221;left&#8221; button_on_hover=&#8221;off&#8221; background_layout=&#8221;dark&#8221; global_colors_info=&#8221;{}&#8221; transform_styles__hover_enabled=&#8221;on|hover&#8221; transform_scale__hover_enabled=&#8221;on|hover&#8221; transform_translate__hover_enabled=&#8221;on|desktop&#8221; transform_rotate__hover_enabled=&#8221;on|desktop&#8221; transform_skew__hover_enabled=&#8221;on|desktop&#8221; transform_origin__hover_enabled=&#8221;on|desktop&#8221; transform_scale__hover=&#8221;110%|110%&#8221;][\/et_pb_button][\/et_pb_column][\/et_pb_row][\/et_pb_section]<\/p>\n","protected":false},"excerpt":{"rendered":"<p>Znajdujesz si\u0119: <span><span><a href=\"https:\/\/pvcpro.eu\/\">Home<\/a><\/span><\/span>Monta\u017c kurtyn paskowych \u2013 to prostsze, ni\u017c my\u015bliszMonta\u017c kurtyn paskowych PVC PRO jest szybki i nie wymaga specjalistycznych narz\u0119dzi. Dzi\u0119ki przemy\u015blanej konstrukcji naszych produkt\u00f3w, wi\u0119kszo\u015b\u0107 klient\u00f3w radzi sobie z instalacj\u0105 samodzielnie. Poni\u017cej przedstawiamy instrukcj\u0119 krok po kroku.Co znajdziesz w przesy\u0142ce?Zam\u00f3wienie dostarczymy do Ciebie zazwyczaj w ci\u0105gu 48 godzin. Wszystkie zestawy pakujemy tak, aby [&hellip;]<\/p>\n","protected":false},"author":1,"featured_media":495,"parent":0,"menu_order":0,"comment_status":"closed","ping_status":"closed","template":"","meta":{"_et_pb_use_builder":"on","_et_pb_old_content":"<!-- wp:divi\/placeholder \/-->","_et_gb_content_width":"","_monsterinsights_skip_tracking":false,"_monsterinsights_sitenote_active":false,"_monsterinsights_sitenote_note":"","_monsterinsights_sitenote_category":0,"footnotes":""},"class_list":["post-42","page","type-page","status-publish","has-post-thumbnail","hentry"],"yoast_head":"<!-- This site is optimized with the Yoast SEO Premium plugin v26.5 (Yoast SEO v27.5) - https:\/\/yoast.com\/product\/yoast-seo-premium-wordpress\/ -->\n<title>Monta\u017c kurtyn paskowych PVC PRO \u2013 instrukcja krok po kroku<\/title>\n<meta name=\"description\" content=\"Zamontuj kurtyny PCV samodzielnie! Prosta instrukcja. Monta\u017c kurtyn paskowych z filmem i wszelkimi wskaz\u00f3wkami. Zadzwo\u0144, je\u015bli masz pytania.\" \/>\n<meta name=\"robots\" content=\"index, follow, max-snippet:-1, max-image-preview:large, max-video-preview:-1\" \/>\n<link rel=\"canonical\" href=\"https:\/\/pvcpro.eu\/cs\/instrukce-k-montazi\/\" \/>\n<meta property=\"og:locale\" content=\"cs_CZ\" \/>\n<meta property=\"og:type\" content=\"article\" \/>\n<meta property=\"og:title\" content=\"Instrukcja monta\u017cu\" \/>\n<meta property=\"og:description\" content=\"Zamontuj kurtyny PCV samodzielnie! Prosta instrukcja. Monta\u017c kurtyn paskowych z filmem i wszelkimi wskaz\u00f3wkami. Zadzwo\u0144, je\u015bli masz pytania.\" \/>\n<meta property=\"og:url\" content=\"https:\/\/pvcpro.eu\/cs\/instrukce-k-montazi\/\" \/>\n<meta property=\"og:site_name\" content=\"PVC PRO\" \/>\n<meta property=\"article:publisher\" content=\"https:\/\/www.facebook.com\/people\/PVC-PRO\/61580923116227\" \/>\n<meta property=\"article:modified_time\" content=\"2026-03-04T20:19:47+00:00\" \/>\n<meta property=\"og:image\" content=\"https:\/\/pvcpro.eu\/wp-content\/uploads\/2025\/09\/instrukcja-montazu-krtyn-pcv.jpg\" \/>\n\t<meta property=\"og:image:width\" content=\"1920\" \/>\n\t<meta property=\"og:image:height\" content=\"533\" \/>\n\t<meta property=\"og:image:type\" content=\"image\/jpeg\" \/>\n<meta name=\"twitter:card\" content=\"summary_large_image\" \/>\n<meta name=\"twitter:label1\" content=\"Odhadovan\u00e1 doba \u010dten\u00ed\" \/>\n\t<meta name=\"twitter:data1\" content=\"13 minut\" \/>\n<script type=\"application\/ld+json\" class=\"yoast-schema-graph\">{\"@context\":\"https:\\\/\\\/schema.org\",\"@graph\":[{\"@type\":\"WebPage\",\"@id\":\"https:\\\/\\\/pvcpro.eu\\\/instrukcja-montazu\\\/\",\"url\":\"https:\\\/\\\/pvcpro.eu\\\/instrukcja-montazu\\\/\",\"name\":\"Monta\u017c kurtyn paskowych PVC PRO \u2013 instrukcja krok po kroku\",\"isPartOf\":{\"@id\":\"https:\\\/\\\/pvcpro.eu\\\/en\\\/#website\"},\"primaryImageOfPage\":{\"@id\":\"https:\\\/\\\/pvcpro.eu\\\/instrukcja-montazu\\\/#primaryimage\"},\"image\":{\"@id\":\"https:\\\/\\\/pvcpro.eu\\\/instrukcja-montazu\\\/#primaryimage\"},\"thumbnailUrl\":\"https:\\\/\\\/pvcpro.eu\\\/wp-content\\\/uploads\\\/2025\\\/09\\\/instrukcja-montazu-krtyn-pcv.jpg\",\"datePublished\":\"2025-08-26T11:49:44+00:00\",\"dateModified\":\"2026-03-04T20:19:47+00:00\",\"description\":\"Zamontuj kurtyny PCV samodzielnie! Prosta instrukcja. Monta\u017c kurtyn paskowych z filmem i wszelkimi wskaz\u00f3wkami. Zadzwo\u0144, je\u015bli masz pytania.\",\"breadcrumb\":{\"@id\":\"https:\\\/\\\/pvcpro.eu\\\/instrukcja-montazu\\\/#breadcrumb\"},\"inLanguage\":\"cs\",\"potentialAction\":[{\"@type\":\"ReadAction\",\"target\":[\"https:\\\/\\\/pvcpro.eu\\\/instrukcja-montazu\\\/\"]}]},{\"@type\":\"ImageObject\",\"inLanguage\":\"cs\",\"@id\":\"https:\\\/\\\/pvcpro.eu\\\/instrukcja-montazu\\\/#primaryimage\",\"url\":\"https:\\\/\\\/pvcpro.eu\\\/wp-content\\\/uploads\\\/2025\\\/09\\\/instrukcja-montazu-krtyn-pcv.jpg\",\"contentUrl\":\"https:\\\/\\\/pvcpro.eu\\\/wp-content\\\/uploads\\\/2025\\\/09\\\/instrukcja-montazu-krtyn-pcv.jpg\",\"width\":1920,\"height\":533,\"caption\":\"instrukcja monta\u017cu kurtyn pcv\"},{\"@type\":\"BreadcrumbList\",\"@id\":\"https:\\\/\\\/pvcpro.eu\\\/instrukcja-montazu\\\/#breadcrumb\",\"itemListElement\":[{\"@type\":\"ListItem\",\"position\":1,\"name\":\"Home\",\"item\":\"https:\\\/\\\/pvcpro.eu\\\/\"},{\"@type\":\"ListItem\",\"position\":2,\"name\":\"Instrukcja monta\u017cu\"}]},{\"@type\":\"WebSite\",\"@id\":\"https:\\\/\\\/pvcpro.eu\\\/en\\\/#website\",\"url\":\"https:\\\/\\\/pvcpro.eu\\\/en\\\/\",\"name\":\"PVC PRO\",\"description\":\"Producent kurtyn paskowych\",\"publisher\":{\"@id\":\"https:\\\/\\\/pvcpro.eu\\\/en\\\/#organization\"},\"potentialAction\":[{\"@type\":\"SearchAction\",\"target\":{\"@type\":\"EntryPoint\",\"urlTemplate\":\"https:\\\/\\\/pvcpro.eu\\\/en\\\/?s={search_term_string}\"},\"query-input\":{\"@type\":\"PropertyValueSpecification\",\"valueRequired\":true,\"valueName\":\"search_term_string\"}}],\"inLanguage\":\"cs\"},{\"@type\":\"Organization\",\"@id\":\"https:\\\/\\\/pvcpro.eu\\\/en\\\/#organization\",\"name\":\"PVC PRO\",\"url\":\"https:\\\/\\\/pvcpro.eu\\\/en\\\/\",\"logo\":{\"@type\":\"ImageObject\",\"inLanguage\":\"cs\",\"@id\":\"https:\\\/\\\/pvcpro.eu\\\/en\\\/#\\\/schema\\\/logo\\\/image\\\/\",\"url\":\"https:\\\/\\\/pvcpro.eu\\\/wp-content\\\/uploads\\\/2025\\\/08\\\/pvc-pro-logo.png\",\"contentUrl\":\"https:\\\/\\\/pvcpro.eu\\\/wp-content\\\/uploads\\\/2025\\\/08\\\/pvc-pro-logo.png\",\"width\":275,\"height\":55,\"caption\":\"PVC PRO\"},\"image\":{\"@id\":\"https:\\\/\\\/pvcpro.eu\\\/en\\\/#\\\/schema\\\/logo\\\/image\\\/\"},\"sameAs\":[\"https:\\\/\\\/www.facebook.com\\\/people\\\/PVC-PRO\\\/61580923116227\"]}]}<\/script>\n<!-- \/ Yoast SEO Premium plugin. -->","yoast_head_json":{"title":"Mont\u00e1\u017e PVC PRO p\u00e1skov\u00fdch z\u00e1clon \u2013 podrobn\u00fd n\u00e1vod","description":"Nainstalujte si PVC z\u00e1clony sami! Jednoduch\u00fd n\u00e1vod. Instalace p\u00e1skov\u00fdch z\u00e1clon s f\u00f3li\u00ed a ve\u0161ker\u00fd pot\u0159ebn\u00fd n\u00e1vod. V p\u0159\u00edpad\u011b jak\u00fdchkoli dotaz\u016f n\u00e1m zavolejte.","robots":{"index":"index","follow":"follow","max-snippet":"max-snippet:-1","max-image-preview":"max-image-preview:large","max-video-preview":"max-video-preview:-1"},"canonical":"https:\/\/pvcpro.eu\/cs\/instrukce-k-montazi\/","og_locale":"cs_CZ","og_type":"article","og_title":"Instrukcja monta\u017cu","og_description":"Zamontuj kurtyny PCV samodzielnie! Prosta instrukcja. Monta\u017c kurtyn paskowych z filmem i wszelkimi wskaz\u00f3wkami. Zadzwo\u0144, je\u015bli masz pytania.","og_url":"https:\/\/pvcpro.eu\/cs\/instrukce-k-montazi\/","og_site_name":"PVC PRO","article_publisher":"https:\/\/www.facebook.com\/people\/PVC-PRO\/61580923116227","article_modified_time":"2026-03-04T20:19:47+00:00","og_image":[{"width":1920,"height":533,"url":"https:\/\/pvcpro.eu\/wp-content\/uploads\/2025\/09\/instrukcja-montazu-krtyn-pcv.jpg","type":"image\/jpeg"}],"twitter_card":"summary_large_image","twitter_misc":{"Odhadovan\u00e1 doba \u010dten\u00ed":"13 minut"},"schema":{"@context":"https:\/\/schema.org","@graph":[{"@type":"WebPage","@id":"https:\/\/pvcpro.eu\/instrukcja-montazu\/","url":"https:\/\/pvcpro.eu\/instrukcja-montazu\/","name":"Mont\u00e1\u017e PVC PRO p\u00e1skov\u00fdch z\u00e1clon \u2013 podrobn\u00fd n\u00e1vod","isPartOf":{"@id":"https:\/\/pvcpro.eu\/en\/#website"},"primaryImageOfPage":{"@id":"https:\/\/pvcpro.eu\/instrukcja-montazu\/#primaryimage"},"image":{"@id":"https:\/\/pvcpro.eu\/instrukcja-montazu\/#primaryimage"},"thumbnailUrl":"https:\/\/pvcpro.eu\/wp-content\/uploads\/2025\/09\/instrukcja-montazu-krtyn-pcv.jpg","datePublished":"2025-08-26T11:49:44+00:00","dateModified":"2026-03-04T20:19:47+00:00","description":"Nainstalujte si PVC z\u00e1clony sami! Jednoduch\u00fd n\u00e1vod. Instalace p\u00e1skov\u00fdch z\u00e1clon s f\u00f3li\u00ed a ve\u0161ker\u00fd pot\u0159ebn\u00fd n\u00e1vod. V p\u0159\u00edpad\u011b jak\u00fdchkoli dotaz\u016f n\u00e1m zavolejte.","breadcrumb":{"@id":"https:\/\/pvcpro.eu\/instrukcja-montazu\/#breadcrumb"},"inLanguage":"cs","potentialAction":[{"@type":"ReadAction","target":["https:\/\/pvcpro.eu\/instrukcja-montazu\/"]}]},{"@type":"ImageObject","inLanguage":"cs","@id":"https:\/\/pvcpro.eu\/instrukcja-montazu\/#primaryimage","url":"https:\/\/pvcpro.eu\/wp-content\/uploads\/2025\/09\/instrukcja-montazu-krtyn-pcv.jpg","contentUrl":"https:\/\/pvcpro.eu\/wp-content\/uploads\/2025\/09\/instrukcja-montazu-krtyn-pcv.jpg","width":1920,"height":533,"caption":"instrukcja monta\u017cu kurtyn pcv"},{"@type":"BreadcrumbList","@id":"https:\/\/pvcpro.eu\/instrukcja-montazu\/#breadcrumb","itemListElement":[{"@type":"ListItem","position":1,"name":"Home","item":"https:\/\/pvcpro.eu\/"},{"@type":"ListItem","position":2,"name":"Instrukcja monta\u017cu"}]},{"@type":"WebSite","@id":"https:\/\/pvcpro.eu\/en\/#website","url":"https:\/\/pvcpro.eu\/en\/","name":"PVC PRO","description":"V\u00fdrobce p\u00e1skov\u00fdch z\u00e1clon","publisher":{"@id":"https:\/\/pvcpro.eu\/en\/#organization"},"potentialAction":[{"@type":"SearchAction","target":{"@type":"EntryPoint","urlTemplate":"https:\/\/pvcpro.eu\/en\/?s={search_term_string}"},"query-input":{"@type":"PropertyValueSpecification","valueRequired":true,"valueName":"search_term_string"}}],"inLanguage":"cs"},{"@type":"Organization","@id":"https:\/\/pvcpro.eu\/en\/#organization","name":"PVC PRO","url":"https:\/\/pvcpro.eu\/en\/","logo":{"@type":"ImageObject","inLanguage":"cs","@id":"https:\/\/pvcpro.eu\/en\/#\/schema\/logo\/image\/","url":"https:\/\/pvcpro.eu\/wp-content\/uploads\/2025\/08\/pvc-pro-logo.png","contentUrl":"https:\/\/pvcpro.eu\/wp-content\/uploads\/2025\/08\/pvc-pro-logo.png","width":275,"height":55,"caption":"PVC PRO"},"image":{"@id":"https:\/\/pvcpro.eu\/en\/#\/schema\/logo\/image\/"},"sameAs":["https:\/\/www.facebook.com\/people\/PVC-PRO\/61580923116227"]}]}},"jetpack_sharing_enabled":true,"_links":{"self":[{"href":"https:\/\/pvcpro.eu\/cs\/wp-json\/wp\/v2\/pages\/42","targetHints":{"allow":["GET"]}}],"collection":[{"href":"https:\/\/pvcpro.eu\/cs\/wp-json\/wp\/v2\/pages"}],"about":[{"href":"https:\/\/pvcpro.eu\/cs\/wp-json\/wp\/v2\/types\/page"}],"author":[{"embeddable":true,"href":"https:\/\/pvcpro.eu\/cs\/wp-json\/wp\/v2\/users\/1"}],"replies":[{"embeddable":true,"href":"https:\/\/pvcpro.eu\/cs\/wp-json\/wp\/v2\/comments?post=42"}],"version-history":[{"count":1,"href":"https:\/\/pvcpro.eu\/cs\/wp-json\/wp\/v2\/pages\/42\/revisions"}],"predecessor-version":[{"id":3967,"href":"https:\/\/pvcpro.eu\/cs\/wp-json\/wp\/v2\/pages\/42\/revisions\/3967"}],"wp:featuredmedia":[{"embeddable":true,"href":"https:\/\/pvcpro.eu\/cs\/wp-json\/wp\/v2\/media\/495"}],"wp:attachment":[{"href":"https:\/\/pvcpro.eu\/cs\/wp-json\/wp\/v2\/media?parent=42"}],"curies":[{"name":"wp","href":"https:\/\/api.w.org\/{rel}","templated":true}]}}