{"id":27,"date":"2025-08-26T13:47:16","date_gmt":"2025-08-26T11:47:16","guid":{"rendered":"https:\/\/pvcpro.eu\/?page_id=27"},"modified":"2025-12-12T15:46:46","modified_gmt":"2025-12-12T14:46:46","slug":"gardiner-til-kole-og-fryserum","status":"publish","type":"page","link":"https:\/\/pvcpro.eu\/da\/oferta\/kurtyny-do-chlodni-i-mrozni\/","title":{"rendered":"K\u00f8lerumsgardiner"},"content":{"rendered":"<p>[et_pb_section fb_built=&#8221;1&#8243; _builder_version=&#8221;4.27.4&#8243; _module_preset=&#8221;default&#8221; background_image=&#8221;https:\/\/pvcpro.eu\/wp-content\/uploads\/2025\/09\/kurtyny-do-chlodni-1.jpg&#8221; background_position=&#8221;bottom_center&#8221; transform_translate_linked=&#8221;off&#8221; position_origin_a_tablet=&#8221;&#8221; position_origin_a_phone=&#8221;&#8221; position_origin_a_last_edited=&#8221;on|tablet&#8221; position_origin_f_tablet=&#8221;&#8221; position_origin_f_phone=&#8221;&#8221; position_origin_f_last_edited=&#8221;on|tablet&#8221; position_origin_r_tablet=&#8221;&#8221; position_origin_r_phone=&#8221;&#8221; position_origin_r_last_edited=&#8221;on|tablet&#8221; custom_padding=&#8221;0px||0px||false|false&#8221; positioning_tablet=&#8221;none&#8221; positioning_phone=&#8221;none&#8221; positioning_last_edited=&#8221;on|tablet&#8221; custom_css_main_element=&#8221;overflow: hidden;&#8221; custom_css_free_form=&#8221;||||&#8221; global_colors_info=&#8221;{}&#8221;][et_pb_row column_structure=&#8221;2_3,1_3&#8243; use_custom_gutter=&#8221;on&#8221; gutter_width=&#8221;1&#8243; make_equal=&#8221;on&#8221; _builder_version=&#8221;4.27.4&#8243; _module_preset=&#8221;default&#8221; z_index=&#8221;77&#8243; custom_padding=&#8221;0px||0px||false|false&#8221; background_color_tablet=&#8221;#023859&#8243; background_last_edited=&#8221;on|phone&#8221; background_enable_color_tablet=&#8221;on&#8221; use_background_color_gradient_tablet=&#8221;on&#8221; use_background_color_gradient_phone=&#8221;off&#8221; background_color_gradient_stops_tablet=&#8221;rgba(2,56,89,0) 0%|rgba(2,56,89,0) 35%|rgba(2, 56, 89, 1) 35%|#023859 65%|rgba(2, 56, 89, 0.33) 65%|rgba(2,56,89,0) 100%&#8221; background_color_gradient_overlays_image_tablet=&#8221;on&#8221; background_image_tablet=&#8221;https:\/\/pvcpro.eu\/wp-content\/uploads\/2025\/08\/pvcpro-logo-sygnet-tlo-prawe.png&#8221; background_enable_image_tablet=&#8221;on&#8221; background_enable_image_phone=&#8221;off&#8221; custom_css_main_element=&#8221;oveflow:visible;||&#8221; global_colors_info=&#8221;{}&#8221;][et_pb_column type=&#8221;2_3&#8243; _builder_version=&#8221;4.27.4&#8243; _module_preset=&#8221;default&#8221; use_background_color_gradient=&#8221;on&#8221; background_color_gradient_stops=&#8221;rgba(2,56,89,0) 0%|rgba(2,56,89,0) 44%|#023859 44%|rgba(2, 56, 89, 1) 80%|rgba(2,56,89,0) 80%|rgba(2,56,89,0) 100%&#8221; background_last_edited=&#8221;on|phone&#8221; use_background_color_gradient_tablet=&#8221;on&#8221; use_background_color_gradient_phone=&#8221;off&#8221; background_color_gradient_stops_tablet=&#8221;rgba(2,56,89,0) 0%|rgba(2,56,89,0) 44%|#023859 44%|rgba(2, 56, 89, 1) 80%|rgba(2,56,89,0) 80%|rgba(2,56,89,0) 100%&#8221; global_colors_info=&#8221;{}&#8221;][et_pb_blurb title=&#8221;Kurtyny do ch\u0142odni&#8221; image=&#8221;https:\/\/pvcpro.eu\/wp-content\/uploads\/2025\/08\/kurtyny-do-chlodni.png&#8221; alt=&#8221;kurtyny do chlodni&#8221; icon_placement=&#8221;left&#8221; image_icon_width=&#8221;100px&#8221; content_max_width=&#8221;100%&#8221; icon_placement_tablet=&#8221;top&#8221; icon_placement_phone=&#8221;top&#8221; icon_placement_last_edited=&#8221;on|tablet&#8221; image_icon_width_tablet=&#8221;70px&#8221; image_icon_width_phone=&#8221;70px&#8221; image_icon_width_last_edited=&#8221;on|tablet&#8221; module_class=&#8221;okruszki&#8221; _builder_version=&#8221;4.27.4&#8243; _module_preset=&#8221;default&#8221; header_level=&#8221;h1&#8243; header_font=&#8221;|800|||||||&#8221; header_text_color=&#8221;#FFFFFF&#8221; header_font_size=&#8221;60px&#8221; body_text_color=&#8221;rgba(255,255,255,0.73)&#8221; image_icon_custom_margin=&#8221;|20px|||false|false&#8221; background_layout=&#8221;dark&#8221; custom_margin=&#8221;24%||12%|30px|false|false&#8221; custom_margin_tablet=&#8221;20%||20%|30px|false|false&#8221; custom_margin_phone=&#8221;20%||20%|30px|false|false&#8221; custom_margin_last_edited=&#8221;on|tablet&#8221; header_font_size_tablet=&#8221;40px&#8221; header_font_size_phone=&#8221;36px&#8221; header_font_size_last_edited=&#8221;on|phone&#8221; module_alignment_tablet=&#8221;&#8221; module_alignment_phone=&#8221;left&#8221; module_alignment_last_edited=&#8221;on|phone&#8221; custom_css_blurb_title=&#8221;margin-bottom:10px;&#8221; global_colors_info=&#8221;{}&#8221; custom_css_blurb_title_last_edited=&#8221;on|tablet&#8221; custom_css_blurb_title_tablet=&#8221;margin-bottom:0px;&#8221; custom_css_blurb_title_phone=&#8221;margin-bottom:0px;&#8221;]<\/p>\n<p>Znajdujesz si\u0119: <span><span><a href=\"https:\/\/pvcpro.eu\/\">Home<\/a><\/span><\/span><\/p>\n<p>[\/et_pb_blurb][\/et_pb_column][et_pb_column type=&#8221;1_3&#8243; _builder_version=&#8221;4.27.4&#8243; _module_preset=&#8221;default&#8221; background_color=&#8221;RGBA(255,255,255,0)&#8221; background_enable_image=&#8221;off&#8221; global_colors_info=&#8221;{}&#8221;][et_pb_image src=&#8221;https:\/\/pvcpro.eu\/wp-content\/uploads\/2025\/08\/kurtyny-paskowe-pvc-sygnet-do-naglowka.png&#8221; alt=&#8221;kurtyny paskowe pvc sygnet do naglowka&#8221; title_text=&#8221;kurtyny paskowe pvc sygnet do naglowka&#8221; align_tablet=&#8221;center&#8221; align_phone=&#8221;center&#8221; align_last_edited=&#8221;on|tablet&#8221; disabled_on=&#8221;on|on|off&#8221; _builder_version=&#8221;4.27.4&#8243; _module_preset=&#8221;default&#8221; transform_scale=&#8221;150%|150%&#8221; transform_translate=&#8221;1px|37px&#8221; transform_translate_linked=&#8221;off&#8221; positioning=&#8221;absolute&#8221; position_origin_a=&#8221;top_right&#8221; horizontal_offset=&#8221;0px&#8221; z_index=&#8221;44&#8243; width=&#8221;100%&#8221; min_height=&#8221;100%&#8221; height=&#8221;100%&#8221; max_height=&#8221;100%&#8221; global_colors_info=&#8221;{}&#8221;][\/et_pb_image][\/et_pb_column][\/et_pb_row][\/et_pb_section][et_pb_section fb_built=&#8221;1&#8243; custom_padding_last_edited=&#8221;on|phone&#8221; _builder_version=&#8221;4.27.4&#8243; _module_preset=&#8221;default&#8221; custom_padding=&#8221;||0px||false|false&#8221; custom_padding_tablet=&#8221;||0px||false|false&#8221; custom_padding_phone=&#8221;20px||0px||false|false&#8221; animation_style=&#8221;fade&#8221; global_colors_info=&#8221;{}&#8221;][et_pb_row column_structure=&#8221;1_2,1_2&#8243; _builder_version=&#8221;4.27.4&#8243; _module_preset=&#8221;default&#8221; custom_padding=&#8221;||0px||false|false&#8221; global_colors_info=&#8221;{}&#8221;][et_pb_column type=&#8221;1_2&#8243; _builder_version=&#8221;4.27.4&#8243; _module_preset=&#8221;default&#8221; global_colors_info=&#8221;{}&#8221;][et_pb_text _builder_version=&#8221;4.27.4&#8243; _module_preset=&#8221;default&#8221; header_2_font=&#8221;|800|||||||&#8221; header_2_text_align=&#8221;left&#8221; header_2_font_size=&#8221;45px&#8221; header_2_line_height=&#8221;1.3em&#8221; max_width=&#8221;1200px&#8221; module_alignment=&#8221;center&#8221; custom_margin=&#8221;5%||||false|false&#8221; header_2_font_size_tablet=&#8221;36px&#8221; header_2_font_size_phone=&#8221;26px&#8221; header_2_font_size_last_edited=&#8221;on|desktop&#8221; global_colors_info=&#8221;{}&#8221;]<\/p>\n<h2>Kurtyny do ch\u0142odni, kt\u00f3re zatrzymuj\u0105 zimno<\/h2>\n<p>[\/et_pb_text][et_pb_text _builder_version=&#8221;4.27.4&#8243; _module_preset=&#8221;default&#8221; text_line_height=&#8221;1.8em&#8221; custom_margin_tablet=&#8221;||50px||false|false&#8221; custom_margin_phone=&#8221;||50px||false|false&#8221; custom_margin_last_edited=&#8221;on|tablet&#8221; global_colors_info=&#8221;{}&#8221;]<\/p>\n<p>Je\u015bli masz ch\u0142odni\u0119 lub mro\u017ani\u0119, doskonale wiesz, \u017ce utrata <strong>zimna to realne straty.<\/strong> Ka\u017cde otwarcie drzwi to ryzyko: wzrost temperatury, zwi\u0119kszone zu\u017cycie energii, wilgo\u0107, szron. A to wszystko przek\u0142ada si\u0119 na koszty.<\/p>\n<p>Kurtyny ch\u0142odnicze s\u0105 odpowiedzi\u0105 na ten problem \u2013 pod warunkiem, \u017ce s\u0105 dobrze dobrane i szczelnie zamontowane. Dlatego przygotowali\u015bmy rozwi\u0105zanie, kt\u00f3re wyeliminuje Twoje problemy.<\/p>\n<p>[\/et_pb_text][\/et_pb_column][et_pb_column type=&#8221;1_2&#8243; _builder_version=&#8221;4.27.4&#8243; _module_preset=&#8221;default&#8221; global_colors_info=&#8221;{}&#8221;][et_pb_image src=&#8221;https:\/\/pvcpro.eu\/wp-content\/uploads\/2025\/09\/kurtyny-do-chlodni.jpg&#8221; alt=&#8221;kurtyny ch\u0142odnicze, kurtyny do mro\u017ani&#8221; title_text=&#8221;kurtyny do chlodni&#8221; _builder_version=&#8221;4.27.4&#8243; _module_preset=&#8221;default&#8221; animation_style=&#8221;slide&#8221; animation_direction=&#8221;right&#8221; global_colors_info=&#8221;{}&#8221;][\/et_pb_image][et_pb_image src=&#8221;https:\/\/pvcpro.eu\/wp-content\/uploads\/2025\/09\/kurtyny-pcv-do-chlodni.png&#8221; alt=&#8221;kurtyny do ch\u0142odni  pcv &#8221; title_text=&#8221;kurtyny pcv do chlodni&#8221; align=&#8221;right&#8221; _builder_version=&#8221;4.27.4&#8243; _module_preset=&#8221;default&#8221; positioning=&#8221;absolute&#8221; position_origin_a=&#8221;top_right&#8221; vertical_offset=&#8221;-40px&#8221; horizontal_offset=&#8221;-40px&#8221; vertical_offset_tablet=&#8221;-40px&#8221; vertical_offset_phone=&#8221;-20px&#8221; vertical_offset_last_edited=&#8221;on|phone&#8221; horizontal_offset_tablet=&#8221;-40px&#8221; horizontal_offset_phone=&#8221;-20px&#8221; horizontal_offset_last_edited=&#8221;on|phone&#8221; width=&#8221;100%&#8221; width_tablet=&#8221;150px&#8221; width_phone=&#8221;100px&#8221; width_last_edited=&#8221;on|phone&#8221; animation_style=&#8221;slide&#8221; global_colors_info=&#8221;{}&#8221;][\/et_pb_image][\/et_pb_column][\/et_pb_row][\/et_pb_section][et_pb_section fb_built=&#8221;1&#8243; custom_padding_last_edited=&#8221;on|phone&#8221; _builder_version=&#8221;4.27.4&#8243; _module_preset=&#8221;default&#8221; background_enable_color=&#8221;off&#8221; custom_margin_tablet=&#8221;&#8221; custom_margin_phone=&#8221;||||false|false&#8221; custom_margin_last_edited=&#8221;on|phone&#8221; custom_padding=&#8221;100px||0px||false|false&#8221; custom_padding_tablet=&#8221;100px||0px||false|false&#8221; custom_padding_phone=&#8221;60px||0px||false|false&#8221; animation_style=&#8221;slide&#8221; animation_direction=&#8221;bottom&#8221; global_colors_info=&#8221;{}&#8221;][et_pb_row custom_padding_last_edited=&#8221;on|phone&#8221; _builder_version=&#8221;4.27.4&#8243; _module_preset=&#8221;default&#8221; custom_margin=&#8221;||0px||false|false&#8221; custom_padding=&#8221;||0px||false|false&#8221; custom_padding_tablet=&#8221;||0px||false|false&#8221; custom_padding_phone=&#8221;0px||0px||false|false&#8221; global_colors_info=&#8221;{}&#8221;][et_pb_column type=&#8221;4_4&#8243; _builder_version=&#8221;4.27.4&#8243; _module_preset=&#8221;default&#8221; global_colors_info=&#8221;{}&#8221;][et_pb_text _builder_version=&#8221;4.27.4&#8243; _module_preset=&#8221;default&#8221; header_2_font=&#8221;|800|||||||&#8221; header_2_text_align=&#8221;center&#8221; header_2_font_size=&#8221;45px&#8221; header_2_line_height=&#8221;1.3em&#8221; max_width=&#8221;1200px&#8221; module_alignment=&#8221;center&#8221; header_2_text_align_tablet=&#8221;center&#8221; header_2_text_align_phone=&#8221;left&#8221; header_2_text_align_last_edited=&#8221;on|phone&#8221; header_2_font_size_tablet=&#8221;36px&#8221; header_2_font_size_phone=&#8221;26px&#8221; header_2_font_size_last_edited=&#8221;on|desktop&#8221; text_orientation_tablet=&#8221;&#8221; text_orientation_phone=&#8221;left&#8221; text_orientation_last_edited=&#8221;on|phone&#8221; global_colors_info=&#8221;{}&#8221;]<\/p>\n<h2>Konkretne problemy, z kt\u00f3rymi przychodz\u0105 nasi klienci:<\/h2>\n<p>[\/et_pb_text][\/et_pb_column][\/et_pb_row][\/et_pb_section][et_pb_section fb_built=&#8221;1&#8243; custom_padding_last_edited=&#8221;on|phone&#8221; _builder_version=&#8221;4.27.4&#8243; _module_preset=&#8221;default&#8221; background_image=&#8221;https:\/\/pvcpro.eu\/wp-content\/uploads\/2025\/08\/pvcpro-logo-sygnet-tlo-prawe.png&#8221; background_size=&#8221;initial&#8221; background_position=&#8221;top_right&#8221; custom_padding=&#8221;||100px||false|false&#8221; custom_padding_tablet=&#8221;||100px||false|false&#8221; custom_padding_phone=&#8221;0px||20px||false|false&#8221; background_last_edited=&#8221;on|phone&#8221; background_enable_image_phone=&#8221;off&#8221; global_colors_info=&#8221;{}&#8221;][et_pb_row column_structure=&#8221;1_3,1_3,1_3&#8243; use_custom_gutter=&#8221;on&#8221; gutter_width=&#8221;2&#8243; make_equal=&#8221;on&#8221; custom_padding_last_edited=&#8221;on|phone&#8221; _builder_version=&#8221;4.27.4&#8243; _module_preset=&#8221;default&#8221; width_tablet=&#8221;&#8221; width_phone=&#8221;90%&#8221; width_last_edited=&#8221;on|phone&#8221; custom_margin=&#8221;100px||||false|false&#8221; custom_margin_tablet=&#8221;100px||||false|false&#8221; custom_margin_phone=&#8221;20px||||false|false&#8221; custom_margin_last_edited=&#8221;on|phone&#8221; custom_padding_tablet=&#8221;&#8221; custom_padding_phone=&#8221;0px||||false|false&#8221; global_colors_info=&#8221;{}&#8221;][et_pb_column type=&#8221;1_3&#8243; _builder_version=&#8221;4.27.4&#8243; _module_preset=&#8221;default&#8221; global_colors_info=&#8221;{}&#8221;][et_pb_blurb title=&#8221;Zimno ucieka, agregaty pracuj\u0105 na pe\u0142nych obrotach.&#8221; use_icon=&#8221;on&#8221; font_icon=&#8221;&#x72;||divi||400&#8243; icon_color=&#8221;#a6bc09&#8243; image_icon_width=&#8221;64px&#8221; image_icon_width_tablet=&#8221;64px&#8221; image_icon_width_phone=&#8221;50px&#8221; image_icon_width_last_edited=&#8221;on|phone&#8221; _builder_version=&#8221;4.27.4&#8243; _module_preset=&#8221;default&#8221; header_level=&#8221;h3&#8243; header_font=&#8221;|700|||||||&#8221; header_text_color=&#8221;#a6bc09&#8243; header_font_size=&#8221;26px&#8221; header_line_height=&#8221;1.4em&#8221; body_line_height=&#8221;1.8em&#8221; background_color=&#8221;#023859&#8243; image_icon_custom_margin=&#8221;||20px||false|false&#8221; image_icon_custom_margin_tablet=&#8221;||20px||false|false&#8221; image_icon_custom_margin_phone=&#8221;||10px||false|false&#8221; image_icon_custom_margin_last_edited=&#8221;on|phone&#8221; text_orientation=&#8221;center&#8221; background_layout=&#8221;dark&#8221; height=&#8221;100%&#8221; custom_padding=&#8221;70px|5%|70px|5%|true|true&#8221; custom_padding_tablet=&#8221;70px|5%|70px|5%|true|true&#8221; custom_padding_phone=&#8221;50px||50px||true|true&#8221; custom_padding_last_edited=&#8221;on|phone&#8221; animation_style=&#8221;slide&#8221; animation_direction=&#8221;left&#8221; header_font_size_tablet=&#8221;24px&#8221; header_font_size_phone=&#8221;24px&#8221; header_font_size_last_edited=&#8221;on|phone&#8221; custom_css_blurb_title=&#8221;margin-bottom:20px&#8221; global_colors_info=&#8221;{}&#8221;]<\/p>\n<p>Koszty energii rosn\u0105, a mimo to temperatura w komorze nie jest stabilna. Ka\u017cde przej\u015bcie oznacza strat\u0119 ch\u0142odu.<\/p>\n<p>[\/et_pb_blurb][\/et_pb_column][et_pb_column type=&#8221;1_3&#8243; _builder_version=&#8221;4.27.4&#8243; _module_preset=&#8221;default&#8221; global_colors_info=&#8221;{}&#8221;][et_pb_blurb title=&#8221;Wilgo\u0107, l\u00f3d i niebezpieczne warunki.&#8221; use_icon=&#8221;on&#8221; font_icon=&#8221;&#x72;||divi||400&#8243; icon_color=&#8221;#a6bc09&#8243; image_icon_width=&#8221;64px&#8221; image_icon_width_tablet=&#8221;64px&#8221; image_icon_width_phone=&#8221;50px&#8221; image_icon_width_last_edited=&#8221;on|phone&#8221; _builder_version=&#8221;4.27.4&#8243; _module_preset=&#8221;default&#8221; header_level=&#8221;h3&#8243; header_font=&#8221;|700|||||||&#8221; header_text_color=&#8221;#a6bc09&#8243; header_font_size=&#8221;26px&#8221; header_line_height=&#8221;1.4em&#8221; body_line_height=&#8221;1.8em&#8221; background_color=&#8221;#023859&#8243; image_icon_custom_margin=&#8221;||20px||false|false&#8221; image_icon_custom_margin_tablet=&#8221;||20px||false|false&#8221; image_icon_custom_margin_phone=&#8221;||10px||false|false&#8221; image_icon_custom_margin_last_edited=&#8221;on|phone&#8221; text_orientation=&#8221;center&#8221; background_layout=&#8221;dark&#8221; height=&#8221;100%&#8221; custom_padding=&#8221;70px|5%|70px|5%|true|true&#8221; custom_padding_tablet=&#8221;70px|5%|70px|5%|true|true&#8221; custom_padding_phone=&#8221;50px||50px||true|true&#8221; custom_padding_last_edited=&#8221;on|phone&#8221; animation_style=&#8221;slide&#8221; animation_direction=&#8221;bottom&#8221; header_font_size_tablet=&#8221;24px&#8221; header_font_size_phone=&#8221;24px&#8221; header_font_size_last_edited=&#8221;on|phone&#8221; custom_css_blurb_title=&#8221;margin-bottom:20px&#8221; global_colors_info=&#8221;{}&#8221;]<\/p>\n<p>Ciep\u0142e powietrze wpada do \u015brodka, skrapla si\u0119 i zamarza. Tworzy si\u0119 l\u00f3d na pod\u0142odze, towarze, urz\u0105dzeniach.<\/p>\n<p>[\/et_pb_blurb][\/et_pb_column][et_pb_column type=&#8221;1_3&#8243; _builder_version=&#8221;4.27.4&#8243; _module_preset=&#8221;default&#8221; global_colors_info=&#8221;{}&#8221;][et_pb_blurb title=&#8221;Praca jest  spowolniona.&#8221; use_icon=&#8221;on&#8221; font_icon=&#8221;&#x72;||divi||400&#8243; icon_color=&#8221;#a6bc09&#8243; image_icon_width=&#8221;64px&#8221; image_icon_width_tablet=&#8221;64px&#8221; image_icon_width_phone=&#8221;50px&#8221; image_icon_width_last_edited=&#8221;on|phone&#8221; _builder_version=&#8221;4.27.4&#8243; _module_preset=&#8221;default&#8221; header_level=&#8221;h3&#8243; header_font=&#8221;|700|||||||&#8221; header_text_color=&#8221;#a6bc09&#8243; header_font_size=&#8221;26px&#8221; header_line_height=&#8221;1.4em&#8221; body_line_height=&#8221;1.8em&#8221; background_color=&#8221;#023859&#8243; image_icon_custom_margin=&#8221;||20px||false|false&#8221; image_icon_custom_margin_tablet=&#8221;||20px||false|false&#8221; image_icon_custom_margin_phone=&#8221;||10px||false|false&#8221; image_icon_custom_margin_last_edited=&#8221;on|phone&#8221; text_orientation=&#8221;center&#8221; background_layout=&#8221;dark&#8221; height=&#8221;100%&#8221; custom_padding=&#8221;70px|5%|70px|5%|true|true&#8221; custom_padding_tablet=&#8221;70px|5%|70px|5%|true|true&#8221; custom_padding_phone=&#8221;50px||50px||true|true&#8221; custom_padding_last_edited=&#8221;on|phone&#8221; animation_style=&#8221;slide&#8221; animation_direction=&#8221;right&#8221; header_font_size_tablet=&#8221;24px&#8221; header_font_size_phone=&#8221;24px&#8221; header_font_size_last_edited=&#8221;on|phone&#8221; custom_css_blurb_title=&#8221;margin-bottom:20px&#8221; global_colors_info=&#8221;{}&#8221;]<\/p>\n<p>Ci\u0105g\u0142e otwieranie i zamykanie drzwi to strata czasu. A gdy brama przymarza \u2013 zaczyna si\u0119 problem.<\/p>\n<p>[\/et_pb_blurb][\/et_pb_column][\/et_pb_row][\/et_pb_section][et_pb_section fb_built=&#8221;1&#8243; custom_padding_last_edited=&#8221;on|phone&#8221; _builder_version=&#8221;4.27.4&#8243; _module_preset=&#8221;default&#8221; background_enable_color=&#8221;off&#8221; custom_padding=&#8221;0px||0px||false|false&#8221; custom_padding_tablet=&#8221;100px||0px||false|false&#8221; custom_padding_phone=&#8221;30px||0px||false|false&#8221; animation_style=&#8221;slide&#8221; animation_direction=&#8221;bottom&#8221; global_colors_info=&#8221;{}&#8221;][et_pb_row custom_padding_last_edited=&#8221;on|phone&#8221; _builder_version=&#8221;4.27.4&#8243; _module_preset=&#8221;default&#8221; custom_margin=&#8221;||0px||false|false&#8221; custom_padding=&#8221;||0px||false|false&#8221; custom_padding_tablet=&#8221;||0px||false|false&#8221; custom_padding_phone=&#8221;0px||0px||false|false&#8221; global_colors_info=&#8221;{}&#8221;][et_pb_column type=&#8221;4_4&#8243; _builder_version=&#8221;4.27.4&#8243; _module_preset=&#8221;default&#8221; global_colors_info=&#8221;{}&#8221;][et_pb_text _builder_version=&#8221;4.27.4&#8243; _module_preset=&#8221;default&#8221; header_2_font=&#8221;|800|||||||&#8221; header_2_text_align=&#8221;center&#8221; header_2_font_size=&#8221;45px&#8221; header_2_line_height=&#8221;1.3em&#8221; max_width=&#8221;1200px&#8221; module_alignment=&#8221;center&#8221; header_2_text_align_tablet=&#8221;center&#8221; header_2_text_align_phone=&#8221;left&#8221; header_2_text_align_last_edited=&#8221;on|phone&#8221; header_2_font_size_tablet=&#8221;36px&#8221; header_2_font_size_phone=&#8221;26px&#8221; header_2_font_size_last_edited=&#8221;on|desktop&#8221; global_colors_info=&#8221;{}&#8221;]<\/p>\n<h2>Mamy na to rozwi\u0105zanie<\/h2>\n<p>[\/et_pb_text][et_pb_text _builder_version=&#8221;4.27.4&#8243; _module_preset=&#8221;default&#8221; text_line_height=&#8221;1.8em&#8221; header_2_font=&#8221;|800|||||||&#8221; header_2_text_align=&#8221;center&#8221; header_2_font_size=&#8221;45px&#8221; header_2_line_height=&#8221;1.3em&#8221; text_orientation=&#8221;center&#8221; max_width=&#8221;1000px&#8221; module_alignment=&#8221;center&#8221; header_2_font_size_tablet=&#8221;36px&#8221; header_2_font_size_phone=&#8221;26px&#8221; header_2_font_size_last_edited=&#8221;on|desktop&#8221; text_orientation_tablet=&#8221;center&#8221; text_orientation_phone=&#8221;left&#8221; text_orientation_last_edited=&#8221;on|phone&#8221; global_colors_info=&#8221;{}&#8221;]<\/p>\n<p>PVC PRO dostarcza <strong>kurtyny ch\u0142odnicze<\/strong>, kt\u00f3re powsta\u0142y specjalnie z my\u015bl\u0105 o warunkach panuj\u0105cych w ch\u0142odniach i mro\u017aniach. Dzia\u0142aj\u0105 niezale\u017cnie od tego, ile razy dziennie otwierasz przej\u015bcie \u2013 <strong>zatrzymuj\u0105 zimno, ograniczaj\u0105 dost\u0119p wilgoci i przyspieszaj\u0105 logistyk\u0119.<\/strong><\/p>\n<p>[\/et_pb_text][\/et_pb_column][\/et_pb_row][\/et_pb_section][et_pb_section fb_built=&#8221;1&#8243; custom_padding_last_edited=&#8221;on|phone&#8221; _builder_version=&#8221;4.27.4&#8243; _module_preset=&#8221;default&#8221; background_image=&#8221;https:\/\/pvcpro.eu\/wp-content\/uploads\/2025\/09\/pvcpro-kurtyny-tlo-lewe.png&#8221; background_size=&#8221;initial&#8221; background_position=&#8221;bottom_left&#8221; custom_padding=&#8221;||100px||false|false&#8221; custom_padding_tablet=&#8221;||100px||false|false&#8221; custom_padding_phone=&#8221;10px||0px||false|false&#8221; background_last_edited=&#8221;on|phone&#8221; background_enable_image_phone=&#8221;off&#8221; global_colors_info=&#8221;{}&#8221;][et_pb_row column_structure=&#8221;1_3,1_3,1_3&#8243; use_custom_gutter=&#8221;on&#8221; gutter_width=&#8221;2&#8243; make_equal=&#8221;on&#8221; _builder_version=&#8221;4.27.4&#8243; _module_preset=&#8221;default&#8221; width_tablet=&#8221;&#8221; width_phone=&#8221;90%&#8221; width_last_edited=&#8221;on|phone&#8221; custom_margin=&#8221;0px||||false|false&#8221; global_colors_info=&#8221;{}&#8221;][et_pb_column type=&#8221;1_3&#8243; _builder_version=&#8221;4.27.4&#8243; _module_preset=&#8221;default&#8221; global_colors_info=&#8221;{}&#8221;][et_pb_blurb use_icon=&#8221;on&#8221; font_icon=&#8221;&#xe007;||divi||400&#8243; icon_color=&#8221;#FFFFFF&#8221; image_icon_width=&#8221;64px&#8221; image_icon_width_tablet=&#8221;64px&#8221; image_icon_width_phone=&#8221;50px&#8221; image_icon_width_last_edited=&#8221;on|phone&#8221; _builder_version=&#8221;4.27.4&#8243; _module_preset=&#8221;default&#8221; header_level=&#8221;h3&#8243; header_font=&#8221;|700|||||||&#8221; header_text_color=&#8221;#a6bc09&#8243; header_font_size=&#8221;26px&#8221; header_line_height=&#8221;1.4em&#8221; body_line_height=&#8221;1.8em&#8221; background_color=&#8221;#356fb4&#8243; image_icon_custom_margin=&#8221;||20px||false|false&#8221; image_icon_custom_margin_tablet=&#8221;||20px||false|false&#8221; image_icon_custom_margin_phone=&#8221;||10px||false|false&#8221; image_icon_custom_margin_last_edited=&#8221;on|phone&#8221; text_orientation=&#8221;center&#8221; background_layout=&#8221;dark&#8221; height=&#8221;100%&#8221; custom_padding=&#8221;70px|5%|70px|5%|true|true&#8221; custom_padding_tablet=&#8221;70px|5%|70px|5%|true|true&#8221; custom_padding_phone=&#8221;50px||50px||true|true&#8221; custom_padding_last_edited=&#8221;on|phone&#8221; animation_style=&#8221;slide&#8221; animation_direction=&#8221;left&#8221; header_font_size_tablet=&#8221;24px&#8221; header_font_size_phone=&#8221;24px&#8221; header_font_size_last_edited=&#8221;on|phone&#8221; custom_css_blurb_title=&#8221;margin-bottom:20px&#8221; global_colors_info=&#8221;{}&#8221;] Pasuj\u0105 do drzwi, bram, otwor\u00f3w przej\u015bciowych \u2013 wsz\u0119dzie tam, gdzie trzeba zachowa\u0107 temperatur\u0119.[\/et_pb_blurb][\/et_pb_column][et_pb_column type=&#8221;1_3&#8243; _builder_version=&#8221;4.27.4&#8243; _module_preset=&#8221;default&#8221; global_colors_info=&#8221;{}&#8221;][et_pb_blurb use_icon=&#8221;on&#8221; font_icon=&#8221;&#xe007;||divi||400&#8243; icon_color=&#8221;#FFFFFF&#8221; image_icon_width=&#8221;64px&#8221; image_icon_width_tablet=&#8221;64px&#8221; image_icon_width_phone=&#8221;50px&#8221; image_icon_width_last_edited=&#8221;on|phone&#8221; _builder_version=&#8221;4.27.4&#8243; _module_preset=&#8221;default&#8221; header_level=&#8221;h3&#8243; header_font=&#8221;|700|||||||&#8221; header_text_color=&#8221;#a6bc09&#8243; header_font_size=&#8221;26px&#8221; header_line_height=&#8221;1.4em&#8221; body_line_height=&#8221;1.8em&#8221; background_color=&#8221;#458dca&#8221; image_icon_custom_margin=&#8221;||20px||false|false&#8221; image_icon_custom_margin_tablet=&#8221;||20px||false|false&#8221; image_icon_custom_margin_phone=&#8221;||10px||false|false&#8221; image_icon_custom_margin_last_edited=&#8221;on|phone&#8221; text_orientation=&#8221;center&#8221; background_layout=&#8221;dark&#8221; height=&#8221;100%&#8221; custom_padding=&#8221;70px|5%|70px|5%|true|true&#8221; custom_padding_tablet=&#8221;70px|5%|70px|5%|true|true&#8221; custom_padding_phone=&#8221;50px||50px||true|true&#8221; custom_padding_last_edited=&#8221;on|phone&#8221; animation_style=&#8221;slide&#8221; animation_direction=&#8221;bottom&#8221; header_font_size_tablet=&#8221;24px&#8221; header_font_size_phone=&#8221;24px&#8221; header_font_size_last_edited=&#8221;on|phone&#8221; custom_css_blurb_title=&#8221;margin-bottom:20px&#8221; global_colors_info=&#8221;{}&#8221;]<\/p>\n<p>Pozwalaj\u0105 na swobodne przemieszczanie si\u0119 ludzi i w\u00f3zk\u00f3w.<\/p>\n<p>[\/et_pb_blurb][\/et_pb_column][et_pb_column type=&#8221;1_3&#8243; _builder_version=&#8221;4.27.4&#8243; _module_preset=&#8221;default&#8221; global_colors_info=&#8221;{}&#8221;][et_pb_blurb use_icon=&#8221;on&#8221; font_icon=&#8221;&#xe007;||divi||400&#8243; icon_color=&#8221;#FFFFFF&#8221; image_icon_width=&#8221;64px&#8221; image_icon_width_tablet=&#8221;64px&#8221; image_icon_width_phone=&#8221;50px&#8221; image_icon_width_last_edited=&#8221;on|phone&#8221; _builder_version=&#8221;4.27.4&#8243; _module_preset=&#8221;default&#8221; header_level=&#8221;h3&#8243; header_font=&#8221;|700|||||||&#8221; header_text_color=&#8221;#a6bc09&#8243; header_font_size=&#8221;26px&#8221; header_line_height=&#8221;1.4em&#8221; body_line_height=&#8221;1.8em&#8221; background_color=&#8221;#356fb4&#8243; image_icon_custom_margin=&#8221;||20px||false|false&#8221; image_icon_custom_margin_tablet=&#8221;||20px||false|false&#8221; image_icon_custom_margin_phone=&#8221;||10px||false|false&#8221; image_icon_custom_margin_last_edited=&#8221;on|phone&#8221; text_orientation=&#8221;center&#8221; background_layout=&#8221;dark&#8221; height=&#8221;100%&#8221; custom_padding=&#8221;70px|5%|70px|5%|true|true&#8221; custom_padding_tablet=&#8221;70px|5%|70px|5%|true|true&#8221; custom_padding_phone=&#8221;50px||50px||true|true&#8221; custom_padding_last_edited=&#8221;on|phone&#8221; animation_style=&#8221;slide&#8221; animation_direction=&#8221;right&#8221; header_font_size_tablet=&#8221;24px&#8221; header_font_size_phone=&#8221;24px&#8221; header_font_size_last_edited=&#8221;on|phone&#8221; custom_css_blurb_title=&#8221;margin-bottom:20px&#8221; global_colors_info=&#8221;{}&#8221;]<\/p>\n<p>S\u0105 przezroczyste i elastyczne, nawet w niskich temperaturach.<\/p>\n<p>[\/et_pb_blurb][\/et_pb_column][\/et_pb_row][\/et_pb_section][et_pb_section fb_built=&#8221;1&#8243; custom_padding_last_edited=&#8221;on|phone&#8221; _builder_version=&#8221;4.27.4&#8243; _module_preset=&#8221;default&#8221; background_enable_color=&#8221;off&#8221; custom_padding=&#8221;0px||0px||false|false&#8221; custom_padding_tablet=&#8221;100px||0px||false|false&#8221; custom_padding_phone=&#8221;50px||0px||false|false&#8221; animation_style=&#8221;slide&#8221; animation_direction=&#8221;bottom&#8221; global_colors_info=&#8221;{}&#8221;][et_pb_row custom_padding_last_edited=&#8221;on|phone&#8221; _builder_version=&#8221;4.27.4&#8243; _module_preset=&#8221;default&#8221; custom_margin=&#8221;||0px||false|false&#8221; custom_padding=&#8221;100px||0px||false|false&#8221; custom_padding_tablet=&#8221;100px||0px||false|false&#8221; custom_padding_phone=&#8221;0px||0px||false|false&#8221; global_colors_info=&#8221;{}&#8221;][et_pb_column type=&#8221;4_4&#8243; _builder_version=&#8221;4.27.4&#8243; _module_preset=&#8221;default&#8221; global_colors_info=&#8221;{}&#8221;][et_pb_text _builder_version=&#8221;4.27.4&#8243; _module_preset=&#8221;default&#8221; header_2_font=&#8221;|800|||||||&#8221; header_2_text_align=&#8221;center&#8221; header_2_font_size=&#8221;45px&#8221; header_2_line_height=&#8221;1.3em&#8221; max_width=&#8221;1200px&#8221; module_alignment=&#8221;center&#8221; header_2_text_align_tablet=&#8221;center&#8221; header_2_text_align_phone=&#8221;left&#8221; header_2_text_align_last_edited=&#8221;on|phone&#8221; header_2_font_size_tablet=&#8221;36px&#8221; header_2_font_size_phone=&#8221;26px&#8221; header_2_font_size_last_edited=&#8221;on|desktop&#8221; text_orientation_tablet=&#8221;&#8221; text_orientation_phone=&#8221;left&#8221; text_orientation_last_edited=&#8221;on|phone&#8221; global_colors_info=&#8221;{}&#8221;]<\/p>\n<h2>Skonfiguruj kurtyn\u0119 ch\u0142odnicz\u0105 w kilka klikni\u0119\u0107<\/h2>\n<p>[\/et_pb_text][et_pb_text _builder_version=&#8221;4.27.4&#8243; _module_preset=&#8221;default&#8221; text_line_height=&#8221;1.8em&#8221; header_2_font=&#8221;|800|||||||&#8221; header_2_text_align=&#8221;center&#8221; header_2_font_size=&#8221;45px&#8221; header_2_line_height=&#8221;1.3em&#8221; text_orientation=&#8221;center&#8221; max_width=&#8221;1000px&#8221; module_alignment=&#8221;center&#8221; header_2_font_size_tablet=&#8221;36px&#8221; header_2_font_size_phone=&#8221;26px&#8221; header_2_font_size_last_edited=&#8221;on|desktop&#8221; text_orientation_tablet=&#8221;center&#8221; text_orientation_phone=&#8221;left&#8221; text_orientation_last_edited=&#8221;on|phone&#8221; global_colors_info=&#8221;{}&#8221;]<\/p>\n<p>Wystarczy, \u017ce wpiszesz w konfiguratorze wymiary i wybierzesz rodzaj pas\u00f3w, a system przygotuje dla Ciebie gotowy zestaw. Je\u015bli masz pytania \u2013 zadzwo\u0144 lub napisz. Doradzimy.<\/p>\n<p>[\/et_pb_text][et_pb_button button_url=&#8221;#konfigurator&#8221; button_text=&#8221;Skonfiguruj kurtyn\u0119&#8221; button_alignment=&#8221;center&#8221; button_alignment_tablet=&#8221;center&#8221; button_alignment_phone=&#8221;left&#8221; button_alignment_last_edited=&#8221;on|phone&#8221; _builder_version=&#8221;4.27.4&#8243; _module_preset=&#8221;default&#8221; custom_button=&#8221;on&#8221; button_bg_color=&#8221;#a6bc09&#8243; button_border_width=&#8221;0px&#8221; button_border_radius=&#8221;0px&#8221; button_use_icon=&#8221;off&#8221; background_layout=&#8221;dark&#8221; global_colors_info=&#8221;{}&#8221; transform_styles__hover_enabled=&#8221;on|hover&#8221; transform_scale__hover_enabled=&#8221;on|hover&#8221; transform_translate__hover_enabled=&#8221;on|desktop&#8221; transform_rotate__hover_enabled=&#8221;on|desktop&#8221; transform_skew__hover_enabled=&#8221;on|desktop&#8221; transform_origin__hover_enabled=&#8221;on|desktop&#8221; transform_scale__hover=&#8221;110%|110%&#8221;][\/et_pb_button][\/et_pb_column][\/et_pb_row][\/et_pb_section][et_pb_section fb_built=&#8221;1&#8243; custom_padding_last_edited=&#8221;off|desktop&#8221; _builder_version=&#8221;4.27.5&#8243; _module_preset=&#8221;default&#8221; custom_margin=&#8221;80px||-50px||false|false&#8221; custom_margin_tablet=&#8221;80px||-50px||false|false&#8221; custom_margin_phone=&#8221;60px||-100px||false|false&#8221; custom_margin_last_edited=&#8221;on|phone&#8221; custom_padding=&#8221;0px||30px||false|false&#8221; hover_enabled=&#8221;0&#8243; global_module=&#8221;3402&#8243; saved_tabs=&#8221;all&#8221; global_colors_info=&#8221;{}&#8221; disabled_on=&#8221;on|on|on&#8221; disabled=&#8221;on&#8221; sticky_enabled=&#8221;0&#8243;][et_pb_row _builder_version=&#8221;4.27.4&#8243; _module_preset=&#8221;default&#8221; width_tablet=&#8221;&#8221; width_phone=&#8221;100%&#8221; width_last_edited=&#8221;on|phone&#8221; custom_margin=&#8221;0px||-50px||false|false&#8221; custom_padding=&#8221;0px||0px||false|false&#8221; global_colors_info=&#8221;{}&#8221;][et_pb_column type=&#8221;4_4&#8243; _builder_version=&#8221;4.27.4&#8243; _module_preset=&#8221;default&#8221; global_colors_info=&#8221;{}&#8221;][et_pb_cta title=&#8221;Chwy\u0107 rabat, p\u00f3ki jest! &#8221; button_text=&#8221;Klikni\u0119cia&#8221; content_tablet=&#8221;&#8221; content_phone=&#8221;<\/p>\n<p>Do 12 grudnia wpisz kod<br \/><strong style=%22font-size: 120%;%22>PVC-5<br \/><\/strong> w koszyku i obni\u017c cen\u0119 swojej kurtyny o 5%!<\/p>\n<p>&#8221; content_last_edited=&#8221;on|phone&#8221; _builder_version=&#8221;4.27.4&#8243; _module_preset=&#8221;default&#8221; header_font=&#8221;|700||on|||||&#8221; header_font_size=&#8221;40px&#8221; header_line_height=&#8221;1.1em&#8221; background_color=&#8221;#E02B20&#8243; max_width_tablet=&#8221;&#8221; max_width_phone=&#8221;&#8221; max_width_last_edited=&#8221;on|phone&#8221; custom_padding=&#8221;30px||15px||false|false&#8221; custom_padding_tablet=&#8221;&#8221; custom_padding_phone=&#8221;30px|30px|5px|30px|false|true&#8221; custom_padding_last_edited=&#8221;on|phone&#8221; header_font_size_tablet=&#8221;36px&#8221; header_font_size_phone=&#8221;28px&#8221; header_font_size_last_edited=&#8221;on|phone&#8221; global_colors_info=&#8221;{}&#8221;]<\/p>\n<p>Do 12 grudnia wpisz kod <strong style=\"font-size: 120%;\">PVC-5 <\/strong> w koszyku i obni\u017c cen\u0119 swojej kurtyny o 5%!<\/p>\n<p>[\/et_pb_cta][\/et_pb_column][\/et_pb_row][\/et_pb_section][et_pb_section fb_built=&#8221;1&#8243; module_id=&#8221;konfigurator&#8221; _builder_version=&#8221;4.27.4&#8243; background_color=&#8221;#eaf2fe&#8221; custom_margin=&#8221;100px||||false|false&#8221; custom_padding=&#8221;0px|||||&#8221; global_colors_info=&#8221;{}&#8221;][et_pb_row _builder_version=&#8221;4.27.4&#8243; background_size=&#8221;initial&#8221; background_position=&#8221;top_left&#8221; background_repeat=&#8221;repeat&#8221; width_tablet=&#8221;&#8221; width_phone=&#8221;98%&#8221; width_last_edited=&#8221;on|phone&#8221; global_colors_info=&#8221;{}&#8221;][et_pb_column type=&#8221;4_4&#8243; _builder_version=&#8221;4.16&#8243; custom_padding=&#8221;|||&#8221; global_colors_info=&#8221;{}&#8221; custom_padding__hover=&#8221;|||&#8221;][et_pb_text _builder_version=&#8221;4.27.4&#8243; background_size=&#8221;initial&#8221; background_position=&#8221;top_left&#8221; background_repeat=&#8221;repeat&#8221; global_colors_info=&#8221;{}&#8221;]<\/p>\n<p><!-- divi:shortcode --><br \/>        <div id=\"konfigurator-app\">\n            <div class=\"konfigurator-loading\">\n                <div class=\"spinner\"><\/div>\n                <p>\u0141adowanie konfiguratora...<\/p>\n            <\/div>\n        <\/div>\n        <br \/><!-- \/divi:shortcode --><\/p>\n<p>[\/et_pb_text][\/et_pb_column][\/et_pb_row][\/et_pb_section][et_pb_section fb_built=&#8221;1&#8243; custom_padding_last_edited=&#8221;on|desktop&#8221; _builder_version=&#8221;4.27.5&#8243; _module_preset=&#8221;default&#8221; custom_margin=&#8221;||-50px||false|false&#8221; custom_padding=&#8221;30px||0px||false|false&#8221; custom_padding_tablet=&#8221;||0px||false|false&#8221; custom_padding_phone=&#8221;||50px||false|false&#8221; hover_enabled=&#8221;0&#8243; global_colors_info=&#8221;{}&#8221; disabled_on=&#8221;on|on|on&#8221; disabled=&#8221;on&#8221; sticky_enabled=&#8221;0&#8243;][et_pb_row _builder_version=&#8221;4.27.4&#8243; _module_preset=&#8221;default&#8221; width_tablet=&#8221;&#8221; width_phone=&#8221;100%&#8221; width_last_edited=&#8221;on|phone&#8221; custom_margin=&#8221;0px||||false|false&#8221; custom_padding=&#8221;0px||0px||false|false&#8221; global_module=&#8221;3371&#8243; saved_tabs=&#8221;all&#8221; global_colors_info=&#8221;{}&#8221;][et_pb_column type=&#8221;4_4&#8243; _builder_version=&#8221;4.27.4&#8243; _module_preset=&#8221;default&#8221; global_colors_info=&#8221;{}&#8221;][et_pb_cta title=&#8221;Chwy\u0107 rabat, p\u00f3ki jest! &#8221; button_text=&#8221;Klikni\u0119cia&#8221; content_tablet=&#8221;&#8221; content_phone=&#8221;<\/p>\n<p>Do 12 grudnia wpisz kod<br \/><strong style=%22font-size: 120%;%22>PVC-5<br \/><\/strong> w koszyku i obni\u017c cen\u0119 swojej kurtyny o 5%!<\/p>\n<p>&#8221; content_last_edited=&#8221;on|phone&#8221; _builder_version=&#8221;4.27.4&#8243; _module_preset=&#8221;default&#8221; header_font=&#8221;|700||on|||||&#8221; header_font_size=&#8221;40px&#8221; header_line_height=&#8221;1.1em&#8221; background_color=&#8221;#E02B20&#8243; max_width_tablet=&#8221;&#8221; max_width_phone=&#8221;&#8221; max_width_last_edited=&#8221;on|phone&#8221; custom_padding=&#8221;30px||15px||false|false&#8221; custom_padding_tablet=&#8221;&#8221; custom_padding_phone=&#8221;30px|30px|5px|30px|false|true&#8221; custom_padding_last_edited=&#8221;on|phone&#8221; header_font_size_tablet=&#8221;36px&#8221; header_font_size_phone=&#8221;28px&#8221; header_font_size_last_edited=&#8221;on|phone&#8221; global_colors_info=&#8221;{}&#8221;]<\/p>\n<p>Do 12 grudnia wpisz kod <strong style=\"font-size: 120%;\">PVC-5 <\/strong> w koszyku i obni\u017c cen\u0119 swojej kurtyny o 5%!<\/p>\n<p>[\/et_pb_cta][\/et_pb_column][\/et_pb_row][\/et_pb_section][et_pb_section fb_built=&#8221;1&#8243; custom_padding_last_edited=&#8221;on|phone&#8221; _builder_version=&#8221;4.27.4&#8243; _module_preset=&#8221;default&#8221; background_image=&#8221;https:\/\/pvcpro.eu\/wp-content\/uploads\/2025\/08\/pvc-tlo.png&#8221; background_size=&#8221;custom&#8221; background_image_width=&#8221;100%&#8221; custom_margin=&#8221;100px||||false|false&#8221; custom_margin_tablet=&#8221;100px||||false|false&#8221; custom_margin_phone=&#8221;0px||||false|false&#8221; custom_margin_last_edited=&#8221;on|phone&#8221; custom_padding=&#8221;50px||50px||false|false&#8221; custom_padding_tablet=&#8221;||100px||false|false&#8221; custom_padding_phone=&#8221;80px||0px||false|false&#8221; animation_style=&#8221;slide&#8221; animation_direction=&#8221;bottom&#8221; background_last_edited=&#8221;on|phone&#8221; background_enable_image_phone=&#8221;off&#8221; global_colors_info=&#8221;{}&#8221;][et_pb_row column_structure=&#8221;1_2,1_2&#8243; use_custom_gutter=&#8221;on&#8221; gutter_width=&#8221;1&#8243; make_equal=&#8221;on&#8221; _builder_version=&#8221;4.27.4&#8243; _module_preset=&#8221;default&#8221; background_color=&#8221;#023859&#8243; width_tablet=&#8221;&#8221; width_phone=&#8221;100%&#8221; width_last_edited=&#8221;on|phone&#8221; custom_margin=&#8221;0px||||false|false&#8221; custom_padding=&#8221;0px||0px||true|false&#8221; global_colors_info=&#8221;{}&#8221;][et_pb_column type=&#8221;1_2&#8243; _builder_version=&#8221;4.27.4&#8243; _module_preset=&#8221;default&#8221; global_colors_info=&#8221;{}&#8221;][et_pb_blurb title=&#8221;Jakie pasy stosujemy?&#8221; use_icon=&#8221;on&#8221; font_icon=&#8221;&#x75;||divi||400&#8243; icon_color=&#8221;#FFFFFF&#8221; image_icon_width=&#8221;105px&#8221; icon_alignment=&#8221;left&#8221; content_max_width=&#8221;100%&#8221; image_icon_width_tablet=&#8221;105px&#8221; image_icon_width_phone=&#8221;80px&#8221; image_icon_width_last_edited=&#8221;on|phone&#8221; icon_alignment_tablet=&#8221;center&#8221; icon_alignment_phone=&#8221;center&#8221; icon_alignment_last_edited=&#8221;on|tablet&#8221; _builder_version=&#8221;4.27.4&#8243; _module_preset=&#8221;default&#8221; header_level=&#8221;h2&#8243; header_font=&#8221;|800|||||||&#8221; header_text_align=&#8221;left&#8221; body_line_height=&#8221;1.8em&#8221; background_layout=&#8221;dark&#8221; custom_margin=&#8221;90px|7%|90px|7%|true|false&#8221; custom_margin_tablet=&#8221;90px|7%|90px|7%|true|true&#8221; custom_margin_phone=&#8221;50px|7%|50px|7%|true|true&#8221; custom_margin_last_edited=&#8221;on|phone&#8221; header_text_align_tablet=&#8221;center&#8221; header_text_align_phone=&#8221;center&#8221; header_text_align_last_edited=&#8221;on|tablet&#8221; header_font_size_tablet=&#8221;32px&#8221; header_font_size_phone=&#8221;26px&#8221; header_font_size_last_edited=&#8221;on|tablet&#8221; text_orientation_tablet=&#8221;center&#8221; text_orientation_phone=&#8221;center&#8221; text_orientation_last_edited=&#8221;on|tablet&#8221; custom_css_blurb_image=&#8221;float:left;||margin-right:20px;&#8221; custom_css_blurb_title=&#8221;margin-bottom:30px;&#8221; global_colors_info=&#8221;{}&#8221; custom_css_blurb_image_last_edited=&#8221;on|tablet&#8221; custom_css_blurb_image_tablet=&#8221;float:none;||&#8221; custom_css_blurb_image_phone=&#8221;float:none;||&#8221;]<\/p>\n<p>Do ch\u0142odni u\u017cywamy<strong> specjalnych pas\u00f3w ch\u0142odniczych<\/strong>, kt\u00f3re zachowuj\u0105 elastyczno\u015b\u0107 nawet przy bardzo niskich temperaturach. S\u0105 odporne na p\u0119kanie, szronienie i twardnienie.<\/p>\n<p>[\/et_pb_blurb][et_pb_image src=&#8221;https:\/\/pvcpro.eu\/wp-content\/uploads\/2025\/09\/rodzaje-pasow-pcv.jpg&#8221; alt=&#8221;rodzaje pasow pcv kurtyny ch\u0142odnicze&#8221; title_text=&#8221;rodzaje pasow pcv&#8221; disabled_on=&#8221;off|off|on&#8221; _builder_version=&#8221;4.27.4&#8243; _module_preset=&#8221;default&#8221; global_colors_info=&#8221;{}&#8221;][\/et_pb_image][\/et_pb_column][et_pb_column type=&#8221;1_2&#8243; _builder_version=&#8221;4.27.4&#8243; _module_preset=&#8221;default&#8221; background_image=&#8221;https:\/\/pvcpro.eu\/wp-content\/uploads\/2025\/09\/rodzaje-pasow-pcv.jpg&#8221; global_colors_info=&#8221;{}&#8221;][\/et_pb_column][\/et_pb_row][\/et_pb_section][et_pb_section fb_built=&#8221;1&#8243; custom_padding_last_edited=&#8221;on|phone&#8221; _builder_version=&#8221;4.27.4&#8243; _module_preset=&#8221;default&#8221; background_image=&#8221;https:\/\/pvcpro.eu\/wp-content\/uploads\/2025\/09\/pvc-pro-tlo2.png&#8221; background_size=&#8221;custom&#8221; background_image_width=&#8221;100%&#8221; custom_margin=&#8221;100px||||false|false&#8221; custom_margin_tablet=&#8221;100px||||false|false&#8221; custom_margin_phone=&#8221;0px||||false|false&#8221; custom_margin_last_edited=&#8221;on|phone&#8221; custom_padding=&#8221;50px||50px||false|false&#8221; custom_padding_tablet=&#8221;||100px||false|false&#8221; custom_padding_phone=&#8221;0px||0px||false|false&#8221; animation_style=&#8221;slide&#8221; animation_direction=&#8221;bottom&#8221; global_colors_info=&#8221;{}&#8221;][et_pb_row column_structure=&#8221;1_2,1_2&#8243; use_custom_gutter=&#8221;on&#8221; gutter_width=&#8221;1&#8243; make_equal=&#8221;on&#8221; _builder_version=&#8221;4.27.4&#8243; _module_preset=&#8221;default&#8221; background_color=&#8221;#f1f6fe&#8221; width_tablet=&#8221;&#8221; width_phone=&#8221;100%&#8221; width_last_edited=&#8221;on|phone&#8221; custom_margin=&#8221;0px||||false|false&#8221; custom_padding=&#8221;0px||0px||true|false&#8221; global_colors_info=&#8221;{}&#8221;][et_pb_column type=&#8221;1_2&#8243; _builder_version=&#8221;4.27.4&#8243; _module_preset=&#8221;default&#8221; global_colors_info=&#8221;{}&#8221;][et_pb_blurb title=&#8221;Czy monta\u017c  jest trudny?&#8221; use_icon=&#8221;on&#8221; font_icon=&#8221;&#x31;||divi||400&#8243; icon_color=&#8221;#356fb4&#8243; image_icon_width=&#8221;105px&#8221; icon_alignment=&#8221;left&#8221; content_max_width=&#8221;100%&#8221; image_icon_width_tablet=&#8221;105px&#8221; image_icon_width_phone=&#8221;80px&#8221; image_icon_width_last_edited=&#8221;on|phone&#8221; icon_alignment_tablet=&#8221;center&#8221; icon_alignment_phone=&#8221;center&#8221; icon_alignment_last_edited=&#8221;on|tablet&#8221; _builder_version=&#8221;4.27.4&#8243; _module_preset=&#8221;default&#8221; header_level=&#8221;h2&#8243; header_font=&#8221;|800|||||||&#8221; header_text_align=&#8221;left&#8221; body_line_height=&#8221;1.8em&#8221; custom_margin=&#8221;90px|7%|90px|7%|true|true&#8221; custom_margin_tablet=&#8221;90px|7%|90px|7%|true|true&#8221; custom_margin_phone=&#8221;50px|7%|50px|7%|true|true&#8221; custom_margin_last_edited=&#8221;on|phone&#8221; header_text_align_tablet=&#8221;center&#8221; header_text_align_phone=&#8221;center&#8221; header_text_align_last_edited=&#8221;on|tablet&#8221; header_font_size_tablet=&#8221;&#8221; header_font_size_phone=&#8221;26px&#8221; header_font_size_last_edited=&#8221;on|phone&#8221; text_orientation_tablet=&#8221;center&#8221; text_orientation_phone=&#8221;center&#8221; text_orientation_last_edited=&#8221;on|tablet&#8221; custom_css_blurb_image=&#8221;float:left;||margin-right:20px;&#8221; custom_css_blurb_title=&#8221;margin-bottom:30px;&#8221; global_colors_info=&#8221;{}&#8221; custom_css_blurb_image_last_edited=&#8221;on|phone&#8221; custom_css_blurb_image_phone=&#8221;float:none;&#8221; custom_css_blurb_image_tablet=&#8221;float:left;||margin-right:20px;&#8221;]<\/p>\n<p>Nie. Zestaw dostajesz kompletny \u2013 z ju\u017c zakutymi pasami.\u2028 Nie musisz docina\u0107, mierzy\u0107 ani zastanawia\u0107 si\u0119, co do czego pasuje. Monta\u017c zajmuje zwykle <strong>30\u201360 minut.<\/strong><\/p>\n<p>[\/et_pb_blurb][et_pb_image src=&#8221;https:\/\/pvcpro.eu\/wp-content\/uploads\/2025\/09\/montaz-kurtyn-paskowych.jpg&#8221; alt=&#8221;monta\u017c kurtyn paskowych kurtyny do mro\u017ani&#8221; title_text=&#8221;monta\u017c kurtyn paskowych&#8221; disabled_on=&#8221;off|off|on&#8221; _builder_version=&#8221;4.27.4&#8243; _module_preset=&#8221;default&#8221; global_colors_info=&#8221;{}&#8221;][\/et_pb_image][\/et_pb_column][et_pb_column type=&#8221;1_2&#8243; _builder_version=&#8221;4.27.4&#8243; _module_preset=&#8221;default&#8221; background_image=&#8221;https:\/\/pvcpro.eu\/wp-content\/uploads\/2025\/09\/montaz-kurtyn-paskowych.jpg&#8221; global_colors_info=&#8221;{}&#8221;][\/et_pb_column][\/et_pb_row][\/et_pb_section][et_pb_section fb_built=&#8221;1&#8243; custom_padding_last_edited=&#8221;on|phone&#8221; _builder_version=&#8221;4.27.4&#8243; _module_preset=&#8221;default&#8221; background_image=&#8221;https:\/\/pvcpro.eu\/wp-content\/uploads\/2025\/08\/pvc-tlo.png&#8221; background_size=&#8221;custom&#8221; background_image_width=&#8221;100%&#8221; custom_margin=&#8221;100px||||false|false&#8221; custom_margin_tablet=&#8221;100px||||false|false&#8221; custom_margin_phone=&#8221;0px||||false|false&#8221; custom_margin_last_edited=&#8221;on|phone&#8221; custom_padding=&#8221;50px||50px||false|false&#8221; custom_padding_tablet=&#8221;||100px||false|false&#8221; custom_padding_phone=&#8221;0px||0px||false|false&#8221; animation_style=&#8221;slide&#8221; animation_direction=&#8221;bottom&#8221; background_last_edited=&#8221;on|phone&#8221; background_enable_image_phone=&#8221;off&#8221; global_colors_info=&#8221;{}&#8221;][et_pb_row column_structure=&#8221;1_2,1_2&#8243; use_custom_gutter=&#8221;on&#8221; gutter_width=&#8221;1&#8243; make_equal=&#8221;on&#8221; _builder_version=&#8221;4.27.4&#8243; _module_preset=&#8221;default&#8221; background_color=&#8221;#023859&#8243; width_tablet=&#8221;&#8221; width_phone=&#8221;100%&#8221; width_last_edited=&#8221;on|phone&#8221; custom_margin=&#8221;0px||||false|false&#8221; custom_padding=&#8221;0px||0px||true|false&#8221; global_colors_info=&#8221;{}&#8221;][et_pb_column type=&#8221;1_2&#8243; _builder_version=&#8221;4.27.4&#8243; _module_preset=&#8221;default&#8221; global_colors_info=&#8221;{}&#8221;][et_pb_text _builder_version=&#8221;4.27.4&#8243; _module_preset=&#8221;default&#8221; header_2_font=&#8221;|800|||||||&#8221; header_2_font_size=&#8221;45px&#8221; background_layout=&#8221;dark&#8221; custom_margin=&#8221;90px|7%||7%|false|true&#8221; custom_margin_tablet=&#8221;90px|7%||7%|false|true&#8221; custom_margin_phone=&#8221;50px||||false|true&#8221; custom_margin_last_edited=&#8221;on|phone&#8221; custom_padding=&#8221;||||false|false&#8221; header_2_font_size_tablet=&#8221;45px&#8221; header_2_font_size_phone=&#8221;26px&#8221; header_2_font_size_last_edited=&#8221;on|phone&#8221; global_colors_info=&#8221;{}&#8221;]<\/p>\n<h2>A co je\u015bli co\u015b si\u0119 nie zgadza?<\/h2>\n<p>[\/et_pb_text][et_pb_text _builder_version=&#8221;4.27.4&#8243; _module_preset=&#8221;default&#8221; text_line_height=&#8221;1.8em&#8221; background_layout=&#8221;dark&#8221; custom_margin=&#8221;30px|7%|30px|7%|false|true&#8221; global_colors_info=&#8221;{}&#8221;]<\/p>\n<p>Jeste\u015bmy po drugiej stronie. Je\u015bli masz pytania, mo\u017cesz <strong>zadzwoni\u0107 lub napisa\u0107<\/strong>, a doradca techniczny pomo\u017ce Ci dobra\u0107 odpowiedni zestaw \u2013 albo przejdzie z Tob\u0105 konfigurator krok po kroku.<\/p>\n<p>[\/et_pb_text][et_pb_button button_url=&#8221;#konfigurator&#8221; button_text=&#8221;Skonfiguruj kurtyn\u0119&#8221; button_alignment=&#8221;left&#8221; _builder_version=&#8221;4.27.4&#8243; _module_preset=&#8221;default&#8221; custom_button=&#8221;on&#8221; button_text_size=&#8221;18px&#8221; button_text_color=&#8221;#FFFFFF&#8221; button_bg_color=&#8221;#a6bc09&#8243; button_border_width=&#8221;0px&#8221; button_use_icon=&#8221;off&#8221; background_layout=&#8221;dark&#8221; custom_margin=&#8221;|7%|90px|7%|false|true&#8221; custom_margin_tablet=&#8221;|7%|90px|7%|false|true&#8221; custom_margin_phone=&#8221;|7%|50px|7%|false|true&#8221; custom_margin_last_edited=&#8221;on|phone&#8221; global_colors_info=&#8221;{}&#8221; transform_styles__hover_enabled=&#8221;on|hover&#8221; transform_scale__hover_enabled=&#8221;on|hover&#8221; transform_translate__hover_enabled=&#8221;on|desktop&#8221; transform_rotate__hover_enabled=&#8221;on|desktop&#8221; transform_skew__hover_enabled=&#8221;on|desktop&#8221; transform_origin__hover_enabled=&#8221;on|desktop&#8221; transform_scale__hover=&#8221;110%|110%&#8221;][\/et_pb_button][et_pb_image src=&#8221;https:\/\/pvcpro.eu\/wp-content\/uploads\/2025\/09\/zadzwon-napisz-kurtyny-1.jpg&#8221; alt=&#8221;zadzwon napisz kurtyny&#8221; title_text=&#8221;zadzwon napisz kurtyny&#8221; disabled_on=&#8221;off|off|on&#8221; _builder_version=&#8221;4.27.4&#8243; _module_preset=&#8221;default&#8221; global_colors_info=&#8221;{}&#8221;][\/et_pb_image][\/et_pb_column][et_pb_column type=&#8221;1_2&#8243; _builder_version=&#8221;4.27.4&#8243; _module_preset=&#8221;default&#8221; background_color=&#8221;RGBA(255,255,255,0)&#8221; background_image=&#8221;https:\/\/pvcpro.eu\/wp-content\/uploads\/2025\/09\/zadzwon-napisz-kurtyny-1.jpg&#8221; global_colors_info=&#8221;{}&#8221;][\/et_pb_column][\/et_pb_row][\/et_pb_section][et_pb_section fb_built=&#8221;1&#8243; custom_padding_last_edited=&#8221;on|phone&#8221; _builder_version=&#8221;4.27.4&#8243; _module_preset=&#8221;default&#8221; background_color=&#8221;#f1f6fe&#8221; custom_padding_tablet=&#8221;&#8221; custom_padding_phone=&#8221;||0px||false|false&#8221; animation_style=&#8221;fade&#8221; global_colors_info=&#8221;{}&#8221;][et_pb_row custom_padding_last_edited=&#8221;on|phone&#8221; _builder_version=&#8221;4.27.4&#8243; _module_preset=&#8221;default&#8221; custom_margin=&#8221;||||false|false&#8221; custom_padding_tablet=&#8221;&#8221; custom_padding_phone=&#8221;||0px||false|false&#8221; global_colors_info=&#8221;{}&#8221;][et_pb_column type=&#8221;4_4&#8243; _builder_version=&#8221;4.27.4&#8243; _module_preset=&#8221;default&#8221; global_colors_info=&#8221;{}&#8221;][et_pb_text _builder_version=&#8221;4.27.4&#8243; _module_preset=&#8221;default&#8221; header_text_color=&#8221;#023859&#8243; header_2_font=&#8221;|800||on|||||&#8221; header_2_text_align=&#8221;left&#8221; header_2_text_color=&#8221;#023859&#8243; header_2_font_size=&#8221;40px&#8221; header_2_line_height=&#8221;1.3em&#8221; module_alignment=&#8221;center&#8221; header_2_font_size_tablet=&#8221;36px&#8221; header_2_font_size_phone=&#8221;26px&#8221; header_2_font_size_last_edited=&#8221;on|desktop&#8221; global_colors_info=&#8221;{}&#8221;]<\/p>\n<h2>Co warto wiedzie\u0107 o kurtynach ch\u0142odniczych?<\/h2>\n<p>[\/et_pb_text][\/et_pb_column][\/et_pb_row][\/et_pb_section][et_pb_section fb_built=&#8221;1&#8243; custom_padding_last_edited=&#8221;on|phone&#8221; _builder_version=&#8221;4.27.4&#8243; _module_preset=&#8221;default&#8221; background_color=&#8221;#f1f6fe&#8221; custom_padding=&#8221;0px||||false|false&#8221; custom_padding_tablet=&#8221;0px||||false|false&#8221; custom_padding_phone=&#8221;0px||0px||false|false&#8221; animation_style=&#8221;fade&#8221; global_colors_info=&#8221;{}&#8221;][et_pb_row column_structure=&#8221;1_6,1_6,1_6,1_6,1_6,1_6&#8243; _builder_version=&#8221;4.27.4&#8243; _module_preset=&#8221;default&#8221; width=&#8221;70%&#8221; custom_padding=&#8221;0px||0px||true|false&#8221; global_colors_info=&#8221;{}&#8221;][et_pb_column type=&#8221;1_6&#8243; _builder_version=&#8221;4.27.4&#8243; _module_preset=&#8221;default&#8221; global_colors_info=&#8221;{}&#8221;][et_pb_text disabled_on=&#8221;on|on|off&#8221; _builder_version=&#8221;4.27.4&#8243; _module_preset=&#8221;default&#8221; text_font=&#8221;|800|||||||&#8221; text_font_size=&#8221;70px&#8221; text_line_height=&#8221;1.5em&#8221; background_color=&#8221;#023859&#8243; text_orientation=&#8221;center&#8221; background_layout=&#8221;dark&#8221; custom_padding=&#8221;10%|10%|10%|10%|true|true&#8221; global_colors_info=&#8221;{}&#8221;]<\/p>\n<p>1<\/p>\n<p>[\/et_pb_text][\/et_pb_column][et_pb_column type=&#8221;1_6&#8243; _builder_version=&#8221;4.27.4&#8243; _module_preset=&#8221;default&#8221; global_colors_info=&#8221;{}&#8221;][\/et_pb_column][et_pb_column type=&#8221;1_6&#8243; _builder_version=&#8221;4.27.4&#8243; _module_preset=&#8221;default&#8221; global_colors_info=&#8221;{}&#8221;][\/et_pb_column][et_pb_column type=&#8221;1_6&#8243; _builder_version=&#8221;4.27.4&#8243; _module_preset=&#8221;default&#8221; global_colors_info=&#8221;{}&#8221;][\/et_pb_column][et_pb_column type=&#8221;1_6&#8243; _builder_version=&#8221;4.27.4&#8243; _module_preset=&#8221;default&#8221; global_colors_info=&#8221;{}&#8221;][\/et_pb_column][et_pb_column type=&#8221;1_6&#8243; _builder_version=&#8221;4.27.4&#8243; _module_preset=&#8221;default&#8221; global_colors_info=&#8221;{}&#8221;][\/et_pb_column][\/et_pb_row][et_pb_row column_structure=&#8221;1_2,1_2&#8243; use_custom_gutter=&#8221;on&#8221; gutter_width=&#8221;1&#8243; make_equal=&#8221;on&#8221; _builder_version=&#8221;4.27.4&#8243; _module_preset=&#8221;default&#8221; background_color=&#8221;#023859&#8243; width_tablet=&#8221;&#8221; width_phone=&#8221;100%&#8221; width_last_edited=&#8221;on|phone&#8221; custom_padding=&#8221;0px||0px||true|false&#8221; global_colors_info=&#8221;{}&#8221;][et_pb_column type=&#8221;1_2&#8243; _builder_version=&#8221;4.27.4&#8243; _module_preset=&#8221;default&#8221; global_colors_info=&#8221;{}&#8221;][et_pb_image src=&#8221;https:\/\/pvcpro.eu\/wp-content\/uploads\/2025\/09\/rodzaje-folii-do-kurtyn-chlodniczych.jpg&#8221; alt=&#8221;zadzwon napisz kurtyny&#8221; title_text=&#8221;rodzaje folii do kurtyn chlodniczych&#8221; disabled_on=&#8221;on|on|on&#8221; _builder_version=&#8221;4.27.4&#8243; _module_preset=&#8221;default&#8221; disabled=&#8221;on&#8221; global_colors_info=&#8221;{}&#8221;][\/et_pb_image][et_pb_text _builder_version=&#8221;4.27.4&#8243; _module_preset=&#8221;default&#8221; header_2_font=&#8221;|800|||||||&#8221; header_2_font_size=&#8221;45px&#8221; header_3_font=&#8221;|800|||||||&#8221; header_3_font_size=&#8221;38px&#8221; header_3_line_height=&#8221;1.3em&#8221; background_layout=&#8221;dark&#8221; custom_margin=&#8221;90px|7%||7%|false|true&#8221; custom_margin_tablet=&#8221;90px|7%||7%|false|true&#8221; custom_margin_phone=&#8221;50px|7%||7%|false|true&#8221; custom_margin_last_edited=&#8221;on|phone&#8221; custom_padding=&#8221;||||false|false&#8221; header_2_font_size_tablet=&#8221;45px&#8221; header_2_font_size_phone=&#8221;26px&#8221; header_2_font_size_last_edited=&#8221;on|phone&#8221; header_3_font_size_tablet=&#8221;38px&#8221; header_3_font_size_phone=&#8221;26px&#8221; header_3_font_size_last_edited=&#8221;on|phone&#8221; global_colors_info=&#8221;{}&#8221;]<\/p>\n<h3>Rodzaje folii PVC do kurtyn ch\u0142odniczych<\/h3>\n<p>[\/et_pb_text][et_pb_text _builder_version=&#8221;4.27.4&#8243; _module_preset=&#8221;default&#8221; text_line_height=&#8221;1.8em&#8221; background_layout=&#8221;dark&#8221; custom_margin=&#8221;30px|7%|30px|7%|false|true&#8221; global_colors_info=&#8221;{}&#8221;]<\/p>\n<p>W kurtynach ch\u0142odniczych stosujemy specjalne <strong>folie PVC \u201ePOLAR\u201d przystosowane do pracy w niskich temperaturach<\/strong>. W odr\u00f3\u017cnieniu od standardowych pas\u00f3w, materia\u0142y ch\u0142odnicze zachowuj\u0105 elastyczno\u015b\u0107 nawet w ujemnych temperaturach i nie p\u0119kaj\u0105 przy zginaniu.<\/p>\n<p>[\/et_pb_text][\/et_pb_column][et_pb_column type=&#8221;1_2&#8243; _builder_version=&#8221;4.27.4&#8243; _module_preset=&#8221;default&#8221; background_image=&#8221;https:\/\/pvcpro.eu\/wp-content\/uploads\/2025\/09\/rodzaje-folii-do-kurtyn-chlodniczych.jpg&#8221; global_colors_info=&#8221;{}&#8221;][\/et_pb_column][\/et_pb_row][et_pb_row custom_padding_last_edited=&#8221;on|phone&#8221; _builder_version=&#8221;4.27.4&#8243; _module_preset=&#8221;default&#8221; background_color=&#8221;#023859&#8243; width_tablet=&#8221;&#8221; width_phone=&#8221;100%&#8221; width_last_edited=&#8221;on|phone&#8221; custom_margin=&#8221;||0px||false|false&#8221; custom_padding=&#8221;70px||||false|false&#8221; custom_padding_tablet=&#8221;70px||||false|false&#8221; custom_padding_phone=&#8221;40px||||false|false&#8221; global_colors_info=&#8221;{}&#8221;][et_pb_column type=&#8221;4_4&#8243; _builder_version=&#8221;4.27.4&#8243; _module_preset=&#8221;default&#8221; global_colors_info=&#8221;{}&#8221;][et_pb_text _builder_version=&#8221;4.27.4&#8243; _module_preset=&#8221;default&#8221; header_2_font=&#8221;|800|||||||&#8221; header_2_font_size=&#8221;45px&#8221; header_3_font=&#8221;|800|||||||&#8221; header_3_font_size=&#8221;38px&#8221; header_3_line_height=&#8221;1.3em&#8221; header_4_font=&#8221;|700|||||||&#8221; header_4_text_align=&#8221;center&#8221; header_4_font_size=&#8221;32px&#8221; background_layout=&#8221;dark&#8221; custom_margin=&#8221;|7%||7%|false|true&#8221; custom_padding=&#8221;||||false|false&#8221; header_4_text_align_tablet=&#8221;left&#8221; header_4_text_align_phone=&#8221;left&#8221; header_4_text_align_last_edited=&#8221;on|tablet&#8221; header_4_font_size_tablet=&#8221;32px&#8221; header_4_font_size_phone=&#8221;24px&#8221; header_4_font_size_last_edited=&#8221;on|phone&#8221; global_colors_info=&#8221;{}&#8221;]<\/p>\n<h4>Najcz\u0119\u015bciej u\u017cywamy wariant\u00f3w:<\/h4>\n<p>[\/et_pb_text][\/et_pb_column][\/et_pb_row][et_pb_row column_structure=&#8221;1_3,1_3,1_3&#8243; _builder_version=&#8221;4.27.4&#8243; _module_preset=&#8221;default&#8221; background_color=&#8221;#023859&#8243; width_tablet=&#8221;&#8221; width_phone=&#8221;100%&#8221; width_last_edited=&#8221;on|phone&#8221; custom_margin=&#8221;||0px||false|false&#8221; custom_padding=&#8221;|4%||4%|false|true&#8221; global_colors_info=&#8221;{}&#8221;][et_pb_column type=&#8221;1_3&#8243; _builder_version=&#8221;4.27.4&#8243; _module_preset=&#8221;default&#8221; global_colors_info=&#8221;{}&#8221;][et_pb_blurb title=&#8221;Folia do ch\u0142odni  POLAR&#8221; image=&#8221;https:\/\/pvcpro.eu\/wp-content\/uploads\/2025\/09\/Folia-do-chlodni.png&#8221; alt=&#8221;kurtyny do ch\u0142odni&#8221; disabled_on=&#8221;on|on|off&#8221; _builder_version=&#8221;4.27.4&#8243; _module_preset=&#8221;default&#8221; header_level=&#8221;h5&#8243; header_font=&#8221;|700|||||||&#8221; header_text_align=&#8221;center&#8221; header_font_size=&#8221;28px&#8221; body_line_height=&#8221;1.8em&#8221; text_orientation=&#8221;center&#8221; background_layout=&#8221;dark&#8221; custom_margin=&#8221;|4%||4%|false|true&#8221; header_text_align_tablet=&#8221;center&#8221; header_text_align_phone=&#8221;left&#8221; header_text_align_last_edited=&#8221;on|phone&#8221; header_font_size_tablet=&#8221;28px&#8221; header_font_size_phone=&#8221;20px&#8221; header_font_size_last_edited=&#8221;on|phone&#8221; text_orientation_tablet=&#8221;center&#8221; text_orientation_phone=&#8221;left&#8221; text_orientation_last_edited=&#8221;on|phone&#8221; custom_css_blurb_title=&#8221;margin-bottom:30px;||margin-top:10px;&#8221; global_colors_info=&#8221;{}&#8221; custom_css_blurb_title_last_edited=&#8221;on|phone&#8221; custom_css_blurb_title_phone=&#8221;margin-bottom:10px;||margin-top:0px;&#8221; custom_css_blurb_title_tablet=&#8221;margin-bottom:30px;||margin-top:10px;&#8221;]<\/p>\n<p>\u2013 przeznaczona do pracy w temperaturach do \u201325\u00b0C, elastyczna i przezroczysta, idealna do kom\u00f3r ch\u0142odniczych i otwor\u00f3w wewn\u0119trznych.<\/p>\n<p>[\/et_pb_blurb][et_pb_blurb title=&#8221;Folia do ch\u0142odni  POLAR&#8221; alt=&#8221;Folia do ch\u0142odni&#8221; disabled_on=&#8221;off|off|on&#8221; _builder_version=&#8221;4.27.4&#8243; _module_preset=&#8221;default&#8221; header_level=&#8221;h5&#8243; header_font=&#8221;|700|||||||&#8221; header_text_align=&#8221;center&#8221; header_font_size=&#8221;28px&#8221; body_line_height=&#8221;1.8em&#8221; text_orientation=&#8221;center&#8221; background_layout=&#8221;dark&#8221; custom_margin=&#8221;|4%||4%|false|true&#8221; header_text_align_tablet=&#8221;center&#8221; header_text_align_phone=&#8221;left&#8221; header_text_align_last_edited=&#8221;on|phone&#8221; header_font_size_tablet=&#8221;28px&#8221; header_font_size_phone=&#8221;20px&#8221; header_font_size_last_edited=&#8221;on|phone&#8221; text_orientation_tablet=&#8221;center&#8221; text_orientation_phone=&#8221;left&#8221; text_orientation_last_edited=&#8221;on|phone&#8221; custom_css_blurb_title=&#8221;margin-bottom:30px;||margin-top:10px;&#8221; global_colors_info=&#8221;{}&#8221; custom_css_blurb_title_last_edited=&#8221;on|phone&#8221; custom_css_blurb_title_phone=&#8221;margin-bottom:10px;||margin-top:0px;&#8221; custom_css_blurb_title_tablet=&#8221;margin-bottom:30px;||margin-top:10px;&#8221;]<\/p>\n<p>\u2013 przeznaczona do pracy w temperaturach do \u201325\u00b0C, elastyczna i przezroczysta, idealna do kom\u00f3r ch\u0142odniczych i otwor\u00f3w wewn\u0119trznych.<\/p>\n<p>[\/et_pb_blurb][et_pb_image src=&#8221;https:\/\/pvcpro.eu\/wp-content\/uploads\/2025\/09\/Folia-do-mrozni-.png&#8221; alt=&#8221;Folia do mro\u017ani&#8221; title_text=&#8221;Folia do mro\u017ani&#8221; disabled_on=&#8221;off|off|on&#8221; _builder_version=&#8221;4.27.4&#8243; _module_preset=&#8221;default&#8221; global_colors_info=&#8221;{}&#8221;][\/et_pb_image][\/et_pb_column][et_pb_column type=&#8221;1_3&#8243; _builder_version=&#8221;4.27.4&#8243; _module_preset=&#8221;default&#8221; global_colors_info=&#8221;{}&#8221;][et_pb_blurb title=&#8221;Folia do mro\u017ani Super POLAR&#8221; image=&#8221;https:\/\/pvcpro.eu\/wp-content\/uploads\/2025\/09\/Folia-do-mrozni-.png&#8221; alt=&#8221;kurtyny do mro\u017ani&#8221; disabled_on=&#8221;on|on|off&#8221; _builder_version=&#8221;4.27.4&#8243; _module_preset=&#8221;default&#8221; header_level=&#8221;h5&#8243; header_font=&#8221;|700|||||||&#8221; header_text_align=&#8221;center&#8221; header_font_size=&#8221;28px&#8221; body_line_height=&#8221;1.8em&#8221; text_orientation=&#8221;center&#8221; background_layout=&#8221;dark&#8221; custom_margin_tablet=&#8221;&#8221; custom_margin_phone=&#8221;60px|4%||4%|false|true&#8221; custom_margin_last_edited=&#8221;on|phone&#8221; header_text_align_tablet=&#8221;center&#8221; header_text_align_phone=&#8221;left&#8221; header_text_align_last_edited=&#8221;on|phone&#8221; header_font_size_tablet=&#8221;28px&#8221; header_font_size_phone=&#8221;20px&#8221; header_font_size_last_edited=&#8221;on|phone&#8221; text_orientation_tablet=&#8221;center&#8221; text_orientation_phone=&#8221;left&#8221; text_orientation_last_edited=&#8221;on|phone&#8221; custom_css_blurb_title=&#8221;margin-bottom:30px;||margin-top:10px;&#8221; global_colors_info=&#8221;{}&#8221; custom_css_blurb_title_last_edited=&#8221;on|phone&#8221; custom_css_blurb_title_phone=&#8221;margin-bottom:10px;||margin-top:0px;&#8221; custom_css_blurb_title_tablet=&#8221;margin-bottom:30px;||margin-top:10px;&#8221;]<\/p>\n<p>\u2013 stosowana tam, gdzie temperatura spada poni\u017cej \u201330\u00b0C. Dzi\u0119ki zmodyfikowanemu sk\u0142adowi zachowuje elastyczno\u015b\u0107 i trwa\u0142o\u015b\u0107 nawet w ekstremalnym ch\u0142odzie.<\/p>\n<p>[\/et_pb_blurb][et_pb_blurb title=&#8221;Folia do mro\u017ani Super POLAR&#8221; alt=&#8221;Folia do mro\u017ani&#8221; disabled_on=&#8221;off|off|on&#8221; _builder_version=&#8221;4.27.4&#8243; _module_preset=&#8221;default&#8221; header_level=&#8221;h5&#8243; header_font=&#8221;|700|||||||&#8221; header_text_align=&#8221;center&#8221; header_font_size=&#8221;28px&#8221; body_line_height=&#8221;1.8em&#8221; text_orientation=&#8221;center&#8221; background_layout=&#8221;dark&#8221; custom_margin_tablet=&#8221;&#8221; custom_margin_phone=&#8221;60px|4%||4%|false|true&#8221; custom_margin_last_edited=&#8221;on|phone&#8221; header_text_align_tablet=&#8221;center&#8221; header_text_align_phone=&#8221;left&#8221; header_text_align_last_edited=&#8221;on|phone&#8221; header_font_size_tablet=&#8221;28px&#8221; header_font_size_phone=&#8221;20px&#8221; header_font_size_last_edited=&#8221;on|phone&#8221; text_orientation_tablet=&#8221;center&#8221; text_orientation_phone=&#8221;left&#8221; text_orientation_last_edited=&#8221;on|phone&#8221; custom_css_blurb_title=&#8221;margin-bottom:30px;||margin-top:10px;&#8221; global_colors_info=&#8221;{}&#8221; custom_css_blurb_title_last_edited=&#8221;on|phone&#8221; custom_css_blurb_title_phone=&#8221;margin-bottom:10px;||margin-top:0px;&#8221; custom_css_blurb_title_tablet=&#8221;margin-bottom:30px;||margin-top:10px;&#8221;]<\/p>\n<p>\u2013 stosowana tam, gdzie temperatura spada poni\u017cej \u201330\u00b0C. Dzi\u0119ki zmodyfikowanemu sk\u0142adowi zachowuje elastyczno\u015b\u0107 i trwa\u0142o\u015b\u0107 nawet w ekstremalnym ch\u0142odzie.<\/p>\n<p>[\/et_pb_blurb][et_pb_image src=&#8221;https:\/\/pvcpro.eu\/wp-content\/uploads\/2025\/09\/Folia-do-chlodni.png&#8221; alt=&#8221;Folia do ch\u0142odni&#8221; title_text=&#8221;Folia do ch\u0142odni&#8221; disabled_on=&#8221;off|off|on&#8221; _builder_version=&#8221;4.27.4&#8243; _module_preset=&#8221;default&#8221; global_colors_info=&#8221;{}&#8221;][\/et_pb_image][\/et_pb_column][et_pb_column type=&#8221;1_3&#8243; _builder_version=&#8221;4.27.4&#8243; _module_preset=&#8221;default&#8221; global_colors_info=&#8221;{}&#8221;][et_pb_blurb title=&#8221;Folia POLAR w wariancie \u017cebrowanym&#8221; image=&#8221;https:\/\/pvcpro.eu\/wp-content\/uploads\/2025\/09\/Folia-POLAR-w-wariancie-zebrowanym.png&#8221; alt=&#8221;Folia POLAR w wariancie \u017cebrowanym&#8221; disabled_on=&#8221;on|on|off&#8221; _builder_version=&#8221;4.27.4&#8243; _module_preset=&#8221;default&#8221; header_level=&#8221;h5&#8243; header_font=&#8221;|700|||||||&#8221; header_text_align=&#8221;center&#8221; header_font_size=&#8221;28px&#8221; header_line_height=&#8221;1.4em&#8221; body_line_height=&#8221;1.8em&#8221; text_orientation=&#8221;center&#8221; background_layout=&#8221;dark&#8221; custom_margin_tablet=&#8221;&#8221; custom_margin_phone=&#8221;50px|4%||4%|false|true&#8221; custom_margin_last_edited=&#8221;on|phone&#8221; header_text_align_tablet=&#8221;center&#8221; header_text_align_phone=&#8221;left&#8221; header_text_align_last_edited=&#8221;on|phone&#8221; header_font_size_tablet=&#8221;28px&#8221; header_font_size_phone=&#8221;20px&#8221; header_font_size_last_edited=&#8221;on|phone&#8221; text_orientation_tablet=&#8221;center&#8221; text_orientation_phone=&#8221;left&#8221; text_orientation_last_edited=&#8221;on|phone&#8221; custom_css_blurb_title=&#8221;margin-bottom:30px;||margin-top:10px;&#8221; global_colors_info=&#8221;{}&#8221; custom_css_blurb_title_last_edited=&#8221;on|phone&#8221; custom_css_blurb_title_phone=&#8221;margin-bottom:10px;||margin-top:0px;&#8221; custom_css_blurb_title_tablet=&#8221;margin-bottom:30px;||margin-top:10px;&#8221;]<\/p>\n<p>\u2013 w szeroko\u015bciach 200 mm i 300 mm. Jej powierzchnia posiada specjalne wypustki (\u017cebra), kt\u00f3re minimalizuj\u0105 przywieranie pas\u00f3w \u2013 szczeg\u00f3lnie w kontakcie z foli\u0105 stretch, powszechnie stosowan\u0105 do pakowania towar\u00f3w w ch\u0142odniach i magazynach. Dzi\u0119ki temu kurtyny nie sklejaj\u0105 si\u0119, zapewniaj\u0105 swobodny przep\u0142yw i d\u0142u\u017cej zachowuj\u0105 swoj\u0105 przejrzysto\u015b\u0107. To praktyczne rozwi\u0105zanie w miejscach o intensywnym ruchu i cz\u0119stym kontakcie z opakowaniami foliowymi.<\/p>\n<p>[\/et_pb_blurb][et_pb_blurb title=&#8221;Folia POLAR w wariancie \u017cebrowanym&#8221; alt=&#8221;Folia POLAR w wariancie \u017cebrowanym&#8221; disabled_on=&#8221;off|off|on&#8221; _builder_version=&#8221;4.27.4&#8243; _module_preset=&#8221;default&#8221; header_level=&#8221;h5&#8243; header_font=&#8221;|700|||||||&#8221; header_text_align=&#8221;center&#8221; header_font_size=&#8221;28px&#8221; header_line_height=&#8221;1.4em&#8221; body_line_height=&#8221;1.8em&#8221; text_orientation=&#8221;center&#8221; background_layout=&#8221;dark&#8221; custom_margin_tablet=&#8221;&#8221; custom_margin_phone=&#8221;50px|4%||4%|false|true&#8221; custom_margin_last_edited=&#8221;on|phone&#8221; header_text_align_tablet=&#8221;center&#8221; header_text_align_phone=&#8221;left&#8221; header_text_align_last_edited=&#8221;on|phone&#8221; header_font_size_tablet=&#8221;28px&#8221; header_font_size_phone=&#8221;20px&#8221; header_font_size_last_edited=&#8221;on|phone&#8221; text_orientation_tablet=&#8221;center&#8221; text_orientation_phone=&#8221;left&#8221; text_orientation_last_edited=&#8221;on|phone&#8221; custom_css_blurb_title=&#8221;margin-bottom:30px;||margin-top:10px;&#8221; global_colors_info=&#8221;{}&#8221; custom_css_blurb_title_last_edited=&#8221;on|phone&#8221; custom_css_blurb_title_phone=&#8221;margin-bottom:10px;||margin-top:0px;&#8221; custom_css_blurb_title_tablet=&#8221;margin-bottom:30px;||margin-top:10px;&#8221;]<\/p>\n<p>\u2013 w szeroko\u015bciach 200 mm i 300 mm. Jej powierzchnia posiada specjalne wypustki (\u017cebra), kt\u00f3re minimalizuj\u0105 przywieranie pas\u00f3w \u2013 szczeg\u00f3lnie w kontakcie z foli\u0105 stretch, powszechnie stosowan\u0105 do pakowania towar\u00f3w w ch\u0142odniach i magazynach. Dzi\u0119ki temu kurtyny nie sklejaj\u0105 si\u0119, zapewniaj\u0105 swobodny przep\u0142yw i d\u0142u\u017cej zachowuj\u0105 swoj\u0105 przejrzysto\u015b\u0107. To praktyczne rozwi\u0105zanie w miejscach o intensywnym ruchu i cz\u0119stym kontakcie z opakowaniami foliowymi.<\/p>\n<p>[\/et_pb_blurb][et_pb_image src=&#8221;https:\/\/pvcpro.eu\/wp-content\/uploads\/2025\/09\/Folia-POLAR-w-wariancie-zebrowanym.png&#8221; alt=&#8221;Folia POLAR w wariancie \u017cebrowanym&#8221; title_text=&#8221;Folia POLAR w wariancie \u017cebrowanym&#8221; disabled_on=&#8221;off|off|on&#8221; _builder_version=&#8221;4.27.4&#8243; _module_preset=&#8221;default&#8221; global_colors_info=&#8221;{}&#8221;][\/et_pb_image][\/et_pb_column][\/et_pb_row][et_pb_row _builder_version=&#8221;4.27.4&#8243; _module_preset=&#8221;default&#8221; background_color=&#8221;#023859&#8243; width_tablet=&#8221;&#8221; width_phone=&#8221;100%&#8221; width_last_edited=&#8221;on|phone&#8221; custom_margin=&#8221;||0px||false|false&#8221; custom_padding=&#8221;||50px||false|false&#8221; global_colors_info=&#8221;{}&#8221;][et_pb_column type=&#8221;4_4&#8243; _builder_version=&#8221;4.27.4&#8243; _module_preset=&#8221;default&#8221; global_colors_info=&#8221;{}&#8221;][et_pb_text _builder_version=&#8221;4.27.4&#8243; _module_preset=&#8221;default&#8221; text_line_height=&#8221;1.8em&#8221; background_layout=&#8221;dark&#8221; custom_margin=&#8221;30px|4%|30px|4%|false|true&#8221; custom_margin_tablet=&#8221;30px|4%|30px|4%|false|true&#8221; custom_margin_phone=&#8221;0px|7%||7%|false|true&#8221; custom_margin_last_edited=&#8221;on|phone&#8221; global_colors_info=&#8221;{}&#8221;]<\/p>\n<p>Oba typy folii \u2013 g\u0142adkie i \u017cebrowane \u2013 s\u0105 odporne na dzia\u0142anie wilgoci, szronu i wielokrotne zginanie \u2013 co ma kluczowe znaczenie dla ich trwa\u0142o\u015bci w warunkach ch\u0142odniczych.<\/p>\n<p>[\/et_pb_text][\/et_pb_column][\/et_pb_row][\/et_pb_section][et_pb_section fb_built=&#8221;1&#8243; custom_padding_last_edited=&#8221;on|phone&#8221; _builder_version=&#8221;4.27.4&#8243; _module_preset=&#8221;default&#8221; background_color=&#8221;#f1f6fe&#8221; custom_padding=&#8221;0px||||false|false&#8221; custom_padding_tablet=&#8221;0px||||false|false&#8221; custom_padding_phone=&#8221;0px||0px||false|false&#8221; animation_style=&#8221;fade&#8221; global_colors_info=&#8221;{}&#8221;][et_pb_row column_structure=&#8221;1_6,1_6,1_6,1_6,1_6,1_6&#8243; disabled_on=&#8221;on|on|off&#8221; _builder_version=&#8221;4.27.4&#8243; _module_preset=&#8221;default&#8221; width=&#8221;70%&#8221; custom_padding=&#8221;0px||0px||true|false&#8221; global_colors_info=&#8221;{}&#8221;][et_pb_column type=&#8221;1_6&#8243; _builder_version=&#8221;4.27.4&#8243; _module_preset=&#8221;default&#8221; global_colors_info=&#8221;{}&#8221;][et_pb_text _builder_version=&#8221;4.27.4&#8243; _module_preset=&#8221;default&#8221; text_font=&#8221;|800|||||||&#8221; text_font_size=&#8221;70px&#8221; text_line_height=&#8221;1.5em&#8221; background_color=&#8221;#20599d&#8221; text_orientation=&#8221;center&#8221; background_layout=&#8221;dark&#8221; custom_padding=&#8221;10%|10%|10%|10%|true|true&#8221; global_colors_info=&#8221;{}&#8221;]<\/p>\n<p>2<\/p>\n<p>[\/et_pb_text][\/et_pb_column][et_pb_column type=&#8221;1_6&#8243; _builder_version=&#8221;4.27.4&#8243; _module_preset=&#8221;default&#8221; global_colors_info=&#8221;{}&#8221;][\/et_pb_column][et_pb_column type=&#8221;1_6&#8243; _builder_version=&#8221;4.27.4&#8243; _module_preset=&#8221;default&#8221; global_colors_info=&#8221;{}&#8221;][\/et_pb_column][et_pb_column type=&#8221;1_6&#8243; _builder_version=&#8221;4.27.4&#8243; _module_preset=&#8221;default&#8221; global_colors_info=&#8221;{}&#8221;][\/et_pb_column][et_pb_column type=&#8221;1_6&#8243; _builder_version=&#8221;4.27.4&#8243; _module_preset=&#8221;default&#8221; global_colors_info=&#8221;{}&#8221;][\/et_pb_column][et_pb_column type=&#8221;1_6&#8243; _builder_version=&#8221;4.27.4&#8243; _module_preset=&#8221;default&#8221; global_colors_info=&#8221;{}&#8221;][\/et_pb_column][\/et_pb_row][et_pb_row column_structure=&#8221;1_2,1_2&#8243; use_custom_gutter=&#8221;on&#8221; gutter_width=&#8221;1&#8243; make_equal=&#8221;on&#8221; _builder_version=&#8221;4.27.4&#8243; _module_preset=&#8221;default&#8221; background_color=&#8221;#20599d&#8221; width_tablet=&#8221;&#8221; width_phone=&#8221;100%&#8221; width_last_edited=&#8221;on|phone&#8221; custom_margin_tablet=&#8221;&#8221; custom_margin_phone=&#8221;0px||||false|false&#8221; custom_margin_last_edited=&#8221;on|phone&#8221; custom_padding=&#8221;0px||0px||true|false&#8221; global_colors_info=&#8221;{}&#8221;][et_pb_column type=&#8221;1_2&#8243; _builder_version=&#8221;4.27.4&#8243; _module_preset=&#8221;default&#8221; global_colors_info=&#8221;{}&#8221;][et_pb_image src=&#8221;https:\/\/pvcpro.eu\/wp-content\/uploads\/2025\/09\/wymiary-pasow-pvc.jpg&#8221; alt=&#8221;wymiary pasow pvc&#8221; title_text=&#8221;wymiary pasow pvc&#8221; disabled_on=&#8221;off|off|on&#8221; _builder_version=&#8221;4.27.4&#8243; _module_preset=&#8221;default&#8221; global_colors_info=&#8221;{}&#8221;][\/et_pb_image][et_pb_text _builder_version=&#8221;4.27.4&#8243; _module_preset=&#8221;default&#8221; header_2_font=&#8221;|800|||||||&#8221; header_2_font_size=&#8221;45px&#8221; header_3_font=&#8221;|800|||||||&#8221; header_3_font_size=&#8221;38px&#8221; header_3_line_height=&#8221;1.3em&#8221; background_layout=&#8221;dark&#8221; custom_margin=&#8221;90px|7%|30px|7%|false|true&#8221; custom_margin_tablet=&#8221;90px|7%|30px|7%|false|true&#8221; custom_margin_phone=&#8221;50px|7%|30px|7%|false|true&#8221; custom_margin_last_edited=&#8221;on|phone&#8221; custom_padding=&#8221;||||false|false&#8221; header_2_font_size_tablet=&#8221;45px&#8221; header_2_font_size_phone=&#8221;30px&#8221; header_2_font_size_last_edited=&#8221;on|phone&#8221; header_3_font_size_tablet=&#8221;38px&#8221; header_3_font_size_phone=&#8221;26px&#8221; header_3_font_size_last_edited=&#8221;on|phone&#8221; global_colors_info=&#8221;{}&#8221;]<\/p>\n<h3>Wymiary, grubo\u015b\u0107 i zak\u0142adka pas\u00f3w<\/h3>\n<p>[\/et_pb_text][\/et_pb_column][et_pb_column type=&#8221;1_2&#8243; _builder_version=&#8221;4.27.4&#8243; _module_preset=&#8221;default&#8221; background_image=&#8221;https:\/\/pvcpro.eu\/wp-content\/uploads\/2025\/09\/wymiary-pasow-pvc.jpg&#8221; global_colors_info=&#8221;{}&#8221;][\/et_pb_column][\/et_pb_row][et_pb_row column_structure=&#8221;1_3,1_3,1_3&#8243; custom_padding_last_edited=&#8221;on|phone&#8221; _builder_version=&#8221;4.27.4&#8243; _module_preset=&#8221;default&#8221; background_color=&#8221;#20599d&#8221; width_tablet=&#8221;&#8221; width_phone=&#8221;100%&#8221; width_last_edited=&#8221;on|phone&#8221; custom_margin=&#8221;||0px||false|false&#8221; custom_padding=&#8221;70px|4%|70px|4%|false|true&#8221; custom_padding_tablet=&#8221;70px|4%|70px|4%|false|true&#8221; custom_padding_phone=&#8221;20px||||false|true&#8221; global_colors_info=&#8221;{}&#8221;][et_pb_column type=&#8221;1_3&#8243; _builder_version=&#8221;4.27.4&#8243; _module_preset=&#8221;default&#8221; global_colors_info=&#8221;{}&#8221;][et_pb_text _builder_version=&#8221;4.27.4&#8243; _module_preset=&#8221;default&#8221; header_4_font_size=&#8221;28px&#8221; header_4_line_height=&#8221;1.4em&#8221; text_orientation=&#8221;center&#8221; background_layout=&#8221;dark&#8221; custom_margin=&#8221;||||false|false&#8221; custom_margin_tablet=&#8221;||||false|false&#8221; custom_margin_phone=&#8221;|4%|20px|4%|false|true&#8221; custom_margin_last_edited=&#8221;on|phone&#8221; header_4_font_size_tablet=&#8221;28px&#8221; header_4_font_size_phone=&#8221;24px&#8221; header_4_font_size_last_edited=&#8221;on|phone&#8221; text_orientation_tablet=&#8221;center&#8221; text_orientation_phone=&#8221;left&#8221; text_orientation_last_edited=&#8221;on|phone&#8221; global_colors_info=&#8221;{}&#8221;]<\/p>\n<h4><strong>Standardowe szeroko\u015bci pas\u00f3w<\/strong> to:<\/h4>\n<p>[\/et_pb_text][et_pb_text _builder_version=&#8221;4.27.4&#8243; _module_preset=&#8221;default&#8221; text_line_height=&#8221;1.8em&#8221; text_orientation=&#8221;center&#8221; background_layout=&#8221;dark&#8221; custom_margin_tablet=&#8221;&#8221; custom_margin_phone=&#8221;|4%||4%|false|true&#8221; custom_margin_last_edited=&#8221;on|phone&#8221; text_orientation_tablet=&#8221;center&#8221; text_orientation_phone=&#8221;left&#8221; text_orientation_last_edited=&#8221;on|phone&#8221; global_colors_info=&#8221;{}&#8221;]<\/p>\n<p><strong>200 mm<\/strong> \u2013 do przej\u015b\u0107 pieszych i lekkiego ruchu w\u00f3zk\u00f3w, otw\u00f3r do wysoko\u015bci 3\u00a0m<\/p>\n<p>[\/et_pb_text][et_pb_text _builder_version=&#8221;4.27.4&#8243; _module_preset=&#8221;default&#8221; text_line_height=&#8221;1.8em&#8221; text_orientation=&#8221;center&#8221; background_layout=&#8221;dark&#8221; custom_margin_tablet=&#8221;&#8221; custom_margin_phone=&#8221;|4%||4%|false|true&#8221; custom_margin_last_edited=&#8221;on|phone&#8221; text_orientation_tablet=&#8221;center&#8221; text_orientation_phone=&#8221;left&#8221; text_orientation_last_edited=&#8221;on|phone&#8221; global_colors_info=&#8221;{}&#8221;]<\/p>\n<p><strong>300 mm<\/strong> \u2013 do w\u00f3zk\u00f3w i \u015bredniego nat\u0119\u017cenia ruchu, otw\u00f3r do wysoko\u015bci 4 m<\/p>\n<p>[\/et_pb_text][et_pb_text _builder_version=&#8221;4.27.4&#8243; _module_preset=&#8221;default&#8221; text_line_height=&#8221;1.8em&#8221; text_orientation=&#8221;center&#8221; background_layout=&#8221;dark&#8221; custom_margin_tablet=&#8221;&#8221; custom_margin_phone=&#8221;|4%||4%|false|true&#8221; custom_margin_last_edited=&#8221;on|phone&#8221; text_orientation_tablet=&#8221;center&#8221; text_orientation_phone=&#8221;left&#8221; text_orientation_last_edited=&#8221;on|phone&#8221; global_colors_info=&#8221;{}&#8221;]<\/p>\n<p><strong>400 mm<\/strong> \u2013 do du\u017cych bram \u2028i intensywnego transportu, otw\u00f3r od wysoko\u015bci 3,50 m do 6 m<\/p>\n<p>[\/et_pb_text][\/et_pb_column][et_pb_column type=&#8221;1_3&#8243; _builder_version=&#8221;4.27.4&#8243; _module_preset=&#8221;default&#8221; global_colors_info=&#8221;{}&#8221;][et_pb_text _builder_version=&#8221;4.27.4&#8243; _module_preset=&#8221;default&#8221; header_4_font_size=&#8221;28px&#8221; header_4_line_height=&#8221;1.4em&#8221; text_orientation=&#8221;center&#8221; background_layout=&#8221;dark&#8221; custom_margin_tablet=&#8221;&#8221; custom_margin_phone=&#8221;40px|4%|20px|4%|false|true&#8221; custom_margin_last_edited=&#8221;on|phone&#8221; header_4_font_size_tablet=&#8221;28px&#8221; header_4_font_size_phone=&#8221;24px&#8221; header_4_font_size_last_edited=&#8221;on|phone&#8221; text_orientation_tablet=&#8221;center&#8221; text_orientation_phone=&#8221;left&#8221; text_orientation_last_edited=&#8221;on|phone&#8221; global_colors_info=&#8221;{}&#8221;]<\/p>\n<h4><strong>Grubo\u015b\u0107 pas\u00f3w<\/strong> r\u00f3wnie\u017c ma znaczenie:<\/h4>\n<p>[\/et_pb_text][et_pb_text _builder_version=&#8221;4.27.4&#8243; _module_preset=&#8221;default&#8221; text_line_height=&#8221;1.8em&#8221; text_orientation=&#8221;center&#8221; background_layout=&#8221;dark&#8221; custom_margin_tablet=&#8221;&#8221; custom_margin_phone=&#8221;|4%||4%|false|true&#8221; custom_margin_last_edited=&#8221;on|phone&#8221; text_orientation_tablet=&#8221;center&#8221; text_orientation_phone=&#8221;left&#8221; text_orientation_last_edited=&#8221;on|phone&#8221; global_colors_info=&#8221;{}&#8221;]<\/p>\n<p><strong>2 mm<\/strong> \u2013 najcz\u0119\u015bciej stosowana w ch\u0142odniach z ruchem pieszym; zapewnia elastyczno\u015b\u0107 i nisk\u0105 wag\u0119.<\/p>\n<p>[\/et_pb_text][et_pb_text _builder_version=&#8221;4.27.4&#8243; _module_preset=&#8221;default&#8221; text_line_height=&#8221;1.8em&#8221; text_orientation=&#8221;center&#8221; background_layout=&#8221;dark&#8221; custom_margin_tablet=&#8221;&#8221; custom_margin_phone=&#8221;|4%||4%|false|true&#8221; custom_margin_last_edited=&#8221;on|phone&#8221; text_orientation_tablet=&#8221;center&#8221; text_orientation_phone=&#8221;left&#8221; text_orientation_last_edited=&#8221;on|phone&#8221; global_colors_info=&#8221;{}&#8221;]<\/p>\n<p><strong>3 mm<\/strong> \u2013 polecana do przej\u015b\u0107 z intensywnym ruchem oraz tam, gdzie kurtyna jest nara\u017cona na cz\u0119sty kontakt mechaniczny (np. z w\u00f3zkami, paletami).<\/p>\n<p>[\/et_pb_text][et_pb_text _builder_version=&#8221;4.27.4&#8243; _module_preset=&#8221;default&#8221; text_line_height=&#8221;1.8em&#8221; text_orientation=&#8221;center&#8221; background_layout=&#8221;dark&#8221; custom_margin_tablet=&#8221;&#8221; custom_margin_phone=&#8221;|4%||4%|false|true&#8221; custom_margin_last_edited=&#8221;on|phone&#8221; text_orientation_tablet=&#8221;center&#8221; text_orientation_phone=&#8221;left&#8221; text_orientation_last_edited=&#8221;on|phone&#8221; global_colors_info=&#8221;{}&#8221;]<\/p>\n<p><strong>4 mm i wi\u0119cej<\/strong> \u2013 rzadziej stosowana w ch\u0142odnictwie, ale przydatna w du\u017cych bramach lub tam, gdzie potrzebna jest wi\u0119ksza odporno\u015b\u0107 na przeci\u0105gi.<\/p>\n<p>[\/et_pb_text][\/et_pb_column][et_pb_column type=&#8221;1_3&#8243; _builder_version=&#8221;4.27.4&#8243; _module_preset=&#8221;default&#8221; global_colors_info=&#8221;{}&#8221;][et_pb_text _builder_version=&#8221;4.27.4&#8243; _module_preset=&#8221;default&#8221; header_4_font_size=&#8221;28px&#8221; header_4_line_height=&#8221;1.4em&#8221; text_orientation=&#8221;center&#8221; background_layout=&#8221;dark&#8221; custom_margin_tablet=&#8221;&#8221; custom_margin_phone=&#8221;40px|4%|20px|4%|false|true&#8221; custom_margin_last_edited=&#8221;on|phone&#8221; header_4_font_size_tablet=&#8221;28px&#8221; header_4_font_size_phone=&#8221;24px&#8221; header_4_font_size_last_edited=&#8221;on|phone&#8221; text_orientation_tablet=&#8221;center&#8221; text_orientation_phone=&#8221;left&#8221; text_orientation_last_edited=&#8221;on|phone&#8221; global_colors_info=&#8221;{}&#8221;]<\/p>\n<h4><strong>Zachodzenie pas\u00f3w<\/strong> wp\u0142ywa na szczelno\u015b\u0107 i izolacj\u0119:<\/h4>\n<p>[\/et_pb_text][et_pb_text _builder_version=&#8221;4.27.4&#8243; _module_preset=&#8221;default&#8221; text_line_height=&#8221;1.8em&#8221; text_orientation=&#8221;center&#8221; background_layout=&#8221;dark&#8221; custom_margin_tablet=&#8221;&#8221; custom_margin_phone=&#8221;|4%||4%|false|true&#8221; custom_margin_last_edited=&#8221;on|phone&#8221; text_orientation_tablet=&#8221;center&#8221; text_orientation_phone=&#8221;left&#8221; text_orientation_last_edited=&#8221;on|phone&#8221; global_colors_info=&#8221;{}&#8221;]<\/p>\n<p><strong>Pojedyncza zak\u0142adka (ok. 36 mm)<\/strong> \u2013 podstawowa izolacja, optymalna dla wi\u0119kszo\u015bci potrzeb i rozwi\u0105za\u0144<\/p>\n<p>[\/et_pb_text][et_pb_text _builder_version=&#8221;4.27.4&#8243; _module_preset=&#8221;default&#8221; text_line_height=&#8221;1.8em&#8221; text_orientation=&#8221;center&#8221; background_layout=&#8221;dark&#8221; custom_margin_tablet=&#8221;&#8221; custom_margin_phone=&#8221;|4%||4%|false|true&#8221; custom_margin_last_edited=&#8221;on|phone&#8221; text_orientation_tablet=&#8221;center&#8221; text_orientation_phone=&#8221;left&#8221; text_orientation_last_edited=&#8221;on|phone&#8221; global_colors_info=&#8221;{}&#8221;]<\/p>\n<p><strong>Podw\u00f3jna zak\u0142adka (ok. 54 mm)<\/strong> \u2013 kompromis mi\u0119dzy szczelno\u015bci\u0105 a wygod\u0105 przej\u015bcia. Zwi\u0119ksza komfort termiczny a jednocze\u015bnie nie pozostawia wystarczaj\u0105c\u0105 wygod\u0119 przej\u015bcia<\/p>\n<p>[\/et_pb_text][\/et_pb_column][\/et_pb_row][\/et_pb_section][et_pb_section fb_built=&#8221;1&#8243; custom_padding_last_edited=&#8221;on|phone&#8221; _builder_version=&#8221;4.27.4&#8243; _module_preset=&#8221;default&#8221; background_color=&#8221;#f1f6fe&#8221; custom_padding=&#8221;0px||||false|false&#8221; custom_padding_tablet=&#8221;0px||||false|false&#8221; custom_padding_phone=&#8221;0px||0px||false|false&#8221; animation_style=&#8221;fade&#8221; global_colors_info=&#8221;{}&#8221;][et_pb_row column_structure=&#8221;1_6,1_6,1_6,1_6,1_6,1_6&#8243; disabled_on=&#8221;on|on|off&#8221; _builder_version=&#8221;4.27.4&#8243; _module_preset=&#8221;default&#8221; width=&#8221;70%&#8221; custom_padding=&#8221;0px||0px||true|false&#8221; global_colors_info=&#8221;{}&#8221;][et_pb_column type=&#8221;1_6&#8243; _builder_version=&#8221;4.27.4&#8243; _module_preset=&#8221;default&#8221; global_colors_info=&#8221;{}&#8221;][et_pb_text _builder_version=&#8221;4.27.4&#8243; _module_preset=&#8221;default&#8221; text_font=&#8221;|800|||||||&#8221; text_font_size=&#8221;70px&#8221; text_line_height=&#8221;1.5em&#8221; background_color=&#8221;#458dca&#8221; text_orientation=&#8221;center&#8221; background_layout=&#8221;dark&#8221; custom_padding=&#8221;10%|10%|10%|10%|true|true&#8221; global_colors_info=&#8221;{}&#8221;]<\/p>\n<p>3<\/p>\n<p>[\/et_pb_text][\/et_pb_column][et_pb_column type=&#8221;1_6&#8243; _builder_version=&#8221;4.27.4&#8243; _module_preset=&#8221;default&#8221; global_colors_info=&#8221;{}&#8221;][\/et_pb_column][et_pb_column type=&#8221;1_6&#8243; _builder_version=&#8221;4.27.4&#8243; _module_preset=&#8221;default&#8221; global_colors_info=&#8221;{}&#8221;][\/et_pb_column][et_pb_column type=&#8221;1_6&#8243; _builder_version=&#8221;4.27.4&#8243; _module_preset=&#8221;default&#8221; global_colors_info=&#8221;{}&#8221;][\/et_pb_column][et_pb_column type=&#8221;1_6&#8243; _builder_version=&#8221;4.27.4&#8243; _module_preset=&#8221;default&#8221; global_colors_info=&#8221;{}&#8221;][\/et_pb_column][et_pb_column type=&#8221;1_6&#8243; _builder_version=&#8221;4.27.4&#8243; _module_preset=&#8221;default&#8221; global_colors_info=&#8221;{}&#8221;][\/et_pb_column][\/et_pb_row][et_pb_row column_structure=&#8221;1_2,1_2&#8243; use_custom_gutter=&#8221;on&#8221; gutter_width=&#8221;1&#8243; make_equal=&#8221;on&#8221; _builder_version=&#8221;4.27.4&#8243; _module_preset=&#8221;default&#8221; background_color=&#8221;#458dca&#8221; width_tablet=&#8221;&#8221; width_phone=&#8221;100%&#8221; width_last_edited=&#8221;on|phone&#8221; custom_padding=&#8221;0px||0px||true|false&#8221; global_colors_info=&#8221;{}&#8221;][et_pb_column type=&#8221;1_2&#8243; _builder_version=&#8221;4.27.4&#8243; _module_preset=&#8221;default&#8221; global_colors_info=&#8221;{}&#8221;][et_pb_image src=&#8221;https:\/\/pvcpro.eu\/wp-content\/uploads\/2025\/09\/wlasciwosci-folii-pcv.jpg&#8221; alt=&#8221;w\u0142a\u015bciwo\u015bci folii&#8221; title_text=&#8221;wlasciwosci folii pcv&#8221; disabled_on=&#8221;off|off|on&#8221; _builder_version=&#8221;4.27.4&#8243; _module_preset=&#8221;default&#8221; global_colors_info=&#8221;{}&#8221;][\/et_pb_image][et_pb_text _builder_version=&#8221;4.27.4&#8243; _module_preset=&#8221;default&#8221; header_2_font=&#8221;|800|||||||&#8221; header_2_font_size=&#8221;45px&#8221; header_3_font=&#8221;|800|||||||&#8221; header_3_font_size=&#8221;38px&#8221; header_3_line_height=&#8221;1.3em&#8221; background_layout=&#8221;dark&#8221; custom_margin=&#8221;90px|7%|30px|7%|false|true&#8221; custom_margin_tablet=&#8221;90px|7%|30px|7%|false|true&#8221; custom_margin_phone=&#8221;50px||||false|true&#8221; custom_margin_last_edited=&#8221;on|phone&#8221; custom_padding=&#8221;||||false|false&#8221; header_3_font_size_tablet=&#8221;38px&#8221; header_3_font_size_phone=&#8221;26px&#8221; header_3_font_size_last_edited=&#8221;on|phone&#8221; global_colors_info=&#8221;{}&#8221;]<\/p>\n<h3>W\u0142a\u015bciwo\u015bci fizykochemiczne folii PVC<\/h3>\n<p>[\/et_pb_text][\/et_pb_column][et_pb_column type=&#8221;1_2&#8243; _builder_version=&#8221;4.27.4&#8243; _module_preset=&#8221;default&#8221; background_image=&#8221;https:\/\/pvcpro.eu\/wp-content\/uploads\/2025\/09\/wlasciwosci-folii-pcv.jpg&#8221; global_colors_info=&#8221;{}&#8221;][\/et_pb_column][\/et_pb_row][et_pb_row custom_padding_last_edited=&#8221;on|phone&#8221; _builder_version=&#8221;4.27.4&#8243; _module_preset=&#8221;default&#8221; background_color=&#8221;#458dca&#8221; width_tablet=&#8221;&#8221; width_phone=&#8221;100%&#8221; width_last_edited=&#8221;on|phone&#8221; custom_margin=&#8221;||0px||false|false&#8221; custom_padding=&#8221;70px||||false|false&#8221; custom_padding_tablet=&#8221;70px||||false|false&#8221; custom_padding_phone=&#8221;20px||||false|false&#8221; global_colors_info=&#8221;{}&#8221;][et_pb_column type=&#8221;4_4&#8243; _builder_version=&#8221;4.27.4&#8243; _module_preset=&#8221;default&#8221; global_colors_info=&#8221;{}&#8221;][et_pb_text _builder_version=&#8221;4.27.4&#8243; _module_preset=&#8221;default&#8221; header_2_font=&#8221;|800|||||||&#8221; header_2_font_size=&#8221;45px&#8221; header_3_font=&#8221;|800|||||||&#8221; header_3_font_size=&#8221;38px&#8221; header_3_line_height=&#8221;1.3em&#8221; header_4_font=&#8221;|700|||||||&#8221; header_4_text_align=&#8221;center&#8221; header_4_font_size=&#8221;32px&#8221; background_layout=&#8221;dark&#8221; custom_margin=&#8221;|7%||7%|false|true&#8221; custom_margin_tablet=&#8221;|7%||7%|false|true&#8221; custom_margin_phone=&#8221;|7%||7%|false|true&#8221; custom_margin_last_edited=&#8221;on|phone&#8221; custom_padding=&#8221;||||false|false&#8221; header_4_text_align_tablet=&#8221;left&#8221; header_4_text_align_phone=&#8221;left&#8221; header_4_text_align_last_edited=&#8221;on|tablet&#8221; header_4_font_size_tablet=&#8221;32px&#8221; header_4_font_size_phone=&#8221;24px&#8221; header_4_font_size_last_edited=&#8221;on|phone&#8221; global_colors_info=&#8221;{}&#8221;]<\/p>\n<h4>Folia PVC stosowana w naszych kurtynach ch\u0142odniczych charakteryzuje si\u0119:<\/h4>\n<p>[\/et_pb_text][\/et_pb_column][\/et_pb_row][et_pb_row column_structure=&#8221;1_3,1_3,1_3&#8243; _builder_version=&#8221;4.27.4&#8243; _module_preset=&#8221;default&#8221; background_color=&#8221;#458dca&#8221; width_tablet=&#8221;&#8221; width_phone=&#8221;100%&#8221; width_last_edited=&#8221;on|phone&#8221; custom_margin=&#8221;||0px||false|false&#8221; custom_padding=&#8221;|4%|70px|4%|false|true&#8221; global_colors_info=&#8221;{}&#8221;][et_pb_column type=&#8221;1_3&#8243; _builder_version=&#8221;4.27.4&#8243; _module_preset=&#8221;default&#8221; global_colors_info=&#8221;{}&#8221;][et_pb_text _builder_version=&#8221;4.27.4&#8243; _module_preset=&#8221;default&#8221; header_4_font_size=&#8221;28px&#8221; header_4_line_height=&#8221;1.4em&#8221; text_orientation=&#8221;center&#8221; background_layout=&#8221;dark&#8221; custom_margin_tablet=&#8221;&#8221; custom_margin_phone=&#8221;|4%|0px|4%|false|true&#8221; custom_margin_last_edited=&#8221;on|phone&#8221; header_4_text_align_tablet=&#8221;&#8221; header_4_text_align_phone=&#8221;left&#8221; header_4_text_align_last_edited=&#8221;on|phone&#8221; header_4_font_size_tablet=&#8221;28px&#8221; header_4_font_size_phone=&#8221;24px&#8221; header_4_font_size_last_edited=&#8221;on|phone&#8221; global_colors_info=&#8221;{}&#8221;]<\/p>\n<h4><strong>Twardo\u015bci\u0105<\/strong><\/h4>\n<p>[\/et_pb_text][et_pb_text _builder_version=&#8221;4.27.4&#8243; _module_preset=&#8221;default&#8221; text_line_height=&#8221;1.8em&#8221; text_orientation=&#8221;center&#8221; background_layout=&#8221;dark&#8221; custom_margin_tablet=&#8221;&#8221; custom_margin_phone=&#8221;|4%||4%|false|true&#8221; custom_margin_last_edited=&#8221;on|phone&#8221; text_orientation_tablet=&#8221;center&#8221; text_orientation_phone=&#8221;left&#8221; text_orientation_last_edited=&#8221;on|phone&#8221; global_colors_info=&#8221;{}&#8221;]<\/p>\n<p>Oko\u0142o 80 Sh A (zgodnie z norm\u0105 EN ISO 868), co zapewnia odpowiedni\u0105 elastyczno\u015b\u0107 i wytrzyma\u0142o\u015b\u0107.<\/p>\n<p>[\/et_pb_text][\/et_pb_column][et_pb_column type=&#8221;1_3&#8243; _builder_version=&#8221;4.27.4&#8243; _module_preset=&#8221;default&#8221; global_colors_info=&#8221;{}&#8221;][et_pb_text _builder_version=&#8221;4.27.4&#8243; _module_preset=&#8221;default&#8221; header_4_font_size=&#8221;28px&#8221; header_4_line_height=&#8221;1.4em&#8221; text_orientation=&#8221;center&#8221; background_layout=&#8221;dark&#8221; custom_margin_tablet=&#8221;&#8221; custom_margin_phone=&#8221;20px|4%|10px|4%|false|true&#8221; custom_margin_last_edited=&#8221;on|phone&#8221; header_4_font_size_tablet=&#8221;28px&#8221; header_4_font_size_phone=&#8221;24px&#8221; header_4_font_size_last_edited=&#8221;on|phone&#8221; text_orientation_tablet=&#8221;center&#8221; text_orientation_phone=&#8221;left&#8221; text_orientation_last_edited=&#8221;on|phone&#8221; global_colors_info=&#8221;{}&#8221;]<\/p>\n<h4><strong>Przepuszczalno\u015bci\u0105 \u015bwiat\u0142a:<\/strong><\/h4>\n<p>[\/et_pb_text][et_pb_text _builder_version=&#8221;4.27.4&#8243; _module_preset=&#8221;default&#8221; text_line_height=&#8221;1.8em&#8221; text_orientation=&#8221;center&#8221; background_layout=&#8221;dark&#8221; custom_margin_tablet=&#8221;&#8221; custom_margin_phone=&#8221;|4%||4%|false|true&#8221; custom_margin_last_edited=&#8221;on|phone&#8221; text_orientation_tablet=&#8221;center&#8221; text_orientation_phone=&#8221;left&#8221; text_orientation_last_edited=&#8221;on|phone&#8221; global_colors_info=&#8221;{}&#8221;]<\/p>\n<p>Oko\u0142o 85% (zgodnie z norm\u0105 ASTM D1003), co umo\u017cliwia dobr\u0105 widoczno\u015b\u0107 przez kurtyn\u0119.<\/p>\n<p>[\/et_pb_text][\/et_pb_column][et_pb_column type=&#8221;1_3&#8243; _builder_version=&#8221;4.27.4&#8243; _module_preset=&#8221;default&#8221; global_colors_info=&#8221;{}&#8221;][et_pb_text _builder_version=&#8221;4.27.4&#8243; _module_preset=&#8221;default&#8221; header_4_font_size=&#8221;28px&#8221; header_4_line_height=&#8221;1.4em&#8221; text_orientation=&#8221;center&#8221; background_layout=&#8221;dark&#8221; custom_margin_tablet=&#8221;&#8221; custom_margin_phone=&#8221;30px|4%|10px|4%|false|true&#8221; custom_margin_last_edited=&#8221;on|phone&#8221; header_4_text_align_tablet=&#8221;&#8221; header_4_text_align_phone=&#8221;left&#8221; header_4_text_align_last_edited=&#8221;on|phone&#8221; header_4_font_size_tablet=&#8221;28px&#8221; header_4_font_size_phone=&#8221;24px&#8221; header_4_font_size_last_edited=&#8221;on|phone&#8221; global_colors_info=&#8221;{}&#8221;]<\/p>\n<h4><strong>Odporno\u015bci\u0105 na rozci\u0105ganie:<\/strong><\/h4>\n<p>[\/et_pb_text][et_pb_text _builder_version=&#8221;4.27.4&#8243; _module_preset=&#8221;default&#8221; text_line_height=&#8221;1.8em&#8221; text_orientation=&#8221;center&#8221; background_layout=&#8221;dark&#8221; custom_margin_tablet=&#8221;&#8221; custom_margin_phone=&#8221;|4%||4%|false|true&#8221; custom_margin_last_edited=&#8221;on|phone&#8221; text_orientation_tablet=&#8221;center&#8221; text_orientation_phone=&#8221;left&#8221; text_orientation_last_edited=&#8221;on|phone&#8221; global_colors_info=&#8221;{}&#8221;]<\/p>\n<p>Wytrzyma\u0142o\u015b\u0107 na rozci\u0105ganie wynosi oko\u0142o 16 N\/mm\u00b2 (zgodnie z norm\u0105 EN ISO 527), co \u015bwiadczy o trwa\u0142o\u015bci materia\u0142u.<\/p>\n<p>[\/et_pb_text][\/et_pb_column][\/et_pb_row][\/et_pb_section][et_pb_section fb_built=&#8221;1&#8243; custom_padding_last_edited=&#8221;on|phone&#8221; _builder_version=&#8221;4.27.4&#8243; _module_preset=&#8221;default&#8221; background_color=&#8221;#f1f6fe&#8221; custom_padding=&#8221;0px||||false|false&#8221; custom_padding_tablet=&#8221;0px||||false|false&#8221; custom_padding_phone=&#8221;0px||0px||false|false&#8221; animation_style=&#8221;fade&#8221; global_colors_info=&#8221;{}&#8221;][et_pb_row column_structure=&#8221;1_6,1_6,1_6,1_6,1_6,1_6&#8243; disabled_on=&#8221;on|on|off&#8221; _builder_version=&#8221;4.27.4&#8243; _module_preset=&#8221;default&#8221; width=&#8221;70%&#8221; custom_padding=&#8221;0px||0px||true|false&#8221; global_colors_info=&#8221;{}&#8221;][et_pb_column type=&#8221;1_6&#8243; _builder_version=&#8221;4.27.4&#8243; _module_preset=&#8221;default&#8221; global_colors_info=&#8221;{}&#8221;][et_pb_text _builder_version=&#8221;4.27.4&#8243; _module_preset=&#8221;default&#8221; text_font=&#8221;|800|||||||&#8221; text_font_size=&#8221;70px&#8221; text_line_height=&#8221;1.5em&#8221; background_color=&#8221;#023859&#8243; text_orientation=&#8221;center&#8221; background_layout=&#8221;dark&#8221; custom_padding=&#8221;10%|10%|10%|10%|true|true&#8221; global_colors_info=&#8221;{}&#8221;]<\/p>\n<p>4<\/p>\n<p>[\/et_pb_text][\/et_pb_column][et_pb_column type=&#8221;1_6&#8243; _builder_version=&#8221;4.27.4&#8243; _module_preset=&#8221;default&#8221; global_colors_info=&#8221;{}&#8221;][\/et_pb_column][et_pb_column type=&#8221;1_6&#8243; _builder_version=&#8221;4.27.4&#8243; _module_preset=&#8221;default&#8221; global_colors_info=&#8221;{}&#8221;][\/et_pb_column][et_pb_column type=&#8221;1_6&#8243; _builder_version=&#8221;4.27.4&#8243; _module_preset=&#8221;default&#8221; global_colors_info=&#8221;{}&#8221;][\/et_pb_column][et_pb_column type=&#8221;1_6&#8243; _builder_version=&#8221;4.27.4&#8243; _module_preset=&#8221;default&#8221; global_colors_info=&#8221;{}&#8221;][\/et_pb_column][et_pb_column type=&#8221;1_6&#8243; _builder_version=&#8221;4.27.4&#8243; _module_preset=&#8221;default&#8221; global_colors_info=&#8221;{}&#8221;][\/et_pb_column][\/et_pb_row][et_pb_row column_structure=&#8221;1_2,1_2&#8243; use_custom_gutter=&#8221;on&#8221; gutter_width=&#8221;1&#8243; make_equal=&#8221;on&#8221; _builder_version=&#8221;4.27.4&#8243; _module_preset=&#8221;default&#8221; background_color=&#8221;#023859&#8243; width_tablet=&#8221;&#8221; width_phone=&#8221;100%&#8221; width_last_edited=&#8221;on|phone&#8221; custom_padding=&#8221;0px||0px||true|false&#8221; global_colors_info=&#8221;{}&#8221;][et_pb_column type=&#8221;1_2&#8243; _builder_version=&#8221;4.27.4&#8243; _module_preset=&#8221;default&#8221; global_colors_info=&#8221;{}&#8221;][et_pb_image src=&#8221;https:\/\/pvcpro.eu\/wp-content\/uploads\/2025\/09\/czyszczenie-paneli-pcv.jpg&#8221; alt=&#8221;czyszczenie paneli pcv&#8221; title_text=&#8221;czyszczenie paneli pcv&#8221; disabled_on=&#8221;off|off|on&#8221; _builder_version=&#8221;4.27.4&#8243; _module_preset=&#8221;default&#8221; global_colors_info=&#8221;{}&#8221;][\/et_pb_image][et_pb_text _builder_version=&#8221;4.27.4&#8243; _module_preset=&#8221;default&#8221; header_2_font=&#8221;|800|||||||&#8221; header_2_font_size=&#8221;45px&#8221; header_3_font=&#8221;|800|||||||&#8221; header_3_font_size=&#8221;38px&#8221; header_3_line_height=&#8221;1.3em&#8221; background_layout=&#8221;dark&#8221; custom_margin=&#8221;90px|7%|30px|7%|false|true&#8221; custom_margin_tablet=&#8221;90px|7%|30px|7%|false|true&#8221; custom_margin_phone=&#8221;50px|7%|30px|7%|false|true&#8221; custom_margin_last_edited=&#8221;on|phone&#8221; custom_padding=&#8221;||||false|false&#8221; header_3_font_size_tablet=&#8221;38px&#8221; header_3_font_size_phone=&#8221;26px&#8221; header_3_font_size_last_edited=&#8221;on|phone&#8221; global_colors_info=&#8221;{}&#8221;]<\/p>\n<h3>Higiena i bezpiecze\u0144stwo<\/h3>\n<p>[\/et_pb_text][\/et_pb_column][et_pb_column type=&#8221;1_2&#8243; _builder_version=&#8221;4.27.4&#8243; _module_preset=&#8221;default&#8221; background_image=&#8221;https:\/\/pvcpro.eu\/wp-content\/uploads\/2025\/09\/czyszczenie-paneli-pcv.jpg&#8221; global_colors_info=&#8221;{}&#8221;][\/et_pb_column][\/et_pb_row][et_pb_row custom_padding_last_edited=&#8221;on|phone&#8221; _builder_version=&#8221;4.27.4&#8243; _module_preset=&#8221;default&#8221; background_color=&#8221;#023859&#8243; width_tablet=&#8221;&#8221; width_phone=&#8221;100%&#8221; width_last_edited=&#8221;on|phone&#8221; custom_margin=&#8221;||0px||false|false&#8221; custom_padding=&#8221;70px||||false|false&#8221; custom_padding_tablet=&#8221;70px||||false|false&#8221; custom_padding_phone=&#8221;20px||||false|false&#8221; global_colors_info=&#8221;{}&#8221;][et_pb_column type=&#8221;4_4&#8243; _builder_version=&#8221;4.27.4&#8243; _module_preset=&#8221;default&#8221; global_colors_info=&#8221;{}&#8221;][et_pb_text _builder_version=&#8221;4.27.4&#8243; _module_preset=&#8221;default&#8221; header_2_font=&#8221;|800|||||||&#8221; header_2_font_size=&#8221;45px&#8221; header_3_font=&#8221;|800|||||||&#8221; header_3_font_size=&#8221;38px&#8221; header_3_line_height=&#8221;1.3em&#8221; header_4_font=&#8221;|700|||||||&#8221; header_4_text_align=&#8221;center&#8221; header_4_font_size=&#8221;32px&#8221; background_layout=&#8221;dark&#8221; custom_margin=&#8221;|7%||7%|false|true&#8221; custom_padding=&#8221;||||false|false&#8221; header_4_text_align_tablet=&#8221;left&#8221; header_4_text_align_phone=&#8221;left&#8221; header_4_text_align_last_edited=&#8221;on|tablet&#8221; header_4_font_size_tablet=&#8221;32px&#8221; header_4_font_size_phone=&#8221;24px&#8221; header_4_font_size_last_edited=&#8221;on|phone&#8221; global_colors_info=&#8221;{}&#8221;]<\/p>\n<h4>Kurtyny ch\u0142odnicze wykonane w PVC PRO s\u0105:<\/h4>\n<p>[\/et_pb_text][\/et_pb_column][\/et_pb_row][et_pb_row column_structure=&#8221;1_3,1_3,1_3&#8243; _builder_version=&#8221;4.27.4&#8243; _module_preset=&#8221;default&#8221; background_color=&#8221;#023859&#8243; width_tablet=&#8221;&#8221; width_phone=&#8221;100%&#8221; width_last_edited=&#8221;on|phone&#8221; custom_margin=&#8221;||0px||false|false&#8221; custom_padding=&#8221;|4%|70px|4%|false|true&#8221; global_colors_info=&#8221;{}&#8221;][et_pb_column type=&#8221;1_3&#8243; _builder_version=&#8221;4.27.4&#8243; _module_preset=&#8221;default&#8221; global_colors_info=&#8221;{}&#8221;][et_pb_text _builder_version=&#8221;4.27.4&#8243; _module_preset=&#8221;default&#8221; header_4_font_size=&#8221;28px&#8221; header_4_line_height=&#8221;1.4em&#8221; text_orientation=&#8221;center&#8221; background_layout=&#8221;dark&#8221; custom_margin_tablet=&#8221;&#8221; custom_margin_phone=&#8221;|4%|10px|4%|false|true&#8221; custom_margin_last_edited=&#8221;on|phone&#8221; header_4_text_align_tablet=&#8221;&#8221; header_4_text_align_phone=&#8221;left&#8221; header_4_text_align_last_edited=&#8221;on|phone&#8221; header_4_font_size_tablet=&#8221;28px&#8221; header_4_font_size_phone=&#8221;24px&#8221; header_4_font_size_last_edited=&#8221;on|phone&#8221; global_colors_info=&#8221;{}&#8221;]<\/p>\n<h4><strong>Bezpieczne dla zdrowia:<\/strong><\/h4>\n<p>[\/et_pb_text][et_pb_text _builder_version=&#8221;4.27.4&#8243; _module_preset=&#8221;default&#8221; text_line_height=&#8221;1.8em&#8221; text_orientation=&#8221;center&#8221; background_layout=&#8221;dark&#8221; custom_margin=&#8221;||||false|false&#8221; custom_margin_tablet=&#8221;||||false|false&#8221; custom_margin_phone=&#8221;|4%||4%|false|true&#8221; custom_margin_last_edited=&#8221;on|phone&#8221; text_orientation_tablet=&#8221;center&#8221; text_orientation_phone=&#8221;left&#8221; text_orientation_last_edited=&#8221;on|phone&#8221; global_colors_info=&#8221;{}&#8221;]<\/p>\n<p>Nie zawieraj\u0105 silikonu ani BPA, co jest istotne w przemy\u015ble spo\u017cywczym.<\/p>\n<p>[\/et_pb_text][\/et_pb_column][et_pb_column type=&#8221;1_3&#8243; _builder_version=&#8221;4.27.4&#8243; _module_preset=&#8221;default&#8221; global_colors_info=&#8221;{}&#8221;][et_pb_text _builder_version=&#8221;4.27.4&#8243; _module_preset=&#8221;default&#8221; header_4_font_size=&#8221;28px&#8221; header_4_line_height=&#8221;1.4em&#8221; text_orientation=&#8221;center&#8221; background_layout=&#8221;dark&#8221; custom_margin_tablet=&#8221;&#8221; custom_margin_phone=&#8221;30px|4%|10px|4%|false|true&#8221; custom_margin_last_edited=&#8221;on|phone&#8221; header_4_text_align_tablet=&#8221;&#8221; header_4_text_align_phone=&#8221;left&#8221; header_4_text_align_last_edited=&#8221;on|phone&#8221; header_4_font_size_tablet=&#8221;28px&#8221; header_4_font_size_phone=&#8221;24px&#8221; header_4_font_size_last_edited=&#8221;on|phone&#8221; global_colors_info=&#8221;{}&#8221;]<\/p>\n<h4><strong>\u0141atwe w utrzymaniu czysto\u015bci:<\/strong><\/h4>\n<p>[\/et_pb_text][et_pb_text _builder_version=&#8221;4.27.4&#8243; _module_preset=&#8221;default&#8221; text_line_height=&#8221;1.8em&#8221; text_orientation=&#8221;center&#8221; background_layout=&#8221;dark&#8221; custom_margin_tablet=&#8221;&#8221; custom_margin_phone=&#8221;|4%||4%|false|true&#8221; custom_margin_last_edited=&#8221;on|phone&#8221; text_orientation_tablet=&#8221;center&#8221; text_orientation_phone=&#8221;left&#8221; text_orientation_last_edited=&#8221;on|phone&#8221; global_colors_info=&#8221;{}&#8221;]<\/p>\n<p>G\u0142adka powierzchnia folii umo\u017cliwia \u0142atwe czyszczenie i dezynfekcj\u0119.<\/p>\n<p>[\/et_pb_text][\/et_pb_column][et_pb_column type=&#8221;1_3&#8243; _builder_version=&#8221;4.27.4&#8243; _module_preset=&#8221;default&#8221; global_colors_info=&#8221;{}&#8221;][et_pb_text _builder_version=&#8221;4.27.4&#8243; _module_preset=&#8221;default&#8221; header_4_font_size=&#8221;28px&#8221; header_4_line_height=&#8221;1.4em&#8221; text_orientation=&#8221;center&#8221; background_layout=&#8221;dark&#8221; custom_margin_tablet=&#8221;&#8221; custom_margin_phone=&#8221;30px|4%|10px|4%|false|true&#8221; custom_margin_last_edited=&#8221;on|phone&#8221; header_4_font_size_tablet=&#8221;28px&#8221; header_4_font_size_phone=&#8221;24px&#8221; header_4_font_size_last_edited=&#8221;on|phone&#8221; text_orientation_tablet=&#8221;center&#8221; text_orientation_phone=&#8221;left&#8221; text_orientation_last_edited=&#8221;on|phone&#8221; global_colors_info=&#8221;{}&#8221;]<\/p>\n<h4><strong>Odporne na dzia\u0142anie czynnik\u00f3w chemicznych:<\/strong><\/h4>\n<p>[\/et_pb_text][et_pb_text _builder_version=&#8221;4.27.4&#8243; _module_preset=&#8221;default&#8221; text_line_height=&#8221;1.8em&#8221; text_orientation=&#8221;center&#8221; background_layout=&#8221;dark&#8221; custom_margin_tablet=&#8221;&#8221; custom_margin_phone=&#8221;|4%||4%|false|true&#8221; custom_margin_last_edited=&#8221;on|phone&#8221; text_orientation_tablet=&#8221;center&#8221; text_orientation_phone=&#8221;left&#8221; text_orientation_last_edited=&#8221;on|phone&#8221; global_colors_info=&#8221;{}&#8221;]<\/p>\n<p>Co pozwala na ich stosowanie w r\u00f3\u017cnych \u015brodowiskach przemys\u0142owych.<\/p>\n<p>[\/et_pb_text][\/et_pb_column][\/et_pb_row][\/et_pb_section][et_pb_section fb_built=&#8221;1&#8243; custom_padding_last_edited=&#8221;on|phone&#8221; _builder_version=&#8221;4.27.4&#8243; _module_preset=&#8221;default&#8221; background_color=&#8221;#f1f6fe&#8221; custom_padding=&#8221;0px||100px||false|false&#8221; custom_padding_tablet=&#8221;0px||100px||false|false&#8221; custom_padding_phone=&#8221;0px||0px||false|false&#8221; animation_style=&#8221;fade&#8221; global_colors_info=&#8221;{}&#8221;][et_pb_row column_structure=&#8221;1_6,1_6,1_6,1_6,1_6,1_6&#8243; disabled_on=&#8221;on|on|off&#8221; _builder_version=&#8221;4.27.4&#8243; _module_preset=&#8221;default&#8221; width=&#8221;70%&#8221; custom_padding=&#8221;0px||0px||true|false&#8221; global_colors_info=&#8221;{}&#8221;][et_pb_column type=&#8221;1_6&#8243; _builder_version=&#8221;4.27.4&#8243; _module_preset=&#8221;default&#8221; global_colors_info=&#8221;{}&#8221;][et_pb_text _builder_version=&#8221;4.27.4&#8243; _module_preset=&#8221;default&#8221; text_font=&#8221;|800|||||||&#8221; text_font_size=&#8221;70px&#8221; text_line_height=&#8221;1.5em&#8221; background_color=&#8221;#20599d&#8221; text_orientation=&#8221;center&#8221; background_layout=&#8221;dark&#8221; custom_padding=&#8221;10%|10%|10%|10%|true|true&#8221; global_colors_info=&#8221;{}&#8221;]<\/p>\n<p>5<\/p>\n<p>[\/et_pb_text][\/et_pb_column][et_pb_column type=&#8221;1_6&#8243; _builder_version=&#8221;4.27.4&#8243; _module_preset=&#8221;default&#8221; global_colors_info=&#8221;{}&#8221;][\/et_pb_column][et_pb_column type=&#8221;1_6&#8243; _builder_version=&#8221;4.27.4&#8243; _module_preset=&#8221;default&#8221; global_colors_info=&#8221;{}&#8221;][\/et_pb_column][et_pb_column type=&#8221;1_6&#8243; _builder_version=&#8221;4.27.4&#8243; _module_preset=&#8221;default&#8221; global_colors_info=&#8221;{}&#8221;][\/et_pb_column][et_pb_column type=&#8221;1_6&#8243; _builder_version=&#8221;4.27.4&#8243; _module_preset=&#8221;default&#8221; global_colors_info=&#8221;{}&#8221;][\/et_pb_column][et_pb_column type=&#8221;1_6&#8243; _builder_version=&#8221;4.27.4&#8243; _module_preset=&#8221;default&#8221; global_colors_info=&#8221;{}&#8221;][\/et_pb_column][\/et_pb_row][et_pb_row column_structure=&#8221;1_2,1_2&#8243; use_custom_gutter=&#8221;on&#8221; gutter_width=&#8221;1&#8243; make_equal=&#8221;on&#8221; _builder_version=&#8221;4.27.4&#8243; _module_preset=&#8221;default&#8221; background_color=&#8221;#20599d&#8221; width_tablet=&#8221;&#8221; width_phone=&#8221;100%&#8221; width_last_edited=&#8221;on|phone&#8221; custom_padding=&#8221;0px||0px||true|false&#8221; animation_direction=&#8221;left&#8221; global_colors_info=&#8221;{}&#8221;][et_pb_column type=&#8221;1_2&#8243; _builder_version=&#8221;4.27.4&#8243; _module_preset=&#8221;default&#8221; global_colors_info=&#8221;{}&#8221;][et_pb_image src=&#8221;https:\/\/pvcpro.eu\/wp-content\/uploads\/2025\/09\/bledy-przy-doborze-kurtyn.jpg&#8221; alt=&#8221;Najcz\u0119stsze b\u0142\u0119dy przy doborze i monta\u017cu kurtyn&#8221; title_text=&#8221;bledy przy doborze kurtyn&#8221; disabled_on=&#8221;off|off|on&#8221; _builder_version=&#8221;4.27.4&#8243; _module_preset=&#8221;default&#8221; global_colors_info=&#8221;{}&#8221;][\/et_pb_image][et_pb_text _builder_version=&#8221;4.27.4&#8243; _module_preset=&#8221;default&#8221; header_2_font=&#8221;|800|||||||&#8221; header_2_font_size=&#8221;45px&#8221; header_3_font=&#8221;|800|||||||&#8221; header_3_font_size=&#8221;38px&#8221; header_3_line_height=&#8221;1.3em&#8221; background_layout=&#8221;dark&#8221; custom_margin=&#8221;90px|7%|30px|7%|false|true&#8221; custom_margin_tablet=&#8221;90px|7%|30px|7%|false|true&#8221; custom_margin_phone=&#8221;50px|7%|30px|7%|false|true&#8221; custom_margin_last_edited=&#8221;on|phone&#8221; custom_padding=&#8221;||||false|false&#8221; header_3_font_size_tablet=&#8221;38px&#8221; header_3_font_size_phone=&#8221;26px&#8221; header_3_font_size_last_edited=&#8221;on|phone&#8221; global_colors_info=&#8221;{}&#8221;]<\/p>\n<h3>Najcz\u0119stsze b\u0142\u0119dy przy doborze i monta\u017cu kurtyn<\/h3>\n<p>[\/et_pb_text][\/et_pb_column][et_pb_column type=&#8221;1_2&#8243; _builder_version=&#8221;4.27.4&#8243; _module_preset=&#8221;default&#8221; background_image=&#8221;https:\/\/pvcpro.eu\/wp-content\/uploads\/2025\/09\/bledy-przy-doborze-kurtyn.jpg&#8221; global_colors_info=&#8221;{}&#8221;][\/et_pb_column][\/et_pb_row][et_pb_row column_structure=&#8221;1_3,1_3,1_3&#8243; custom_padding_last_edited=&#8221;on|phone&#8221; _builder_version=&#8221;4.27.4&#8243; _module_preset=&#8221;default&#8221; background_color=&#8221;#20599d&#8221; width_tablet=&#8221;&#8221; width_phone=&#8221;100%&#8221; width_last_edited=&#8221;on|phone&#8221; custom_margin=&#8221;||0px||false|false&#8221; custom_padding=&#8221;70px|4%|70px|4%|false|true&#8221; custom_padding_tablet=&#8221;70px|4%|70px|4%|false|true&#8221; custom_padding_phone=&#8221;20px|4%|50px|4%|false|true&#8221; global_colors_info=&#8221;{}&#8221;][et_pb_column type=&#8221;1_3&#8243; _builder_version=&#8221;4.27.4&#8243; _module_preset=&#8221;default&#8221; global_colors_info=&#8221;{}&#8221;][et_pb_text _builder_version=&#8221;4.27.4&#8243; _module_preset=&#8221;default&#8221; header_4_font_size=&#8221;28px&#8221; header_4_line_height=&#8221;1.4em&#8221; text_orientation=&#8221;center&#8221; background_layout=&#8221;dark&#8221; custom_margin_tablet=&#8221;&#8221; custom_margin_phone=&#8221;|4%|10px|4%|false|true&#8221; custom_margin_last_edited=&#8221;on|phone&#8221; header_4_font_size_tablet=&#8221;28px&#8221; header_4_font_size_phone=&#8221;24px&#8221; header_4_font_size_last_edited=&#8221;on|phone&#8221; text_orientation_tablet=&#8221;center&#8221; text_orientation_phone=&#8221;left&#8221; text_orientation_last_edited=&#8221;on|phone&#8221; global_colors_info=&#8221;{}&#8221;]<\/p>\n<h4><strong>Niew\u0142a\u015bciwy dob\u00f3r rodzaju folii:<\/strong><\/h4>\n<p>[\/et_pb_text][et_pb_text _builder_version=&#8221;4.27.4&#8243; _module_preset=&#8221;default&#8221; text_line_height=&#8221;1.8em&#8221; text_orientation=&#8221;center&#8221; background_layout=&#8221;dark&#8221; custom_margin=&#8221;|4%||4%|false|true&#8221; text_orientation_tablet=&#8221;center&#8221; text_orientation_phone=&#8221;left&#8221; text_orientation_last_edited=&#8221;on|phone&#8221; global_colors_info=&#8221;{}&#8221;]<\/p>\n<p>Stosowanie folii standardowej zamiast ch\u0142odniczej w niskich temperaturach prowadzi do jej sztywnienia i p\u0119kania.<\/p>\n<p>[\/et_pb_text][\/et_pb_column][et_pb_column type=&#8221;1_3&#8243; _builder_version=&#8221;4.27.4&#8243; _module_preset=&#8221;default&#8221; global_colors_info=&#8221;{}&#8221;][et_pb_text _builder_version=&#8221;4.27.4&#8243; _module_preset=&#8221;default&#8221; header_4_font_size=&#8221;28px&#8221; header_4_line_height=&#8221;1.4em&#8221; text_orientation=&#8221;center&#8221; background_layout=&#8221;dark&#8221; custom_margin_tablet=&#8221;&#8221; custom_margin_phone=&#8221;30px|4%|10px|4%|false|true&#8221; custom_margin_last_edited=&#8221;on|phone&#8221; header_4_font_size_tablet=&#8221;28px&#8221; header_4_font_size_phone=&#8221;24px&#8221; header_4_font_size_last_edited=&#8221;on|phone&#8221; text_orientation_tablet=&#8221;center&#8221; text_orientation_phone=&#8221;left&#8221; text_orientation_last_edited=&#8221;on|phone&#8221; global_colors_info=&#8221;{}&#8221;]<\/p>\n<h4><strong>Niew\u0142a\u015bciwy dob\u00f3r rodzaju folii:<\/strong><\/h4>\n<p>[\/et_pb_text][et_pb_text _builder_version=&#8221;4.27.4&#8243; _module_preset=&#8221;default&#8221; text_line_height=&#8221;1.8em&#8221; text_orientation=&#8221;center&#8221; background_layout=&#8221;dark&#8221; custom_margin_tablet=&#8221;&#8221; custom_margin_phone=&#8221;|4%||4%|false|true&#8221; custom_margin_last_edited=&#8221;on|phone&#8221; text_orientation_tablet=&#8221;center&#8221; text_orientation_phone=&#8221;left&#8221; text_orientation_last_edited=&#8221;on|phone&#8221; global_colors_info=&#8221;{}&#8221;]<\/p>\n<p>Zbyt ma\u0142a zak\u0142adka mo\u017ce skutkowa\u0107 nieszczelno\u015bci\u0105 kurtyny.<\/p>\n<p>[\/et_pb_text][\/et_pb_column][et_pb_column type=&#8221;1_3&#8243; _builder_version=&#8221;4.27.4&#8243; _module_preset=&#8221;default&#8221; global_colors_info=&#8221;{}&#8221;][et_pb_text _builder_version=&#8221;4.27.4&#8243; _module_preset=&#8221;default&#8221; header_4_font_size=&#8221;28px&#8221; header_4_line_height=&#8221;1.4em&#8221; text_orientation=&#8221;center&#8221; background_layout=&#8221;dark&#8221; custom_margin_tablet=&#8221;&#8221; custom_margin_phone=&#8221;30px|4%|10px|4%|false|true&#8221; custom_margin_last_edited=&#8221;on|phone&#8221; custom_padding_tablet=&#8221;&#8221; custom_padding_phone=&#8221;||||false|false&#8221; custom_padding_last_edited=&#8221;on|phone&#8221; header_4_text_align_tablet=&#8221;&#8221; header_4_text_align_phone=&#8221;left&#8221; header_4_text_align_last_edited=&#8221;on|phone&#8221; header_4_font_size_tablet=&#8221;28px&#8221; header_4_font_size_phone=&#8221;24px&#8221; header_4_font_size_last_edited=&#8221;on|phone&#8221; global_colors_info=&#8221;{}&#8221;]<\/p>\n<h4><strong>Niew\u0142a\u015bciwy dob\u00f3r rodzaju folii:<\/strong><\/h4>\n<p>[\/et_pb_text][et_pb_text _builder_version=&#8221;4.27.4&#8243; _module_preset=&#8221;default&#8221; text_line_height=&#8221;1.8em&#8221; text_orientation=&#8221;center&#8221; background_layout=&#8221;dark&#8221; custom_margin=&#8221;|4%||4%|false|true&#8221; text_orientation_tablet=&#8221;center&#8221; text_orientation_phone=&#8221;left&#8221; text_orientation_last_edited=&#8221;on|phone&#8221; global_colors_info=&#8221;{}&#8221;]<\/p>\n<p>Niew\u0142a\u015bciwe zamocowanie pas\u00f3w lub u\u017cycie nieodpowiednich oku\u0107 mo\u017ce prowadzi\u0107 do szybkiego zu\u017cycia kurtyny.<\/p>\n<p>[\/et_pb_text][\/et_pb_column][\/et_pb_row][\/et_pb_section]<\/p>\n","protected":false},"excerpt":{"rendered":"<p>Znajdujesz si\u0119: <span><span><a href=\"https:\/\/pvcpro.eu\/\">Home<\/a><\/span><\/span>Kurtyny do ch\u0142odni, kt\u00f3re zatrzymuj\u0105 zimnoJe\u015bli masz ch\u0142odni\u0119 lub mro\u017ani\u0119, doskonale wiesz, \u017ce utrata zimna to realne straty. Ka\u017cde otwarcie drzwi to ryzyko: wzrost temperatury, zwi\u0119kszone zu\u017cycie energii, wilgo\u0107, szron. A to wszystko przek\u0142ada si\u0119 na koszty. Kurtyny ch\u0142odnicze s\u0105 odpowiedzi\u0105 na ten problem \u2013 pod warunkiem, \u017ce s\u0105 dobrze dobrane i szczelnie [&hellip;]<\/p>\n","protected":false},"author":1,"featured_media":131,"parent":23,"menu_order":0,"comment_status":"closed","ping_status":"closed","template":"","meta":{"_et_pb_use_builder":"on","_et_pb_old_content":"<!-- wp:divi\/placeholder \/-->","_et_gb_content_width":"","_monsterinsights_skip_tracking":false,"_monsterinsights_sitenote_active":false,"_monsterinsights_sitenote_note":"","_monsterinsights_sitenote_category":0,"footnotes":""},"class_list":["post-27","page","type-page","status-publish","has-post-thumbnail","hentry"],"yoast_head":"<!-- This site is optimized with the Yoast SEO Premium plugin v26.5 (Yoast SEO v27.5) - https:\/\/yoast.com\/product\/yoast-seo-premium-wordpress\/ -->\n<title>Kurtyny do ch\u0142odni i mro\u017ani - szczelne kurtyny ch\u0142odnicze PVCPRO<\/title>\n<meta name=\"description\" content=\"Kurtyny do ch\u0142odni PVC PRO zapobiegaj\u0105 utracie zimna i wilgoci. Kurtyny ch\u0142odnicze dopasowane do Twojej komory lub mro\u017ani \u2013 trwa\u0142e, szczelne i \u0142atwe w monta\u017cu.\" \/>\n<meta name=\"robots\" content=\"index, follow, max-snippet:-1, max-image-preview:large, max-video-preview:-1\" \/>\n<link rel=\"canonical\" href=\"https:\/\/pvcpro.eu\/da\/tilbud\/gardiner-til-kole-og-fryserum\/\" \/>\n<meta property=\"og:locale\" content=\"da_DK\" \/>\n<meta property=\"og:type\" content=\"article\" \/>\n<meta property=\"og:title\" content=\"Kurtyny do ch\u0142odni i mro\u017ani\" \/>\n<meta property=\"og:description\" content=\"Kurtyny do ch\u0142odni PVC PRO zapobiegaj\u0105 utracie zimna i wilgoci. Kurtyny ch\u0142odnicze dopasowane do Twojej komory lub mro\u017ani \u2013 trwa\u0142e, szczelne i \u0142atwe w monta\u017cu.\" \/>\n<meta property=\"og:url\" content=\"https:\/\/pvcpro.eu\/da\/tilbud\/gardiner-til-kole-og-fryserum\/\" \/>\n<meta property=\"og:site_name\" content=\"PVC PRO\" \/>\n<meta property=\"article:publisher\" content=\"https:\/\/www.facebook.com\/people\/PVC-PRO\/61580923116227\" \/>\n<meta property=\"article:modified_time\" content=\"2025-12-12T14:46:46+00:00\" \/>\n<meta property=\"og:image\" content=\"https:\/\/pvcpro.eu\/wp-content\/uploads\/2025\/08\/kurtyny-do-chlodni-i-mrozni.jpg\" \/>\n\t<meta property=\"og:image:width\" content=\"657\" \/>\n\t<meta property=\"og:image:height\" content=\"445\" \/>\n\t<meta property=\"og:image:type\" content=\"image\/jpeg\" \/>\n<meta name=\"twitter:card\" content=\"summary_large_image\" \/>\n<meta name=\"twitter:label1\" content=\"Estimeret l\u00e6setid\" \/>\n\t<meta name=\"twitter:data1\" content=\"10 minutter\" \/>\n<script type=\"application\/ld+json\" class=\"yoast-schema-graph\">{\"@context\":\"https:\\\/\\\/schema.org\",\"@graph\":[{\"@type\":\"WebPage\",\"@id\":\"https:\\\/\\\/pvcpro.eu\\\/oferta\\\/kurtyny-do-chlodni-i-mrozni\\\/\",\"url\":\"https:\\\/\\\/pvcpro.eu\\\/oferta\\\/kurtyny-do-chlodni-i-mrozni\\\/\",\"name\":\"Kurtyny do ch\u0142odni i mro\u017ani - szczelne kurtyny ch\u0142odnicze PVCPRO\",\"isPartOf\":{\"@id\":\"https:\\\/\\\/pvcpro.eu\\\/en\\\/#website\"},\"primaryImageOfPage\":{\"@id\":\"https:\\\/\\\/pvcpro.eu\\\/oferta\\\/kurtyny-do-chlodni-i-mrozni\\\/#primaryimage\"},\"image\":{\"@id\":\"https:\\\/\\\/pvcpro.eu\\\/oferta\\\/kurtyny-do-chlodni-i-mrozni\\\/#primaryimage\"},\"thumbnailUrl\":\"https:\\\/\\\/pvcpro.eu\\\/wp-content\\\/uploads\\\/2025\\\/08\\\/kurtyny-do-chlodni-i-mrozni.jpg\",\"datePublished\":\"2025-08-26T11:47:16+00:00\",\"dateModified\":\"2025-12-12T14:46:46+00:00\",\"description\":\"Kurtyny do ch\u0142odni PVC PRO zapobiegaj\u0105 utracie zimna i wilgoci. Kurtyny ch\u0142odnicze dopasowane do Twojej komory lub mro\u017ani \u2013 trwa\u0142e, szczelne i \u0142atwe w monta\u017cu.\",\"breadcrumb\":{\"@id\":\"https:\\\/\\\/pvcpro.eu\\\/oferta\\\/kurtyny-do-chlodni-i-mrozni\\\/#breadcrumb\"},\"inLanguage\":\"da-DK\",\"potentialAction\":[{\"@type\":\"ReadAction\",\"target\":[\"https:\\\/\\\/pvcpro.eu\\\/oferta\\\/kurtyny-do-chlodni-i-mrozni\\\/\"]}]},{\"@type\":\"ImageObject\",\"inLanguage\":\"da-DK\",\"@id\":\"https:\\\/\\\/pvcpro.eu\\\/oferta\\\/kurtyny-do-chlodni-i-mrozni\\\/#primaryimage\",\"url\":\"https:\\\/\\\/pvcpro.eu\\\/wp-content\\\/uploads\\\/2025\\\/08\\\/kurtyny-do-chlodni-i-mrozni.jpg\",\"contentUrl\":\"https:\\\/\\\/pvcpro.eu\\\/wp-content\\\/uploads\\\/2025\\\/08\\\/kurtyny-do-chlodni-i-mrozni.jpg\",\"width\":657,\"height\":445,\"caption\":\"Kurtyny do ch\u0142odni i mro\u017ani\"},{\"@type\":\"BreadcrumbList\",\"@id\":\"https:\\\/\\\/pvcpro.eu\\\/oferta\\\/kurtyny-do-chlodni-i-mrozni\\\/#breadcrumb\",\"itemListElement\":[{\"@type\":\"ListItem\",\"position\":1,\"name\":\"Home\",\"item\":\"https:\\\/\\\/pvcpro.eu\\\/\"},{\"@type\":\"ListItem\",\"position\":2,\"name\":\"Oferta\",\"item\":\"https:\\\/\\\/pvcpro.eu\\\/oferta\\\/\"},{\"@type\":\"ListItem\",\"position\":3,\"name\":\"Kurtyny do ch\u0142odni i mro\u017ani\"}]},{\"@type\":\"WebSite\",\"@id\":\"https:\\\/\\\/pvcpro.eu\\\/en\\\/#website\",\"url\":\"https:\\\/\\\/pvcpro.eu\\\/en\\\/\",\"name\":\"PVC PRO\",\"description\":\"Producent kurtyn paskowych\",\"publisher\":{\"@id\":\"https:\\\/\\\/pvcpro.eu\\\/en\\\/#organization\"},\"potentialAction\":[{\"@type\":\"SearchAction\",\"target\":{\"@type\":\"EntryPoint\",\"urlTemplate\":\"https:\\\/\\\/pvcpro.eu\\\/en\\\/?s={search_term_string}\"},\"query-input\":{\"@type\":\"PropertyValueSpecification\",\"valueRequired\":true,\"valueName\":\"search_term_string\"}}],\"inLanguage\":\"da-DK\"},{\"@type\":\"Organization\",\"@id\":\"https:\\\/\\\/pvcpro.eu\\\/en\\\/#organization\",\"name\":\"PVC PRO\",\"url\":\"https:\\\/\\\/pvcpro.eu\\\/en\\\/\",\"logo\":{\"@type\":\"ImageObject\",\"inLanguage\":\"da-DK\",\"@id\":\"https:\\\/\\\/pvcpro.eu\\\/en\\\/#\\\/schema\\\/logo\\\/image\\\/\",\"url\":\"https:\\\/\\\/pvcpro.eu\\\/wp-content\\\/uploads\\\/2025\\\/08\\\/pvc-pro-logo.png\",\"contentUrl\":\"https:\\\/\\\/pvcpro.eu\\\/wp-content\\\/uploads\\\/2025\\\/08\\\/pvc-pro-logo.png\",\"width\":275,\"height\":55,\"caption\":\"PVC PRO\"},\"image\":{\"@id\":\"https:\\\/\\\/pvcpro.eu\\\/en\\\/#\\\/schema\\\/logo\\\/image\\\/\"},\"sameAs\":[\"https:\\\/\\\/www.facebook.com\\\/people\\\/PVC-PRO\\\/61580923116227\"]}]}<\/script>\n<!-- \/ Yoast SEO Premium plugin. -->","yoast_head_json":{"title":"Gardiner til k\u00f8lerum og frysere - luftt\u00e6tte PVCPRO k\u00f8legardiner","description":"PVC PRO k\u00f8lerumsgardiner forhindrer kulde- og fugttab. K\u00f8legardiner skr\u00e6ddersyet til dit k\u00f8lerum eller fryser \u2013 holdbare, luftt\u00e6tte og nemme at installere.","robots":{"index":"index","follow":"follow","max-snippet":"max-snippet:-1","max-image-preview":"max-image-preview:large","max-video-preview":"max-video-preview:-1"},"canonical":"https:\/\/pvcpro.eu\/da\/tilbud\/gardiner-til-kole-og-fryserum\/","og_locale":"da_DK","og_type":"article","og_title":"Kurtyny do ch\u0142odni i mro\u017ani","og_description":"Kurtyny do ch\u0142odni PVC PRO zapobiegaj\u0105 utracie zimna i wilgoci. Kurtyny ch\u0142odnicze dopasowane do Twojej komory lub mro\u017ani \u2013 trwa\u0142e, szczelne i \u0142atwe w monta\u017cu.","og_url":"https:\/\/pvcpro.eu\/da\/tilbud\/gardiner-til-kole-og-fryserum\/","og_site_name":"PVC PRO","article_publisher":"https:\/\/www.facebook.com\/people\/PVC-PRO\/61580923116227","article_modified_time":"2025-12-12T14:46:46+00:00","og_image":[{"width":657,"height":445,"url":"https:\/\/pvcpro.eu\/wp-content\/uploads\/2025\/08\/kurtyny-do-chlodni-i-mrozni.jpg","type":"image\/jpeg"}],"twitter_card":"summary_large_image","twitter_misc":{"Estimeret l\u00e6setid":"10 minutter"},"schema":{"@context":"https:\/\/schema.org","@graph":[{"@type":"WebPage","@id":"https:\/\/pvcpro.eu\/oferta\/kurtyny-do-chlodni-i-mrozni\/","url":"https:\/\/pvcpro.eu\/oferta\/kurtyny-do-chlodni-i-mrozni\/","name":"Gardiner til k\u00f8lerum og frysere - luftt\u00e6tte PVCPRO k\u00f8legardiner","isPartOf":{"@id":"https:\/\/pvcpro.eu\/en\/#website"},"primaryImageOfPage":{"@id":"https:\/\/pvcpro.eu\/oferta\/kurtyny-do-chlodni-i-mrozni\/#primaryimage"},"image":{"@id":"https:\/\/pvcpro.eu\/oferta\/kurtyny-do-chlodni-i-mrozni\/#primaryimage"},"thumbnailUrl":"https:\/\/pvcpro.eu\/wp-content\/uploads\/2025\/08\/kurtyny-do-chlodni-i-mrozni.jpg","datePublished":"2025-08-26T11:47:16+00:00","dateModified":"2025-12-12T14:46:46+00:00","description":"PVC PRO k\u00f8lerumsgardiner forhindrer kulde- og fugttab. K\u00f8legardiner skr\u00e6ddersyet til dit k\u00f8lerum eller fryser \u2013 holdbare, luftt\u00e6tte og nemme at installere.","breadcrumb":{"@id":"https:\/\/pvcpro.eu\/oferta\/kurtyny-do-chlodni-i-mrozni\/#breadcrumb"},"inLanguage":"da-DK","potentialAction":[{"@type":"ReadAction","target":["https:\/\/pvcpro.eu\/oferta\/kurtyny-do-chlodni-i-mrozni\/"]}]},{"@type":"ImageObject","inLanguage":"da-DK","@id":"https:\/\/pvcpro.eu\/oferta\/kurtyny-do-chlodni-i-mrozni\/#primaryimage","url":"https:\/\/pvcpro.eu\/wp-content\/uploads\/2025\/08\/kurtyny-do-chlodni-i-mrozni.jpg","contentUrl":"https:\/\/pvcpro.eu\/wp-content\/uploads\/2025\/08\/kurtyny-do-chlodni-i-mrozni.jpg","width":657,"height":445,"caption":"Kurtyny do ch\u0142odni i mro\u017ani"},{"@type":"BreadcrumbList","@id":"https:\/\/pvcpro.eu\/oferta\/kurtyny-do-chlodni-i-mrozni\/#breadcrumb","itemListElement":[{"@type":"ListItem","position":1,"name":"Home","item":"https:\/\/pvcpro.eu\/"},{"@type":"ListItem","position":2,"name":"Oferta","item":"https:\/\/pvcpro.eu\/oferta\/"},{"@type":"ListItem","position":3,"name":"Kurtyny do ch\u0142odni i mro\u017ani"}]},{"@type":"WebSite","@id":"https:\/\/pvcpro.eu\/en\/#website","url":"https:\/\/pvcpro.eu\/en\/","name":"PVC PRO","description":"Producent af stribede gardiner","publisher":{"@id":"https:\/\/pvcpro.eu\/en\/#organization"},"potentialAction":[{"@type":"SearchAction","target":{"@type":"EntryPoint","urlTemplate":"https:\/\/pvcpro.eu\/en\/?s={search_term_string}"},"query-input":{"@type":"PropertyValueSpecification","valueRequired":true,"valueName":"search_term_string"}}],"inLanguage":"da-DK"},{"@type":"Organization","@id":"https:\/\/pvcpro.eu\/en\/#organization","name":"PVC PRO","url":"https:\/\/pvcpro.eu\/en\/","logo":{"@type":"ImageObject","inLanguage":"da-DK","@id":"https:\/\/pvcpro.eu\/en\/#\/schema\/logo\/image\/","url":"https:\/\/pvcpro.eu\/wp-content\/uploads\/2025\/08\/pvc-pro-logo.png","contentUrl":"https:\/\/pvcpro.eu\/wp-content\/uploads\/2025\/08\/pvc-pro-logo.png","width":275,"height":55,"caption":"PVC PRO"},"image":{"@id":"https:\/\/pvcpro.eu\/en\/#\/schema\/logo\/image\/"},"sameAs":["https:\/\/www.facebook.com\/people\/PVC-PRO\/61580923116227"]}]}},"jetpack_sharing_enabled":true,"_links":{"self":[{"href":"https:\/\/pvcpro.eu\/da\/wp-json\/wp\/v2\/pages\/27","targetHints":{"allow":["GET"]}}],"collection":[{"href":"https:\/\/pvcpro.eu\/da\/wp-json\/wp\/v2\/pages"}],"about":[{"href":"https:\/\/pvcpro.eu\/da\/wp-json\/wp\/v2\/types\/page"}],"author":[{"embeddable":true,"href":"https:\/\/pvcpro.eu\/da\/wp-json\/wp\/v2\/users\/1"}],"replies":[{"embeddable":true,"href":"https:\/\/pvcpro.eu\/da\/wp-json\/wp\/v2\/comments?post=27"}],"version-history":[{"count":0,"href":"https:\/\/pvcpro.eu\/da\/wp-json\/wp\/v2\/pages\/27\/revisions"}],"up":[{"embeddable":true,"href":"https:\/\/pvcpro.eu\/da\/wp-json\/wp\/v2\/pages\/23"}],"wp:featuredmedia":[{"embeddable":true,"href":"https:\/\/pvcpro.eu\/da\/wp-json\/wp\/v2\/media\/131"}],"wp:attachment":[{"href":"https:\/\/pvcpro.eu\/da\/wp-json\/wp\/v2\/media?parent=27"}],"curies":[{"name":"wp","href":"https:\/\/api.w.org\/{rel}","templated":true}]}}