{"id":811,"date":"2025-09-24T10:08:55","date_gmt":"2025-09-24T08:08:55","guid":{"rendered":"https:\/\/pvcpro.eu\/?page_id=811"},"modified":"2025-09-24T10:12:50","modified_gmt":"2025-09-24T08:12:50","slug":"retur-og-klagepolitik","status":"publish","type":"page","link":"https:\/\/pvcpro.eu\/da\/polityka-zwrotow-i-reklamacji\/","title":{"rendered":"Returnerings- og klagepolitik"},"content":{"rendered":"<p>[et_pb_section fb_built=&#8221;1&#8243; _builder_version=&#8221;4.27.4&#8243; _module_preset=&#8221;default&#8221; background_enable_color=&#8221;off&#8221; background_image=&#8221;https:\/\/pvcpro.eu\/wp-content\/uploads\/2025\/09\/pvc-pro-kontakt-tlo.jpg&#8221; background_position=&#8221;bottom_center&#8221; transform_translate_linked=&#8221;off&#8221; position_origin_a_tablet=&#8221;&#8221; position_origin_a_phone=&#8221;&#8221; position_origin_a_last_edited=&#8221;on|tablet&#8221; position_origin_f_tablet=&#8221;&#8221; position_origin_f_phone=&#8221;&#8221; position_origin_f_last_edited=&#8221;on|tablet&#8221; position_origin_r_tablet=&#8221;&#8221; position_origin_r_phone=&#8221;&#8221; position_origin_r_last_edited=&#8221;on|tablet&#8221; custom_padding=&#8221;0px||0px||false|false&#8221; positioning_tablet=&#8221;none&#8221; positioning_phone=&#8221;none&#8221; positioning_last_edited=&#8221;on|tablet&#8221; custom_css_main_element=&#8221;overflow: hidden;&#8221; custom_css_free_form=&#8221;||||&#8221; global_colors_info=&#8221;{}&#8221; theme_builder_area=&#8221;post_content&#8221;][et_pb_row column_structure=&#8221;2_3,1_3&#8243; use_custom_gutter=&#8221;on&#8221; gutter_width=&#8221;1&#8243; make_equal=&#8221;on&#8221; custom_padding_last_edited=&#8221;on|phone&#8221; _builder_version=&#8221;4.27.4&#8243; _module_preset=&#8221;default&#8221; z_index=&#8221;77&#8243; custom_padding=&#8221;0px||0px||false|false&#8221; custom_padding_tablet=&#8221;0px||0px||false|false&#8221; custom_padding_phone=&#8221;20%||||false|false&#8221; background_color_tablet=&#8221;#023859&#8243; background_last_edited=&#8221;on|tablet&#8221; background_enable_color_tablet=&#8221;on&#8221; use_background_color_gradient_tablet=&#8221;on&#8221; use_background_color_gradient_phone=&#8221;off&#8221; background_color_gradient_stops_tablet=&#8221;rgba(2,56,89,0) 0%|rgba(2,56,89,0) 35%|rgba(2, 56, 89, 1) 35%|#023859 65%|rgba(2, 56, 89, 0.33) 65%|rgba(2,56,89,0) 100%&#8221; background_color_gradient_overlays_image_tablet=&#8221;on&#8221; background_image_tablet=&#8221;https:\/\/pvcpro.eu\/wp-content\/uploads\/2025\/08\/pvcpro-logo-sygnet-tlo-prawe.png&#8221; background_enable_image_tablet=&#8221;on&#8221; background_enable_image_phone=&#8221;off&#8221; custom_css_main_element=&#8221;oveflow:visible;||&#8221; global_colors_info=&#8221;{}&#8221; theme_builder_area=&#8221;post_content&#8221;][et_pb_column type=&#8221;2_3&#8243; _builder_version=&#8221;4.27.4&#8243; _module_preset=&#8221;default&#8221; use_background_color_gradient=&#8221;on&#8221; background_color_gradient_stops=&#8221;rgba(2,56,89,0) 0%|rgba(2,56,89,0) 44%|#023859 44%|rgba(2, 56, 89, 1) 80%|rgba(2,56,89,0) 80%|rgba(2,56,89,0) 100%&#8221; background_last_edited=&#8221;on|phone&#8221; use_background_color_gradient_tablet=&#8221;on&#8221; use_background_color_gradient_phone=&#8221;off&#8221; background_color_gradient_stops_tablet=&#8221;rgba(2,56,89,0) 0%|rgba(2,56,89,0) 44%|#023859 44%|rgba(2, 56, 89, 1) 80%|rgba(2,56,89,0) 80%|rgba(2,56,89,0) 100%&#8221; global_colors_info=&#8221;{}&#8221; theme_builder_area=&#8221;post_content&#8221;][et_pb_blurb title=&#8221;Polityka zwrot\u00f3w i reklamacji&#8221; alt=&#8221;Kurtyny PCV Rolnicze&#8221; icon_placement=&#8221;left&#8221; image_icon_width=&#8221;100px&#8221; content_max_width=&#8221;100%&#8221; icon_placement_tablet=&#8221;top&#8221; icon_placement_phone=&#8221;top&#8221; icon_placement_last_edited=&#8221;on|tablet&#8221; image_icon_width_tablet=&#8221;70px&#8221; image_icon_width_phone=&#8221;70px&#8221; image_icon_width_last_edited=&#8221;on|tablet&#8221; module_class=&#8221;okruszki&#8221; _builder_version=&#8221;4.27.4&#8243; _module_preset=&#8221;default&#8221; header_level=&#8221;h1&#8243; header_font=&#8221;|800|||||||&#8221; header_text_color=&#8221;#FFFFFF&#8221; header_font_size=&#8221;50px&#8221; body_text_color=&#8221;rgba(255,255,255,0.73)&#8221; image_icon_custom_margin=&#8221;|20px|||false|false&#8221; background_layout=&#8221;dark&#8221; custom_margin=&#8221;24%||12%|30px|false|false&#8221; custom_margin_tablet=&#8221;20%||20%|30px|false|false&#8221; custom_margin_phone=&#8221;20%||20%|30px|false|false&#8221; custom_margin_last_edited=&#8221;on|tablet&#8221; hover_enabled=&#8221;0&#8243; header_font_size_tablet=&#8221;40px&#8221; header_font_size_phone=&#8221;36px&#8221; header_font_size_last_edited=&#8221;on|phone&#8221; module_alignment_tablet=&#8221;&#8221; module_alignment_phone=&#8221;left&#8221; module_alignment_last_edited=&#8221;on|phone&#8221; custom_css_blurb_title=&#8221;margin-bottom:10px;&#8221; global_colors_info=&#8221;{}&#8221; custom_css_blurb_title_last_edited=&#8221;on|tablet&#8221; custom_css_blurb_title_tablet=&#8221;margin-bottom:0px;&#8221; custom_css_blurb_title_phone=&#8221;margin-bottom:0px;&#8221; theme_builder_area=&#8221;post_content&#8221; sticky_enabled=&#8221;0&#8243;]<\/p>\n<p>Znajdujesz si\u0119: <span><span><a href=\"https:\/\/pvcpro.eu\/\">Home<\/a><\/span><\/span><\/p>\n<p>[\/et_pb_blurb][\/et_pb_column][et_pb_column type=&#8221;1_3&#8243; _builder_version=&#8221;4.27.4&#8243; _module_preset=&#8221;default&#8221; background_color=&#8221;RGBA(255,255,255,0)&#8221; background_enable_image=&#8221;off&#8221; global_colors_info=&#8221;{}&#8221; theme_builder_area=&#8221;post_content&#8221;][et_pb_image src=&#8221;https:\/\/pvcpro.eu\/wp-content\/uploads\/2025\/08\/kurtyny-paskowe-pvc-sygnet-do-naglowka.png&#8221; alt=&#8221;kurtyny paskowe pvc sygnet do naglowka&#8221; title_text=&#8221;kurtyny paskowe pvc sygnet do naglowka&#8221; align_tablet=&#8221;center&#8221; align_phone=&#8221;center&#8221; align_last_edited=&#8221;on|tablet&#8221; disabled_on=&#8221;on|on|off&#8221; _builder_version=&#8221;4.27.4&#8243; _module_preset=&#8221;default&#8221; transform_scale=&#8221;150%|150%&#8221; transform_translate=&#8221;1px|37px&#8221; transform_translate_linked=&#8221;off&#8221; positioning=&#8221;absolute&#8221; position_origin_a=&#8221;top_right&#8221; horizontal_offset=&#8221;0px&#8221; z_index=&#8221;44&#8243; width=&#8221;100%&#8221; min_height=&#8221;100%&#8221; height=&#8221;100%&#8221; max_height=&#8221;100%&#8221; global_colors_info=&#8221;{}&#8221; theme_builder_area=&#8221;post_content&#8221;][\/et_pb_image][\/et_pb_column][\/et_pb_row][\/et_pb_section][et_pb_section fb_built=&#8221;1&#8243; custom_padding_last_edited=&#8221;on|phone&#8221; _builder_version=&#8221;4.27.4&#8243; _module_preset=&#8221;default&#8221; background_enable_color=&#8221;off&#8221; custom_margin_tablet=&#8221;&#8221; custom_margin_phone=&#8221;||||false|false&#8221; custom_margin_last_edited=&#8221;on|phone&#8221; custom_padding=&#8221;100px||100px||true|false&#8221; custom_padding_tablet=&#8221;100px||100px||false|false&#8221; custom_padding_phone=&#8221;50px||50px||false|false&#8221; animation_style=&#8221;slide&#8221; animation_direction=&#8221;bottom&#8221; global_colors_info=&#8221;{}&#8221; theme_builder_area=&#8221;post_content&#8221;][et_pb_row _builder_version=&#8221;4.27.4&#8243; _module_preset=&#8221;default&#8221; custom_margin=&#8221;||||false|false&#8221; custom_padding=&#8221;||||false|false&#8221; global_colors_info=&#8221;{}&#8221; theme_builder_area=&#8221;post_content&#8221;][et_pb_column type=&#8221;4_4&#8243; _builder_version=&#8221;4.27.4&#8243; _module_preset=&#8221;default&#8221; global_colors_info=&#8221;{}&#8221; theme_builder_area=&#8221;post_content&#8221;][et_pb_text module_class=&#8221;regulamin&#8221; _builder_version=&#8221;4.27.4&#8243; _module_preset=&#8221;default&#8221; text_line_height=&#8221;1.8em&#8221; header_2_font=&#8221;|800|||||||&#8221; header_2_text_align=&#8221;left&#8221; header_2_font_size=&#8221;45px&#8221; header_2_line_height=&#8221;1.3em&#8221; max_width=&#8221;1200px&#8221; module_alignment=&#8221;center&#8221; hover_enabled=&#8221;0&#8243; header_2_text_align_tablet=&#8221;center&#8221; header_2_text_align_phone=&#8221;left&#8221; header_2_text_align_last_edited=&#8221;on|phone&#8221; header_2_font_size_tablet=&#8221;36px&#8221; header_2_font_size_phone=&#8221;26px&#8221; header_2_font_size_last_edited=&#8221;on|desktop&#8221; text_orientation_tablet=&#8221;&#8221; text_orientation_phone=&#8221;left&#8221; text_orientation_last_edited=&#8221;on|phone&#8221; global_colors_info=&#8221;{}&#8221; theme_builder_area=&#8221;post_content&#8221; header_3_font_size=&#8221;36px&#8221; header_3_font_size_last_edited=&#8221;on|phone&#8221; header_3_line_height=&#8221;1.4em&#8221; sticky_enabled=&#8221;0&#8243; header_3_font_size_phone=&#8221;28px&#8221; header_3_font_size_tablet=&#8221;36px&#8221;]<\/p>\n<h2 class=\"wp-block-heading\">Polityka zwrot\u00f3w i reklamacji sklepu internetowego PVCPRO<\/h2>\n<h3 class=\"wp-block-heading\"><strong>ZWROTY<\/strong><\/h3>\n<ol class=\"wp-block-list\">\n<li>Klient b\u0119d\u0105cy konsumentem w rozumieniu Kodeksu cywilnego ma prawo do odst\u0105pienia od umowy zawartej poza lokalem przedsi\u0119biorstwa na zasadach okre\u015blonych w ustawie z dnia 30 maja 2014 roku o prawach konsumenta, z uwzgl\u0119dnieniem poni\u017cszych warunk\u00f3w.<\/li>\n<li>Odst\u0105pienie od umowy odbywa si\u0119 poprzez z\u0142o\u017cenie o\u015bwiadczenia o odst\u0105pieniu Sprzedawcy.<\/li>\n<li>Zwroty nale\u017cy przesy\u0142a\u0107 na adres: Salpark sp.zo.o.<br \/>ul.Fabryczna 7<br \/>26-600 Radom<\/li>\n<li>Przesy\u0142ki zwrotne wysy\u0142ane za pobraniem nie b\u0119d\u0105 akceptowane.<\/li>\n<li>Klient mo\u017ce odst\u0105pi\u0107 od umowy w terminie 14 dni od dnia otrzymania przedmiotu, pod warunkiem, \u017ce towar zostanie odes\u0142any w stanie nienaruszonym. W przypadku \u015blad\u00f3w u\u017cytkowania, Sprzedawca zastrzega sobie prawo do proporcjonalnego obni\u017cenia zwracanej kwoty.<\/li>\n<li>Towar musi by\u0107 zwr\u00f3cony w stanie nienaruszonym, umo\u017cliwiaj\u0105cym dalsz\u0105 odsprzeda\u017c. Oznacza to, \u017ce Klient powinien odes\u0142a\u0107 produkt w oryginalnym opakowaniu, zabezpieczonym foli\u0105 ochronn\u0105. W przypadku braku oryginalnego zabezpieczenia, Sprzedawca ma prawo do zastosowania obni\u017cenia zwrotu.<\/li>\n<li>Klientowi przys\u0142uguje prawo do zwrotu koszt\u00f3w dostawy w wysoko\u015bci najta\u0144szej dost\u0119pnej opcji oferowanej przez Sprzedawc\u0119 w momencie sk\u0142adania zam\u00f3wienia.<\/li>\n<li>Prawo do odst\u0105pienia od umowy nie dotyczy towar\u00f3w personalizowanych (nieprefabrykowanych).<\/li>\n<li>Produkty takie jak kurtyny paskowe, kt\u00f3re sk\u0142adaj\u0105 si\u0119 z indywidualnie dopasowanych element\u00f3w (np. doci\u0119te pasy, zakute blaszki, listwy monta\u017cowe), nie podlegaj\u0105 zwrotowi.<\/li>\n<li>Prawo do odst\u0105pienia od umowy nie przys\u0142uguje w przypadku zam\u00f3wie\u0144, w kt\u00f3rych towar jest wykonany wed\u0142ug specyfikacji klienta lub dostosowany do jego indywidualnych potrzeb.<\/li>\n<li>Sprzedawca rekomenduje d\u0142ugo\u015bci pas\u00f3w zgodnie z zaleceniami producenta, jednak mo\u017ce wykona\u0107 pasy o wymiarach wskazanych przez Klienta. W przypadku zam\u00f3wienia pas\u00f3w niezgodnych z zaleceniami producenta, Sprzedawca nie bierze odpowiedzialno\u015bci za wynikaj\u0105ce z tego konsekwencje.<\/li>\n<\/ol>\n<h3 class=\"wp-block-heading\"><strong>REKLAMACJE<\/strong><\/h3>\n<ol class=\"wp-block-list\">\n<li>Sprzedawca gwarantuje, \u017ce wszystkie oferowane produkty s\u0105 wolne od wad.<\/li>\n<li>Wydanie towaru nast\u0119puje w momencie przekazania go firmie transportowej. Od tego momentu<br \/>ryzyko uszkodzenia lub utraty towaru spoczywa na Kliencie.<\/li>\n<li>Sprzedawca dostarcza instrukcje obs\u0142ugi zapewnione przez producenta i, w razie potrzeby,<br \/>dodatkowe informacje o produkcie.<\/li>\n<li>Sprzedawca nie przyjmuje przesy\u0142ek za pobraniem.<\/li>\n<\/ol>\n<p>[\/et_pb_text][\/et_pb_column][\/et_pb_row][\/et_pb_section]<\/p>\n","protected":false},"excerpt":{"rendered":"<p>Znajdujesz si\u0119: <span><span><a href=\"https:\/\/pvcpro.eu\/\">Home<\/a><\/span><\/span>Polityka zwrot\u00f3w i reklamacji sklepu internetowego PVCPRO ZWROTY Klient b\u0119d\u0105cy konsumentem w rozumieniu Kodeksu cywilnego ma prawo do odst\u0105pienia od umowy zawartej poza lokalem przedsi\u0119biorstwa na zasadach okre\u015blonych w ustawie z dnia 30 maja 2014 roku o prawach konsumenta, z uwzgl\u0119dnieniem poni\u017cszych warunk\u00f3w. Odst\u0105pienie od umowy odbywa si\u0119 poprzez z\u0142o\u017cenie o\u015bwiadczenia o odst\u0105pieniu [&hellip;]<\/p>\n","protected":false},"author":1,"featured_media":0,"parent":0,"menu_order":0,"comment_status":"closed","ping_status":"closed","template":"","meta":{"_et_pb_use_builder":"on","_et_pb_old_content":"","_et_gb_content_width":"","_monsterinsights_skip_tracking":false,"_monsterinsights_sitenote_active":false,"_monsterinsights_sitenote_note":"","_monsterinsights_sitenote_category":0,"footnotes":""},"class_list":["post-811","page","type-page","status-publish","hentry"],"yoast_head":"<!-- This site is optimized with the Yoast SEO Premium plugin v26.5 (Yoast SEO v27.5) - https:\/\/yoast.com\/product\/yoast-seo-premium-wordpress\/ -->\n<title>Polityka zwrot\u00f3w i reklamacji - PVC PRO<\/title>\n<meta name=\"robots\" content=\"index, follow, max-snippet:-1, max-image-preview:large, max-video-preview:-1\" \/>\n<link rel=\"canonical\" href=\"https:\/\/pvcpro.eu\/da\/retur-og-klagepolitik\/\" \/>\n<meta property=\"og:locale\" content=\"da_DK\" \/>\n<meta property=\"og:type\" content=\"article\" \/>\n<meta property=\"og:title\" content=\"Polityka zwrot\u00f3w i reklamacji\" \/>\n<meta property=\"og:description\" content=\"Znajdujesz si\u0119: Polityka zwrot\u00f3w i reklamacji sklepu internetowego PVCPRO ZWROTY Klient b\u0119d\u0105cy konsumentem w rozumieniu Kodeksu cywilnego ma prawo do odst\u0105pienia od umowy zawartej poza lokalem przedsi\u0119biorstwa na zasadach okre\u015blonych w ustawie z dnia 30 maja 2014 roku o prawach konsumenta, z uwzgl\u0119dnieniem poni\u017cszych warunk\u00f3w. Odst\u0105pienie od umowy odbywa si\u0119 poprzez z\u0142o\u017cenie o\u015bwiadczenia o odst\u0105pieniu [&hellip;]\" \/>\n<meta property=\"og:url\" content=\"https:\/\/pvcpro.eu\/da\/retur-og-klagepolitik\/\" \/>\n<meta property=\"og:site_name\" content=\"PVC PRO\" \/>\n<meta property=\"article:publisher\" content=\"https:\/\/www.facebook.com\/people\/PVC-PRO\/61580923116227\" \/>\n<meta property=\"article:modified_time\" content=\"2025-09-24T08:12:50+00:00\" \/>\n<meta name=\"twitter:card\" content=\"summary_large_image\" \/>\n<script type=\"application\/ld+json\" class=\"yoast-schema-graph\">{\"@context\":\"https:\\\/\\\/schema.org\",\"@graph\":[{\"@type\":\"WebPage\",\"@id\":\"https:\\\/\\\/pvcpro.eu\\\/en\\\/returns-and-complaints-policy\\\/\",\"url\":\"https:\\\/\\\/pvcpro.eu\\\/en\\\/returns-and-complaints-policy\\\/\",\"name\":\"Polityka zwrot\u00f3w i reklamacji - PVC PRO\",\"isPartOf\":{\"@id\":\"https:\\\/\\\/pvcpro.eu\\\/en\\\/#website\"},\"datePublished\":\"2025-09-24T08:08:55+00:00\",\"dateModified\":\"2025-09-24T08:12:50+00:00\",\"breadcrumb\":{\"@id\":\"https:\\\/\\\/pvcpro.eu\\\/en\\\/returns-and-complaints-policy\\\/#breadcrumb\"},\"inLanguage\":\"da-DK\",\"potentialAction\":[{\"@type\":\"ReadAction\",\"target\":[\"https:\\\/\\\/pvcpro.eu\\\/en\\\/returns-and-complaints-policy\\\/\"]}]},{\"@type\":\"BreadcrumbList\",\"@id\":\"https:\\\/\\\/pvcpro.eu\\\/en\\\/returns-and-complaints-policy\\\/#breadcrumb\",\"itemListElement\":[{\"@type\":\"ListItem\",\"position\":1,\"name\":\"Home\",\"item\":\"https:\\\/\\\/pvcpro.eu\\\/\"},{\"@type\":\"ListItem\",\"position\":2,\"name\":\"Polityka zwrot\u00f3w i reklamacji\"}]},{\"@type\":\"WebSite\",\"@id\":\"https:\\\/\\\/pvcpro.eu\\\/en\\\/#website\",\"url\":\"https:\\\/\\\/pvcpro.eu\\\/en\\\/\",\"name\":\"PVC PRO\",\"description\":\"Producent kurtyn paskowych\",\"publisher\":{\"@id\":\"https:\\\/\\\/pvcpro.eu\\\/en\\\/#organization\"},\"potentialAction\":[{\"@type\":\"SearchAction\",\"target\":{\"@type\":\"EntryPoint\",\"urlTemplate\":\"https:\\\/\\\/pvcpro.eu\\\/en\\\/?s={search_term_string}\"},\"query-input\":{\"@type\":\"PropertyValueSpecification\",\"valueRequired\":true,\"valueName\":\"search_term_string\"}}],\"inLanguage\":\"da-DK\"},{\"@type\":\"Organization\",\"@id\":\"https:\\\/\\\/pvcpro.eu\\\/en\\\/#organization\",\"name\":\"PVC PRO\",\"url\":\"https:\\\/\\\/pvcpro.eu\\\/en\\\/\",\"logo\":{\"@type\":\"ImageObject\",\"inLanguage\":\"da-DK\",\"@id\":\"https:\\\/\\\/pvcpro.eu\\\/en\\\/#\\\/schema\\\/logo\\\/image\\\/\",\"url\":\"https:\\\/\\\/pvcpro.eu\\\/wp-content\\\/uploads\\\/2025\\\/08\\\/pvc-pro-logo.png\",\"contentUrl\":\"https:\\\/\\\/pvcpro.eu\\\/wp-content\\\/uploads\\\/2025\\\/08\\\/pvc-pro-logo.png\",\"width\":275,\"height\":55,\"caption\":\"PVC PRO\"},\"image\":{\"@id\":\"https:\\\/\\\/pvcpro.eu\\\/en\\\/#\\\/schema\\\/logo\\\/image\\\/\"},\"sameAs\":[\"https:\\\/\\\/www.facebook.com\\\/people\\\/PVC-PRO\\\/61580923116227\"]}]}<\/script>\n<!-- \/ Yoast SEO Premium plugin. -->","yoast_head_json":{"title":"Returnerings- og klagepolitik - PVC PRO","robots":{"index":"index","follow":"follow","max-snippet":"max-snippet:-1","max-image-preview":"max-image-preview:large","max-video-preview":"max-video-preview:-1"},"canonical":"https:\/\/pvcpro.eu\/da\/retur-og-klagepolitik\/","og_locale":"da_DK","og_type":"article","og_title":"Polityka zwrot\u00f3w i reklamacji","og_description":"Znajdujesz si\u0119: Polityka zwrot\u00f3w i reklamacji sklepu internetowego PVCPRO ZWROTY Klient b\u0119d\u0105cy konsumentem w rozumieniu Kodeksu cywilnego ma prawo do odst\u0105pienia od umowy zawartej poza lokalem przedsi\u0119biorstwa na zasadach okre\u015blonych w ustawie z dnia 30 maja 2014 roku o prawach konsumenta, z uwzgl\u0119dnieniem poni\u017cszych warunk\u00f3w. Odst\u0105pienie od umowy odbywa si\u0119 poprzez z\u0142o\u017cenie o\u015bwiadczenia o odst\u0105pieniu [&hellip;]","og_url":"https:\/\/pvcpro.eu\/da\/retur-og-klagepolitik\/","og_site_name":"PVC PRO","article_publisher":"https:\/\/www.facebook.com\/people\/PVC-PRO\/61580923116227","article_modified_time":"2025-09-24T08:12:50+00:00","twitter_card":"summary_large_image","schema":{"@context":"https:\/\/schema.org","@graph":[{"@type":"WebPage","@id":"https:\/\/pvcpro.eu\/en\/returns-and-complaints-policy\/","url":"https:\/\/pvcpro.eu\/en\/returns-and-complaints-policy\/","name":"Returnerings- og klagepolitik - PVC PRO","isPartOf":{"@id":"https:\/\/pvcpro.eu\/en\/#website"},"datePublished":"2025-09-24T08:08:55+00:00","dateModified":"2025-09-24T08:12:50+00:00","breadcrumb":{"@id":"https:\/\/pvcpro.eu\/en\/returns-and-complaints-policy\/#breadcrumb"},"inLanguage":"da-DK","potentialAction":[{"@type":"ReadAction","target":["https:\/\/pvcpro.eu\/en\/returns-and-complaints-policy\/"]}]},{"@type":"BreadcrumbList","@id":"https:\/\/pvcpro.eu\/en\/returns-and-complaints-policy\/#breadcrumb","itemListElement":[{"@type":"ListItem","position":1,"name":"Home","item":"https:\/\/pvcpro.eu\/"},{"@type":"ListItem","position":2,"name":"Polityka zwrot\u00f3w i reklamacji"}]},{"@type":"WebSite","@id":"https:\/\/pvcpro.eu\/en\/#website","url":"https:\/\/pvcpro.eu\/en\/","name":"PVC PRO","description":"Producent af stribede gardiner","publisher":{"@id":"https:\/\/pvcpro.eu\/en\/#organization"},"potentialAction":[{"@type":"SearchAction","target":{"@type":"EntryPoint","urlTemplate":"https:\/\/pvcpro.eu\/en\/?s={search_term_string}"},"query-input":{"@type":"PropertyValueSpecification","valueRequired":true,"valueName":"search_term_string"}}],"inLanguage":"da-DK"},{"@type":"Organization","@id":"https:\/\/pvcpro.eu\/en\/#organization","name":"PVC PRO","url":"https:\/\/pvcpro.eu\/en\/","logo":{"@type":"ImageObject","inLanguage":"da-DK","@id":"https:\/\/pvcpro.eu\/en\/#\/schema\/logo\/image\/","url":"https:\/\/pvcpro.eu\/wp-content\/uploads\/2025\/08\/pvc-pro-logo.png","contentUrl":"https:\/\/pvcpro.eu\/wp-content\/uploads\/2025\/08\/pvc-pro-logo.png","width":275,"height":55,"caption":"PVC PRO"},"image":{"@id":"https:\/\/pvcpro.eu\/en\/#\/schema\/logo\/image\/"},"sameAs":["https:\/\/www.facebook.com\/people\/PVC-PRO\/61580923116227"]}]}},"jetpack_sharing_enabled":true,"_links":{"self":[{"href":"https:\/\/pvcpro.eu\/da\/wp-json\/wp\/v2\/pages\/811","targetHints":{"allow":["GET"]}}],"collection":[{"href":"https:\/\/pvcpro.eu\/da\/wp-json\/wp\/v2\/pages"}],"about":[{"href":"https:\/\/pvcpro.eu\/da\/wp-json\/wp\/v2\/types\/page"}],"author":[{"embeddable":true,"href":"https:\/\/pvcpro.eu\/da\/wp-json\/wp\/v2\/users\/1"}],"replies":[{"embeddable":true,"href":"https:\/\/pvcpro.eu\/da\/wp-json\/wp\/v2\/comments?post=811"}],"version-history":[{"count":0,"href":"https:\/\/pvcpro.eu\/da\/wp-json\/wp\/v2\/pages\/811\/revisions"}],"wp:attachment":[{"href":"https:\/\/pvcpro.eu\/da\/wp-json\/wp\/v2\/media?parent=811"}],"curies":[{"name":"wp","href":"https:\/\/api.w.org\/{rel}","templated":true}]}}