{"id":29,"date":"2025-08-26T13:47:38","date_gmt":"2025-08-26T11:47:38","guid":{"rendered":"https:\/\/pvcpro.eu\/?page_id=29"},"modified":"2025-12-12T15:48:41","modified_gmt":"2025-12-12T14:48:41","slug":"lagerhallenvorhange","status":"publish","type":"page","link":"https:\/\/pvcpro.eu\/de\/oferta\/kurtyny-magazynowe\/","title":{"rendered":"Lagerhallenvorh\u00e4nge"},"content":{"rendered":"<p>[et_pb_section fb_built=&#8221;1&#8243; _builder_version=&#8221;4.27.4&#8243; _module_preset=&#8221;default&#8221; background_image=&#8221;https:\/\/pvcpro.eu\/wp-content\/uploads\/2025\/09\/kurtyny-magazynowe.jpg&#8221; background_position=&#8221;bottom_center&#8221; transform_translate_linked=&#8221;off&#8221; position_origin_a_tablet=&#8221;&#8221; position_origin_a_phone=&#8221;&#8221; position_origin_a_last_edited=&#8221;on|tablet&#8221; position_origin_f_tablet=&#8221;&#8221; position_origin_f_phone=&#8221;&#8221; position_origin_f_last_edited=&#8221;on|tablet&#8221; position_origin_r_tablet=&#8221;&#8221; position_origin_r_phone=&#8221;&#8221; position_origin_r_last_edited=&#8221;on|tablet&#8221; custom_padding=&#8221;0px||0px||false|false&#8221; positioning_tablet=&#8221;none&#8221; positioning_phone=&#8221;none&#8221; positioning_last_edited=&#8221;on|tablet&#8221; custom_css_main_element=&#8221;overflow: hidden;&#8221; custom_css_free_form=&#8221;||||&#8221; global_colors_info=&#8221;{}&#8221;][et_pb_row column_structure=&#8221;2_3,1_3&#8243; use_custom_gutter=&#8221;on&#8221; gutter_width=&#8221;1&#8243; make_equal=&#8221;on&#8221; _builder_version=&#8221;4.27.4&#8243; _module_preset=&#8221;default&#8221; z_index=&#8221;77&#8243; custom_padding=&#8221;0px||0px||false|false&#8221; background_color_tablet=&#8221;#023859&#8243; background_last_edited=&#8221;on|tablet&#8221; background_enable_color_tablet=&#8221;on&#8221; use_background_color_gradient_tablet=&#8221;on&#8221; use_background_color_gradient_phone=&#8221;off&#8221; background_color_gradient_stops_tablet=&#8221;rgba(2,56,89,0) 0%|rgba(2,56,89,0) 35%|rgba(2, 56, 89, 1) 35%|#023859 65%|rgba(2, 56, 89, 0.33) 65%|rgba(2,56,89,0) 100%&#8221; background_color_gradient_overlays_image_tablet=&#8221;on&#8221; background_image_tablet=&#8221;https:\/\/pvcpro.eu\/wp-content\/uploads\/2025\/08\/pvcpro-logo-sygnet-tlo-prawe.png&#8221; background_enable_image_tablet=&#8221;on&#8221; background_enable_image_phone=&#8221;off&#8221; custom_css_main_element=&#8221;oveflow:visible;||&#8221; global_colors_info=&#8221;{}&#8221;][et_pb_column type=&#8221;2_3&#8243; _builder_version=&#8221;4.27.4&#8243; _module_preset=&#8221;default&#8221; use_background_color_gradient=&#8221;on&#8221; background_color_gradient_stops=&#8221;rgba(2,56,89,0) 0%|rgba(2,56,89,0) 44%|#023859 44%|rgba(2, 56, 89, 1) 80%|rgba(2,56,89,0) 80%|rgba(2,56,89,0) 100%&#8221; background_last_edited=&#8221;on|phone&#8221; use_background_color_gradient_tablet=&#8221;on&#8221; use_background_color_gradient_phone=&#8221;off&#8221; background_color_gradient_stops_tablet=&#8221;rgba(2,56,89,0) 0%|rgba(2,56,89,0) 44%|#023859 44%|rgba(2, 56, 89, 1) 80%|rgba(2,56,89,0) 80%|rgba(2,56,89,0) 100%&#8221; global_colors_info=&#8221;{}&#8221;][et_pb_blurb title=&#8221;Kurtyny Magazynowe&#8221; image=&#8221;https:\/\/pvcpro.eu\/wp-content\/uploads\/2025\/08\/kurtyny-do-magazynow-icon.png&#8221; alt=&#8221;Kurtyny do magazyn\u00f3w\u2028\u2028&#8221; icon_placement=&#8221;left&#8221; image_icon_width=&#8221;100px&#8221; content_max_width=&#8221;100%&#8221; icon_placement_tablet=&#8221;top&#8221; icon_placement_phone=&#8221;top&#8221; icon_placement_last_edited=&#8221;on|tablet&#8221; image_icon_width_tablet=&#8221;70px&#8221; image_icon_width_phone=&#8221;70px&#8221; image_icon_width_last_edited=&#8221;on|tablet&#8221; module_class=&#8221;okruszki&#8221; _builder_version=&#8221;4.27.4&#8243; _module_preset=&#8221;default&#8221; header_level=&#8221;h1&#8243; header_font=&#8221;|800|||||||&#8221; header_text_color=&#8221;#FFFFFF&#8221; header_font_size=&#8221;50px&#8221; body_text_color=&#8221;rgba(255,255,255,0.73)&#8221; image_icon_custom_margin=&#8221;|20px|||false|false&#8221; background_layout=&#8221;dark&#8221; custom_margin=&#8221;24%||12%|30px|false|false&#8221; custom_margin_tablet=&#8221;20%||20%|30px|false|false&#8221; custom_margin_phone=&#8221;20%||20%|30px|false|false&#8221; custom_margin_last_edited=&#8221;on|tablet&#8221; header_font_size_tablet=&#8221;40px&#8221; header_font_size_phone=&#8221;36px&#8221; header_font_size_last_edited=&#8221;on|phone&#8221; module_alignment_tablet=&#8221;&#8221; module_alignment_phone=&#8221;left&#8221; module_alignment_last_edited=&#8221;on|phone&#8221; custom_css_blurb_title=&#8221;margin-bottom:10px;&#8221; global_colors_info=&#8221;{}&#8221; custom_css_blurb_title_last_edited=&#8221;on|tablet&#8221; custom_css_blurb_title_tablet=&#8221;margin-bottom:0px;&#8221; custom_css_blurb_title_phone=&#8221;margin-bottom:0px;&#8221;]<\/p>\n<p>Znajdujesz si\u0119: <span><span><a href=\"https:\/\/pvcpro.eu\/\">Home<\/a><\/span><\/span><\/p>\n<p>[\/et_pb_blurb][\/et_pb_column][et_pb_column type=&#8221;1_3&#8243; _builder_version=&#8221;4.27.4&#8243; _module_preset=&#8221;default&#8221; background_color=&#8221;RGBA(255,255,255,0)&#8221; background_enable_image=&#8221;off&#8221; global_colors_info=&#8221;{}&#8221;][et_pb_image src=&#8221;https:\/\/pvcpro.eu\/wp-content\/uploads\/2025\/08\/kurtyny-paskowe-pvc-sygnet-do-naglowka.png&#8221; alt=&#8221;kurtyny paskowe pvc sygnet do naglowka&#8221; title_text=&#8221;kurtyny paskowe pvc sygnet do naglowka&#8221; align_tablet=&#8221;center&#8221; align_phone=&#8221;center&#8221; align_last_edited=&#8221;on|tablet&#8221; disabled_on=&#8221;on|on|off&#8221; _builder_version=&#8221;4.27.4&#8243; _module_preset=&#8221;default&#8221; transform_scale=&#8221;150%|150%&#8221; transform_translate=&#8221;1px|37px&#8221; transform_translate_linked=&#8221;off&#8221; positioning=&#8221;absolute&#8221; position_origin_a=&#8221;top_right&#8221; horizontal_offset=&#8221;0px&#8221; z_index=&#8221;44&#8243; width=&#8221;100%&#8221; min_height=&#8221;100%&#8221; height=&#8221;100%&#8221; max_height=&#8221;100%&#8221; global_colors_info=&#8221;{}&#8221;][\/et_pb_image][\/et_pb_column][\/et_pb_row][\/et_pb_section][et_pb_section fb_built=&#8221;1&#8243; custom_padding_last_edited=&#8221;on|phone&#8221; _builder_version=&#8221;4.27.4&#8243; _module_preset=&#8221;default&#8221; custom_padding=&#8221;||0px||false|false&#8221; custom_padding_tablet=&#8221;||0px||false|false&#8221; custom_padding_phone=&#8221;20px||||false|false&#8221; animation_style=&#8221;fade&#8221; global_colors_info=&#8221;{}&#8221;][et_pb_row column_structure=&#8221;1_2,1_2&#8243; _builder_version=&#8221;4.27.4&#8243; _module_preset=&#8221;default&#8221; custom_padding=&#8221;||0px||false|false&#8221; global_colors_info=&#8221;{}&#8221;][et_pb_column type=&#8221;1_2&#8243; _builder_version=&#8221;4.27.4&#8243; _module_preset=&#8221;default&#8221; global_colors_info=&#8221;{}&#8221;][et_pb_text _builder_version=&#8221;4.27.4&#8243; _module_preset=&#8221;default&#8221; header_2_font=&#8221;|800|||||||&#8221; header_2_text_align=&#8221;left&#8221; header_2_font_size=&#8221;45px&#8221; header_2_line_height=&#8221;1.3em&#8221; max_width=&#8221;1200px&#8221; module_alignment=&#8221;center&#8221; custom_margin=&#8221;5%||||false|false&#8221; header_2_font_size_tablet=&#8221;36px&#8221; header_2_font_size_phone=&#8221;26px&#8221; header_2_font_size_last_edited=&#8221;on|desktop&#8221; global_colors_info=&#8221;{}&#8221;]<\/p>\n<h2>Kurtyny magazynowe \u2013 proste rozwi\u0105zanie na chaos, przeci\u0105gi i niebezpieczne przej\u015bcia<\/h2>\n<p>[\/et_pb_text][et_pb_text _builder_version=&#8221;4.27.4&#8243; _module_preset=&#8221;default&#8221; text_line_height=&#8221;1.8em&#8221; custom_margin_tablet=&#8221;||50px||false|false&#8221; custom_margin_phone=&#8221;||50px||false|false&#8221; custom_margin_last_edited=&#8221;on|tablet&#8221; global_colors_info=&#8221;{}&#8221;]<\/p>\n<p>Magazyn to miejsce, w kt\u00f3rym l<strong>ogistyka musi dzia\u0142a\u0107 bez zgrzyt\u00f3w<\/strong> \u2013 a to oznacza porz\u0105dek, bezpiecze\u0144stwo i sprawny przep\u0142yw ludzi oraz towar\u00f3w.<\/p>\n<p>\u2028 Niestety, w wielu halach i centrach logistycznych <strong>wyst\u0119puj\u0105 te same problemy<\/strong>: niekontrolowane przeci\u0105gi, unosz\u0105cy si\u0119 kurz, nieczytelny podzia\u0142 stref i zderzenie \u015bwiata pieszych z ci\u0119\u017ckim transportem.<\/p>\n<p>Kurtyna magazynowa nie jest dodatkiem \u2013 to <strong>prosty i skuteczny spos\u00f3b na opanowanie tego ba\u0142aganu<\/strong>. Bez remontu. Bez przerwy w pracy. Bez ekipy monta\u017cowej.<\/p>\n<p>[\/et_pb_text][\/et_pb_column][et_pb_column type=&#8221;1_2&#8243; _builder_version=&#8221;4.27.4&#8243; _module_preset=&#8221;default&#8221; global_colors_info=&#8221;{}&#8221;][et_pb_image src=&#8221;https:\/\/pvcpro.eu\/wp-content\/uploads\/2025\/09\/kurtyny-magazynowe-.jpg&#8221; alt=&#8221;kurtyny magazynowe&#8221; title_text=&#8221;kurtyny magazynowe&#8221; _builder_version=&#8221;4.27.4&#8243; _module_preset=&#8221;default&#8221; animation_style=&#8221;slide&#8221; animation_direction=&#8221;right&#8221; global_colors_info=&#8221;{}&#8221;][\/et_pb_image][et_pb_image src=&#8221;https:\/\/pvcpro.eu\/wp-content\/uploads\/2025\/09\/kurtyny-pcv-magazynowe.png&#8221; alt=&#8221;kurtyny pcv magazynowe&#8221; title_text=&#8221;kurtyny pcv magazynowe&#8221; align=&#8221;right&#8221; _builder_version=&#8221;4.27.4&#8243; _module_preset=&#8221;default&#8221; positioning=&#8221;absolute&#8221; position_origin_a=&#8221;top_right&#8221; vertical_offset=&#8221;-40px&#8221; horizontal_offset=&#8221;-40px&#8221; vertical_offset_tablet=&#8221;-40px&#8221; vertical_offset_phone=&#8221;-20px&#8221; vertical_offset_last_edited=&#8221;on|phone&#8221; horizontal_offset_tablet=&#8221;-40px&#8221; horizontal_offset_phone=&#8221;-20px&#8221; horizontal_offset_last_edited=&#8221;on|phone&#8221; width=&#8221;100%&#8221; width_tablet=&#8221;150px&#8221; width_phone=&#8221;100px&#8221; width_last_edited=&#8221;on|phone&#8221; animation_style=&#8221;slide&#8221; global_colors_info=&#8221;{}&#8221;][\/et_pb_image][\/et_pb_column][\/et_pb_row][\/et_pb_section][et_pb_section fb_built=&#8221;1&#8243; custom_padding_last_edited=&#8221;on|phone&#8221; _builder_version=&#8221;4.27.4&#8243; _module_preset=&#8221;default&#8221; background_enable_color=&#8221;off&#8221; custom_margin_tablet=&#8221;&#8221; custom_margin_phone=&#8221;||||false|false&#8221; custom_margin_last_edited=&#8221;on|phone&#8221; custom_padding=&#8221;100px||0px||false|false&#8221; custom_padding_tablet=&#8221;100px||0px||false|false&#8221; custom_padding_phone=&#8221;30px||0px||false|false&#8221; animation_style=&#8221;slide&#8221; animation_direction=&#8221;bottom&#8221; global_colors_info=&#8221;{}&#8221;][et_pb_row _builder_version=&#8221;4.27.4&#8243; _module_preset=&#8221;default&#8221; custom_margin=&#8221;||0px||false|false&#8221; custom_padding=&#8221;||0px||false|false&#8221; global_colors_info=&#8221;{}&#8221;][et_pb_column type=&#8221;4_4&#8243; _builder_version=&#8221;4.27.4&#8243; _module_preset=&#8221;default&#8221; global_colors_info=&#8221;{}&#8221;][et_pb_text _builder_version=&#8221;4.27.4&#8243; _module_preset=&#8221;default&#8221; header_2_font=&#8221;|800|||||||&#8221; header_2_text_align=&#8221;center&#8221; header_2_font_size=&#8221;45px&#8221; header_2_line_height=&#8221;1.3em&#8221; max_width=&#8221;1200px&#8221; module_alignment=&#8221;center&#8221; header_2_text_align_tablet=&#8221;center&#8221; header_2_text_align_phone=&#8221;left&#8221; header_2_text_align_last_edited=&#8221;on|phone&#8221; header_2_font_size_tablet=&#8221;36px&#8221; header_2_font_size_phone=&#8221;26px&#8221; header_2_font_size_last_edited=&#8221;on|desktop&#8221; text_orientation_tablet=&#8221;&#8221; text_orientation_phone=&#8221;left&#8221; text_orientation_last_edited=&#8221;on|phone&#8221; global_colors_info=&#8221;{}&#8221;]<\/p>\n<h2>Problemy, kt\u00f3re dobrze znamy z magazyn\u00f3w:<\/h2>\n<p>[\/et_pb_text][\/et_pb_column][\/et_pb_row][\/et_pb_section][et_pb_section fb_built=&#8221;1&#8243; custom_padding_last_edited=&#8221;on|phone&#8221; _builder_version=&#8221;4.27.4&#8243; _module_preset=&#8221;default&#8221; background_image=&#8221;https:\/\/pvcpro.eu\/wp-content\/uploads\/2025\/08\/pvcpro-logo-sygnet-tlo-prawe.png&#8221; background_size=&#8221;initial&#8221; background_position=&#8221;top_right&#8221; custom_padding=&#8221;||100px||false|false&#8221; custom_padding_tablet=&#8221;||100px||false|false&#8221; custom_padding_phone=&#8221;0px||20px||false|false&#8221; background_last_edited=&#8221;on|phone&#8221; background_enable_image_phone=&#8221;off&#8221; global_colors_info=&#8221;{}&#8221;][et_pb_row column_structure=&#8221;1_3,1_3,1_3&#8243; use_custom_gutter=&#8221;on&#8221; gutter_width=&#8221;2&#8243; make_equal=&#8221;on&#8221; _builder_version=&#8221;4.27.4&#8243; _module_preset=&#8221;default&#8221; width_tablet=&#8221;&#8221; width_phone=&#8221;90%&#8221; width_last_edited=&#8221;on|phone&#8221; custom_margin=&#8221;100px||||false|false&#8221; custom_margin_tablet=&#8221;100px||||false|false&#8221; custom_margin_phone=&#8221;20px||||false|false&#8221; custom_margin_last_edited=&#8221;on|phone&#8221; global_colors_info=&#8221;{}&#8221;][et_pb_column type=&#8221;1_3&#8243; _builder_version=&#8221;4.27.4&#8243; _module_preset=&#8221;default&#8221; global_colors_info=&#8221;{}&#8221;][et_pb_blurb title=&#8221;Przeci\u0105gi i ucieczka ciep\u0142a&#8221; use_icon=&#8221;on&#8221; font_icon=&#8221;&#x72;||divi||400&#8243; icon_color=&#8221;#a6bc09&#8243; image_icon_width=&#8221;64px&#8221; image_icon_width_tablet=&#8221;64px&#8221; image_icon_width_phone=&#8221;50px&#8221; image_icon_width_last_edited=&#8221;on|phone&#8221; _builder_version=&#8221;4.27.4&#8243; _module_preset=&#8221;default&#8221; header_level=&#8221;h3&#8243; header_font=&#8221;|700|||||||&#8221; header_text_color=&#8221;#a6bc09&#8243; header_font_size=&#8221;26px&#8221; header_line_height=&#8221;1.4em&#8221; body_line_height=&#8221;1.8em&#8221; background_color=&#8221;#023859&#8243; image_icon_custom_margin=&#8221;||20px||false|false&#8221; image_icon_custom_margin_tablet=&#8221;||20px||false|false&#8221; image_icon_custom_margin_phone=&#8221;||10px||false|false&#8221; image_icon_custom_margin_last_edited=&#8221;on|phone&#8221; text_orientation=&#8221;center&#8221; background_layout=&#8221;dark&#8221; height=&#8221;100%&#8221; custom_padding=&#8221;70px|5%|70px|5%|true|true&#8221; custom_padding_tablet=&#8221;70px|5%|70px|5%|true|true&#8221; custom_padding_phone=&#8221;50px||50px||true|true&#8221; custom_padding_last_edited=&#8221;on|phone&#8221; animation_style=&#8221;slide&#8221; animation_direction=&#8221;left&#8221; header_font_size_tablet=&#8221;24px&#8221; header_font_size_phone=&#8221;24px&#8221; header_font_size_last_edited=&#8221;on|phone&#8221; custom_css_blurb_title=&#8221;margin-bottom:20px&#8221; global_colors_info=&#8221;{}&#8221;]<\/p>\n<p>Otwory mi\u0119dzy strefami s\u0105 ca\u0142y czas otwarte. W zimie ci\u0105gnie, w lecie wpada kurz. Klimatyzacja i ogrzewanie id\u0105 w powietrze.<\/p>\n<p>[\/et_pb_blurb][\/et_pb_column][et_pb_column type=&#8221;1_3&#8243; _builder_version=&#8221;4.27.4&#8243; _module_preset=&#8221;default&#8221; global_colors_info=&#8221;{}&#8221;][et_pb_blurb title=&#8221;Brak podzia\u0142u na strefy\u2028\u2028&#8221; use_icon=&#8221;on&#8221; font_icon=&#8221;&#x72;||divi||400&#8243; icon_color=&#8221;#a6bc09&#8243; image_icon_width=&#8221;64px&#8221; image_icon_width_tablet=&#8221;64px&#8221; image_icon_width_phone=&#8221;50px&#8221; image_icon_width_last_edited=&#8221;on|phone&#8221; _builder_version=&#8221;4.27.4&#8243; _module_preset=&#8221;default&#8221; header_level=&#8221;h3&#8243; header_font=&#8221;|700|||||||&#8221; header_text_color=&#8221;#a6bc09&#8243; header_font_size=&#8221;26px&#8221; header_line_height=&#8221;1.4em&#8221; body_line_height=&#8221;1.8em&#8221; background_color=&#8221;#023859&#8243; image_icon_custom_margin=&#8221;||20px||false|false&#8221; image_icon_custom_margin_tablet=&#8221;||20px||false|false&#8221; image_icon_custom_margin_phone=&#8221;||10px||false|false&#8221; image_icon_custom_margin_last_edited=&#8221;on|phone&#8221; text_orientation=&#8221;center&#8221; background_layout=&#8221;dark&#8221; height=&#8221;100%&#8221; custom_padding=&#8221;70px|5%|70px|5%|true|true&#8221; custom_padding_tablet=&#8221;70px|5%|70px|5%|true|true&#8221; custom_padding_phone=&#8221;50px||50px||true|true&#8221; custom_padding_last_edited=&#8221;on|phone&#8221; animation_style=&#8221;slide&#8221; animation_direction=&#8221;bottom&#8221; header_font_size_tablet=&#8221;24px&#8221; header_font_size_phone=&#8221;24px&#8221; header_font_size_last_edited=&#8221;on|phone&#8221; custom_css_blurb_title=&#8221;margin-bottom:20px&#8221; global_colors_info=&#8221;{}&#8221;]Nie wiadomo, gdzie ko\u0144czy si\u0119 strefa za\u0142adunku, a zaczyna strefa piesza. W\u00f3zki je\u017cd\u017c\u0105, ludzie przechodz\u0105 \u2013 a kolizje s\u0105 tylko kwesti\u0105 czasu.[\/et_pb_blurb][\/et_pb_column][et_pb_column type=&#8221;1_3&#8243; _builder_version=&#8221;4.27.4&#8243; _module_preset=&#8221;default&#8221; global_colors_info=&#8221;{}&#8221;][et_pb_blurb title=&#8221;Ha\u0142as, kurz i zamieszanie&#8221; use_icon=&#8221;on&#8221; font_icon=&#8221;&#x72;||divi||400&#8243; icon_color=&#8221;#a6bc09&#8243; image_icon_width=&#8221;64px&#8221; image_icon_width_tablet=&#8221;64px&#8221; image_icon_width_phone=&#8221;50px&#8221; image_icon_width_last_edited=&#8221;on|phone&#8221; _builder_version=&#8221;4.27.4&#8243; _module_preset=&#8221;default&#8221; header_level=&#8221;h3&#8243; header_font=&#8221;|700|||||||&#8221; header_text_color=&#8221;#a6bc09&#8243; header_font_size=&#8221;26px&#8221; header_line_height=&#8221;1.4em&#8221; body_line_height=&#8221;1.8em&#8221; background_color=&#8221;#023859&#8243; image_icon_custom_margin=&#8221;||20px||false|false&#8221; image_icon_custom_margin_tablet=&#8221;||20px||false|false&#8221; image_icon_custom_margin_phone=&#8221;||10px||false|false&#8221; image_icon_custom_margin_last_edited=&#8221;on|phone&#8221; text_orientation=&#8221;center&#8221; background_layout=&#8221;dark&#8221; height=&#8221;100%&#8221; custom_padding=&#8221;70px|5%|70px|5%|true|true&#8221; custom_padding_tablet=&#8221;70px|5%|70px|5%|true|true&#8221; custom_padding_phone=&#8221;50px||50px||true|true&#8221; custom_padding_last_edited=&#8221;on|phone&#8221; animation_style=&#8221;slide&#8221; animation_direction=&#8221;right&#8221; header_font_size_tablet=&#8221;24px&#8221; header_font_size_phone=&#8221;24px&#8221; header_font_size_last_edited=&#8221;on|phone&#8221; custom_css_blurb_title=&#8221;margin-bottom:20px&#8221; global_colors_info=&#8221;{}&#8221;]Otwarte hale to otwarte problemy \u2013 wszystko si\u0119 miesza: ha\u0142as z jednej strony, zapylenie z drugiej, a porz\u0105dek logistyczny le\u017cy.[\/et_pb_blurb][\/et_pb_column][\/et_pb_row][\/et_pb_section][et_pb_section fb_built=&#8221;1&#8243; custom_padding_last_edited=&#8221;on|phone&#8221; _builder_version=&#8221;4.27.4&#8243; _module_preset=&#8221;default&#8221; background_enable_color=&#8221;off&#8221; custom_padding=&#8221;0px||0px||false|false&#8221; custom_padding_tablet=&#8221;100px||0px||false|false&#8221; custom_padding_phone=&#8221;0px||0px||false|false&#8221; animation_style=&#8221;slide&#8221; animation_direction=&#8221;bottom&#8221; global_colors_info=&#8221;{}&#8221;][et_pb_row _builder_version=&#8221;4.27.4&#8243; _module_preset=&#8221;default&#8221; custom_margin=&#8221;||0px||false|false&#8221; custom_padding=&#8221;||0px||false|false&#8221; global_colors_info=&#8221;{}&#8221;][et_pb_column type=&#8221;4_4&#8243; _builder_version=&#8221;4.27.4&#8243; _module_preset=&#8221;default&#8221; global_colors_info=&#8221;{}&#8221;][et_pb_text _builder_version=&#8221;4.27.4&#8243; _module_preset=&#8221;default&#8221; header_2_font=&#8221;|800|||||||&#8221; header_2_text_align=&#8221;center&#8221; header_2_font_size=&#8221;45px&#8221; header_2_line_height=&#8221;1.3em&#8221; max_width=&#8221;1200px&#8221; module_alignment=&#8221;center&#8221; header_2_text_align_tablet=&#8221;center&#8221; header_2_text_align_phone=&#8221;left&#8221; header_2_text_align_last_edited=&#8221;on|phone&#8221; header_2_font_size_tablet=&#8221;36px&#8221; header_2_font_size_phone=&#8221;26px&#8221; header_2_font_size_last_edited=&#8221;on|desktop&#8221; global_colors_info=&#8221;{}&#8221;]<\/p>\n<h2>Nasze rozwi\u0105zanie? Kurtyna magazynowa PVC PRO<\/h2>\n<p>[\/et_pb_text][et_pb_text _builder_version=&#8221;4.27.4&#8243; _module_preset=&#8221;default&#8221; text_line_height=&#8221;1.8em&#8221; header_2_font=&#8221;|800|||||||&#8221; header_2_text_align=&#8221;center&#8221; header_2_font_size=&#8221;45px&#8221; header_2_line_height=&#8221;1.3em&#8221; text_orientation=&#8221;center&#8221; max_width=&#8221;1000px&#8221; module_alignment=&#8221;center&#8221; header_2_font_size_tablet=&#8221;36px&#8221; header_2_font_size_phone=&#8221;26px&#8221; header_2_font_size_last_edited=&#8221;on|desktop&#8221; text_orientation_tablet=&#8221;center&#8221; text_orientation_phone=&#8221;left&#8221; text_orientation_last_edited=&#8221;on|phone&#8221; global_colors_info=&#8221;{}&#8221;]<\/p>\n<p>Kurtyny magazynowe pomagaj\u0105 szybko oddzieli\u0107 od siebie przestrzenie \u2013 b<strong>ez budowania \u015bcian, bez inwestycji w drogie bramy, bez anga\u017cowania firm zewn\u0119trznych.<\/strong><\/p>\n<p>[\/et_pb_text][\/et_pb_column][\/et_pb_row][\/et_pb_section][et_pb_section fb_built=&#8221;1&#8243; custom_padding_last_edited=&#8221;on|phone&#8221; _builder_version=&#8221;4.27.4&#8243; _module_preset=&#8221;default&#8221; background_image=&#8221;https:\/\/pvcpro.eu\/wp-content\/uploads\/2025\/09\/pvcpro-kurtyny-tlo-lewe.png&#8221; background_size=&#8221;initial&#8221; background_position=&#8221;bottom_left&#8221; custom_padding=&#8221;||100px||false|false&#8221; custom_padding_tablet=&#8221;||100px||false|false&#8221; custom_padding_phone=&#8221;10px||0px||false|false&#8221; background_last_edited=&#8221;on|phone&#8221; background_enable_image_phone=&#8221;off&#8221; global_colors_info=&#8221;{}&#8221;][et_pb_row column_structure=&#8221;1_3,1_3,1_3&#8243; use_custom_gutter=&#8221;on&#8221; gutter_width=&#8221;2&#8243; make_equal=&#8221;on&#8221; _builder_version=&#8221;4.27.4&#8243; _module_preset=&#8221;default&#8221; width_tablet=&#8221;&#8221; width_phone=&#8221;90%&#8221; width_last_edited=&#8221;on|phone&#8221; custom_margin=&#8221;0px||||false|false&#8221; global_colors_info=&#8221;{}&#8221;][et_pb_column type=&#8221;1_3&#8243; _builder_version=&#8221;4.27.4&#8243; _module_preset=&#8221;default&#8221; global_colors_info=&#8221;{}&#8221;][et_pb_blurb use_icon=&#8221;on&#8221; font_icon=&#8221;&#xe007;||divi||400&#8243; icon_color=&#8221;#FFFFFF&#8221; image_icon_width=&#8221;64px&#8221; image_icon_width_tablet=&#8221;64px&#8221; image_icon_width_phone=&#8221;50px&#8221; image_icon_width_last_edited=&#8221;on|phone&#8221; _builder_version=&#8221;4.27.4&#8243; _module_preset=&#8221;default&#8221; header_level=&#8221;h3&#8243; header_font=&#8221;|700|||||||&#8221; header_text_color=&#8221;#a6bc09&#8243; header_font_size=&#8221;26px&#8221; header_line_height=&#8221;1.4em&#8221; body_line_height=&#8221;1.8em&#8221; background_color=&#8221;#356fb4&#8243; image_icon_custom_margin=&#8221;||20px||false|false&#8221; image_icon_custom_margin_tablet=&#8221;||20px||false|false&#8221; image_icon_custom_margin_phone=&#8221;||10px||false|false&#8221; image_icon_custom_margin_last_edited=&#8221;on|phone&#8221; text_orientation=&#8221;center&#8221; background_layout=&#8221;dark&#8221; height=&#8221;100%&#8221; custom_padding=&#8221;70px|5%|70px|5%|true|true&#8221; custom_padding_tablet=&#8221;70px|5%|70px|5%|true|true&#8221; custom_padding_phone=&#8221;50px||50px||true|true&#8221; custom_padding_last_edited=&#8221;on|phone&#8221; animation_style=&#8221;slide&#8221; animation_direction=&#8221;left&#8221; header_font_size_tablet=&#8221;24px&#8221; header_font_size_phone=&#8221;24px&#8221; header_font_size_last_edited=&#8221;on|phone&#8221; custom_css_blurb_title=&#8221;margin-bottom:20px&#8221; global_colors_info=&#8221;{}&#8221;]<\/p>\n<p>Redukuj\u0105 przeci\u0105gi, utrat\u0119 ciep\u0142a i ha\u0142as.<\/p>\n<p>[\/et_pb_blurb][\/et_pb_column][et_pb_column type=&#8221;1_3&#8243; _builder_version=&#8221;4.27.4&#8243; _module_preset=&#8221;default&#8221; global_colors_info=&#8221;{}&#8221;][et_pb_blurb use_icon=&#8221;on&#8221; font_icon=&#8221;&#xe007;||divi||400&#8243; icon_color=&#8221;#FFFFFF&#8221; image_icon_width=&#8221;64px&#8221; image_icon_width_tablet=&#8221;64px&#8221; image_icon_width_phone=&#8221;50px&#8221; image_icon_width_last_edited=&#8221;on|phone&#8221; _builder_version=&#8221;4.27.4&#8243; _module_preset=&#8221;default&#8221; header_level=&#8221;h3&#8243; header_font=&#8221;|700|||||||&#8221; header_text_color=&#8221;#a6bc09&#8243; header_font_size=&#8221;26px&#8221; header_line_height=&#8221;1.4em&#8221; body_line_height=&#8221;1.8em&#8221; background_color=&#8221;#458dca&#8221; image_icon_custom_margin=&#8221;||20px||false|false&#8221; image_icon_custom_margin_tablet=&#8221;||20px||false|false&#8221; image_icon_custom_margin_phone=&#8221;||10px||false|false&#8221; image_icon_custom_margin_last_edited=&#8221;on|phone&#8221; text_orientation=&#8221;center&#8221; background_layout=&#8221;dark&#8221; height=&#8221;100%&#8221; custom_padding=&#8221;70px|5%|70px|5%|true|true&#8221; custom_padding_tablet=&#8221;70px|5%|70px|5%|true|true&#8221; custom_padding_phone=&#8221;50px||50px||true|true&#8221; custom_padding_last_edited=&#8221;on|phone&#8221; animation_style=&#8221;slide&#8221; animation_direction=&#8221;bottom&#8221; header_font_size_tablet=&#8221;24px&#8221; header_font_size_phone=&#8221;24px&#8221; header_font_size_last_edited=&#8221;on|phone&#8221; custom_css_blurb_title=&#8221;margin-bottom:20px&#8221; global_colors_info=&#8221;{}&#8221;]Oddzielaj\u0105 strefy piesze od transportowych \u2013 zwi\u0119kszaj\u0105c bezpiecze\u0144stwo.[\/et_pb_blurb][\/et_pb_column][et_pb_column type=&#8221;1_3&#8243; _builder_version=&#8221;4.27.4&#8243; _module_preset=&#8221;default&#8221; global_colors_info=&#8221;{}&#8221;][et_pb_blurb use_icon=&#8221;on&#8221; font_icon=&#8221;&#xe007;||divi||400&#8243; icon_color=&#8221;#FFFFFF&#8221; image_icon_width=&#8221;64px&#8221; image_icon_width_tablet=&#8221;64px&#8221; image_icon_width_phone=&#8221;50px&#8221; image_icon_width_last_edited=&#8221;on|phone&#8221; _builder_version=&#8221;4.27.4&#8243; _module_preset=&#8221;default&#8221; header_level=&#8221;h3&#8243; header_font=&#8221;|700|||||||&#8221; header_text_color=&#8221;#a6bc09&#8243; header_font_size=&#8221;26px&#8221; header_line_height=&#8221;1.4em&#8221; body_line_height=&#8221;1.8em&#8221; background_color=&#8221;#356fb4&#8243; image_icon_custom_margin=&#8221;||20px||false|false&#8221; image_icon_custom_margin_tablet=&#8221;||20px||false|false&#8221; image_icon_custom_margin_phone=&#8221;||10px||false|false&#8221; image_icon_custom_margin_last_edited=&#8221;on|phone&#8221; text_orientation=&#8221;center&#8221; background_layout=&#8221;dark&#8221; height=&#8221;100%&#8221; custom_padding=&#8221;70px|5%|70px|5%|true|true&#8221; custom_padding_tablet=&#8221;70px|5%|70px|5%|true|true&#8221; custom_padding_phone=&#8221;50px||50px||true|true&#8221; custom_padding_last_edited=&#8221;on|phone&#8221; animation_style=&#8221;slide&#8221; animation_direction=&#8221;right&#8221; header_font_size_tablet=&#8221;24px&#8221; header_font_size_phone=&#8221;24px&#8221; header_font_size_last_edited=&#8221;on|phone&#8221; custom_css_blurb_title=&#8221;margin-bottom:20px&#8221; global_colors_info=&#8221;{}&#8221;]Chroni\u0105 przed kurzem i zanieczyszczeniami, \u2028a jednocze\u015bnie nie ograniczaj\u0105 widoczno\u015bci.[\/et_pb_blurb][\/et_pb_column][\/et_pb_row][\/et_pb_section][et_pb_section fb_built=&#8221;1&#8243; _builder_version=&#8221;4.27.4&#8243; _module_preset=&#8221;default&#8221; custom_margin=&#8221;0px||||false|false&#8221; custom_padding=&#8221;0px||||false|false&#8221; global_colors_info=&#8221;{}&#8221;][et_pb_row custom_padding_last_edited=&#8221;on|phone&#8221; _builder_version=&#8221;4.27.4&#8243; _module_preset=&#8221;default&#8221; custom_padding_tablet=&#8221;&#8221; custom_padding_phone=&#8221;||0px||false|false&#8221; global_colors_info=&#8221;{}&#8221;][et_pb_column type=&#8221;4_4&#8243; _builder_version=&#8221;4.27.4&#8243; _module_preset=&#8221;default&#8221; global_colors_info=&#8221;{}&#8221;][et_pb_text _builder_version=&#8221;4.27.4&#8243; _module_preset=&#8221;default&#8221; text_line_height=&#8221;1.8em&#8221; header_2_font=&#8221;|800|||||||&#8221; header_2_text_align=&#8221;center&#8221; header_2_font_size=&#8221;45px&#8221; header_2_line_height=&#8221;1.3em&#8221; text_orientation=&#8221;center&#8221; max_width=&#8221;1000px&#8221; module_alignment=&#8221;center&#8221; header_2_font_size_tablet=&#8221;36px&#8221; header_2_font_size_phone=&#8221;26px&#8221; header_2_font_size_last_edited=&#8221;on|desktop&#8221; text_orientation_tablet=&#8221;center&#8221; text_orientation_phone=&#8221;left&#8221; text_orientation_last_edited=&#8221;on|phone&#8221; global_colors_info=&#8221;{}&#8221;]<\/p>\n<p><strong>Transparentna, wytrzyma\u0142a, dostosowana do Twoich potrzeb<\/strong> \u2013 taka powinna by\u0107 dobra kurtyna magazynowa. I taka w\u0142a\u015bnie jest ta od PVC PRO.<\/p>\n<p>[\/et_pb_text][\/et_pb_column][\/et_pb_row][\/et_pb_section][et_pb_section fb_built=&#8221;1&#8243; custom_padding_last_edited=&#8221;on|phone&#8221; _builder_version=&#8221;4.27.4&#8243; _module_preset=&#8221;default&#8221; background_enable_color=&#8221;off&#8221; custom_padding=&#8221;0px||0px||false|false&#8221; custom_padding_tablet=&#8221;100px||0px||false|false&#8221; custom_padding_phone=&#8221;50px||0px||false|false&#8221; animation_style=&#8221;slide&#8221; animation_direction=&#8221;bottom&#8221; global_colors_info=&#8221;{}&#8221;][et_pb_row custom_padding_last_edited=&#8221;on|phone&#8221; _builder_version=&#8221;4.27.4&#8243; _module_preset=&#8221;default&#8221; custom_margin=&#8221;||0px||false|false&#8221; custom_padding=&#8221;100px||0px||false|false&#8221; custom_padding_tablet=&#8221;100px||0px||false|false&#8221; custom_padding_phone=&#8221;30px||0px||false|false&#8221; global_colors_info=&#8221;{}&#8221;][et_pb_column type=&#8221;4_4&#8243; _builder_version=&#8221;4.27.4&#8243; _module_preset=&#8221;default&#8221; global_colors_info=&#8221;{}&#8221;][et_pb_text _builder_version=&#8221;4.27.4&#8243; _module_preset=&#8221;default&#8221; header_2_font=&#8221;|800|||||||&#8221; header_2_text_align=&#8221;center&#8221; header_2_font_size=&#8221;45px&#8221; header_2_line_height=&#8221;1.3em&#8221; max_width=&#8221;1200px&#8221; module_alignment=&#8221;center&#8221; header_2_text_align_tablet=&#8221;center&#8221; header_2_text_align_phone=&#8221;left&#8221; header_2_text_align_last_edited=&#8221;on|phone&#8221; header_2_font_size_tablet=&#8221;36px&#8221; header_2_font_size_phone=&#8221;26px&#8221; header_2_font_size_last_edited=&#8221;on|desktop&#8221; text_orientation_tablet=&#8221;&#8221; text_orientation_phone=&#8221;left&#8221; text_orientation_last_edited=&#8221;on|phone&#8221; global_colors_info=&#8221;{}&#8221;]<\/p>\n<h2>Skonfiguruj swoj\u0105 kurtyn\u0119 magazynow\u0105<\/h2>\n<p>[\/et_pb_text][et_pb_text _builder_version=&#8221;4.27.4&#8243; _module_preset=&#8221;default&#8221; text_line_height=&#8221;1.8em&#8221; header_2_font=&#8221;|800|||||||&#8221; header_2_text_align=&#8221;center&#8221; header_2_font_size=&#8221;45px&#8221; header_2_line_height=&#8221;1.3em&#8221; text_orientation=&#8221;center&#8221; max_width=&#8221;1000px&#8221; module_alignment=&#8221;center&#8221; header_2_font_size_tablet=&#8221;36px&#8221; header_2_font_size_phone=&#8221;26px&#8221; header_2_font_size_last_edited=&#8221;on|desktop&#8221; text_orientation_tablet=&#8221;center&#8221; text_orientation_phone=&#8221;left&#8221; text_orientation_last_edited=&#8221;on|phone&#8221; global_colors_info=&#8221;{}&#8221;]<\/p>\n<p>Wystarczy, \u017ce wpiszesz w konfiguratorze wymiary i wybierzesz rodzaj pas\u00f3w, a system przygotuje dla Ciebie gotowy zestaw. Je\u015bli masz pytania \u2013 zadzwo\u0144 lub napisz. Doradzimy.<\/p>\n<p>[\/et_pb_text][et_pb_button button_url=&#8221;#konfigurator&#8221; button_text=&#8221;Skonfiguruj kurtyn\u0119&#8221; button_alignment=&#8221;center&#8221; button_alignment_tablet=&#8221;center&#8221; button_alignment_phone=&#8221;left&#8221; button_alignment_last_edited=&#8221;on|phone&#8221; _builder_version=&#8221;4.27.4&#8243; _module_preset=&#8221;default&#8221; custom_button=&#8221;on&#8221; button_bg_color=&#8221;#a6bc09&#8243; button_border_width=&#8221;0px&#8221; button_border_radius=&#8221;0px&#8221; button_use_icon=&#8221;off&#8221; background_layout=&#8221;dark&#8221; global_colors_info=&#8221;{}&#8221; transform_styles__hover_enabled=&#8221;on|hover&#8221; transform_scale__hover_enabled=&#8221;on|hover&#8221; transform_translate__hover_enabled=&#8221;on|desktop&#8221; transform_rotate__hover_enabled=&#8221;on|desktop&#8221; transform_skew__hover_enabled=&#8221;on|desktop&#8221; transform_origin__hover_enabled=&#8221;on|desktop&#8221; transform_scale__hover=&#8221;110%|110%&#8221;][\/et_pb_button][\/et_pb_column][\/et_pb_row][\/et_pb_section][et_pb_section fb_built=&#8221;1&#8243; custom_padding_last_edited=&#8221;off|desktop&#8221; disabled_on=&#8221;on|on|on&#8221; _builder_version=&#8221;4.27.5&#8243; _module_preset=&#8221;default&#8221; custom_margin=&#8221;80px||-50px||false|false&#8221; custom_margin_tablet=&#8221;80px||-50px||false|false&#8221; custom_margin_phone=&#8221;60px||-100px||false|false&#8221; custom_margin_last_edited=&#8221;on|phone&#8221; custom_padding=&#8221;0px||30px||false|false&#8221; disabled=&#8221;on&#8221; global_module=&#8221;3402&#8243; saved_tabs=&#8221;all&#8221; global_colors_info=&#8221;{}&#8221;][et_pb_row _builder_version=&#8221;4.27.4&#8243; _module_preset=&#8221;default&#8221; width_tablet=&#8221;&#8221; width_phone=&#8221;100%&#8221; width_last_edited=&#8221;on|phone&#8221; custom_margin=&#8221;0px||-50px||false|false&#8221; custom_padding=&#8221;0px||0px||false|false&#8221; global_colors_info=&#8221;{}&#8221;][et_pb_column type=&#8221;4_4&#8243; _builder_version=&#8221;4.27.4&#8243; _module_preset=&#8221;default&#8221; global_colors_info=&#8221;{}&#8221;][et_pb_cta title=&#8221;Chwy\u0107 rabat, p\u00f3ki jest! &#8221; button_text=&#8221;Klikni\u0119cia&#8221; content_tablet=&#8221;&#8221; content_phone=&#8221;<\/p>\n<p>Do 12 grudnia wpisz kod<br \/><strong style=%22font-size: 120%;%22>PVC-5<br \/><\/strong> w koszyku i obni\u017c cen\u0119 swojej kurtyny o 5%!<\/p>\n<p>&#8221; content_last_edited=&#8221;on|phone&#8221; _builder_version=&#8221;4.27.4&#8243; _module_preset=&#8221;default&#8221; header_font=&#8221;|700||on|||||&#8221; header_font_size=&#8221;40px&#8221; header_line_height=&#8221;1.1em&#8221; background_color=&#8221;#E02B20&#8243; max_width_tablet=&#8221;&#8221; max_width_phone=&#8221;&#8221; max_width_last_edited=&#8221;on|phone&#8221; custom_padding=&#8221;30px||15px||false|false&#8221; custom_padding_tablet=&#8221;&#8221; custom_padding_phone=&#8221;30px|30px|5px|30px|false|true&#8221; custom_padding_last_edited=&#8221;on|phone&#8221; header_font_size_tablet=&#8221;36px&#8221; header_font_size_phone=&#8221;28px&#8221; header_font_size_last_edited=&#8221;on|phone&#8221; global_colors_info=&#8221;{}&#8221;]<\/p>\n<p>Do 12 grudnia wpisz kod <strong style=\"font-size: 120%;\">PVC-5 <\/strong> w koszyku i obni\u017c cen\u0119 swojej kurtyny o 5%!<\/p>\n<p>[\/et_pb_cta][\/et_pb_column][\/et_pb_row][\/et_pb_section][et_pb_section fb_built=&#8221;1&#8243; module_id=&#8221;konfigurator&#8221; _builder_version=&#8221;4.27.4&#8243; background_color=&#8221;#eaf2fe&#8221; custom_margin=&#8221;100px||||false|false&#8221; custom_padding=&#8221;0px|||||&#8221; global_colors_info=&#8221;{}&#8221;][et_pb_row _builder_version=&#8221;4.27.4&#8243; background_size=&#8221;initial&#8221; background_position=&#8221;top_left&#8221; background_repeat=&#8221;repeat&#8221; width_tablet=&#8221;&#8221; width_phone=&#8221;98%&#8221; width_last_edited=&#8221;on|phone&#8221; global_colors_info=&#8221;{}&#8221;][et_pb_column type=&#8221;4_4&#8243; _builder_version=&#8221;4.16&#8243; custom_padding=&#8221;|||&#8221; global_colors_info=&#8221;{}&#8221; custom_padding__hover=&#8221;|||&#8221;][et_pb_text _builder_version=&#8221;4.27.4&#8243; background_size=&#8221;initial&#8221; background_position=&#8221;top_left&#8221; background_repeat=&#8221;repeat&#8221; global_colors_info=&#8221;{}&#8221;]<\/p>\n<p><!-- divi:shortcode --><br \/>        <div id=\"konfigurator-app\">\n            <div class=\"konfigurator-loading\">\n                <div class=\"spinner\"><\/div>\n                <p>\u0141adowanie konfiguratora...<\/p>\n            <\/div>\n        <\/div>\n        <br \/><!-- \/divi:shortcode --><\/p>\n<p>[\/et_pb_text][\/et_pb_column][\/et_pb_row][\/et_pb_section][et_pb_section fb_built=&#8221;1&#8243; custom_padding_last_edited=&#8221;on|desktop&#8221; _builder_version=&#8221;4.27.5&#8243; _module_preset=&#8221;default&#8221; custom_margin=&#8221;||0px||false|false&#8221; custom_padding=&#8221;30px||0px||false|false&#8221; custom_padding_tablet=&#8221;||0px||false|false&#8221; custom_padding_phone=&#8221;||50px||false|false&#8221; hover_enabled=&#8221;0&#8243; global_colors_info=&#8221;{}&#8221; disabled_on=&#8221;on|on|on&#8221; disabled=&#8221;on&#8221; sticky_enabled=&#8221;0&#8243;][et_pb_row _builder_version=&#8221;4.27.4&#8243; _module_preset=&#8221;default&#8221; width_tablet=&#8221;&#8221; width_phone=&#8221;100%&#8221; width_last_edited=&#8221;on|phone&#8221; custom_margin=&#8221;0px||||false|false&#8221; custom_padding=&#8221;0px||0px||false|false&#8221; global_module=&#8221;3371&#8243; saved_tabs=&#8221;all&#8221; global_colors_info=&#8221;{}&#8221;][et_pb_column type=&#8221;4_4&#8243; _builder_version=&#8221;4.27.4&#8243; _module_preset=&#8221;default&#8221; global_colors_info=&#8221;{}&#8221;][et_pb_cta title=&#8221;Chwy\u0107 rabat, p\u00f3ki jest! &#8221; button_text=&#8221;Klikni\u0119cia&#8221; content_tablet=&#8221;&#8221; content_phone=&#8221;<\/p>\n<p>Do 12 grudnia wpisz kod<br \/><strong style=%22font-size: 120%;%22>PVC-5<br \/><\/strong> w koszyku i obni\u017c cen\u0119 swojej kurtyny o 5%!<\/p>\n<p>&#8221; content_last_edited=&#8221;on|phone&#8221; _builder_version=&#8221;4.27.4&#8243; _module_preset=&#8221;default&#8221; header_font=&#8221;|700||on|||||&#8221; header_font_size=&#8221;40px&#8221; header_line_height=&#8221;1.1em&#8221; background_color=&#8221;#E02B20&#8243; max_width_tablet=&#8221;&#8221; max_width_phone=&#8221;&#8221; max_width_last_edited=&#8221;on|phone&#8221; custom_padding=&#8221;30px||15px||false|false&#8221; custom_padding_tablet=&#8221;&#8221; custom_padding_phone=&#8221;30px|30px|5px|30px|false|true&#8221; custom_padding_last_edited=&#8221;on|phone&#8221; header_font_size_tablet=&#8221;36px&#8221; header_font_size_phone=&#8221;28px&#8221; header_font_size_last_edited=&#8221;on|phone&#8221; global_colors_info=&#8221;{}&#8221;]<\/p>\n<p>Do 12 grudnia wpisz kod <strong style=\"font-size: 120%;\">PVC-5 <\/strong> w koszyku i obni\u017c cen\u0119 swojej kurtyny o 5%!<\/p>\n<p>[\/et_pb_cta][\/et_pb_column][\/et_pb_row][\/et_pb_section][et_pb_section fb_built=&#8221;1&#8243; custom_padding_last_edited=&#8221;on|phone&#8221; _builder_version=&#8221;4.27.4&#8243; _module_preset=&#8221;default&#8221; background_enable_color=&#8221;off&#8221; custom_padding_tablet=&#8221;&#8221; custom_padding_phone=&#8221;||0px||false|false&#8221; animation_style=&#8221;fade&#8221; hover_enabled=&#8221;0&#8243; global_colors_info=&#8221;{}&#8221; sticky_enabled=&#8221;0&#8243;][et_pb_row _builder_version=&#8221;4.27.4&#8243; _module_preset=&#8221;default&#8221; custom_margin=&#8221;||||false|false&#8221; global_colors_info=&#8221;{}&#8221;][et_pb_column type=&#8221;4_4&#8243; _builder_version=&#8221;4.27.4&#8243; _module_preset=&#8221;default&#8221; global_colors_info=&#8221;{}&#8221;][et_pb_text _builder_version=&#8221;4.27.4&#8243; _module_preset=&#8221;default&#8221; header_text_color=&#8221;#023859&#8243; header_2_font=&#8221;|800||on|||||&#8221; header_2_text_align=&#8221;left&#8221; header_2_text_color=&#8221;#023859&#8243; header_2_font_size=&#8221;40px&#8221; header_2_line_height=&#8221;1.3em&#8221; module_alignment=&#8221;center&#8221; header_2_font_size_tablet=&#8221;36px&#8221; header_2_font_size_phone=&#8221;26px&#8221; header_2_font_size_last_edited=&#8221;on|desktop&#8221; global_colors_info=&#8221;{}&#8221;]<\/p>\n<h2>Co warto wiedzie\u0107 o kurtynach magazynowych?<\/h2>\n<p>[\/et_pb_text][\/et_pb_column][\/et_pb_row][\/et_pb_section][et_pb_section fb_built=&#8221;1&#8243; custom_padding_last_edited=&#8221;on|phone&#8221; _builder_version=&#8221;4.27.4&#8243; _module_preset=&#8221;default&#8221; background_enable_color=&#8221;off&#8221; custom_padding=&#8221;0px||||false|false&#8221; custom_padding_tablet=&#8221;0px||||false|false&#8221; custom_padding_phone=&#8221;0px||0px||false|false&#8221; animation_style=&#8221;fade&#8221; global_colors_info=&#8221;{}&#8221;][et_pb_row column_structure=&#8221;1_6,1_6,1_6,1_6,1_6,1_6&#8243; _builder_version=&#8221;4.27.4&#8243; _module_preset=&#8221;default&#8221; width=&#8221;70%&#8221; custom_padding=&#8221;0px||0px||true|false&#8221; global_colors_info=&#8221;{}&#8221;][et_pb_column type=&#8221;1_6&#8243; _builder_version=&#8221;4.27.4&#8243; _module_preset=&#8221;default&#8221; global_colors_info=&#8221;{}&#8221;][et_pb_text disabled_on=&#8221;on|on|off&#8221; _builder_version=&#8221;4.27.4&#8243; _module_preset=&#8221;default&#8221; text_font=&#8221;|800|||||||&#8221; text_font_size=&#8221;70px&#8221; text_line_height=&#8221;1.5em&#8221; background_color=&#8221;#023859&#8243; text_orientation=&#8221;center&#8221; background_layout=&#8221;dark&#8221; custom_padding=&#8221;10%|10%|10%|10%|true|true&#8221; global_colors_info=&#8221;{}&#8221;]<\/p>\n<p>1<\/p>\n<p>[\/et_pb_text][\/et_pb_column][et_pb_column type=&#8221;1_6&#8243; _builder_version=&#8221;4.27.4&#8243; _module_preset=&#8221;default&#8221; global_colors_info=&#8221;{}&#8221;][\/et_pb_column][et_pb_column type=&#8221;1_6&#8243; _builder_version=&#8221;4.27.4&#8243; _module_preset=&#8221;default&#8221; global_colors_info=&#8221;{}&#8221;][\/et_pb_column][et_pb_column type=&#8221;1_6&#8243; _builder_version=&#8221;4.27.4&#8243; _module_preset=&#8221;default&#8221; global_colors_info=&#8221;{}&#8221;][\/et_pb_column][et_pb_column type=&#8221;1_6&#8243; _builder_version=&#8221;4.27.4&#8243; _module_preset=&#8221;default&#8221; global_colors_info=&#8221;{}&#8221;][\/et_pb_column][et_pb_column type=&#8221;1_6&#8243; _builder_version=&#8221;4.27.4&#8243; _module_preset=&#8221;default&#8221; global_colors_info=&#8221;{}&#8221;][\/et_pb_column][\/et_pb_row][et_pb_row column_structure=&#8221;1_2,1_2&#8243; use_custom_gutter=&#8221;on&#8221; gutter_width=&#8221;1&#8243; make_equal=&#8221;on&#8221; _builder_version=&#8221;4.27.4&#8243; _module_preset=&#8221;default&#8221; background_color=&#8221;#023859&#8243; width_tablet=&#8221;&#8221; width_phone=&#8221;100%&#8221; width_last_edited=&#8221;on|phone&#8221; custom_padding=&#8221;0px||0px||true|false&#8221; global_colors_info=&#8221;{}&#8221;][et_pb_column type=&#8221;1_2&#8243; _builder_version=&#8221;4.27.4&#8243; _module_preset=&#8221;default&#8221; global_colors_info=&#8221;{}&#8221;][et_pb_image src=&#8221;https:\/\/pvcpro.eu\/wp-content\/uploads\/2025\/09\/wymiary-pasow-pvc.jpg&#8221; alt=&#8221;wymiary pasow pvc&#8221; title_text=&#8221;wymiary pasow pvc&#8221; disabled_on=&#8221;off|off|on&#8221; _builder_version=&#8221;4.27.4&#8243; _module_preset=&#8221;default&#8221; global_colors_info=&#8221;{}&#8221;][\/et_pb_image][et_pb_text _builder_version=&#8221;4.27.4&#8243; _module_preset=&#8221;default&#8221; header_2_font=&#8221;|800|||||||&#8221; header_2_font_size=&#8221;45px&#8221; header_3_font=&#8221;|800|||||||&#8221; header_3_font_size=&#8221;38px&#8221; header_3_line_height=&#8221;1.3em&#8221; background_layout=&#8221;dark&#8221; custom_margin=&#8221;90px|7%||7%|false|true&#8221; custom_margin_tablet=&#8221;90px|7%||7%|false|true&#8221; custom_margin_phone=&#8221;50px|7%||7%|false|true&#8221; custom_margin_last_edited=&#8221;on|phone&#8221; custom_padding=&#8221;||||false|false&#8221; header_2_font_size_tablet=&#8221;45px&#8221; header_2_font_size_phone=&#8221;26px&#8221; header_2_font_size_last_edited=&#8221;on|phone&#8221; header_3_font_size_tablet=&#8221;38px&#8221; header_3_font_size_phone=&#8221;26px&#8221; header_3_font_size_last_edited=&#8221;on|phone&#8221; global_colors_info=&#8221;{}&#8221;]<\/p>\n<h3>Wymiary pas\u00f3w PVC w kurtynach magazynowych<\/h3>\n<p>[\/et_pb_text][et_pb_text _builder_version=&#8221;4.27.4&#8243; _module_preset=&#8221;default&#8221; text_line_height=&#8221;1.8em&#8221; background_layout=&#8221;dark&#8221; custom_margin=&#8221;30px|7%|30px|7%|false|true&#8221; global_colors_info=&#8221;{}&#8221;]Dob\u00f3r odpowiednich wymiar\u00f3w pas\u00f3w PVC jest kluczowy dla zapewnienia efektywno\u015bci kurtyn magazynowych.[\/et_pb_text][\/et_pb_column][et_pb_column type=&#8221;1_2&#8243; _builder_version=&#8221;4.27.4&#8243; _module_preset=&#8221;default&#8221; background_image=&#8221;https:\/\/pvcpro.eu\/wp-content\/uploads\/2025\/09\/wymiary-pasow-pvc.jpg&#8221; global_colors_info=&#8221;{}&#8221;][\/et_pb_column][\/et_pb_row][et_pb_row column_structure=&#8221;1_2,1_2&#8243; custom_padding_last_edited=&#8221;on|phone&#8221; _builder_version=&#8221;4.27.4&#8243; _module_preset=&#8221;default&#8221; background_color=&#8221;#023859&#8243; width_tablet=&#8221;&#8221; width_phone=&#8221;100%&#8221; width_last_edited=&#8221;on|phone&#8221; custom_margin=&#8221;||0px||false|false&#8221; custom_padding=&#8221;70px|4%|70px|4%|false|true&#8221; custom_padding_tablet=&#8221;70px|4%|70px|4%|false|true&#8221; custom_padding_phone=&#8221;20px||||false|true&#8221; global_colors_info=&#8221;{}&#8221;][et_pb_column type=&#8221;1_2&#8243; _builder_version=&#8221;4.27.4&#8243; _module_preset=&#8221;default&#8221; global_colors_info=&#8221;{}&#8221;][et_pb_text _builder_version=&#8221;4.27.4&#8243; _module_preset=&#8221;default&#8221; header_4_font_size=&#8221;28px&#8221; header_4_line_height=&#8221;1.4em&#8221; text_orientation=&#8221;center&#8221; background_layout=&#8221;dark&#8221; custom_margin=&#8221;||||false|false&#8221; custom_margin_tablet=&#8221;||||false|false&#8221; custom_margin_phone=&#8221;|4%|20px|4%|false|true&#8221; custom_margin_last_edited=&#8221;on|phone&#8221; header_4_font_size_tablet=&#8221;28px&#8221; header_4_font_size_phone=&#8221;24px&#8221; header_4_font_size_last_edited=&#8221;on|phone&#8221; text_orientation_tablet=&#8221;center&#8221; text_orientation_phone=&#8221;left&#8221; text_orientation_last_edited=&#8221;on|phone&#8221; global_colors_info=&#8221;{}&#8221;]<\/p>\n<h4><strong>Oto najcz\u0119\u015bciej stosowane wymiary:<\/strong><\/h4>\n<p>[\/et_pb_text][et_pb_text _builder_version=&#8221;4.27.4&#8243; _module_preset=&#8221;default&#8221; text_line_height=&#8221;1.8em&#8221; text_orientation=&#8221;center&#8221; background_layout=&#8221;dark&#8221; custom_margin_tablet=&#8221;&#8221; custom_margin_phone=&#8221;|4%||4%|false|true&#8221; custom_margin_last_edited=&#8221;on|phone&#8221; text_orientation_tablet=&#8221;center&#8221; text_orientation_phone=&#8221;left&#8221; text_orientation_last_edited=&#8221;on|phone&#8221; global_colors_info=&#8221;{}&#8221;]<\/p>\n<p><strong>100 x 2 mm:<\/strong> Przeznaczone g\u0142\u00f3wnie do przej\u015b\u0107 pieszych. Zapewniaj\u0105 \u0142atwo\u015b\u0107 przechodzenia oraz dobr\u0105 izolacj\u0119 termiczn\u0105 i akustyczn\u0105.<\/p>\n<p>[\/et_pb_text][et_pb_text _builder_version=&#8221;4.27.4&#8243; _module_preset=&#8221;default&#8221; text_line_height=&#8221;1.8em&#8221; text_orientation=&#8221;center&#8221; background_layout=&#8221;dark&#8221; custom_margin_tablet=&#8221;&#8221; custom_margin_phone=&#8221;|4%||4%|false|true&#8221; custom_margin_last_edited=&#8221;on|phone&#8221; text_orientation_tablet=&#8221;center&#8221; text_orientation_phone=&#8221;left&#8221; text_orientation_last_edited=&#8221;on|phone&#8221; global_colors_info=&#8221;{}&#8221;]<\/p>\n<p><strong>200 x 2 mm:<\/strong> Przeznaczone g\u0142\u00f3wnie do przej\u015b\u0107 pieszych oraz do ruchu w\u00f3zk\u00f3w wid\u0142owych. Zapewniaj\u0105 \u0142atwo\u015b\u0107 przechodzenia oraz dobr\u0105 izolacj\u0119 termiczn\u0105 i akustyczn\u0105.<\/p>\n<p>[\/et_pb_text][et_pb_text _builder_version=&#8221;4.27.4&#8243; _module_preset=&#8221;default&#8221; text_line_height=&#8221;1.8em&#8221; text_orientation=&#8221;center&#8221; background_layout=&#8221;dark&#8221; custom_margin_tablet=&#8221;&#8221; custom_margin_phone=&#8221;|4%||4%|false|true&#8221; custom_margin_last_edited=&#8221;on|phone&#8221; text_orientation_tablet=&#8221;center&#8221; text_orientation_phone=&#8221;left&#8221; text_orientation_last_edited=&#8221;on|phone&#8221; global_colors_info=&#8221;{}&#8221;]<\/p>\n<p><strong>200 x 3 mm:<\/strong> Dodatkowa opcja stosowana w szerokich a nie wysokich otworach.<\/p>\n<p>[\/et_pb_text][et_pb_text _builder_version=&#8221;4.27.4&#8243; _module_preset=&#8221;default&#8221; text_line_height=&#8221;1.8em&#8221; text_orientation=&#8221;center&#8221; background_layout=&#8221;dark&#8221; custom_margin_tablet=&#8221;&#8221; custom_margin_phone=&#8221;|4%||4%|false|true&#8221; custom_margin_last_edited=&#8221;on|phone&#8221; text_orientation_tablet=&#8221;center&#8221; text_orientation_phone=&#8221;left&#8221; text_orientation_last_edited=&#8221;on|phone&#8221; global_colors_info=&#8221;{}&#8221;]<\/p>\n<p><strong>300 x 3 mm:<\/strong> Uniwersalne pasy stosowane zar\u00f3wno w przej\u015bciach pieszych, jak i w miejscach o umiarkowanym ruchu w\u00f3zk\u00f3w wid\u0142owych.<\/p>\n<p>[\/et_pb_text][et_pb_text _builder_version=&#8221;4.27.4&#8243; _module_preset=&#8221;default&#8221; text_line_height=&#8221;1.8em&#8221; text_orientation=&#8221;center&#8221; background_layout=&#8221;dark&#8221; custom_margin_tablet=&#8221;&#8221; custom_margin_phone=&#8221;|4%||4%|false|true&#8221; custom_margin_last_edited=&#8221;on|phone&#8221; text_orientation_tablet=&#8221;center&#8221; text_orientation_phone=&#8221;left&#8221; text_orientation_last_edited=&#8221;on|phone&#8221; global_colors_info=&#8221;{}&#8221;]<\/p>\n<p><strong>300 x 2 mm:<\/strong> Dodatkowa opcja niskobud\u017cetowa dla 300 x 3mm<\/p>\n<p>[\/et_pb_text][et_pb_text _builder_version=&#8221;4.27.4&#8243; _module_preset=&#8221;default&#8221; text_line_height=&#8221;1.8em&#8221; text_orientation=&#8221;center&#8221; background_layout=&#8221;dark&#8221; custom_margin_tablet=&#8221;&#8221; custom_margin_phone=&#8221;|4%||4%|false|true&#8221; custom_margin_last_edited=&#8221;on|phone&#8221; text_orientation_tablet=&#8221;center&#8221; text_orientation_phone=&#8221;left&#8221; text_orientation_last_edited=&#8221;on|phone&#8221; global_colors_info=&#8221;{}&#8221;]<\/p>\n<p><strong>400 x 4 mm:<\/strong> Dedykowane do intensywnego ruchu mechanicznego, w tym w\u00f3zk\u00f3w wid\u0142owych i pojazd\u00f3w transportowych. Zapewniaj\u0105 wysok\u0105 odporno\u015b\u0107 na uszkodzenia mechaniczne.<\/p>\n<p>[\/et_pb_text][\/et_pb_column][et_pb_column type=&#8221;1_2&#8243; _builder_version=&#8221;4.27.4&#8243; _module_preset=&#8221;default&#8221; global_colors_info=&#8221;{}&#8221;][et_pb_text _builder_version=&#8221;4.27.4&#8243; _module_preset=&#8221;default&#8221; header_4_font_size=&#8221;28px&#8221; header_4_line_height=&#8221;1.4em&#8221; text_orientation=&#8221;center&#8221; background_layout=&#8221;dark&#8221; custom_margin_tablet=&#8221;&#8221; custom_margin_phone=&#8221;40px|4%|20px|4%|false|true&#8221; custom_margin_last_edited=&#8221;on|phone&#8221; header_4_font_size_tablet=&#8221;28px&#8221; header_4_font_size_phone=&#8221;24px&#8221; header_4_font_size_last_edited=&#8221;on|phone&#8221; text_orientation_tablet=&#8221;center&#8221; text_orientation_phone=&#8221;left&#8221; text_orientation_last_edited=&#8221;on|phone&#8221; global_colors_info=&#8221;{}&#8221;]<\/p>\n<h4><strong>Pasy \u017cebrowane dost\u0119pne s\u0105 tylko w trzech wariantach wymiarowych:<\/strong><\/h4>\n<p>[\/et_pb_text][et_pb_text _builder_version=&#8221;4.27.4&#8243; _module_preset=&#8221;default&#8221; text_line_height=&#8221;1.8em&#8221; text_orientation=&#8221;center&#8221; background_layout=&#8221;dark&#8221; custom_margin_tablet=&#8221;&#8221; custom_margin_phone=&#8221;|4%||4%|false|true&#8221; custom_margin_last_edited=&#8221;on|phone&#8221; text_orientation_tablet=&#8221;center&#8221; text_orientation_phone=&#8221;left&#8221; text_orientation_last_edited=&#8221;on|phone&#8221; global_colors_info=&#8221;{}&#8221;]<\/p>\n<p><strong>200 x 2 mm<\/strong><br \/><strong>300 x 3 mm<\/strong><br \/><strong>400 x 4 mm<\/strong><\/p>\n<p>[\/et_pb_text][et_pb_text _builder_version=&#8221;4.27.4&#8243; _module_preset=&#8221;default&#8221; text_line_height=&#8221;1.8em&#8221; text_orientation=&#8221;center&#8221; background_layout=&#8221;dark&#8221; custom_margin_tablet=&#8221;&#8221; custom_margin_phone=&#8221;|4%||4%|false|true&#8221; custom_margin_last_edited=&#8221;on|phone&#8221; text_orientation_tablet=&#8221;center&#8221; text_orientation_phone=&#8221;left&#8221; text_orientation_last_edited=&#8221;on|phone&#8221; global_colors_info=&#8221;{}&#8221;]<\/p>\n<p>W przypadku tych pas\u00f3w, specjalne \u017cebrowanie zwi\u0119ksza ich odporno\u015b\u0107 na uszkodzenia mechaniczne i ogranicza przywieranie do opakowa\u0144 stretch. Grubo\u015b\u0107 pas\u00f3w \u017cebrowanych mo\u017ce by\u0107 nieznacznie wi\u0119ksza (o 1\u20132 mm) w zale\u017cno\u015bci od producenta.<\/p>\n<p>[\/et_pb_text][\/et_pb_column][\/et_pb_row][\/et_pb_section][et_pb_section fb_built=&#8221;1&#8243; custom_padding_last_edited=&#8221;on|phone&#8221; _builder_version=&#8221;4.27.4&#8243; _module_preset=&#8221;default&#8221; background_enable_color=&#8221;off&#8221; custom_padding=&#8221;0px||||false|false&#8221; custom_padding_tablet=&#8221;0px||||false|false&#8221; custom_padding_phone=&#8221;0px||0px||false|false&#8221; animation_style=&#8221;fade&#8221; global_colors_info=&#8221;{}&#8221;][et_pb_row column_structure=&#8221;1_6,1_6,1_6,1_6,1_6,1_6&#8243; disabled_on=&#8221;on|on|off&#8221; _builder_version=&#8221;4.27.4&#8243; _module_preset=&#8221;default&#8221; width=&#8221;70%&#8221; custom_padding=&#8221;0px||0px||true|false&#8221; global_colors_info=&#8221;{}&#8221;][et_pb_column type=&#8221;1_6&#8243; _builder_version=&#8221;4.27.4&#8243; _module_preset=&#8221;default&#8221; global_colors_info=&#8221;{}&#8221;][et_pb_text _builder_version=&#8221;4.27.4&#8243; _module_preset=&#8221;default&#8221; text_font=&#8221;|800|||||||&#8221; text_font_size=&#8221;70px&#8221; text_line_height=&#8221;1.5em&#8221; background_color=&#8221;#20599d&#8221; text_orientation=&#8221;center&#8221; background_layout=&#8221;dark&#8221; custom_padding=&#8221;10%|10%|10%|10%|true|true&#8221; global_colors_info=&#8221;{}&#8221;]<\/p>\n<p>2<\/p>\n<p>[\/et_pb_text][\/et_pb_column][et_pb_column type=&#8221;1_6&#8243; _builder_version=&#8221;4.27.4&#8243; _module_preset=&#8221;default&#8221; global_colors_info=&#8221;{}&#8221;][\/et_pb_column][et_pb_column type=&#8221;1_6&#8243; _builder_version=&#8221;4.27.4&#8243; _module_preset=&#8221;default&#8221; global_colors_info=&#8221;{}&#8221;][\/et_pb_column][et_pb_column type=&#8221;1_6&#8243; _builder_version=&#8221;4.27.4&#8243; _module_preset=&#8221;default&#8221; global_colors_info=&#8221;{}&#8221;][\/et_pb_column][et_pb_column type=&#8221;1_6&#8243; _builder_version=&#8221;4.27.4&#8243; _module_preset=&#8221;default&#8221; global_colors_info=&#8221;{}&#8221;][\/et_pb_column][et_pb_column type=&#8221;1_6&#8243; _builder_version=&#8221;4.27.4&#8243; _module_preset=&#8221;default&#8221; global_colors_info=&#8221;{}&#8221;][\/et_pb_column][\/et_pb_row][et_pb_row column_structure=&#8221;1_2,1_2&#8243; use_custom_gutter=&#8221;on&#8221; gutter_width=&#8221;1&#8243; make_equal=&#8221;on&#8221; _builder_version=&#8221;4.27.4&#8243; _module_preset=&#8221;default&#8221; background_color=&#8221;#20599d&#8221; width_tablet=&#8221;&#8221; width_phone=&#8221;100%&#8221; width_last_edited=&#8221;on|phone&#8221; custom_margin_tablet=&#8221;&#8221; custom_margin_phone=&#8221;0px||0px||false|false&#8221; custom_margin_last_edited=&#8221;on|phone&#8221; custom_padding=&#8221;0px||0px||true|false&#8221; global_colors_info=&#8221;{}&#8221;][et_pb_column type=&#8221;1_2&#8243; _builder_version=&#8221;4.27.4&#8243; _module_preset=&#8221;default&#8221; global_colors_info=&#8221;{}&#8221;][et_pb_image src=&#8221;https:\/\/pvcpro.eu\/wp-content\/uploads\/2025\/09\/zakladka-pasow.jpg&#8221; alt=&#8221;zak\u0142adka pas\u00f3w&#8221; title_text=&#8221;zakladka-pasow&#8221; disabled_on=&#8221;off|off|on&#8221; _builder_version=&#8221;4.27.4&#8243; _module_preset=&#8221;default&#8221; global_colors_info=&#8221;{}&#8221;][\/et_pb_image][et_pb_text _builder_version=&#8221;4.27.4&#8243; _module_preset=&#8221;default&#8221; header_2_font=&#8221;|800|||||||&#8221; header_2_font_size=&#8221;45px&#8221; header_3_font=&#8221;|800|||||||&#8221; header_3_font_size=&#8221;38px&#8221; header_3_line_height=&#8221;1.3em&#8221; background_layout=&#8221;dark&#8221; custom_margin=&#8221;90px|7%|30px|7%|false|true&#8221; custom_margin_tablet=&#8221;90px|7%|30px|7%|false|true&#8221; custom_margin_phone=&#8221;50px|7%|30px|7%|false|true&#8221; custom_margin_last_edited=&#8221;on|phone&#8221; custom_padding=&#8221;||||false|false&#8221; header_2_font_size_tablet=&#8221;45px&#8221; header_2_font_size_phone=&#8221;30px&#8221; header_2_font_size_last_edited=&#8221;on|phone&#8221; header_3_font_size_tablet=&#8221;38px&#8221; header_3_font_size_phone=&#8221;26px&#8221; header_3_font_size_last_edited=&#8221;on|phone&#8221; global_colors_info=&#8221;{}&#8221;]<\/p>\n<h3>Zachodzenie pas\u00f3w \u2013 znaczenie dla szczelno\u015bci i trwa\u0142o\u015bci<\/h3>\n<p>[\/et_pb_text][et_pb_text _builder_version=&#8221;4.27.4&#8243; _module_preset=&#8221;default&#8221; text_line_height=&#8221;1.8em&#8221; background_layout=&#8221;dark&#8221; custom_margin=&#8221;30px|7%|30px|7%|false|true&#8221; global_colors_info=&#8221;{}&#8221;]Zak\u0142adka, czyli stopie\u0144 nachodzenia pas\u00f3w na siebie, wp\u0142ywa na szczelno\u015b\u0107 kurtyny oraz jej odporno\u015b\u0107 na uszkodzenia:[\/et_pb_text][\/et_pb_column][et_pb_column type=&#8221;1_2&#8243; _builder_version=&#8221;4.27.4&#8243; _module_preset=&#8221;default&#8221; background_image=&#8221;https:\/\/pvcpro.eu\/wp-content\/uploads\/2025\/09\/zakladka-pasow.jpg&#8221; global_colors_info=&#8221;{}&#8221;][\/et_pb_column][\/et_pb_row][et_pb_row column_structure=&#8221;1_2,1_2&#8243; custom_padding_last_edited=&#8221;on|phone&#8221; _builder_version=&#8221;4.27.4&#8243; _module_preset=&#8221;default&#8221; background_color=&#8221;#20599d&#8221; width_tablet=&#8221;&#8221; width_phone=&#8221;100%&#8221; width_last_edited=&#8221;on|phone&#8221; custom_margin=&#8221;||0px||false|false&#8221; custom_padding=&#8221;70px|4%|70px|4%|false|true&#8221; custom_padding_tablet=&#8221;70px|4%|70px|4%|false|true&#8221; custom_padding_phone=&#8221;20px||||false|true&#8221; global_colors_info=&#8221;{}&#8221;][et_pb_column type=&#8221;1_2&#8243; _builder_version=&#8221;4.27.4&#8243; _module_preset=&#8221;default&#8221; global_colors_info=&#8221;{}&#8221;][et_pb_text _builder_version=&#8221;4.27.4&#8243; _module_preset=&#8221;default&#8221; header_4_font_size=&#8221;28px&#8221; header_4_line_height=&#8221;1.4em&#8221; text_orientation=&#8221;center&#8221; background_layout=&#8221;dark&#8221; custom_margin=&#8221;||0px||false|false&#8221; custom_margin_tablet=&#8221;||||false|false&#8221; custom_margin_phone=&#8221;|4%|20px|4%|false|true&#8221; custom_margin_last_edited=&#8221;on|phone&#8221; header_4_font_size_tablet=&#8221;28px&#8221; header_4_font_size_phone=&#8221;24px&#8221; header_4_font_size_last_edited=&#8221;on|phone&#8221; text_orientation_tablet=&#8221;center&#8221; text_orientation_phone=&#8221;left&#8221; text_orientation_last_edited=&#8221;on|phone&#8221; global_colors_info=&#8221;{}&#8221;]<\/p>\n<h4><strong>Pojedyncza zak\u0142adka (ok. 36 mm)<\/strong><\/h4>\n<p>[\/et_pb_text][et_pb_text _builder_version=&#8221;4.27.4&#8243; _module_preset=&#8221;default&#8221; text_line_height=&#8221;1.8em&#8221; text_orientation=&#8221;center&#8221; background_layout=&#8221;dark&#8221; custom_margin_tablet=&#8221;&#8221; custom_margin_phone=&#8221;|4%||4%|false|true&#8221; custom_margin_last_edited=&#8221;on|phone&#8221; text_orientation_tablet=&#8221;center&#8221; text_orientation_phone=&#8221;left&#8221; text_orientation_last_edited=&#8221;on|phone&#8221; global_colors_info=&#8221;{}&#8221;]<\/p>\n<p>\u2013 podstawowa izolacja, optymalna dla wi\u0119kszo\u015bci potrzeb i rozwi\u0105za\u0144<\/p>\n<p>[\/et_pb_text][\/et_pb_column][et_pb_column type=&#8221;1_2&#8243; _builder_version=&#8221;4.27.4&#8243; _module_preset=&#8221;default&#8221; global_colors_info=&#8221;{}&#8221;][et_pb_text _builder_version=&#8221;4.27.4&#8243; _module_preset=&#8221;default&#8221; header_4_font_size=&#8221;28px&#8221; header_4_line_height=&#8221;1.4em&#8221; text_orientation=&#8221;center&#8221; background_layout=&#8221;dark&#8221; custom_margin=&#8221;||0px||false|false&#8221; custom_margin_tablet=&#8221;||||false|false&#8221; custom_margin_phone=&#8221;|4%|20px|4%|false|true&#8221; custom_margin_last_edited=&#8221;on|phone&#8221; header_4_font_size_tablet=&#8221;28px&#8221; header_4_font_size_phone=&#8221;24px&#8221; header_4_font_size_last_edited=&#8221;on|phone&#8221; text_orientation_tablet=&#8221;center&#8221; text_orientation_phone=&#8221;left&#8221; text_orientation_last_edited=&#8221;on|phone&#8221; global_colors_info=&#8221;{}&#8221;]<\/p>\n<h4><strong>Podw\u00f3jna zak\u0142adka (ok. 54 mm)<\/strong><\/h4>\n<p>[\/et_pb_text][et_pb_text _builder_version=&#8221;4.27.4&#8243; _module_preset=&#8221;default&#8221; text_line_height=&#8221;1.8em&#8221; text_orientation=&#8221;center&#8221; background_layout=&#8221;dark&#8221; custom_margin_tablet=&#8221;&#8221; custom_margin_phone=&#8221;|4%||4%|false|true&#8221; custom_margin_last_edited=&#8221;on|phone&#8221; text_orientation_tablet=&#8221;center&#8221; text_orientation_phone=&#8221;left&#8221; text_orientation_last_edited=&#8221;on|phone&#8221; global_colors_info=&#8221;{}&#8221;]<\/p>\n<p><span>\u2013 kompromis mi\u0119dzy szczelno\u015bci\u0105 a wygod\u0105 przej\u015bcia. Zwi\u0119ksza komfort termiczny a jednocze\u015bnie nie pozostawia wystarczaj\u0105c\u0105 wygod\u0119 przej\u015bcia<\/span><\/p>\n<p>[\/et_pb_text][\/et_pb_column][\/et_pb_row][\/et_pb_section][et_pb_section fb_built=&#8221;1&#8243; custom_padding_last_edited=&#8221;on|phone&#8221; disabled_on=&#8221;off|off|off&#8221; _builder_version=&#8221;4.27.4&#8243; _module_preset=&#8221;default&#8221; background_enable_color=&#8221;off&#8221; custom_margin_tablet=&#8221;&#8221; custom_margin_phone=&#8221;||0px||false|false&#8221; custom_margin_last_edited=&#8221;on|phone&#8221; custom_padding=&#8221;0px||||false|false&#8221; custom_padding_tablet=&#8221;0px||||false|false&#8221; custom_padding_phone=&#8221;0px||0px||false|false&#8221; animation_style=&#8221;fade&#8221; global_colors_info=&#8221;{}&#8221;][et_pb_row column_structure=&#8221;1_6,1_6,1_6,1_6,1_6,1_6&#8243; disabled_on=&#8221;on|on|off&#8221; _builder_version=&#8221;4.27.4&#8243; _module_preset=&#8221;default&#8221; width=&#8221;70%&#8221; custom_padding=&#8221;0px||0px||true|false&#8221; global_colors_info=&#8221;{}&#8221;][et_pb_column type=&#8221;1_6&#8243; _builder_version=&#8221;4.27.4&#8243; _module_preset=&#8221;default&#8221; global_colors_info=&#8221;{}&#8221;][et_pb_text _builder_version=&#8221;4.27.4&#8243; _module_preset=&#8221;default&#8221; text_font=&#8221;|800|||||||&#8221; text_font_size=&#8221;70px&#8221; text_line_height=&#8221;1.5em&#8221; background_color=&#8221;#458dca&#8221; text_orientation=&#8221;center&#8221; background_layout=&#8221;dark&#8221; custom_padding=&#8221;10%|10%|10%|10%|true|true&#8221; global_colors_info=&#8221;{}&#8221;]<\/p>\n<p>3<\/p>\n<p>[\/et_pb_text][\/et_pb_column][et_pb_column type=&#8221;1_6&#8243; _builder_version=&#8221;4.27.4&#8243; _module_preset=&#8221;default&#8221; global_colors_info=&#8221;{}&#8221;][\/et_pb_column][et_pb_column type=&#8221;1_6&#8243; _builder_version=&#8221;4.27.4&#8243; _module_preset=&#8221;default&#8221; global_colors_info=&#8221;{}&#8221;][\/et_pb_column][et_pb_column type=&#8221;1_6&#8243; _builder_version=&#8221;4.27.4&#8243; _module_preset=&#8221;default&#8221; global_colors_info=&#8221;{}&#8221;][\/et_pb_column][et_pb_column type=&#8221;1_6&#8243; _builder_version=&#8221;4.27.4&#8243; _module_preset=&#8221;default&#8221; global_colors_info=&#8221;{}&#8221;][\/et_pb_column][et_pb_column type=&#8221;1_6&#8243; _builder_version=&#8221;4.27.4&#8243; _module_preset=&#8221;default&#8221; global_colors_info=&#8221;{}&#8221;][\/et_pb_column][\/et_pb_row][et_pb_row column_structure=&#8221;1_2,1_2&#8243; use_custom_gutter=&#8221;on&#8221; gutter_width=&#8221;1&#8243; make_equal=&#8221;on&#8221; _builder_version=&#8221;4.27.4&#8243; _module_preset=&#8221;default&#8221; background_color=&#8221;#458dca&#8221; width_tablet=&#8221;&#8221; width_phone=&#8221;100%&#8221; width_last_edited=&#8221;on|phone&#8221; custom_padding=&#8221;0px||0px||true|false&#8221; global_colors_info=&#8221;{}&#8221;][et_pb_column type=&#8221;1_2&#8243; _builder_version=&#8221;4.27.4&#8243; _module_preset=&#8221;default&#8221; global_colors_info=&#8221;{}&#8221;][et_pb_image src=&#8221;https:\/\/pvcpro.eu\/wp-content\/uploads\/2025\/09\/pasy-zebrowane-gladkie.jpg&#8221; alt=&#8221;pasy zebrowane vs gladkie&#8221; title_text=&#8221;pasy zebrowane gladkie&#8221; disabled_on=&#8221;off|off|on&#8221; _builder_version=&#8221;4.27.4&#8243; _module_preset=&#8221;default&#8221; global_colors_info=&#8221;{}&#8221;][\/et_pb_image][et_pb_text _builder_version=&#8221;4.27.4&#8243; _module_preset=&#8221;default&#8221; header_2_font=&#8221;|800|||||||&#8221; header_2_font_size=&#8221;45px&#8221; header_3_font=&#8221;|800|||||||&#8221; header_3_font_size=&#8221;38px&#8221; header_3_line_height=&#8221;1.3em&#8221; background_layout=&#8221;dark&#8221; custom_margin=&#8221;90px|7%|30px|7%|false|true&#8221; custom_margin_tablet=&#8221;90px|7%|30px|7%|false|true&#8221; custom_margin_phone=&#8221;50px||||false|true&#8221; custom_margin_last_edited=&#8221;on|phone&#8221; custom_padding=&#8221;||||false|false&#8221; header_3_font_size_tablet=&#8221;38px&#8221; header_3_font_size_phone=&#8221;26px&#8221; header_3_font_size_last_edited=&#8221;on|phone&#8221; global_colors_info=&#8221;{}&#8221;]<\/p>\n<h3>Pasy \u017cebrowane vs. g\u0142adkie \u2013 co wybra\u0107 w magazynie?<\/h3>\n<p>[\/et_pb_text][\/et_pb_column][et_pb_column type=&#8221;1_2&#8243; _builder_version=&#8221;4.27.4&#8243; _module_preset=&#8221;default&#8221; background_image=&#8221;https:\/\/pvcpro.eu\/wp-content\/uploads\/2025\/09\/pasy-zebrowane-gladkie.jpg&#8221; global_colors_info=&#8221;{}&#8221;][\/et_pb_column][\/et_pb_row][et_pb_row column_structure=&#8221;1_2,1_2&#8243; custom_padding_last_edited=&#8221;on|desktop&#8221; _builder_version=&#8221;4.27.4&#8243; _module_preset=&#8221;default&#8221; background_color=&#8221;#458dca&#8221; width_tablet=&#8221;&#8221; width_phone=&#8221;100%&#8221; width_last_edited=&#8221;on|phone&#8221; custom_margin=&#8221;||0px||false|false&#8221; custom_padding=&#8221;70px|4%|70px|4%|false|true&#8221; custom_padding_tablet=&#8221;70px|4%|70px|4%|false|true&#8221; custom_padding_phone=&#8221;20px||||false|true&#8221; global_colors_info=&#8221;{}&#8221;][et_pb_column type=&#8221;1_2&#8243; _builder_version=&#8221;4.27.4&#8243; _module_preset=&#8221;default&#8221; global_colors_info=&#8221;{}&#8221;][et_pb_blurb title=&#8221;Pasy \u017cebrowane standard:&#8221; image=&#8221;https:\/\/pvcpro.eu\/wp-content\/uploads\/2025\/09\/pasy-zebrowane-standard.png&#8221; alt=&#8221;pasy \u017cebrowane standard&#8221; disabled_on=&#8221;on|on|off&#8221; _builder_version=&#8221;4.27.4&#8243; _module_preset=&#8221;default&#8221; header_level=&#8221;h5&#8243; header_font=&#8221;|700|||||||&#8221; header_text_align=&#8221;center&#8221; header_font_size=&#8221;28px&#8221; body_line_height=&#8221;1.8em&#8221; text_orientation=&#8221;center&#8221; background_layout=&#8221;dark&#8221; custom_margin_tablet=&#8221;&#8221; custom_margin_phone=&#8221;|4%||4%|false|true&#8221; custom_margin_last_edited=&#8221;on|phone&#8221; header_text_align_tablet=&#8221;center&#8221; header_text_align_phone=&#8221;left&#8221; header_text_align_last_edited=&#8221;on|phone&#8221; header_font_size_tablet=&#8221;28px&#8221; header_font_size_phone=&#8221;20px&#8221; header_font_size_last_edited=&#8221;on|phone&#8221; text_orientation_tablet=&#8221;center&#8221; text_orientation_phone=&#8221;left&#8221; text_orientation_last_edited=&#8221;on|phone&#8221; custom_css_blurb_title=&#8221;margin-bottom:30px;||margin-top:10px;&#8221; global_colors_info=&#8221;{}&#8221; custom_css_blurb_title_last_edited=&#8221;on|phone&#8221; custom_css_blurb_title_phone=&#8221;margin-bottom:10px;||margin-top:0px;&#8221; custom_css_blurb_title_tablet=&#8221;margin-bottom:30px;||margin-top:10px;&#8221;]<\/p>\n<p><strong>Nie przyklejaj\u0105 si\u0119 do folii stretch<\/strong> \u2013 to ich najwi\u0119ksza zaleta. Dzi\u0119ki pod\u0142u\u017cnym \u017cebrom, powierzchnia kontaktu mi\u0119dzy pasem a \u0142adunkiem jest znacznie mniejsza. To oznacza, \u017ce kurtyna nie ci\u0105gnie si\u0119 razem z palet\u0105, nie zahacza, nie hamuje ruchu.<\/p>\n<p>Zwi\u0119kszona odporno\u015b\u0107 na uszkodzenia mechaniczne \u2013 \u017cebra dzia\u0142aj\u0105 jak amortyzator przy uderzeniach, chroni\u0105c pas przed przetarciem czy rozerwaniem.<\/p>\n<p>Mniejsze tarcie mi\u0119dzy pasami \u2013 co oznacza, \u017ce nie przywieraj\u0105 do siebie nawet przy wy\u017cszej wilgotno\u015bci.<\/p>\n<p>Polecane w miejscach o du\u017cym nat\u0119\u017ceniu ruchu maszyn i w\u00f3zk\u00f3w.<\/p>\n<p>[\/et_pb_blurb][et_pb_blurb title=&#8221;Pasy \u017cebrowane standard:&#8221; alt=&#8221;pasy \u017cebrowane standard&#8221; disabled_on=&#8221;off|off|on&#8221; _builder_version=&#8221;4.27.4&#8243; _module_preset=&#8221;default&#8221; header_level=&#8221;h5&#8243; header_font=&#8221;|700|||||||&#8221; header_text_align=&#8221;center&#8221; header_font_size=&#8221;28px&#8221; body_line_height=&#8221;1.8em&#8221; text_orientation=&#8221;center&#8221; background_layout=&#8221;dark&#8221; custom_margin_tablet=&#8221;&#8221; custom_margin_phone=&#8221;|4%||4%|false|true&#8221; custom_margin_last_edited=&#8221;on|phone&#8221; header_text_align_tablet=&#8221;center&#8221; header_text_align_phone=&#8221;left&#8221; header_text_align_last_edited=&#8221;on|phone&#8221; header_font_size_tablet=&#8221;28px&#8221; header_font_size_phone=&#8221;20px&#8221; header_font_size_last_edited=&#8221;on|phone&#8221; text_orientation_tablet=&#8221;center&#8221; text_orientation_phone=&#8221;left&#8221; text_orientation_last_edited=&#8221;on|phone&#8221; custom_css_blurb_title=&#8221;margin-bottom:30px;||margin-top:10px;&#8221; global_colors_info=&#8221;{}&#8221; custom_css_blurb_title_last_edited=&#8221;on|phone&#8221; custom_css_blurb_title_phone=&#8221;margin-bottom:10px;||margin-top:0px;&#8221; custom_css_blurb_title_tablet=&#8221;margin-bottom:30px;||margin-top:10px;&#8221;]<\/p>\n<p><strong>Nie przyklejaj\u0105 si\u0119 do folii stretch<\/strong> \u2013 to ich najwi\u0119ksza zaleta. Dzi\u0119ki pod\u0142u\u017cnym \u017cebrom, powierzchnia kontaktu mi\u0119dzy pasem a \u0142adunkiem jest znacznie mniejsza. To oznacza, \u017ce kurtyna nie ci\u0105gnie si\u0119 razem z palet\u0105, nie zahacza, nie hamuje ruchu.<\/p>\n<p>Zwi\u0119kszona odporno\u015b\u0107 na uszkodzenia mechaniczne \u2013 \u017cebra dzia\u0142aj\u0105 jak amortyzator przy uderzeniach, chroni\u0105c pas przed przetarciem czy rozerwaniem.<\/p>\n<p>Mniejsze tarcie mi\u0119dzy pasami \u2013 co oznacza, \u017ce nie przywieraj\u0105 do siebie nawet przy wy\u017cszej wilgotno\u015bci.<\/p>\n<p>Polecane w miejscach o du\u017cym nat\u0119\u017ceniu ruchu maszyn i w\u00f3zk\u00f3w.<\/p>\n<p>[\/et_pb_blurb][et_pb_image src=&#8221;https:\/\/pvcpro.eu\/wp-content\/uploads\/2025\/09\/pasy-zebrowane-standard.png&#8221; alt=&#8221;pasy \u017cebrowane standard&#8221; title_text=&#8221;pasy \u017cebrowane standard&#8221; align=&#8221;center&#8221; disabled_on=&#8221;off|off|on&#8221; _builder_version=&#8221;4.27.4&#8243; _module_preset=&#8221;default&#8221; custom_margin=&#8221;||50px||false|false&#8221; global_colors_info=&#8221;{}&#8221;][\/et_pb_image][\/et_pb_column][et_pb_column type=&#8221;1_2&#8243; _builder_version=&#8221;4.27.4&#8243; _module_preset=&#8221;default&#8221; global_colors_info=&#8221;{}&#8221;][et_pb_blurb title=&#8221;Pasy g\u0142adkie:&#8221; image=&#8221;https:\/\/pvcpro.eu\/wp-content\/uploads\/2025\/09\/pasy-gladkie.png&#8221; alt=&#8221;pasy g\u0142adkie&#8221; image_last_edited=&#8221;off|desktop&#8221; disabled_on=&#8221;on|on|off&#8221; _builder_version=&#8221;4.27.4&#8243; _module_preset=&#8221;default&#8221; header_level=&#8221;h5&#8243; header_font=&#8221;|700|||||||&#8221; header_text_align=&#8221;center&#8221; header_font_size=&#8221;28px&#8221; body_line_height=&#8221;1.8em&#8221; text_orientation=&#8221;center&#8221; background_layout=&#8221;dark&#8221; custom_margin_tablet=&#8221;&#8221; custom_margin_phone=&#8221;|4%||4%|false|true&#8221; custom_margin_last_edited=&#8221;on|phone&#8221; header_text_align_tablet=&#8221;center&#8221; header_text_align_phone=&#8221;left&#8221; header_text_align_last_edited=&#8221;on|phone&#8221; header_font_size_tablet=&#8221;28px&#8221; header_font_size_phone=&#8221;20px&#8221; header_font_size_last_edited=&#8221;on|phone&#8221; text_orientation_tablet=&#8221;center&#8221; text_orientation_phone=&#8221;left&#8221; text_orientation_last_edited=&#8221;on|phone&#8221; custom_css_blurb_title=&#8221;margin-bottom:30px;||margin-top:10px;&#8221; global_colors_info=&#8221;{}&#8221; custom_css_blurb_title_last_edited=&#8221;on|phone&#8221; custom_css_blurb_title_phone=&#8221;margin-bottom:10px;||margin-top:0px;&#8221; custom_css_blurb_title_tablet=&#8221;margin-bottom:30px;||margin-top:10px;&#8221;]<\/p>\n<p>Bardziej przejrzyste \u2013 zapewniaj\u0105 maksymaln\u0105 widoczno\u015b\u0107 przej\u015bcia.<\/p>\n<p>\u0141atwiejsze w czyszczeniu \u2013 brak wg\u0142\u0119bie\u0144 u\u0142atwia szybkie mycie i dezynfekcj\u0119.<\/p>\n<p>Wystarczaj\u0105ce do standardowego ruchu pieszego lub lekkiego transportu.<\/p>\n<p>[\/et_pb_blurb][et_pb_blurb title=&#8221;Pasy g\u0142adkie:&#8221; alt=&#8221;pasy g\u0142adkie&#8221; image_last_edited=&#8221;off|desktop&#8221; disabled_on=&#8221;off|off|on&#8221; _builder_version=&#8221;4.27.4&#8243; _module_preset=&#8221;default&#8221; header_level=&#8221;h5&#8243; header_font=&#8221;|700|||||||&#8221; header_text_align=&#8221;center&#8221; header_font_size=&#8221;28px&#8221; body_line_height=&#8221;1.8em&#8221; text_orientation=&#8221;center&#8221; background_layout=&#8221;dark&#8221; custom_margin_tablet=&#8221;&#8221; custom_margin_phone=&#8221;|4%||4%|false|true&#8221; custom_margin_last_edited=&#8221;on|phone&#8221; header_text_align_tablet=&#8221;center&#8221; header_text_align_phone=&#8221;left&#8221; header_text_align_last_edited=&#8221;on|phone&#8221; header_font_size_tablet=&#8221;28px&#8221; header_font_size_phone=&#8221;20px&#8221; header_font_size_last_edited=&#8221;on|phone&#8221; text_orientation_tablet=&#8221;center&#8221; text_orientation_phone=&#8221;left&#8221; text_orientation_last_edited=&#8221;on|phone&#8221; custom_css_blurb_title=&#8221;margin-bottom:30px;||margin-top:10px;&#8221; global_colors_info=&#8221;{}&#8221; custom_css_blurb_title_last_edited=&#8221;on|phone&#8221; custom_css_blurb_title_phone=&#8221;margin-bottom:10px;||margin-top:0px;&#8221; custom_css_blurb_title_tablet=&#8221;margin-bottom:30px;||margin-top:10px;&#8221;]<\/p>\n<p>Bardziej przejrzyste \u2013 zapewniaj\u0105 maksymaln\u0105 widoczno\u015b\u0107 przej\u015bcia.<\/p>\n<p>\u0141atwiejsze w czyszczeniu \u2013 brak wg\u0142\u0119bie\u0144 u\u0142atwia szybkie mycie i dezynfekcj\u0119.<\/p>\n<p>Wystarczaj\u0105ce do standardowego ruchu pieszego lub lekkiego transportu.<\/p>\n<p>[\/et_pb_blurb][et_pb_image src=&#8221;https:\/\/pvcpro.eu\/wp-content\/uploads\/2025\/09\/pasy-gladkie.png&#8221; alt=&#8221;pasy \u017cebrowane standard&#8221; title_text=&#8221;pasy g\u0142adkie&#8221; align=&#8221;center&#8221; disabled_on=&#8221;off|off|on&#8221; _builder_version=&#8221;4.27.4&#8243; _module_preset=&#8221;default&#8221; global_colors_info=&#8221;{}&#8221;][\/et_pb_image][\/et_pb_column][\/et_pb_row][\/et_pb_section][et_pb_section fb_built=&#8221;1&#8243; custom_padding_last_edited=&#8221;on|phone&#8221; _builder_version=&#8221;4.27.4&#8243; _module_preset=&#8221;default&#8221; background_image=&#8221;https:\/\/pvcpro.eu\/wp-content\/uploads\/2025\/09\/pvc-tlo-4.png&#8221; background_size=&#8221;custom&#8221; background_image_width=&#8221;100%&#8221; custom_margin=&#8221;100px||||false|false&#8221; custom_margin_tablet=&#8221;100px||||false|false&#8221; custom_margin_phone=&#8221;0px||||false|false&#8221; custom_margin_last_edited=&#8221;on|phone&#8221; custom_padding=&#8221;50px||100px||false|false&#8221; custom_padding_tablet=&#8221;||100px||false|false&#8221; custom_padding_phone=&#8221;0px||0px||false|false&#8221; animation_style=&#8221;slide&#8221; animation_direction=&#8221;bottom&#8221; background_last_edited=&#8221;on|phone&#8221; background_enable_image_phone=&#8221;off&#8221; global_colors_info=&#8221;{}&#8221;][et_pb_row column_structure=&#8221;1_2,1_2&#8243; use_custom_gutter=&#8221;on&#8221; gutter_width=&#8221;1&#8243; make_equal=&#8221;on&#8221; _builder_version=&#8221;4.27.4&#8243; _module_preset=&#8221;default&#8221; background_color=&#8221;#023859&#8243; width_tablet=&#8221;&#8221; width_phone=&#8221;100%&#8221; width_last_edited=&#8221;on|phone&#8221; custom_margin=&#8221;0px||||false|false&#8221; custom_padding=&#8221;0px||0px||true|false&#8221; global_colors_info=&#8221;{}&#8221;][et_pb_column type=&#8221;1_2&#8243; _builder_version=&#8221;4.27.4&#8243; _module_preset=&#8221;default&#8221; global_colors_info=&#8221;{}&#8221;][et_pb_image src=&#8221;https:\/\/pvcpro.eu\/wp-content\/uploads\/2025\/09\/kolory-3-1.jpg&#8221; alt=&#8221;zadzwon napisz kurtyny&#8221; title_text=&#8221;kolory kurtyn pcv&#8221; disabled_on=&#8221;off|off|on&#8221; _builder_version=&#8221;4.27.4&#8243; _module_preset=&#8221;default&#8221; global_colors_info=&#8221;{}&#8221;][\/et_pb_image][et_pb_text _builder_version=&#8221;4.27.4&#8243; _module_preset=&#8221;default&#8221; header_2_font=&#8221;|800|||||||&#8221; header_2_font_size=&#8221;45px&#8221; background_layout=&#8221;dark&#8221; custom_margin=&#8221;90px|7%||7%|false|true&#8221; custom_margin_tablet=&#8221;90px|7%||7%|false|true&#8221; custom_margin_phone=&#8221;50px||||false|true&#8221; custom_margin_last_edited=&#8221;on|phone&#8221; custom_padding=&#8221;||||false|false&#8221; header_2_font_size_tablet=&#8221;45px&#8221; header_2_font_size_phone=&#8221;26px&#8221; header_2_font_size_last_edited=&#8221;on|phone&#8221; global_colors_info=&#8221;{}&#8221;]<\/p>\n<h2>Kolorystyka pas\u00f3w \u2013 funkcjonalno\u015b\u0107 i bezpiecze\u0144stwo<\/h2>\n<p>[\/et_pb_text][et_pb_text _builder_version=&#8221;4.27.4&#8243; _module_preset=&#8221;default&#8221; text_line_height=&#8221;1.8em&#8221; background_layout=&#8221;dark&#8221; custom_margin=&#8221;30px|7%|30px|7%|false|true&#8221; global_colors_info=&#8221;{}&#8221;]Kolor pas\u00f3w mo\u017ce pe\u0142ni\u0107 funkcje ostrzegawcze oraz estetyczne:[\/et_pb_text][et_pb_blurb use_icon=&#8221;on&#8221; font_icon=&#8221;&#x39;||divi||400&#8243; icon_color=&#8221;#FFFFFF&#8221; icon_placement=&#8221;left&#8221; image_icon_width=&#8221;32px&#8221; content_max_width=&#8221;100%&#8221; _builder_version=&#8221;4.27.4&#8243; _module_preset=&#8221;default&#8221; body_line_height=&#8221;1.8em&#8221; background_layout=&#8221;dark&#8221; custom_padding=&#8221;10px|7%|10px|7%|false|true&#8221; global_colors_info=&#8221;{}&#8221;]<\/p>\n<p><strong>Przezroczyste:<\/strong> Standardowe, zapewniaj\u0105ce maksymaln\u0105 widoczno\u015b\u0107.<\/p>\n<p>[\/et_pb_blurb][et_pb_blurb use_icon=&#8221;on&#8221; font_icon=&#8221;&#x39;||divi||400&#8243; icon_color=&#8221;#FFFFFF&#8221; icon_placement=&#8221;left&#8221; image_icon_width=&#8221;32px&#8221; content_max_width=&#8221;100%&#8221; _builder_version=&#8221;4.27.4&#8243; _module_preset=&#8221;default&#8221; body_line_height=&#8221;1.8em&#8221; background_layout=&#8221;dark&#8221; custom_padding=&#8221;10px|7%|10px|7%|false|true&#8221; global_colors_info=&#8221;{}&#8221;]<\/p>\n<p><strong>Czerwone:<\/strong> Stosowane jako pasy ostrzegawcze na skrajach kurtyn, sygnalizuj\u0105ce obecno\u015b\u0107 przej\u015bcia.<\/p>\n<p>[\/et_pb_blurb][et_pb_blurb use_icon=&#8221;on&#8221; font_icon=&#8221;&#x39;||divi||400&#8243; icon_color=&#8221;#FFFFFF&#8221; icon_placement=&#8221;left&#8221; image_icon_width=&#8221;32px&#8221; content_max_width=&#8221;100%&#8221; _builder_version=&#8221;4.27.4&#8243; _module_preset=&#8221;default&#8221; body_line_height=&#8221;1.8em&#8221; background_layout=&#8221;dark&#8221; custom_padding=&#8221;10px|7%|10px|7%|false|true&#8221; global_colors_info=&#8221;{}&#8221;]<\/p>\n<p><strong>Niebieskie, \u017c\u00f3\u0142te, szare:<\/strong> U\u017cywane do oznaczania stref funkcjonalnych lub w celach estetycznych.<\/p>\n<p>[\/et_pb_blurb][et_pb_text _builder_version=&#8221;4.27.4&#8243; _module_preset=&#8221;default&#8221; text_line_height=&#8221;1.8em&#8221; background_layout=&#8221;dark&#8221; custom_margin=&#8221;30px|7%|100px|7%|false|true&#8221; custom_margin_tablet=&#8221;30px|7%|100px|7%|false|true&#8221; custom_margin_phone=&#8221;30px|7%|80px|7%|false|true&#8221; custom_margin_last_edited=&#8221;on|phone&#8221; global_colors_info=&#8221;{}&#8221;]<\/p>\n<p>Zastosowanie kolorowych pas\u00f3w mo\u017ce zwi\u0119kszy\u0107 bezpiecze\u0144stwo poprzez lepsze oznaczenie stref przej\u015bcia oraz poprawi\u0107 organizacj\u0119 przestrzeni magazynowej.<\/p>\n<p>[\/et_pb_text][\/et_pb_column][et_pb_column type=&#8221;1_2&#8243; _builder_version=&#8221;4.27.4&#8243; _module_preset=&#8221;default&#8221; background_color=&#8221;RGBA(255,255,255,0)&#8221; background_image=&#8221;https:\/\/pvcpro.eu\/wp-content\/uploads\/2025\/09\/kolory-3-1.jpg&#8221; global_colors_info=&#8221;{}&#8221;][\/et_pb_column][\/et_pb_row][\/et_pb_section]<\/p>\n","protected":false},"excerpt":{"rendered":"<p>Znajdujesz si\u0119: <span><span><a href=\"https:\/\/pvcpro.eu\/\">Home<\/a><\/span><\/span>Kurtyny magazynowe \u2013 proste rozwi\u0105zanie na chaos, przeci\u0105gi i niebezpieczne przej\u015bciaMagazyn to miejsce, w kt\u00f3rym logistyka musi dzia\u0142a\u0107 bez zgrzyt\u00f3w \u2013 a to oznacza porz\u0105dek, bezpiecze\u0144stwo i sprawny przep\u0142yw ludzi oraz towar\u00f3w. \u2028 Niestety, w wielu halach i centrach logistycznych wyst\u0119puj\u0105 te same problemy: niekontrolowane przeci\u0105gi, unosz\u0105cy si\u0119 kurz, nieczytelny podzia\u0142 stref i [&hellip;]<\/p>\n","protected":false},"author":1,"featured_media":395,"parent":23,"menu_order":0,"comment_status":"closed","ping_status":"closed","template":"","meta":{"_et_pb_use_builder":"on","_et_pb_old_content":"<!-- wp:divi\/placeholder \/-->","_et_gb_content_width":"","_monsterinsights_skip_tracking":false,"_monsterinsights_sitenote_active":false,"_monsterinsights_sitenote_note":"","_monsterinsights_sitenote_category":0,"footnotes":""},"class_list":["post-29","page","type-page","status-publish","has-post-thumbnail","hentry"],"yoast_head":"<!-- This site is optimized with the Yoast SEO Premium plugin v26.5 (Yoast SEO v27.5) - https:\/\/yoast.com\/product\/yoast-seo-premium-wordpress\/ -->\n<title>Kurtyny PCV magazynowe - kurtyna magazynowa chroni i izoluje | PVC PRO<\/title>\n<meta name=\"description\" content=\"Kurtyny magazynowe PCV do ramp, przej\u015b\u0107, stref za\u0142adunku. Kurtyna magazynowa PVC PRO to skuteczna izolacja i \u0142atwy monta\u017c. Dobierz pasy pod swoje potrzeby.\" \/>\n<meta name=\"robots\" content=\"index, follow, max-snippet:-1, max-image-preview:large, max-video-preview:-1\" \/>\n<link rel=\"canonical\" href=\"https:\/\/pvcpro.eu\/de\/angebot\/lagerhallenvorhange\/\" \/>\n<meta property=\"og:locale\" content=\"de_DE\" \/>\n<meta property=\"og:type\" content=\"article\" \/>\n<meta property=\"og:title\" content=\"Kurtyny magazynowe\" \/>\n<meta property=\"og:description\" content=\"Kurtyny magazynowe PCV do ramp, przej\u015b\u0107, stref za\u0142adunku. Kurtyna magazynowa PVC PRO to skuteczna izolacja i \u0142atwy monta\u017c. Dobierz pasy pod swoje potrzeby.\" \/>\n<meta property=\"og:url\" content=\"https:\/\/pvcpro.eu\/de\/angebot\/lagerhallenvorhange\/\" \/>\n<meta property=\"og:site_name\" content=\"PVC PRO\" \/>\n<meta property=\"article:publisher\" content=\"https:\/\/www.facebook.com\/people\/PVC-PRO\/61580923116227\" \/>\n<meta property=\"article:modified_time\" content=\"2025-12-12T14:48:41+00:00\" \/>\n<meta property=\"og:image\" content=\"https:\/\/pvcpro.eu\/wp-content\/uploads\/2025\/09\/kurtyny-magazynowe-.jpg\" \/>\n\t<meta property=\"og:image:width\" content=\"1061\" \/>\n\t<meta property=\"og:image:height\" content=\"981\" \/>\n\t<meta property=\"og:image:type\" content=\"image\/jpeg\" \/>\n<meta name=\"twitter:card\" content=\"summary_large_image\" \/>\n<meta name=\"twitter:label1\" content=\"Gesch\u00e4tzte Lesezeit\" \/>\n\t<meta name=\"twitter:data1\" content=\"8\u00a0Minuten\" \/>\n<script type=\"application\/ld+json\" class=\"yoast-schema-graph\">{\"@context\":\"https:\\\/\\\/schema.org\",\"@graph\":[{\"@type\":\"WebPage\",\"@id\":\"https:\\\/\\\/pvcpro.eu\\\/oferta\\\/kurtyny-magazynowe\\\/\",\"url\":\"https:\\\/\\\/pvcpro.eu\\\/oferta\\\/kurtyny-magazynowe\\\/\",\"name\":\"Kurtyny PCV magazynowe - kurtyna magazynowa chroni i izoluje | PVC PRO\",\"isPartOf\":{\"@id\":\"https:\\\/\\\/pvcpro.eu\\\/en\\\/#website\"},\"primaryImageOfPage\":{\"@id\":\"https:\\\/\\\/pvcpro.eu\\\/oferta\\\/kurtyny-magazynowe\\\/#primaryimage\"},\"image\":{\"@id\":\"https:\\\/\\\/pvcpro.eu\\\/oferta\\\/kurtyny-magazynowe\\\/#primaryimage\"},\"thumbnailUrl\":\"https:\\\/\\\/pvcpro.eu\\\/wp-content\\\/uploads\\\/2025\\\/09\\\/kurtyny-magazynowe-.jpg\",\"datePublished\":\"2025-08-26T11:47:38+00:00\",\"dateModified\":\"2025-12-12T14:48:41+00:00\",\"description\":\"Kurtyny magazynowe PCV do ramp, przej\u015b\u0107, stref za\u0142adunku. Kurtyna magazynowa PVC PRO to skuteczna izolacja i \u0142atwy monta\u017c. Dobierz pasy pod swoje potrzeby.\",\"breadcrumb\":{\"@id\":\"https:\\\/\\\/pvcpro.eu\\\/oferta\\\/kurtyny-magazynowe\\\/#breadcrumb\"},\"inLanguage\":\"de\",\"potentialAction\":[{\"@type\":\"ReadAction\",\"target\":[\"https:\\\/\\\/pvcpro.eu\\\/oferta\\\/kurtyny-magazynowe\\\/\"]}]},{\"@type\":\"ImageObject\",\"inLanguage\":\"de\",\"@id\":\"https:\\\/\\\/pvcpro.eu\\\/oferta\\\/kurtyny-magazynowe\\\/#primaryimage\",\"url\":\"https:\\\/\\\/pvcpro.eu\\\/wp-content\\\/uploads\\\/2025\\\/09\\\/kurtyny-magazynowe-.jpg\",\"contentUrl\":\"https:\\\/\\\/pvcpro.eu\\\/wp-content\\\/uploads\\\/2025\\\/09\\\/kurtyny-magazynowe-.jpg\",\"width\":1061,\"height\":981,\"caption\":\"kurtyny magazynowe\"},{\"@type\":\"BreadcrumbList\",\"@id\":\"https:\\\/\\\/pvcpro.eu\\\/oferta\\\/kurtyny-magazynowe\\\/#breadcrumb\",\"itemListElement\":[{\"@type\":\"ListItem\",\"position\":1,\"name\":\"Home\",\"item\":\"https:\\\/\\\/pvcpro.eu\\\/\"},{\"@type\":\"ListItem\",\"position\":2,\"name\":\"Oferta\",\"item\":\"https:\\\/\\\/pvcpro.eu\\\/oferta\\\/\"},{\"@type\":\"ListItem\",\"position\":3,\"name\":\"Kurtyny magazynowe\"}]},{\"@type\":\"WebSite\",\"@id\":\"https:\\\/\\\/pvcpro.eu\\\/en\\\/#website\",\"url\":\"https:\\\/\\\/pvcpro.eu\\\/en\\\/\",\"name\":\"PVC PRO\",\"description\":\"Producent kurtyn paskowych\",\"publisher\":{\"@id\":\"https:\\\/\\\/pvcpro.eu\\\/en\\\/#organization\"},\"potentialAction\":[{\"@type\":\"SearchAction\",\"target\":{\"@type\":\"EntryPoint\",\"urlTemplate\":\"https:\\\/\\\/pvcpro.eu\\\/en\\\/?s={search_term_string}\"},\"query-input\":{\"@type\":\"PropertyValueSpecification\",\"valueRequired\":true,\"valueName\":\"search_term_string\"}}],\"inLanguage\":\"de\"},{\"@type\":\"Organization\",\"@id\":\"https:\\\/\\\/pvcpro.eu\\\/en\\\/#organization\",\"name\":\"PVC PRO\",\"url\":\"https:\\\/\\\/pvcpro.eu\\\/en\\\/\",\"logo\":{\"@type\":\"ImageObject\",\"inLanguage\":\"de\",\"@id\":\"https:\\\/\\\/pvcpro.eu\\\/en\\\/#\\\/schema\\\/logo\\\/image\\\/\",\"url\":\"https:\\\/\\\/pvcpro.eu\\\/wp-content\\\/uploads\\\/2025\\\/08\\\/pvc-pro-logo.png\",\"contentUrl\":\"https:\\\/\\\/pvcpro.eu\\\/wp-content\\\/uploads\\\/2025\\\/08\\\/pvc-pro-logo.png\",\"width\":275,\"height\":55,\"caption\":\"PVC PRO\"},\"image\":{\"@id\":\"https:\\\/\\\/pvcpro.eu\\\/en\\\/#\\\/schema\\\/logo\\\/image\\\/\"},\"sameAs\":[\"https:\\\/\\\/www.facebook.com\\\/people\\\/PVC-PRO\\\/61580923116227\"]}]}<\/script>\n<!-- \/ Yoast SEO Premium plugin. -->","yoast_head_json":{"title":"PVC-Lagerhallenvorh\u00e4nge \u2013 Lagerhallenvorh\u00e4nge sch\u00fctzen und isolieren | PVC PRO","description":"PVC-Lagerhallenvorh\u00e4nge f\u00fcr Rampen, Laufstege und Ladebereiche. Der PVC PRO Lagerhallenvorhang bietet effektive Isolierung und ist einfach zu montieren. W\u00e4hlen Sie die Streifen, die Ihren Anforderungen am besten entsprechen.","robots":{"index":"index","follow":"follow","max-snippet":"max-snippet:-1","max-image-preview":"max-image-preview:large","max-video-preview":"max-video-preview:-1"},"canonical":"https:\/\/pvcpro.eu\/de\/angebot\/lagerhallenvorhange\/","og_locale":"de_DE","og_type":"article","og_title":"Kurtyny magazynowe","og_description":"Kurtyny magazynowe PCV do ramp, przej\u015b\u0107, stref za\u0142adunku. Kurtyna magazynowa PVC PRO to skuteczna izolacja i \u0142atwy monta\u017c. Dobierz pasy pod swoje potrzeby.","og_url":"https:\/\/pvcpro.eu\/de\/angebot\/lagerhallenvorhange\/","og_site_name":"PVC PRO","article_publisher":"https:\/\/www.facebook.com\/people\/PVC-PRO\/61580923116227","article_modified_time":"2025-12-12T14:48:41+00:00","og_image":[{"width":1061,"height":981,"url":"https:\/\/pvcpro.eu\/wp-content\/uploads\/2025\/09\/kurtyny-magazynowe-.jpg","type":"image\/jpeg"}],"twitter_card":"summary_large_image","twitter_misc":{"Gesch\u00e4tzte Lesezeit":"8\u00a0Minuten"},"schema":{"@context":"https:\/\/schema.org","@graph":[{"@type":"WebPage","@id":"https:\/\/pvcpro.eu\/oferta\/kurtyny-magazynowe\/","url":"https:\/\/pvcpro.eu\/oferta\/kurtyny-magazynowe\/","name":"PVC-Lagerhallenvorh\u00e4nge \u2013 Lagerhallenvorh\u00e4nge sch\u00fctzen und isolieren | PVC PRO","isPartOf":{"@id":"https:\/\/pvcpro.eu\/en\/#website"},"primaryImageOfPage":{"@id":"https:\/\/pvcpro.eu\/oferta\/kurtyny-magazynowe\/#primaryimage"},"image":{"@id":"https:\/\/pvcpro.eu\/oferta\/kurtyny-magazynowe\/#primaryimage"},"thumbnailUrl":"https:\/\/pvcpro.eu\/wp-content\/uploads\/2025\/09\/kurtyny-magazynowe-.jpg","datePublished":"2025-08-26T11:47:38+00:00","dateModified":"2025-12-12T14:48:41+00:00","description":"PVC-Lagerhallenvorh\u00e4nge f\u00fcr Rampen, Laufstege und Ladebereiche. Der PVC PRO Lagerhallenvorhang bietet effektive Isolierung und ist einfach zu montieren. W\u00e4hlen Sie die Streifen, die Ihren Anforderungen am besten entsprechen.","breadcrumb":{"@id":"https:\/\/pvcpro.eu\/oferta\/kurtyny-magazynowe\/#breadcrumb"},"inLanguage":"de","potentialAction":[{"@type":"ReadAction","target":["https:\/\/pvcpro.eu\/oferta\/kurtyny-magazynowe\/"]}]},{"@type":"ImageObject","inLanguage":"de","@id":"https:\/\/pvcpro.eu\/oferta\/kurtyny-magazynowe\/#primaryimage","url":"https:\/\/pvcpro.eu\/wp-content\/uploads\/2025\/09\/kurtyny-magazynowe-.jpg","contentUrl":"https:\/\/pvcpro.eu\/wp-content\/uploads\/2025\/09\/kurtyny-magazynowe-.jpg","width":1061,"height":981,"caption":"kurtyny magazynowe"},{"@type":"BreadcrumbList","@id":"https:\/\/pvcpro.eu\/oferta\/kurtyny-magazynowe\/#breadcrumb","itemListElement":[{"@type":"ListItem","position":1,"name":"Home","item":"https:\/\/pvcpro.eu\/"},{"@type":"ListItem","position":2,"name":"Oferta","item":"https:\/\/pvcpro.eu\/oferta\/"},{"@type":"ListItem","position":3,"name":"Kurtyny magazynowe"}]},{"@type":"WebSite","@id":"https:\/\/pvcpro.eu\/en\/#website","url":"https:\/\/pvcpro.eu\/en\/","name":"PVC PRO","description":"Hersteller von Streifenvorh\u00e4ngen","publisher":{"@id":"https:\/\/pvcpro.eu\/en\/#organization"},"potentialAction":[{"@type":"SearchAction","target":{"@type":"EntryPoint","urlTemplate":"https:\/\/pvcpro.eu\/en\/?s={search_term_string}"},"query-input":{"@type":"PropertyValueSpecification","valueRequired":true,"valueName":"search_term_string"}}],"inLanguage":"de"},{"@type":"Organization","@id":"https:\/\/pvcpro.eu\/en\/#organization","name":"PVC PRO","url":"https:\/\/pvcpro.eu\/en\/","logo":{"@type":"ImageObject","inLanguage":"de","@id":"https:\/\/pvcpro.eu\/en\/#\/schema\/logo\/image\/","url":"https:\/\/pvcpro.eu\/wp-content\/uploads\/2025\/08\/pvc-pro-logo.png","contentUrl":"https:\/\/pvcpro.eu\/wp-content\/uploads\/2025\/08\/pvc-pro-logo.png","width":275,"height":55,"caption":"PVC PRO"},"image":{"@id":"https:\/\/pvcpro.eu\/en\/#\/schema\/logo\/image\/"},"sameAs":["https:\/\/www.facebook.com\/people\/PVC-PRO\/61580923116227"]}]}},"jetpack_sharing_enabled":true,"_links":{"self":[{"href":"https:\/\/pvcpro.eu\/de\/wp-json\/wp\/v2\/pages\/29","targetHints":{"allow":["GET"]}}],"collection":[{"href":"https:\/\/pvcpro.eu\/de\/wp-json\/wp\/v2\/pages"}],"about":[{"href":"https:\/\/pvcpro.eu\/de\/wp-json\/wp\/v2\/types\/page"}],"author":[{"embeddable":true,"href":"https:\/\/pvcpro.eu\/de\/wp-json\/wp\/v2\/users\/1"}],"replies":[{"embeddable":true,"href":"https:\/\/pvcpro.eu\/de\/wp-json\/wp\/v2\/comments?post=29"}],"version-history":[{"count":0,"href":"https:\/\/pvcpro.eu\/de\/wp-json\/wp\/v2\/pages\/29\/revisions"}],"up":[{"embeddable":true,"href":"https:\/\/pvcpro.eu\/de\/wp-json\/wp\/v2\/pages\/23"}],"wp:featuredmedia":[{"embeddable":true,"href":"https:\/\/pvcpro.eu\/de\/wp-json\/wp\/v2\/media\/395"}],"wp:attachment":[{"href":"https:\/\/pvcpro.eu\/de\/wp-json\/wp\/v2\/media?parent=29"}],"curies":[{"name":"wp","href":"https:\/\/api.w.org\/{rel}","templated":true}]}}