{"id":37,"date":"2025-08-26T13:48:56","date_gmt":"2025-08-26T11:48:56","guid":{"rendered":"https:\/\/pvcpro.eu\/?page_id=37"},"modified":"2025-12-12T15:49:58","modified_gmt":"2025-12-12T14:49:58","slug":"pvc-gardiner-for-jordbruket","status":"publish","type":"page","link":"https:\/\/pvcpro.eu\/sv\/oferta\/kurtyny-pcv-rolnicze\/","title":{"rendered":"Jordbruksgardiner i PVC"},"content":{"rendered":"<p>[et_pb_section fb_built=&#8221;1&#8243; _builder_version=&#8221;4.27.4&#8243; _module_preset=&#8221;default&#8221; background_image=&#8221;https:\/\/pvcpro.eu\/wp-content\/uploads\/2025\/09\/kurtyny-pcv-rolnicze-pvc.jpg&#8221; background_position=&#8221;bottom_center&#8221; transform_translate_linked=&#8221;off&#8221; position_origin_a_tablet=&#8221;&#8221; position_origin_a_phone=&#8221;&#8221; position_origin_a_last_edited=&#8221;on|tablet&#8221; position_origin_f_tablet=&#8221;&#8221; position_origin_f_phone=&#8221;&#8221; position_origin_f_last_edited=&#8221;on|tablet&#8221; position_origin_r_tablet=&#8221;&#8221; position_origin_r_phone=&#8221;&#8221; position_origin_r_last_edited=&#8221;on|tablet&#8221; custom_padding=&#8221;0px||0px||false|false&#8221; positioning_tablet=&#8221;none&#8221; positioning_phone=&#8221;none&#8221; positioning_last_edited=&#8221;on|tablet&#8221; custom_css_main_element=&#8221;overflow: hidden;&#8221; custom_css_free_form=&#8221;||||&#8221; global_colors_info=&#8221;{}&#8221;][et_pb_row column_structure=&#8221;2_3,1_3&#8243; use_custom_gutter=&#8221;on&#8221; gutter_width=&#8221;1&#8243; make_equal=&#8221;on&#8221; _builder_version=&#8221;4.27.4&#8243; _module_preset=&#8221;default&#8221; z_index=&#8221;77&#8243; custom_padding=&#8221;0px||0px||false|false&#8221; background_color_tablet=&#8221;#023859&#8243; background_last_edited=&#8221;on|tablet&#8221; background_enable_color_tablet=&#8221;on&#8221; use_background_color_gradient_tablet=&#8221;on&#8221; use_background_color_gradient_phone=&#8221;off&#8221; background_color_gradient_stops_tablet=&#8221;rgba(2,56,89,0) 0%|rgba(2,56,89,0) 35%|rgba(2, 56, 89, 1) 35%|#023859 65%|rgba(2, 56, 89, 0.33) 65%|rgba(2,56,89,0) 100%&#8221; background_color_gradient_overlays_image_tablet=&#8221;on&#8221; background_image_tablet=&#8221;https:\/\/pvcpro.eu\/wp-content\/uploads\/2025\/08\/pvcpro-logo-sygnet-tlo-prawe.png&#8221; background_enable_image_tablet=&#8221;on&#8221; background_enable_image_phone=&#8221;off&#8221; custom_css_main_element=&#8221;oveflow:visible;||&#8221; global_colors_info=&#8221;{}&#8221;][et_pb_column type=&#8221;2_3&#8243; _builder_version=&#8221;4.27.4&#8243; _module_preset=&#8221;default&#8221; use_background_color_gradient=&#8221;on&#8221; background_color_gradient_stops=&#8221;rgba(2,56,89,0) 0%|rgba(2,56,89,0) 44%|#023859 44%|rgba(2, 56, 89, 1) 80%|rgba(2,56,89,0) 80%|rgba(2,56,89,0) 100%&#8221; background_last_edited=&#8221;on|phone&#8221; use_background_color_gradient_tablet=&#8221;on&#8221; use_background_color_gradient_phone=&#8221;off&#8221; background_color_gradient_stops_tablet=&#8221;rgba(2,56,89,0) 0%|rgba(2,56,89,0) 44%|#023859 44%|rgba(2, 56, 89, 1) 80%|rgba(2,56,89,0) 80%|rgba(2,56,89,0) 100%&#8221; global_colors_info=&#8221;{}&#8221;][et_pb_blurb title=&#8221;Kurtyny PCV Rolnicze&#8221; image=&#8221;https:\/\/pvcpro.eu\/wp-content\/uploads\/2025\/08\/kurtyny-pcv-rolnicze.png&#8221; alt=&#8221;Kurtyny PCV Rolnicze&#8221; icon_placement=&#8221;left&#8221; image_icon_width=&#8221;100px&#8221; content_max_width=&#8221;100%&#8221; icon_placement_tablet=&#8221;top&#8221; icon_placement_phone=&#8221;top&#8221; icon_placement_last_edited=&#8221;on|tablet&#8221; image_icon_width_tablet=&#8221;70px&#8221; image_icon_width_phone=&#8221;70px&#8221; image_icon_width_last_edited=&#8221;on|tablet&#8221; module_class=&#8221;okruszki&#8221; _builder_version=&#8221;4.27.4&#8243; _module_preset=&#8221;default&#8221; header_level=&#8221;h1&#8243; header_font=&#8221;|800|||||||&#8221; header_text_color=&#8221;#FFFFFF&#8221; header_font_size=&#8221;50px&#8221; body_text_color=&#8221;rgba(255,255,255,0.73)&#8221; image_icon_custom_margin=&#8221;|20px|||false|false&#8221; background_layout=&#8221;dark&#8221; custom_margin=&#8221;24%||12%|30px|false|false&#8221; custom_margin_tablet=&#8221;20%||20%|30px|false|false&#8221; custom_margin_phone=&#8221;20%||20%|30px|false|false&#8221; custom_margin_last_edited=&#8221;on|tablet&#8221; header_font_size_tablet=&#8221;40px&#8221; header_font_size_phone=&#8221;36px&#8221; header_font_size_last_edited=&#8221;on|phone&#8221; module_alignment_tablet=&#8221;&#8221; module_alignment_phone=&#8221;left&#8221; module_alignment_last_edited=&#8221;on|phone&#8221; custom_css_blurb_title=&#8221;margin-bottom:10px;&#8221; global_colors_info=&#8221;{}&#8221; custom_css_blurb_title_last_edited=&#8221;on|tablet&#8221; custom_css_blurb_title_tablet=&#8221;margin-bottom:0px;&#8221; custom_css_blurb_title_phone=&#8221;margin-bottom:0px;&#8221;]<\/p>\n<p>Znajdujesz si\u0119: <span><span><a href=\"https:\/\/pvcpro.eu\/\">Home<\/a><\/span><\/span><\/p>\n<p>[\/et_pb_blurb][\/et_pb_column][et_pb_column type=&#8221;1_3&#8243; _builder_version=&#8221;4.27.4&#8243; _module_preset=&#8221;default&#8221; background_color=&#8221;RGBA(255,255,255,0)&#8221; background_enable_image=&#8221;off&#8221; global_colors_info=&#8221;{}&#8221;][et_pb_image src=&#8221;https:\/\/pvcpro.eu\/wp-content\/uploads\/2025\/08\/kurtyny-paskowe-pvc-sygnet-do-naglowka.png&#8221; alt=&#8221;kurtyny paskowe pvc sygnet do naglowka&#8221; title_text=&#8221;kurtyny paskowe pvc sygnet do naglowka&#8221; align_tablet=&#8221;center&#8221; align_phone=&#8221;center&#8221; align_last_edited=&#8221;on|tablet&#8221; disabled_on=&#8221;on|on|off&#8221; _builder_version=&#8221;4.27.4&#8243; _module_preset=&#8221;default&#8221; transform_scale=&#8221;150%|150%&#8221; transform_translate=&#8221;1px|37px&#8221; transform_translate_linked=&#8221;off&#8221; positioning=&#8221;absolute&#8221; position_origin_a=&#8221;top_right&#8221; horizontal_offset=&#8221;0px&#8221; z_index=&#8221;44&#8243; width=&#8221;100%&#8221; min_height=&#8221;100%&#8221; height=&#8221;100%&#8221; max_height=&#8221;100%&#8221; global_colors_info=&#8221;{}&#8221;][\/et_pb_image][\/et_pb_column][\/et_pb_row][\/et_pb_section][et_pb_section fb_built=&#8221;1&#8243; custom_padding_last_edited=&#8221;on|phone&#8221; _builder_version=&#8221;4.27.4&#8243; _module_preset=&#8221;default&#8221; custom_padding=&#8221;||0px||false|false&#8221; custom_padding_tablet=&#8221;||0px||false|false&#8221; custom_padding_phone=&#8221;20px||0px||false|false&#8221; animation_style=&#8221;fade&#8221; global_colors_info=&#8221;{}&#8221;][et_pb_row column_structure=&#8221;1_2,1_2&#8243; _builder_version=&#8221;4.27.4&#8243; _module_preset=&#8221;default&#8221; custom_padding=&#8221;||0px||false|false&#8221; global_colors_info=&#8221;{}&#8221;][et_pb_column type=&#8221;1_2&#8243; _builder_version=&#8221;4.27.4&#8243; _module_preset=&#8221;default&#8221; global_colors_info=&#8221;{}&#8221;][et_pb_text _builder_version=&#8221;4.27.4&#8243; _module_preset=&#8221;default&#8221; header_2_font=&#8221;|800|||||||&#8221; header_2_text_align=&#8221;left&#8221; header_2_font_size=&#8221;45px&#8221; header_2_line_height=&#8221;1.3em&#8221; max_width=&#8221;1200px&#8221; module_alignment=&#8221;center&#8221; custom_margin=&#8221;5%||||false|false&#8221; header_2_font_size_tablet=&#8221;36px&#8221; header_2_font_size_phone=&#8221;26px&#8221; header_2_font_size_last_edited=&#8221;on|desktop&#8221; global_colors_info=&#8221;{}&#8221;]<\/p>\n<h2>Znane problemy w codziennej pracy gospodarstwa rolnego?<\/h2>\n<p>[\/et_pb_text][et_pb_text _builder_version=&#8221;4.27.4&#8243; _module_preset=&#8221;default&#8221; header_2_font=&#8221;|800|||||||&#8221; header_2_text_align=&#8221;left&#8221; header_2_font_size=&#8221;45px&#8221; header_2_line_height=&#8221;1.3em&#8221; header_3_font=&#8221;|700|||||||&#8221; header_3_font_size=&#8221;30px&#8221; max_width=&#8221;1200px&#8221; module_alignment=&#8221;center&#8221; custom_margin=&#8221;5%||||false|false&#8221; header_2_font_size_tablet=&#8221;36px&#8221; header_2_font_size_phone=&#8221;26px&#8221; header_2_font_size_last_edited=&#8221;on|desktop&#8221; header_3_font_size_tablet=&#8221;30px&#8221; header_3_font_size_phone=&#8221;26px&#8221; header_3_font_size_last_edited=&#8221;on|desktop&#8221; global_colors_info=&#8221;{}&#8221;]<\/p>\n<h3>Utrzymanie odpowiednich warunk\u00f3w<br \/>\nw r\u00f3\u017cnych obiektach rolniczych<\/h3>\n<p>[\/et_pb_text][et_pb_text _builder_version=&#8221;4.27.4&#8243; _module_preset=&#8221;default&#8221; text_line_height=&#8221;1.8em&#8221; custom_margin_tablet=&#8221;||50px||false|false&#8221; custom_margin_phone=&#8221;||50px||false|false&#8221; custom_margin_last_edited=&#8221;on|tablet&#8221; global_colors_info=&#8221;{}&#8221;]W rolnictwie r\u00f3\u017cnorodno\u015b\u0107 pomieszcze\u0144 i potrzeb jest ogromna \u2013 od ob\u00f3r, chlewni, stajni, przez szklarnie, ch\u0142odnie i przechowalnie, a\u017c po magazyny. W ka\u017cdej z tych przestrzeni liczy si\u0119 kontrola temperatury i wilgoci a tak\u017ce ochrona przed przeci\u0105gami, owadami czy py\u0142em. A to nie wszystko \u2013 r\u00f3wnie wa\u017cny jest swobodny dost\u0119p ludzi, zwierz\u0105t i maszyn.[\/et_pb_text][\/et_pb_column][et_pb_column type=&#8221;1_2&#8243; _builder_version=&#8221;4.27.4&#8243; _module_preset=&#8221;default&#8221; global_colors_info=&#8221;{}&#8221;][et_pb_image src=&#8221;https:\/\/pvcpro.eu\/wp-content\/uploads\/2025\/09\/kurtyny-rolnicze-pcv.jpg&#8221; alt=&#8221;kurtyny rolnicze pcv&#8221; title_text=&#8221;kurtyny rolnicze pcv&#8221; _builder_version=&#8221;4.27.4&#8243; _module_preset=&#8221;default&#8221; custom_padding=&#8221;||||false|false&#8221; animation_style=&#8221;slide&#8221; animation_direction=&#8221;right&#8221; global_colors_info=&#8221;{}&#8221;][\/et_pb_image][et_pb_image src=&#8221;https:\/\/pvcpro.eu\/wp-content\/uploads\/2025\/09\/kurtyny-pcv-dla-rolnictwa.png&#8221; alt=&#8221;kurtyny pcv dla rolnictwa&#8221; title_text=&#8221;kurtyny pcv dla rolnictwa&#8221; align=&#8221;right&#8221; _builder_version=&#8221;4.27.4&#8243; _module_preset=&#8221;default&#8221; positioning=&#8221;absolute&#8221; position_origin_a=&#8221;top_right&#8221; vertical_offset=&#8221;-40px&#8221; horizontal_offset=&#8221;-40px&#8221; vertical_offset_tablet=&#8221;-40px&#8221; vertical_offset_phone=&#8221;-20px&#8221; vertical_offset_last_edited=&#8221;on|phone&#8221; horizontal_offset_tablet=&#8221;-40px&#8221; horizontal_offset_phone=&#8221;-20px&#8221; horizontal_offset_last_edited=&#8221;on|phone&#8221; width=&#8221;100%&#8221; width_tablet=&#8221;150px&#8221; width_phone=&#8221;100px&#8221; width_last_edited=&#8221;on|phone&#8221; animation_style=&#8221;slide&#8221; global_colors_info=&#8221;{}&#8221;][\/et_pb_image][\/et_pb_column][\/et_pb_row][et_pb_row column_structure=&#8221;1_2,1_2&#8243; _builder_version=&#8221;4.27.4&#8243; _module_preset=&#8221;default&#8221; custom_padding=&#8221;0px||0px||false|false&#8221; global_colors_info=&#8221;{}&#8221;][et_pb_column type=&#8221;1_2&#8243; _builder_version=&#8221;4.27.4&#8243; _module_preset=&#8221;default&#8221; global_colors_info=&#8221;{}&#8221;][et_pb_text _builder_version=&#8221;4.27.4&#8243; _module_preset=&#8221;default&#8221; header_2_font=&#8221;|800|||||||&#8221; header_2_text_align=&#8221;left&#8221; header_2_font_size=&#8221;45px&#8221; header_2_line_height=&#8221;1.3em&#8221; header_3_font=&#8221;|700|||||||&#8221; header_3_font_size=&#8221;30px&#8221; max_width=&#8221;1200px&#8221; module_alignment=&#8221;center&#8221; custom_margin=&#8221;5%||||false|false&#8221; header_2_font_size_tablet=&#8221;36px&#8221; header_2_font_size_phone=&#8221;26px&#8221; header_2_font_size_last_edited=&#8221;on|desktop&#8221; header_3_font_size_tablet=&#8221;30px&#8221; header_3_font_size_phone=&#8221;26px&#8221; header_3_font_size_last_edited=&#8221;on|desktop&#8221; global_colors_info=&#8221;{}&#8221;]<\/p>\n<h3>Trudno\u015bci w doborze uniwersalnych rozwi\u0105za\u0144<\/h3>\n<p>[\/et_pb_text][et_pb_text _builder_version=&#8221;4.27.4&#8243; _module_preset=&#8221;default&#8221; text_line_height=&#8221;1.8em&#8221; custom_margin_tablet=&#8221;||50px||false|false&#8221; custom_margin_phone=&#8221;||20px||false|false&#8221; custom_margin_last_edited=&#8221;on|tablet&#8221; global_colors_info=&#8221;{}&#8221;]<\/p>\n<p>Tradycyjne przegrody i drzwi nie zawsze si\u0119 sprawdzaj\u0105 \u2013 s\u0105 ma\u0142o elastyczne, niepraktyczne w u\u017cytkowaniu, a cz\u0119sto kosztowne w monta\u017cu. Potrzebne jest rozwi\u0105zanie, kt\u00f3re dopasowuje si\u0119 do warunk\u00f3w gospodarstwa, a nie odwrotnie.<\/p>\n<p>[\/et_pb_text][\/et_pb_column][et_pb_column type=&#8221;1_2&#8243; _builder_version=&#8221;4.27.4&#8243; _module_preset=&#8221;default&#8221; global_colors_info=&#8221;{}&#8221;][et_pb_image src=&#8221;https:\/\/pvcpro.eu\/wp-content\/uploads\/2025\/09\/kurtyn-pcv-rolnicze-radom.jpg&#8221; alt=&#8221;kurtyn pcv rolnicze radom&#8221; title_text=&#8221;kurtyn pcv rolnicze radom&#8221; _builder_version=&#8221;4.27.4&#8243; _module_preset=&#8221;default&#8221; animation_style=&#8221;slide&#8221; animation_direction=&#8221;right&#8221; global_colors_info=&#8221;{}&#8221;][\/et_pb_image][\/et_pb_column][\/et_pb_row][\/et_pb_section][et_pb_section fb_built=&#8221;1&#8243; custom_padding_last_edited=&#8221;on|phone&#8221; _builder_version=&#8221;4.27.4&#8243; _module_preset=&#8221;default&#8221; background_enable_color=&#8221;off&#8221; custom_margin_tablet=&#8221;&#8221; custom_margin_phone=&#8221;||||false|false&#8221; custom_margin_last_edited=&#8221;on|phone&#8221; custom_padding=&#8221;100px||0px||false|false&#8221; custom_padding_tablet=&#8221;100px||0px||false|false&#8221; custom_padding_phone=&#8221;20px||0px||false|false&#8221; animation_style=&#8221;slide&#8221; animation_direction=&#8221;bottom&#8221; global_colors_info=&#8221;{}&#8221;][et_pb_row _builder_version=&#8221;4.27.4&#8243; _module_preset=&#8221;default&#8221; custom_margin=&#8221;||0px||false|false&#8221; custom_padding=&#8221;||0px||false|false&#8221; global_colors_info=&#8221;{}&#8221;][et_pb_column type=&#8221;4_4&#8243; _builder_version=&#8221;4.27.4&#8243; _module_preset=&#8221;default&#8221; global_colors_info=&#8221;{}&#8221;][et_pb_text _builder_version=&#8221;4.27.4&#8243; _module_preset=&#8221;default&#8221; header_2_font=&#8221;|800|||||||&#8221; header_2_text_align=&#8221;center&#8221; header_2_font_size=&#8221;45px&#8221; header_2_line_height=&#8221;1.3em&#8221; max_width=&#8221;1200px&#8221; module_alignment=&#8221;center&#8221; header_2_text_align_tablet=&#8221;center&#8221; header_2_text_align_phone=&#8221;left&#8221; header_2_text_align_last_edited=&#8221;on|phone&#8221; header_2_font_size_tablet=&#8221;36px&#8221; header_2_font_size_phone=&#8221;26px&#8221; header_2_font_size_last_edited=&#8221;on|desktop&#8221; text_orientation_tablet=&#8221;&#8221; text_orientation_phone=&#8221;left&#8221; text_orientation_last_edited=&#8221;on|phone&#8221; global_colors_info=&#8221;{}&#8221;]<\/p>\n<h2>Gotowe rozwi\u0105zanie \u2013 kurtyny PCV rolnicze dla nowoczesnego gospodarstwa<\/h2>\n<p>[\/et_pb_text][et_pb_text _builder_version=&#8221;4.27.4&#8243; _module_preset=&#8221;default&#8221; text_line_height=&#8221;1.8em&#8221; header_2_font=&#8221;|800|||||||&#8221; header_2_text_align=&#8221;center&#8221; header_2_font_size=&#8221;45px&#8221; header_2_line_height=&#8221;1.3em&#8221; text_orientation=&#8221;center&#8221; max_width=&#8221;1000px&#8221; module_alignment=&#8221;center&#8221; header_2_font_size_tablet=&#8221;36px&#8221; header_2_font_size_phone=&#8221;26px&#8221; header_2_font_size_last_edited=&#8221;on|desktop&#8221; text_orientation_tablet=&#8221;center&#8221; text_orientation_phone=&#8221;left&#8221; text_orientation_last_edited=&#8221;on|phone&#8221; global_colors_info=&#8221;{}&#8221;]PVC PRO oferuje kurtyny paskowe PCV, kt\u00f3re odpowiadaj\u0105 na realne potrzeby gospodarstw \u2013 niezale\u017cnie od tego, czy chodzi o zwierz\u0119ta, uprawy czy magazynowanie.[\/et_pb_text][\/et_pb_column][\/et_pb_row][\/et_pb_section][et_pb_section fb_built=&#8221;1&#8243; custom_padding_last_edited=&#8221;on|phone&#8221; _builder_version=&#8221;4.27.4&#8243; _module_preset=&#8221;default&#8221; background_image=&#8221;https:\/\/pvcpro.eu\/wp-content\/uploads\/2025\/09\/pvcpro-kurtyny-tlo-lewe.png&#8221; background_size=&#8221;initial&#8221; background_position=&#8221;bottom_left&#8221; custom_padding=&#8221;||100px||false|false&#8221; custom_padding_tablet=&#8221;||100px||false|false&#8221; custom_padding_phone=&#8221;10px||0px||false|false&#8221; background_last_edited=&#8221;on|phone&#8221; background_enable_image_phone=&#8221;off&#8221; global_colors_info=&#8221;{}&#8221;][et_pb_row column_structure=&#8221;1_3,1_3,1_3&#8243; use_custom_gutter=&#8221;on&#8221; gutter_width=&#8221;2&#8243; make_equal=&#8221;on&#8221; _builder_version=&#8221;4.27.4&#8243; _module_preset=&#8221;default&#8221; width_tablet=&#8221;&#8221; width_phone=&#8221;90%&#8221; width_last_edited=&#8221;on|phone&#8221; custom_margin=&#8221;0px||||false|false&#8221; global_colors_info=&#8221;{}&#8221;][et_pb_column type=&#8221;1_3&#8243; _builder_version=&#8221;4.27.4&#8243; _module_preset=&#8221;default&#8221; global_colors_info=&#8221;{}&#8221;][et_pb_blurb title=&#8221;Ochrona przed przeci\u0105gami, ch\u0142odem i owadami&#8221; use_icon=&#8221;on&#8221; font_icon=&#8221;&#xe007;||divi||400&#8243; icon_color=&#8221;#FFFFFF&#8221; image_icon_width=&#8221;64px&#8221; image_icon_width_tablet=&#8221;64px&#8221; image_icon_width_phone=&#8221;50px&#8221; image_icon_width_last_edited=&#8221;on|phone&#8221; _builder_version=&#8221;4.27.4&#8243; _module_preset=&#8221;default&#8221; header_level=&#8221;h3&#8243; header_font=&#8221;|700|||||||&#8221; header_text_color=&#8221;#FFFFFF&#8221; header_font_size=&#8221;26px&#8221; header_line_height=&#8221;1.4em&#8221; body_line_height=&#8221;1.8em&#8221; background_color=&#8221;#356fb4&#8243; image_icon_custom_margin=&#8221;||20px||false|false&#8221; image_icon_custom_margin_tablet=&#8221;||20px||false|false&#8221; image_icon_custom_margin_phone=&#8221;||10px||false|false&#8221; image_icon_custom_margin_last_edited=&#8221;on|phone&#8221; text_orientation=&#8221;center&#8221; background_layout=&#8221;dark&#8221; height=&#8221;100%&#8221; custom_padding=&#8221;70px|5%|70px|5%|true|true&#8221; custom_padding_tablet=&#8221;70px|5%|70px|5%|true|true&#8221; custom_padding_phone=&#8221;50px||50px||true|true&#8221; custom_padding_last_edited=&#8221;on|phone&#8221; animation_style=&#8221;slide&#8221; animation_direction=&#8221;left&#8221; header_font_size_tablet=&#8221;24px&#8221; header_font_size_phone=&#8221;24px&#8221; header_font_size_last_edited=&#8221;on|phone&#8221; custom_css_blurb_title=&#8221;margin-bottom:20px&#8221; global_colors_info=&#8221;{}&#8221;]Kurtyny pomagaj\u0105 utrzyma\u0107 mikroklimat w pomieszczeniach gospodarskich i uprawowych, chroni\u0105c zar\u00f3wno zwierz\u0119ta, jak i plony.[\/et_pb_blurb][\/et_pb_column][et_pb_column type=&#8221;1_3&#8243; _builder_version=&#8221;4.27.4&#8243; _module_preset=&#8221;default&#8221; global_colors_info=&#8221;{}&#8221;][et_pb_blurb title=&#8221;Wygodny dost\u0119p \u2028i wytrzyma\u0142o\u015b\u0107&#8221; use_icon=&#8221;on&#8221; font_icon=&#8221;&#xe007;||divi||400&#8243; icon_color=&#8221;#FFFFFF&#8221; image_icon_width=&#8221;64px&#8221; image_icon_width_tablet=&#8221;64px&#8221; image_icon_width_phone=&#8221;50px&#8221; image_icon_width_last_edited=&#8221;on|phone&#8221; _builder_version=&#8221;4.27.4&#8243; _module_preset=&#8221;default&#8221; header_level=&#8221;h3&#8243; header_font=&#8221;|700|||||||&#8221; header_text_color=&#8221;#FFFFFF&#8221; header_font_size=&#8221;26px&#8221; header_line_height=&#8221;1.4em&#8221; body_line_height=&#8221;1.8em&#8221; background_color=&#8221;#458dca&#8221; image_icon_custom_margin=&#8221;||20px||false|false&#8221; image_icon_custom_margin_tablet=&#8221;||20px||false|false&#8221; image_icon_custom_margin_phone=&#8221;||10px||false|false&#8221; image_icon_custom_margin_last_edited=&#8221;on|phone&#8221; text_orientation=&#8221;center&#8221; background_layout=&#8221;dark&#8221; height=&#8221;100%&#8221; custom_padding=&#8221;70px|5%|70px|5%|true|true&#8221; custom_padding_tablet=&#8221;70px|5%|70px|5%|true|true&#8221; custom_padding_phone=&#8221;50px||50px||true|true&#8221; custom_padding_last_edited=&#8221;on|phone&#8221; animation_style=&#8221;slide&#8221; animation_direction=&#8221;bottom&#8221; header_font_size_tablet=&#8221;24px&#8221; header_font_size_phone=&#8221;24px&#8221; header_font_size_last_edited=&#8221;on|phone&#8221; custom_css_blurb_title=&#8221;margin-bottom:20px&#8221; global_colors_info=&#8221;{}&#8221;]Elastyczne pasy umo\u017cliwiaj\u0105 przej\u015bcie ludzi, zwierz\u0105t, wjazd taczek, w\u00f3zk\u00f3w czy maszyn bez potrzeby otwierania drzwi. Odporne na wilgo\u0107, mr\u00f3z i \u015brodki chemiczne \u2013 idealne do warunk\u00f3w wiejskich.[\/et_pb_blurb][\/et_pb_column][et_pb_column type=&#8221;1_3&#8243; _builder_version=&#8221;4.27.4&#8243; _module_preset=&#8221;default&#8221; global_colors_info=&#8221;{}&#8221;][et_pb_blurb title=&#8221;Szerokie spektrum zastosowa\u0144&#8221; use_icon=&#8221;on&#8221; font_icon=&#8221;&#xe007;||divi||400&#8243; icon_color=&#8221;#FFFFFF&#8221; image_icon_width=&#8221;64px&#8221; image_icon_width_tablet=&#8221;64px&#8221; image_icon_width_phone=&#8221;50px&#8221; image_icon_width_last_edited=&#8221;on|phone&#8221; _builder_version=&#8221;4.27.4&#8243; _module_preset=&#8221;default&#8221; header_level=&#8221;h3&#8243; header_font=&#8221;|700|||||||&#8221; header_text_color=&#8221;#FFFFFF&#8221; header_font_size=&#8221;26px&#8221; header_line_height=&#8221;1.4em&#8221; body_line_height=&#8221;1.8em&#8221; background_color=&#8221;#356fb4&#8243; image_icon_custom_margin=&#8221;||20px||false|false&#8221; image_icon_custom_margin_tablet=&#8221;||20px||false|false&#8221; image_icon_custom_margin_phone=&#8221;||10px||false|false&#8221; image_icon_custom_margin_last_edited=&#8221;on|phone&#8221; text_orientation=&#8221;center&#8221; background_layout=&#8221;dark&#8221; height=&#8221;100%&#8221; custom_padding=&#8221;70px|5%|70px|5%|true|true&#8221; custom_padding_tablet=&#8221;70px|5%|70px|5%|true|true&#8221; custom_padding_phone=&#8221;50px||50px||true|true&#8221; custom_padding_last_edited=&#8221;on|phone&#8221; animation_style=&#8221;slide&#8221; animation_direction=&#8221;right&#8221; header_font_size_tablet=&#8221;24px&#8221; header_font_size_phone=&#8221;24px&#8221; header_font_size_last_edited=&#8221;on|phone&#8221; custom_css_blurb_title=&#8221;margin-bottom:20px&#8221; global_colors_info=&#8221;{}&#8221;]<\/p>\n<p><strong>Obory i chlewnie<\/strong> \u2013 redukcja przeci\u0105g\u00f3w, izolacja zapach\u00f3w i ha\u0142asu.<br \/><strong>Stajnie i boksy dla koni<\/strong> \u2013 komfort cieplny i odgrodzenie przestrzeni.<br \/><strong>Szklarnie i tunele foliowe<\/strong> \u2013 ochrona upraw i utrzymanie mikroklimatu.<br \/><strong>Przechowywanie zbior\u00f3w<\/strong> \u2013 os\u0142ona przed kurzem, owadami i wilgoci\u0105.<br \/><strong>Ch\u0142odnie rolnicze<\/strong> \u2013 minimalizacja strat energii i lepsza izolacja<br \/><strong>Magazyny<\/strong> \u2013 oddzielenie stref, porz\u0105dek i \u0142atwy dost\u0119p.<\/p>\n<p>[\/et_pb_blurb][\/et_pb_column][\/et_pb_row][\/et_pb_section][et_pb_section fb_built=&#8221;1&#8243; custom_padding_last_edited=&#8221;on|phone&#8221; _builder_version=&#8221;4.27.4&#8243; _module_preset=&#8221;default&#8221; background_enable_color=&#8221;off&#8221; custom_padding=&#8221;0px||0px||false|false&#8221; custom_padding_tablet=&#8221;100px||0px||false|false&#8221; custom_padding_phone=&#8221;20px||0px||false|false&#8221; animation_style=&#8221;slide&#8221; animation_direction=&#8221;bottom&#8221; global_colors_info=&#8221;{}&#8221;][et_pb_row custom_padding_last_edited=&#8221;on|phone&#8221; _builder_version=&#8221;4.27.4&#8243; _module_preset=&#8221;default&#8221; custom_margin=&#8221;||0px||false|false&#8221; custom_padding=&#8221;100px||0px||false|false&#8221; custom_padding_tablet=&#8221;100px||0px||false|false&#8221; custom_padding_phone=&#8221;30px||0px||false|false&#8221; global_colors_info=&#8221;{}&#8221;][et_pb_column type=&#8221;4_4&#8243; _builder_version=&#8221;4.27.4&#8243; _module_preset=&#8221;default&#8221; global_colors_info=&#8221;{}&#8221;][et_pb_text _builder_version=&#8221;4.27.4&#8243; _module_preset=&#8221;default&#8221; header_2_font=&#8221;|800|||||||&#8221; header_2_text_align=&#8221;center&#8221; header_2_font_size=&#8221;45px&#8221; header_2_line_height=&#8221;1.3em&#8221; max_width=&#8221;1200px&#8221; module_alignment=&#8221;center&#8221; header_2_text_align_tablet=&#8221;center&#8221; header_2_text_align_phone=&#8221;left&#8221; header_2_text_align_last_edited=&#8221;on|phone&#8221; header_2_font_size_tablet=&#8221;36px&#8221; header_2_font_size_phone=&#8221;26px&#8221; header_2_font_size_last_edited=&#8221;on|desktop&#8221; text_orientation_tablet=&#8221;&#8221; text_orientation_phone=&#8221;left&#8221; text_orientation_last_edited=&#8221;on|phone&#8221; global_colors_info=&#8221;{}&#8221;]<\/p>\n<h2>Skonfiguruj kurtyn\u0119 PCV dopasowan\u0105 do Twojego gospodarstwa<\/h2>\n<p>[\/et_pb_text][et_pb_text _builder_version=&#8221;4.27.4&#8243; _module_preset=&#8221;default&#8221; text_line_height=&#8221;1.8em&#8221; header_2_font=&#8221;|800|||||||&#8221; header_2_text_align=&#8221;center&#8221; header_2_font_size=&#8221;45px&#8221; header_2_line_height=&#8221;1.3em&#8221; text_orientation=&#8221;center&#8221; max_width=&#8221;1000px&#8221; module_alignment=&#8221;center&#8221; header_2_font_size_tablet=&#8221;36px&#8221; header_2_font_size_phone=&#8221;26px&#8221; header_2_font_size_last_edited=&#8221;on|desktop&#8221; text_orientation_tablet=&#8221;center&#8221; text_orientation_phone=&#8221;left&#8221; text_orientation_last_edited=&#8221;on|phone&#8221; global_colors_info=&#8221;{}&#8221;]Wystarczy, \u017ce wpiszesz w konfiguratorze wymiary i wybierzesz rodzaj pas\u00f3w, a system przygotuje dla Ciebie gotowy zestaw. Je\u015bli masz pytania \u2013 zadzwo\u0144 lub napisz. Doradzimy.[\/et_pb_text][et_pb_button button_url=&#8221;#konfigurator&#8221; button_text=&#8221;Skonfiguruj kurtyn\u0119&#8221; button_alignment=&#8221;center&#8221; button_alignment_tablet=&#8221;center&#8221; button_alignment_phone=&#8221;left&#8221; button_alignment_last_edited=&#8221;on|tablet&#8221; _builder_version=&#8221;4.27.4&#8243; _module_preset=&#8221;default&#8221; custom_button=&#8221;on&#8221; button_bg_color=&#8221;#a6bc09&#8243; button_border_width=&#8221;0px&#8221; button_border_radius=&#8221;0px&#8221; button_use_icon=&#8221;off&#8221; background_layout=&#8221;dark&#8221; global_colors_info=&#8221;{}&#8221; transform_styles__hover_enabled=&#8221;on|hover&#8221; transform_scale__hover_enabled=&#8221;on|hover&#8221; transform_translate__hover_enabled=&#8221;on|desktop&#8221; transform_rotate__hover_enabled=&#8221;on|desktop&#8221; transform_skew__hover_enabled=&#8221;on|desktop&#8221; transform_origin__hover_enabled=&#8221;on|desktop&#8221; transform_scale__hover=&#8221;110%|110%&#8221;][\/et_pb_button][\/et_pb_column][\/et_pb_row][\/et_pb_section][et_pb_section fb_built=&#8221;1&#8243; custom_padding_last_edited=&#8221;off|desktop&#8221; disabled_on=&#8221;on|on|on&#8221; _builder_version=&#8221;4.27.5&#8243; _module_preset=&#8221;default&#8221; custom_margin=&#8221;80px||-50px||false|false&#8221; custom_margin_tablet=&#8221;80px||-50px||false|false&#8221; custom_margin_phone=&#8221;60px||-100px||false|false&#8221; custom_margin_last_edited=&#8221;on|phone&#8221; custom_padding=&#8221;0px||30px||false|false&#8221; disabled=&#8221;on&#8221; global_module=&#8221;3402&#8243; saved_tabs=&#8221;all&#8221; global_colors_info=&#8221;{}&#8221;][et_pb_row _builder_version=&#8221;4.27.4&#8243; _module_preset=&#8221;default&#8221; width_tablet=&#8221;&#8221; width_phone=&#8221;100%&#8221; width_last_edited=&#8221;on|phone&#8221; custom_margin=&#8221;0px||-50px||false|false&#8221; custom_padding=&#8221;0px||0px||false|false&#8221; global_colors_info=&#8221;{}&#8221;][et_pb_column type=&#8221;4_4&#8243; _builder_version=&#8221;4.27.4&#8243; _module_preset=&#8221;default&#8221; global_colors_info=&#8221;{}&#8221;][et_pb_cta title=&#8221;Chwy\u0107 rabat, p\u00f3ki jest! &#8221; button_text=&#8221;Klikni\u0119cia&#8221; content_tablet=&#8221;&#8221; content_phone=&#8221;<\/p>\n<p>Do 12 grudnia wpisz kod<br \/><strong style=%22font-size: 120%;%22>PVC-5<br \/><\/strong> w koszyku i obni\u017c cen\u0119 swojej kurtyny o 5%!<\/p>\n<p>&#8221; content_last_edited=&#8221;on|phone&#8221; _builder_version=&#8221;4.27.4&#8243; _module_preset=&#8221;default&#8221; header_font=&#8221;|700||on|||||&#8221; header_font_size=&#8221;40px&#8221; header_line_height=&#8221;1.1em&#8221; background_color=&#8221;#E02B20&#8243; max_width_tablet=&#8221;&#8221; max_width_phone=&#8221;&#8221; max_width_last_edited=&#8221;on|phone&#8221; custom_padding=&#8221;30px||15px||false|false&#8221; custom_padding_tablet=&#8221;&#8221; custom_padding_phone=&#8221;30px|30px|5px|30px|false|true&#8221; custom_padding_last_edited=&#8221;on|phone&#8221; header_font_size_tablet=&#8221;36px&#8221; header_font_size_phone=&#8221;28px&#8221; header_font_size_last_edited=&#8221;on|phone&#8221; global_colors_info=&#8221;{}&#8221;]<\/p>\n<p>Do 12 grudnia wpisz kod <strong style=\"font-size: 120%;\">PVC-5 <\/strong> w koszyku i obni\u017c cen\u0119 swojej kurtyny o 5%!<\/p>\n<p>[\/et_pb_cta][\/et_pb_column][\/et_pb_row][\/et_pb_section][et_pb_section fb_built=&#8221;1&#8243; module_id=&#8221;konfigurator&#8221; _builder_version=&#8221;4.27.4&#8243; background_color=&#8221;#eaf2fe&#8221; custom_margin=&#8221;100px||||false|false&#8221; custom_padding=&#8221;0px|||||&#8221; global_colors_info=&#8221;{}&#8221;][et_pb_row _builder_version=&#8221;4.27.4&#8243; background_size=&#8221;initial&#8221; background_position=&#8221;top_left&#8221; background_repeat=&#8221;repeat&#8221; width_tablet=&#8221;&#8221; width_phone=&#8221;98%&#8221; width_last_edited=&#8221;on|phone&#8221; global_colors_info=&#8221;{}&#8221;][et_pb_column type=&#8221;4_4&#8243; _builder_version=&#8221;4.16&#8243; custom_padding=&#8221;|||&#8221; global_colors_info=&#8221;{}&#8221; custom_padding__hover=&#8221;|||&#8221;][et_pb_text _builder_version=&#8221;4.27.4&#8243; background_size=&#8221;initial&#8221; background_position=&#8221;top_left&#8221; background_repeat=&#8221;repeat&#8221; global_colors_info=&#8221;{}&#8221;]<\/p>\n<p><!-- divi:shortcode --><br \/>        <div id=\"konfigurator-app\">\n            <div class=\"konfigurator-loading\">\n                <div class=\"spinner\"><\/div>\n                <p>\u0141adowanie konfiguratora...<\/p>\n            <\/div>\n        <\/div>\n        <br \/><!-- \/divi:shortcode --><\/p>\n<p>[\/et_pb_text][\/et_pb_column][\/et_pb_row][\/et_pb_section][et_pb_section fb_built=&#8221;1&#8243; custom_padding_last_edited=&#8221;on|desktop&#8221; _builder_version=&#8221;4.27.5&#8243; _module_preset=&#8221;default&#8221; custom_margin=&#8221;||0px||false|false&#8221; custom_padding=&#8221;30px||0px||false|false&#8221; custom_padding_tablet=&#8221;||0px||false|false&#8221; custom_padding_phone=&#8221;||50px||false|false&#8221; hover_enabled=&#8221;0&#8243; global_colors_info=&#8221;{}&#8221; disabled_on=&#8221;on|on|on&#8221; disabled=&#8221;on&#8221; sticky_enabled=&#8221;0&#8243;][et_pb_row _builder_version=&#8221;4.27.4&#8243; _module_preset=&#8221;default&#8221; width_tablet=&#8221;&#8221; width_phone=&#8221;100%&#8221; width_last_edited=&#8221;on|phone&#8221; custom_margin=&#8221;0px||||false|false&#8221; custom_padding=&#8221;0px||0px||false|false&#8221; global_module=&#8221;3371&#8243; saved_tabs=&#8221;all&#8221; global_colors_info=&#8221;{}&#8221;][et_pb_column type=&#8221;4_4&#8243; _builder_version=&#8221;4.27.4&#8243; _module_preset=&#8221;default&#8221; global_colors_info=&#8221;{}&#8221;][et_pb_cta title=&#8221;Chwy\u0107 rabat, p\u00f3ki jest! &#8221; button_text=&#8221;Klikni\u0119cia&#8221; content_tablet=&#8221;&#8221; content_phone=&#8221;<\/p>\n<p>Do 12 grudnia wpisz kod<br \/><strong style=%22font-size: 120%;%22>PVC-5<br \/><\/strong> w koszyku i obni\u017c cen\u0119 swojej kurtyny o 5%!<\/p>\n<p>&#8221; content_last_edited=&#8221;on|phone&#8221; _builder_version=&#8221;4.27.4&#8243; _module_preset=&#8221;default&#8221; header_font=&#8221;|700||on|||||&#8221; header_font_size=&#8221;40px&#8221; header_line_height=&#8221;1.1em&#8221; background_color=&#8221;#E02B20&#8243; max_width_tablet=&#8221;&#8221; max_width_phone=&#8221;&#8221; max_width_last_edited=&#8221;on|phone&#8221; custom_padding=&#8221;30px||15px||false|false&#8221; custom_padding_tablet=&#8221;&#8221; custom_padding_phone=&#8221;30px|30px|5px|30px|false|true&#8221; custom_padding_last_edited=&#8221;on|phone&#8221; header_font_size_tablet=&#8221;36px&#8221; header_font_size_phone=&#8221;28px&#8221; header_font_size_last_edited=&#8221;on|phone&#8221; global_colors_info=&#8221;{}&#8221;]<\/p>\n<p>Do 12 grudnia wpisz kod <strong style=\"font-size: 120%;\">PVC-5 <\/strong> w koszyku i obni\u017c cen\u0119 swojej kurtyny o 5%!<\/p>\n<p>[\/et_pb_cta][\/et_pb_column][\/et_pb_row][\/et_pb_section][et_pb_section fb_built=&#8221;1&#8243; custom_padding_last_edited=&#8221;on|phone&#8221; _builder_version=&#8221;4.27.4&#8243; _module_preset=&#8221;default&#8221; background_image=&#8221;https:\/\/pvcpro.eu\/wp-content\/uploads\/2025\/09\/pvc-tlo-4.png&#8221; background_size=&#8221;custom&#8221; background_image_width=&#8221;100%&#8221; custom_margin=&#8221;0px||||false|false&#8221; custom_margin_tablet=&#8221;100px||||false|false&#8221; custom_margin_phone=&#8221;0px||||false|false&#8221; custom_margin_last_edited=&#8221;on|phone&#8221; custom_padding=&#8221;50px||50px||false|false&#8221; custom_padding_tablet=&#8221;||100px||false|false&#8221; custom_padding_phone=&#8221;0px||0px||false|false&#8221; animation_style=&#8221;slide&#8221; animation_direction=&#8221;bottom&#8221; background_last_edited=&#8221;on|phone&#8221; background_enable_image_phone=&#8221;off&#8221; global_colors_info=&#8221;{}&#8221;][et_pb_row column_structure=&#8221;1_2,1_2&#8243; use_custom_gutter=&#8221;on&#8221; gutter_width=&#8221;1&#8243; make_equal=&#8221;on&#8221; _builder_version=&#8221;4.27.4&#8243; _module_preset=&#8221;default&#8221; background_color=&#8221;#356fb4&#8243; width_tablet=&#8221;&#8221; width_phone=&#8221;100%&#8221; width_last_edited=&#8221;on|phone&#8221; custom_margin=&#8221;50px||||false|false&#8221; custom_margin_tablet=&#8221;50px||||false|false&#8221; custom_margin_phone=&#8221;0px||||false|false&#8221; custom_margin_last_edited=&#8221;on|phone&#8221; custom_padding=&#8221;0px||0px||true|false&#8221; global_colors_info=&#8221;{}&#8221;][et_pb_column type=&#8221;1_2&#8243; _builder_version=&#8221;4.27.4&#8243; _module_preset=&#8221;default&#8221; global_colors_info=&#8221;{}&#8221;][et_pb_blurb title=&#8221;Co warto wiedzie\u0107 o kurtynach PCV w rolnictwie?&#8221; use_icon=&#8221;on&#8221; font_icon=&#8221;&#x75;||divi||400&#8243; icon_color=&#8221;#FFFFFF&#8221; image_icon_width=&#8221;105px&#8221; icon_alignment=&#8221;left&#8221; content_max_width=&#8221;100%&#8221; image_icon_width_tablet=&#8221;105px&#8221; image_icon_width_phone=&#8221;80px&#8221; image_icon_width_last_edited=&#8221;on|phone&#8221; icon_alignment_tablet=&#8221;center&#8221; icon_alignment_phone=&#8221;center&#8221; icon_alignment_last_edited=&#8221;on|tablet&#8221; _builder_version=&#8221;4.27.4&#8243; _module_preset=&#8221;default&#8221; header_level=&#8221;h2&#8243; header_font=&#8221;|800|||||||&#8221; header_text_align=&#8221;left&#8221; header_font_size=&#8221;40px&#8221; body_line_height=&#8221;1.8em&#8221; background_layout=&#8221;dark&#8221; custom_margin=&#8221;90px|7%|90px|7%|true|true&#8221; custom_margin_tablet=&#8221;90px|7%|90px|7%|true|true&#8221; custom_margin_phone=&#8221;50px|7%|50px|7%|true|true&#8221; custom_margin_last_edited=&#8221;on|phone&#8221; header_text_align_tablet=&#8221;center&#8221; header_text_align_phone=&#8221;center&#8221; header_text_align_last_edited=&#8221;on|tablet&#8221; header_font_size_tablet=&#8221;32px&#8221; header_font_size_phone=&#8221;26px&#8221; header_font_size_last_edited=&#8221;on|tablet&#8221; text_orientation_tablet=&#8221;center&#8221; text_orientation_phone=&#8221;center&#8221; text_orientation_last_edited=&#8221;on|tablet&#8221; custom_css_blurb_image=&#8221;float:left;||margin-right:20px;&#8221; custom_css_blurb_title=&#8221;margin-bottom:30px;&#8221; global_colors_info=&#8221;{}&#8221; custom_css_blurb_image_last_edited=&#8221;on|tablet&#8221; custom_css_blurb_image_tablet=&#8221;float:none;||&#8221; custom_css_blurb_image_phone=&#8221;float:none;||&#8221;]<\/p>\n<p>Kurtyny paskowe to jedno z najbardziej uniwersalnych rozwi\u0105za\u0144, jakie mo\u017cna zastosowa\u0107 w nowoczesnym gospodarstwie rolnym. Dlaczego? Bo mo\u017cesz je dostosowa\u0107 dok\u0142adnie do warunk\u00f3w \u2013 czy to w oborze, czy w przechowalni zbior\u00f3w, szklarni, czy nawet przy wje\u017adzie do ch\u0142odni. Klucz to wyb\u00f3r odpowiednich pas\u00f3w.<\/p>\n<p>[\/et_pb_blurb][et_pb_image src=&#8221;https:\/\/pvcpro.eu\/wp-content\/uploads\/2025\/09\/kurtyny-pcv-w-rolnictwie.jpg&#8221; alt=&#8221;zadzwon napisz kurtyny&#8221; title_text=&#8221;kurtyny pcv w rolnictwie&#8221; disabled_on=&#8221;off|off|on&#8221; _builder_version=&#8221;4.27.4&#8243; _module_preset=&#8221;default&#8221; global_colors_info=&#8221;{}&#8221;][\/et_pb_image][\/et_pb_column][et_pb_column type=&#8221;1_2&#8243; _builder_version=&#8221;4.27.4&#8243; _module_preset=&#8221;default&#8221; background_color=&#8221;RGBA(255,255,255,0)&#8221; background_image=&#8221;https:\/\/pvcpro.eu\/wp-content\/uploads\/2025\/09\/kurtyny-pcv-w-rolnictwie.jpg&#8221; global_colors_info=&#8221;{}&#8221;][\/et_pb_column][\/et_pb_row][\/et_pb_section][et_pb_section fb_built=&#8221;1&#8243; custom_padding_last_edited=&#8221;on|phone&#8221; _builder_version=&#8221;4.27.4&#8243; _module_preset=&#8221;default&#8221; background_image=&#8221;https:\/\/pvcpro.eu\/wp-content\/uploads\/2025\/09\/pvc-tlo-4.png&#8221; background_size=&#8221;custom&#8221; background_image_width=&#8221;100%&#8221; custom_margin=&#8221;0px||||false|false&#8221; custom_margin_tablet=&#8221;100px||||false|false&#8221; custom_margin_phone=&#8221;0px||||false|false&#8221; custom_margin_last_edited=&#8221;on|phone&#8221; custom_padding=&#8221;50px||50px||false|false&#8221; custom_padding_tablet=&#8221;||100px||false|false&#8221; custom_padding_phone=&#8221;0px||0px||false|false&#8221; animation_style=&#8221;slide&#8221; animation_direction=&#8221;bottom&#8221; background_last_edited=&#8221;on|phone&#8221; background_enable_image_phone=&#8221;off&#8221; global_colors_info=&#8221;{}&#8221;][et_pb_row column_structure=&#8221;1_2,1_2&#8243; use_custom_gutter=&#8221;on&#8221; gutter_width=&#8221;1&#8243; make_equal=&#8221;on&#8221; _builder_version=&#8221;4.27.4&#8243; _module_preset=&#8221;default&#8221; background_color=&#8221;#f1f6fe&#8221; width_tablet=&#8221;&#8221; width_phone=&#8221;100%&#8221; width_last_edited=&#8221;on|phone&#8221; custom_margin=&#8221;0px||||false|false&#8221; custom_padding=&#8221;0px||0px||true|false&#8221; global_colors_info=&#8221;{}&#8221;][et_pb_column type=&#8221;1_2&#8243; _builder_version=&#8221;4.27.4&#8243; _module_preset=&#8221;default&#8221; global_colors_info=&#8221;{}&#8221;][et_pb_blurb title=&#8221;Grubo\u015bci i szeroko\u015bci pas\u00f3w \u2013 jak dobra\u0107?&#8221; use_icon=&#8221;on&#8221; font_icon=&#8221;&#x31;||divi||400&#8243; icon_color=&#8221;#356fb4&#8243; image_icon_width=&#8221;105px&#8221; icon_alignment=&#8221;left&#8221; content_max_width=&#8221;100%&#8221; image_icon_width_tablet=&#8221;105px&#8221; image_icon_width_phone=&#8221;80px&#8221; image_icon_width_last_edited=&#8221;on|phone&#8221; icon_alignment_tablet=&#8221;center&#8221; icon_alignment_phone=&#8221;center&#8221; icon_alignment_last_edited=&#8221;on|tablet&#8221; _builder_version=&#8221;4.27.4&#8243; _module_preset=&#8221;default&#8221; header_level=&#8221;h2&#8243; header_font=&#8221;|800|||||||&#8221; header_text_align=&#8221;left&#8221; header_font_size=&#8221;40px&#8221; body_line_height=&#8221;1.8em&#8221; custom_margin=&#8221;90px|7%|20px|7%|false|true&#8221; custom_margin_tablet=&#8221;90px|7%|90px|7%|true|true&#8221; custom_margin_phone=&#8221;50px|7%|20px|7%|false|true&#8221; custom_margin_last_edited=&#8221;on|phone&#8221; header_text_align_tablet=&#8221;center&#8221; header_text_align_phone=&#8221;center&#8221; header_text_align_last_edited=&#8221;on|tablet&#8221; header_font_size_tablet=&#8221;32px&#8221; header_font_size_phone=&#8221;26px&#8221; header_font_size_last_edited=&#8221;on|tablet&#8221; text_orientation_tablet=&#8221;center&#8221; text_orientation_phone=&#8221;center&#8221; text_orientation_last_edited=&#8221;on|tablet&#8221; custom_css_blurb_image=&#8221;float:left;||margin-right:20px;&#8221; custom_css_blurb_title=&#8221;margin-bottom:30px;&#8221; global_colors_info=&#8221;{}&#8221; custom_css_blurb_image_last_edited=&#8221;on|tablet&#8221; custom_css_blurb_image_tablet=&#8221;float:none;||&#8221; custom_css_blurb_image_phone=&#8221;float:none;||&#8221;]<\/p>\n<p>Oferujemy pasy o szeroko\u015bciach:\u00a0200 mm, 300 mm, 400 mm\u00a0oraz grubo\u015bciach:\u00a02 mm, 3 mm, 4 mm.<\/p>\n<p>[\/et_pb_blurb][et_pb_blurb use_icon=&#8221;on&#8221; font_icon=&#8221;&#x39;||divi||400&#8243; icon_color=&#8221;#356fb4&#8243; icon_placement=&#8221;left&#8221; image_icon_width=&#8221;32px&#8221; content_max_width=&#8221;100%&#8221; _builder_version=&#8221;4.27.4&#8243; _module_preset=&#8221;default&#8221; body_line_height=&#8221;1.8em&#8221; custom_padding=&#8221;10px|7%|10px|7%|false|true&#8221; global_colors_info=&#8221;{}&#8221;]W miejscach o du\u017cym nat\u0119\u017ceniu ruchu maszyn (np. magazyny, hale do przechowywania plon\u00f3w) warto postawi\u0107 na pasy grubsze i szersze \u2013 np. 300&#215;3 mm lub 400&#215;4 mm \u2013 kt\u00f3re lepiej znosz\u0105 uderzenia i maj\u0105 wi\u0119ksz\u0105 trwa\u0142o\u015b\u0107.[\/et_pb_blurb][et_pb_blurb use_icon=&#8221;on&#8221; font_icon=&#8221;&#x39;||divi||400&#8243; icon_color=&#8221;#356fb4&#8243; icon_placement=&#8221;left&#8221; image_icon_width=&#8221;32px&#8221; content_max_width=&#8221;100%&#8221; _builder_version=&#8221;4.27.4&#8243; _module_preset=&#8221;default&#8221; body_line_height=&#8221;1.8em&#8221; custom_padding=&#8221;10px|7%|10px|7%|false|true&#8221; global_colors_info=&#8221;{}&#8221;]Do wej\u015b\u0107 do ob\u00f3r, chlewni, stajni czy szklarni wystarcz\u0105 zazwyczaj standardowe pasy 200&#215;2 mm \u2013 s\u0105 l\u017cejsze i wygodne dla ludzi oraz zwierz\u0105t.[\/et_pb_blurb][et_pb_blurb use_icon=&#8221;on&#8221; font_icon=&#8221;&#x39;||divi||400&#8243; icon_color=&#8221;#356fb4&#8243; icon_placement=&#8221;left&#8221; image_icon_width=&#8221;32px&#8221; content_max_width=&#8221;100%&#8221; _builder_version=&#8221;4.27.4&#8243; _module_preset=&#8221;default&#8221; body_line_height=&#8221;1.8em&#8221; custom_margin=&#8221;||70px||false|false&#8221; custom_margin_tablet=&#8221;||70px||false|false&#8221; custom_margin_phone=&#8221;||50px||false|false&#8221; custom_margin_last_edited=&#8221;on|phone&#8221; custom_padding=&#8221;10px|7%|10px|7%|false|true&#8221; global_colors_info=&#8221;{}&#8221;]<\/p>\n<p>Je\u015bli kurtyna b\u0119dzie nara\u017cona na cz\u0119ste otwieranie i zamykanie, warto rozwa\u017cy\u0107 zak\u0142adki i wi\u0119ksz\u0105 liczb\u0119 pas\u00f3w \u2013 lepiej zatrzymuj\u0105 ciep\u0142o i chroni\u0105 przed owadami.<\/p>\n<p>[\/et_pb_blurb][et_pb_image src=&#8221;https:\/\/pvcpro.eu\/wp-content\/uploads\/2025\/09\/montaz-kurtyn-paskowych.jpg&#8221; alt=&#8221;monta\u017c kurtyn paskowych&#8221; title_text=&#8221;monta\u017c kurtyn paskowych&#8221; disabled_on=&#8221;off|off|on&#8221; _builder_version=&#8221;4.27.4&#8243; _module_preset=&#8221;default&#8221; global_colors_info=&#8221;{}&#8221;][\/et_pb_image][\/et_pb_column][et_pb_column type=&#8221;1_2&#8243; _builder_version=&#8221;4.27.4&#8243; _module_preset=&#8221;default&#8221; background_color=&#8221;RGBA(255,255,255,0)&#8221; background_image=&#8221;https:\/\/pvcpro.eu\/wp-content\/uploads\/2025\/09\/kurtyny-paskowe-z-przezroczystych-pasow-pcv-1.jpg&#8221; global_colors_info=&#8221;{}&#8221;][\/et_pb_column][\/et_pb_row][\/et_pb_section][et_pb_section fb_built=&#8221;1&#8243; custom_padding_last_edited=&#8221;on|phone&#8221; _builder_version=&#8221;4.27.4&#8243; _module_preset=&#8221;default&#8221; background_image=&#8221;https:\/\/pvcpro.eu\/wp-content\/uploads\/2025\/09\/pvc-tlo-4.png&#8221; background_size=&#8221;custom&#8221; background_image_width=&#8221;100%&#8221; custom_margin=&#8221;0px||||false|false&#8221; custom_margin_tablet=&#8221;100px||||false|false&#8221; custom_margin_phone=&#8221;0px||||false|false&#8221; custom_margin_last_edited=&#8221;on|phone&#8221; custom_padding=&#8221;0px||50px||false|false&#8221; custom_padding_tablet=&#8221;||100px||false|false&#8221; custom_padding_phone=&#8221;0px||0px||false|false&#8221; animation_style=&#8221;slide&#8221; animation_direction=&#8221;bottom&#8221; background_last_edited=&#8221;on|phone&#8221; background_enable_image_phone=&#8221;off&#8221; global_colors_info=&#8221;{}&#8221;][et_pb_row column_structure=&#8221;1_2,1_2&#8243; use_custom_gutter=&#8221;on&#8221; gutter_width=&#8221;1&#8243; make_equal=&#8221;on&#8221; _builder_version=&#8221;4.27.4&#8243; _module_preset=&#8221;default&#8221; background_color=&#8221;#356fb4&#8243; width_tablet=&#8221;&#8221; width_phone=&#8221;100%&#8221; width_last_edited=&#8221;on|phone&#8221; custom_margin=&#8221;50px||||false|false&#8221; custom_margin_tablet=&#8221;50px||||false|false&#8221; custom_margin_phone=&#8221;0px||||false|false&#8221; custom_margin_last_edited=&#8221;on|phone&#8221; custom_padding=&#8221;0px||0px||true|false&#8221; global_colors_info=&#8221;{}&#8221;][et_pb_column type=&#8221;1_2&#8243; _builder_version=&#8221;4.27.4&#8243; _module_preset=&#8221;default&#8221; global_colors_info=&#8221;{}&#8221;][et_pb_text _builder_version=&#8221;4.27.4&#8243; _module_preset=&#8221;default&#8221; header_2_font=&#8221;|800|||||||&#8221; header_2_font_size=&#8221;45px&#8221; background_layout=&#8221;dark&#8221; custom_margin=&#8221;90px|7%||7%|false|true&#8221; custom_margin_tablet=&#8221;90px|7%||7%|false|true&#8221; custom_margin_phone=&#8221;50px||||false|true&#8221; custom_margin_last_edited=&#8221;on|phone&#8221; custom_padding=&#8221;||||false|false&#8221; header_2_font_size_tablet=&#8221;45px&#8221; header_2_font_size_phone=&#8221;26px&#8221; header_2_font_size_last_edited=&#8221;on|phone&#8221; global_colors_info=&#8221;{}&#8221;]<\/p>\n<h2>Zak\u0142adki \u2013 szczelno\u015b\u0107, kt\u00f3rej nie wida\u0107 na pierwszy rzut oka<\/h2>\n<p>[\/et_pb_text][et_pb_text _builder_version=&#8221;4.27.4&#8243; _module_preset=&#8221;default&#8221; text_line_height=&#8221;1.8em&#8221; background_layout=&#8221;dark&#8221; custom_margin=&#8221;30px|7%|30px|7%|false|true&#8221; custom_padding=&#8221;||||false|false&#8221; custom_padding_tablet=&#8221;||70px||false|false&#8221; custom_padding_phone=&#8221;||0px||false|false&#8221; custom_padding_last_edited=&#8221;on|phone&#8221; global_colors_info=&#8221;{}&#8221;]<\/p>\n<p>Zak\u0142adka to spos\u00f3b u\u0142o\u017cenia pas\u00f3w w dw\u00f3ch rz\u0119dach, tak aby cz\u0119\u015bciowo na siebie nachodzi\u0142y. To dzi\u0119ki niej kurtyna lepiej izoluje \u2013 zar\u00f3wno od przeci\u0105g\u00f3w, jak i zapach\u00f3w, ha\u0142asu czy \u015bwiat\u0142a. W rolnictwie to szczeg\u00f3lnie wa\u017cne np. w przej\u015bciach mi\u0119dzy strefami (ch\u0142odnia \u2192 magazyn, stajnia \u2192 paszarnia itd.). Dobrze wykonana zak\u0142adka to gwarancja mniejszego wych\u0142adzania i spokojniejszego \u015brodowiska dla zwierz\u0105t.<\/p>\n<p>[\/et_pb_text][et_pb_text _builder_version=&#8221;4.27.4&#8243; _module_preset=&#8221;default&#8221; text_line_height=&#8221;1.8em&#8221; background_layout=&#8221;dark&#8221; custom_margin=&#8221;30px|7%|30px|7%|false|true&#8221; custom_padding=&#8221;||70px||false|false&#8221; custom_padding_tablet=&#8221;||70px||false|false&#8221; custom_padding_phone=&#8221;||30px||false|false&#8221; custom_padding_last_edited=&#8221;on|phone&#8221; global_colors_info=&#8221;{}&#8221;]<\/p>\n<p><strong>Pojedyncza zak\u0142adka (ok. 36 mm)<\/strong><br \/>\u2013 podstawowa izolacja, optymalna dla wi\u0119kszo\u015bci potrzeb i rozwi\u0105za\u0144<\/p>\n<p><strong>Podw\u00f3jna zak\u0142adka (ok. 54 mm)<\/strong><br \/>\u2013 kompromis mi\u0119dzy szczelno\u015bci\u0105 a wygod\u0105 przej\u015bcia. Zwi\u0119ksza komfort termiczny a jednocze\u015bnie nie pozostawia wystarczaj\u0105c\u0105 wygod\u0119 przej\u015bcia<\/p>\n<p>[\/et_pb_text][\/et_pb_column][et_pb_column type=&#8221;1_2&#8243; _builder_version=&#8221;4.27.4&#8243; _module_preset=&#8221;default&#8221; background_color=&#8221;RGBA(255,255,255,0)&#8221; background_image=&#8221;https:\/\/pvcpro.eu\/wp-content\/uploads\/2025\/09\/zakladki-szczelnosc-kurtyny-dla-rolnictwa.jpg&#8221; global_colors_info=&#8221;{}&#8221;][\/et_pb_column][\/et_pb_row][\/et_pb_section][et_pb_section fb_built=&#8221;1&#8243; custom_padding_last_edited=&#8221;on|phone&#8221; _builder_version=&#8221;4.27.4&#8243; _module_preset=&#8221;default&#8221; background_image=&#8221;https:\/\/pvcpro.eu\/wp-content\/uploads\/2025\/09\/pvc-tlo-4.png&#8221; background_size=&#8221;custom&#8221; background_image_width=&#8221;100%&#8221; custom_margin=&#8221;0px||||false|false&#8221; custom_margin_tablet=&#8221;100px||||false|false&#8221; custom_margin_phone=&#8221;0px||||false|false&#8221; custom_margin_last_edited=&#8221;on|phone&#8221; custom_padding=&#8221;50px||50px||false|false&#8221; custom_padding_tablet=&#8221;||100px||false|false&#8221; custom_padding_phone=&#8221;0px||0px||false|false&#8221; animation_style=&#8221;slide&#8221; animation_direction=&#8221;bottom&#8221; background_last_edited=&#8221;on|phone&#8221; background_enable_image_phone=&#8221;off&#8221; global_colors_info=&#8221;{}&#8221;][et_pb_row column_structure=&#8221;1_2,1_2&#8243; use_custom_gutter=&#8221;on&#8221; gutter_width=&#8221;1&#8243; make_equal=&#8221;on&#8221; _builder_version=&#8221;4.27.4&#8243; _module_preset=&#8221;default&#8221; background_color=&#8221;#f1f6fe&#8221; width_tablet=&#8221;&#8221; width_phone=&#8221;100%&#8221; width_last_edited=&#8221;on|phone&#8221; custom_margin=&#8221;0px||||false|false&#8221; custom_padding=&#8221;0px||0px||true|false&#8221; global_colors_info=&#8221;{}&#8221;][et_pb_column type=&#8221;1_2&#8243; _builder_version=&#8221;4.27.4&#8243; _module_preset=&#8221;default&#8221; global_colors_info=&#8221;{}&#8221;][et_pb_image src=&#8221;https:\/\/pvcpro.eu\/wp-content\/uploads\/2025\/09\/pas-standard-zebrowany-kurtyny-pcv.png&#8221; alt=&#8221;\u017cebrowany pas standard kurtyny&#8221; title_text=&#8221;pas standard zebrowany kurtyny pcv&#8221; disabled_on=&#8221;off|off|on&#8221; _builder_version=&#8221;4.27.4&#8243; _module_preset=&#8221;default&#8221; global_colors_info=&#8221;{}&#8221;][\/et_pb_image][et_pb_text _builder_version=&#8221;4.27.4&#8243; _module_preset=&#8221;default&#8221; header_2_font=&#8221;|800|||||||&#8221; header_2_font_size=&#8221;45px&#8221; custom_margin=&#8221;90px|7%||7%|false|true&#8221; custom_margin_tablet=&#8221;90px|7%||7%|false|true&#8221; custom_margin_phone=&#8221;50px||||false|true&#8221; custom_margin_last_edited=&#8221;on|phone&#8221; custom_padding=&#8221;||||false|false&#8221; header_2_font_size_tablet=&#8221;45px&#8221; header_2_font_size_phone=&#8221;26px&#8221; header_2_font_size_last_edited=&#8221;on|phone&#8221; global_colors_info=&#8221;{}&#8221;]<\/p>\n<h2>Pasy \u017cebrowane \u2013 odporno\u015b\u0107 i wygoda<\/h2>\n<p>[\/et_pb_text][et_pb_text _builder_version=&#8221;4.27.4&#8243; _module_preset=&#8221;default&#8221; text_line_height=&#8221;1.8em&#8221; custom_margin=&#8221;30px|7%|30px|7%|false|true&#8221; global_colors_info=&#8221;{}&#8221;]W warunkach rolniczych bardzo cz\u0119sto pracuje si\u0119 z foli\u0105 stretch (np. do bel, palet, przykry\u0107). Standardowe pasy PCV mog\u0105 si\u0119 do niej przykleja\u0107, co przeszkadza w codziennej pracy. Tu z pomoc\u0105 przychodz\u0105 pasy \u017cebrowane \u2013 maj\u0105 delikatne wypuk\u0142o\u015bci wzd\u0142u\u017c swojej d\u0142ugo\u015bci, kt\u00f3re:[\/et_pb_text][et_pb_blurb use_icon=&#8221;on&#8221; font_icon=&#8221;&#x39;||divi||400&#8243; icon_color=&#8221;#356fb4&#8243; icon_placement=&#8221;left&#8221; image_icon_width=&#8221;32px&#8221; content_max_width=&#8221;100%&#8221; _builder_version=&#8221;4.27.4&#8243; _module_preset=&#8221;default&#8221; body_line_height=&#8221;1.8em&#8221; custom_padding=&#8221;10px|7%|10px|7%|false|true&#8221; global_colors_info=&#8221;{}&#8221;]zmniejszaj\u0105 powierzchni\u0119 styku z foli\u0105 i innymi g\u0142adkimi powierzchniami,[\/et_pb_blurb][et_pb_blurb use_icon=&#8221;on&#8221; font_icon=&#8221;&#x39;||divi||400&#8243; icon_color=&#8221;#356fb4&#8243; icon_placement=&#8221;left&#8221; image_icon_width=&#8221;32px&#8221; content_max_width=&#8221;100%&#8221; _builder_version=&#8221;4.27.4&#8243; _module_preset=&#8221;default&#8221; body_line_height=&#8221;1.8em&#8221; custom_padding=&#8221;10px|7%|10px|7%|false|true&#8221; global_colors_info=&#8221;{}&#8221;]chroni\u0105 pasy przed zarysowaniami (np. od wide\u0142 w\u00f3zk\u00f3w),[\/et_pb_blurb][et_pb_blurb use_icon=&#8221;on&#8221; font_icon=&#8221;&#x39;||divi||400&#8243; icon_color=&#8221;#356fb4&#8243; icon_placement=&#8221;left&#8221; image_icon_width=&#8221;32px&#8221; content_max_width=&#8221;100%&#8221; _builder_version=&#8221;4.27.4&#8243; _module_preset=&#8221;default&#8221; body_line_height=&#8221;1.8em&#8221; custom_margin=&#8221;||20px||false|false&#8221; custom_margin_tablet=&#8221;||70px||false|false&#8221; custom_margin_phone=&#8221;||20px||false|false&#8221; custom_margin_last_edited=&#8221;on|phone&#8221; custom_padding=&#8221;10px|7%|10px|7%|false|true&#8221; global_colors_info=&#8221;{}&#8221;]<\/p>\n<p>u\u0142atwiaj\u0105 przesuwanie si\u0119 pas\u00f3w przy przej\u015bciu.<\/p>\n<p>[\/et_pb_blurb][et_pb_text _builder_version=&#8221;4.27.4&#8243; _module_preset=&#8221;default&#8221; text_line_height=&#8221;1.8em&#8221; custom_margin=&#8221;30px|7%|30px|7%|false|true&#8221; custom_padding=&#8221;||70px||false|false&#8221; custom_padding_tablet=&#8221;||70px||false|false&#8221; custom_padding_phone=&#8221;||30px||false|false&#8221; custom_padding_last_edited=&#8221;on|phone&#8221; global_colors_info=&#8221;{}&#8221;]<\/p>\n<p>To doskona\u0142y wyb\u00f3r np. do wej\u015b\u0107 do magazyn\u00f3w z owini\u0119tymi paletami, tuneli foliowych lub ch\u0142odni, gdzie transportuje si\u0119 produkty rolnicze.<\/p>\n<p>[\/et_pb_text][\/et_pb_column][et_pb_column type=&#8221;1_2&#8243; _builder_version=&#8221;4.27.4&#8243; _module_preset=&#8221;default&#8221; background_color=&#8221;RGBA(255,255,255,0)&#8221; background_image=&#8221;https:\/\/pvcpro.eu\/wp-content\/uploads\/2025\/09\/zebrwoany-pas-standard-kurtyny.png&#8221; global_colors_info=&#8221;{}&#8221;][\/et_pb_column][\/et_pb_row][\/et_pb_section][et_pb_section fb_built=&#8221;1&#8243; custom_padding_last_edited=&#8221;on|phone&#8221; _builder_version=&#8221;4.27.4&#8243; _module_preset=&#8221;default&#8221; background_image=&#8221;https:\/\/pvcpro.eu\/wp-content\/uploads\/2025\/09\/pvc-tlo-4.png&#8221; background_size=&#8221;custom&#8221; background_image_width=&#8221;100%&#8221; custom_margin=&#8221;0px||||false|false&#8221; custom_margin_tablet=&#8221;100px||||false|false&#8221; custom_margin_phone=&#8221;0px||||false|false&#8221; custom_margin_last_edited=&#8221;on|phone&#8221; custom_padding=&#8221;50px||100px||false|false&#8221; custom_padding_tablet=&#8221;||100px||false|false&#8221; custom_padding_phone=&#8221;0px||0px||false|false&#8221; animation_style=&#8221;slide&#8221; animation_direction=&#8221;bottom&#8221; background_last_edited=&#8221;on|phone&#8221; background_enable_image_phone=&#8221;off&#8221; global_colors_info=&#8221;{}&#8221;][et_pb_row column_structure=&#8221;1_2,1_2&#8243; use_custom_gutter=&#8221;on&#8221; gutter_width=&#8221;1&#8243; make_equal=&#8221;on&#8221; _builder_version=&#8221;4.27.4&#8243; _module_preset=&#8221;default&#8221; background_color=&#8221;#356fb4&#8243; width_tablet=&#8221;&#8221; width_phone=&#8221;100%&#8221; width_last_edited=&#8221;on|phone&#8221; custom_margin=&#8221;0px||||false|false&#8221; custom_padding=&#8221;0px||0px||true|false&#8221; global_colors_info=&#8221;{}&#8221;][et_pb_column type=&#8221;1_2&#8243; _builder_version=&#8221;4.27.4&#8243; _module_preset=&#8221;default&#8221; global_colors_info=&#8221;{}&#8221;][et_pb_image src=&#8221;https:\/\/pvcpro.eu\/wp-content\/uploads\/2025\/09\/kolory-3-1.jpg&#8221; alt=&#8221;zadzwon napisz kurtyny&#8221; title_text=&#8221;kolory kurtyn pcv&#8221; disabled_on=&#8221;off|off|on&#8221; _builder_version=&#8221;4.27.4&#8243; _module_preset=&#8221;default&#8221; global_colors_info=&#8221;{}&#8221;][\/et_pb_image][et_pb_text _builder_version=&#8221;4.27.4&#8243; _module_preset=&#8221;default&#8221; header_2_font=&#8221;|800|||||||&#8221; header_2_font_size=&#8221;45px&#8221; background_layout=&#8221;dark&#8221; custom_margin=&#8221;90px|7%||7%|false|true&#8221; custom_margin_tablet=&#8221;90px|7%||7%|false|true&#8221; custom_margin_phone=&#8221;50px||||false|true&#8221; custom_margin_last_edited=&#8221;on|phone&#8221; custom_padding=&#8221;||||false|false&#8221; header_2_font_size_tablet=&#8221;45px&#8221; header_2_font_size_phone=&#8221;26px&#8221; header_2_font_size_last_edited=&#8221;on|phone&#8221; global_colors_info=&#8221;{}&#8221;]<\/p>\n<h2>Kolorystyka i przezroczysto\u015b\u0107 \u2013 wi\u0119cej ni\u017c estetyka<\/h2>\n<p>[\/et_pb_text][et_pb_text _builder_version=&#8221;4.27.4&#8243; _module_preset=&#8221;default&#8221; text_line_height=&#8221;1.8em&#8221; background_layout=&#8221;dark&#8221; custom_margin=&#8221;30px|7%|30px|7%|false|true&#8221; global_colors_info=&#8221;{}&#8221;]W PVC PRO oferujemy:[\/et_pb_text][et_pb_blurb use_icon=&#8221;on&#8221; font_icon=&#8221;&#x39;||divi||400&#8243; icon_color=&#8221;#FFFFFF&#8221; icon_placement=&#8221;left&#8221; image_icon_width=&#8221;32px&#8221; content_max_width=&#8221;100%&#8221; _builder_version=&#8221;4.27.4&#8243; _module_preset=&#8221;default&#8221; body_line_height=&#8221;1.8em&#8221; background_layout=&#8221;dark&#8221; custom_padding=&#8221;10px|7%|10px|7%|false|true&#8221; global_colors_info=&#8221;{}&#8221;]<\/p>\n<p>pasy <strong>przezroczyste<\/strong> \u2013 idealne tam, gdzie zale\u017cy Ci na widoczno\u015bci i do\u015bwietleniu wn\u0119trza, np. w tunelach foliowych, szklarni, przej\u015bciach mi\u0119dzy strefami,<\/p>\n<p>[\/et_pb_blurb][et_pb_blurb use_icon=&#8221;on&#8221; font_icon=&#8221;&#x39;||divi||400&#8243; icon_color=&#8221;#FFFFFF&#8221; icon_placement=&#8221;left&#8221; image_icon_width=&#8221;32px&#8221; content_max_width=&#8221;100%&#8221; _builder_version=&#8221;4.27.4&#8243; _module_preset=&#8221;default&#8221; body_line_height=&#8221;1.8em&#8221; background_layout=&#8221;dark&#8221; custom_padding=&#8221;10px|7%|10px|7%|false|true&#8221; global_colors_info=&#8221;{}&#8221;]<\/p>\n<p>pasy<strong> lekko matowe<\/strong> \u2013 kt\u00f3re ograniczaj\u0105 widoczno\u015b\u0107, ale nadal przepuszczaj\u0105 \u015bwiat\u0142o. Sprawdzaj\u0105 si\u0119 w chlewniach czy oborach \u2013 zw\u0142aszcza w strefach wymagaj\u0105cych wi\u0119kszego odizolowania,<\/p>\n<p>[\/et_pb_blurb][et_pb_blurb use_icon=&#8221;on&#8221; font_icon=&#8221;&#x39;||divi||400&#8243; icon_color=&#8221;#FFFFFF&#8221; icon_placement=&#8221;left&#8221; image_icon_width=&#8221;32px&#8221; content_max_width=&#8221;100%&#8221; _builder_version=&#8221;4.27.4&#8243; _module_preset=&#8221;default&#8221; body_line_height=&#8221;1.8em&#8221; background_layout=&#8221;dark&#8221; custom_padding=&#8221;10px|7%|10px|7%|false|true&#8221; global_colors_info=&#8221;{}&#8221;]<\/p>\n<p>pasy <strong>kolorowe<\/strong> \u2013 np. w celu oznaczenia stref, kierunku przej\u015bcia lub poprawy widoczno\u015bci kraw\u0119dzi wej\u015b\u0107.<\/p>\n<p>[\/et_pb_blurb][et_pb_text _builder_version=&#8221;4.27.4&#8243; _module_preset=&#8221;default&#8221; text_line_height=&#8221;1.8em&#8221; background_layout=&#8221;dark&#8221; custom_margin=&#8221;30px|7%|100px|7%|false|true&#8221; custom_margin_tablet=&#8221;30px|7%|100px|7%|false|true&#8221; custom_margin_phone=&#8221;30px|7%|50px|7%|false|true&#8221; custom_margin_last_edited=&#8221;on|phone&#8221; global_colors_info=&#8221;{}&#8221;]<\/p>\n<p>Pasy kolorowe i matowe mog\u0105 by\u0107 te\u017c wa\u017cne z perspektywy dobrostanu zwierz\u0105t \u2013 np. ograniczaj\u0105c zbyt ostre \u015bwiat\u0142o lub stres u koni i byd\u0142a.<\/p>\n<p>[\/et_pb_text][\/et_pb_column][et_pb_column type=&#8221;1_2&#8243; _builder_version=&#8221;4.27.4&#8243; _module_preset=&#8221;default&#8221; background_color=&#8221;RGBA(255,255,255,0)&#8221; background_image=&#8221;https:\/\/pvcpro.eu\/wp-content\/uploads\/2025\/09\/kolory-3-1.jpg&#8221; global_colors_info=&#8221;{}&#8221;][\/et_pb_column][\/et_pb_row][\/et_pb_section][et_pb_section fb_built=&#8221;1&#8243; custom_padding_last_edited=&#8221;on|phone&#8221; _builder_version=&#8221;4.27.4&#8243; _module_preset=&#8221;default&#8221; background_color=&#8221;#f1f6fe&#8221; custom_padding=&#8221;50px||100px||false|false&#8221; custom_padding_tablet=&#8221;50px||100px||false|false&#8221; custom_padding_phone=&#8221;50px||60px||false|false&#8221; animation_style=&#8221;fade&#8221; global_colors_info=&#8221;{}&#8221;][et_pb_row custom_padding_last_edited=&#8221;on|phone&#8221; _builder_version=&#8221;4.27.4&#8243; _module_preset=&#8221;default&#8221; custom_margin=&#8221;||0px||false|false&#8221; custom_padding=&#8221;100px||0px||false|false&#8221; custom_padding_tablet=&#8221;100px||0px||false|false&#8221; custom_padding_phone=&#8221;30px||0px||false|false&#8221; global_colors_info=&#8221;{}&#8221;][et_pb_column type=&#8221;4_4&#8243; _builder_version=&#8221;4.27.4&#8243; _module_preset=&#8221;default&#8221; global_colors_info=&#8221;{}&#8221;][et_pb_blurb use_icon=&#8221;on&#8221; font_icon=&#8221;&#xe035;||divi||400&#8243; icon_color=&#8221;#356fb4&#8243; _builder_version=&#8221;4.27.4&#8243; _module_preset=&#8221;default&#8221; custom_margin=&#8221;||10px|||&#8221; global_colors_info=&#8221;{}&#8221;][\/et_pb_blurb][et_pb_text _builder_version=&#8221;4.27.4&#8243; _module_preset=&#8221;default&#8221; header_2_font=&#8221;|800|||||||&#8221; header_2_text_align=&#8221;center&#8221; header_2_font_size=&#8221;45px&#8221; header_2_line_height=&#8221;1.3em&#8221; max_width=&#8221;1200px&#8221; module_alignment=&#8221;center&#8221; header_2_text_align_tablet=&#8221;center&#8221; header_2_text_align_phone=&#8221;center&#8221; header_2_text_align_last_edited=&#8221;on|phone&#8221; header_2_font_size_tablet=&#8221;36px&#8221; header_2_font_size_phone=&#8221;26px&#8221; header_2_font_size_last_edited=&#8221;on|desktop&#8221; text_orientation_tablet=&#8221;&#8221; text_orientation_phone=&#8221;left&#8221; text_orientation_last_edited=&#8221;on|phone&#8221; global_colors_info=&#8221;{}&#8221;]<\/p>\n<h2>Monta\u017c \u2013 prosty i dostosowany do warunk\u00f3w gospodarstwa<\/h2>\n<p>[\/et_pb_text][et_pb_text _builder_version=&#8221;4.27.4&#8243; _module_preset=&#8221;default&#8221; text_line_height=&#8221;1.8em&#8221; header_2_font=&#8221;|800|||||||&#8221; header_2_text_align=&#8221;center&#8221; header_2_font_size=&#8221;45px&#8221; header_2_line_height=&#8221;1.3em&#8221; text_orientation=&#8221;center&#8221; max_width=&#8221;1000px&#8221; module_alignment=&#8221;center&#8221; header_2_font_size_tablet=&#8221;36px&#8221; header_2_font_size_phone=&#8221;26px&#8221; header_2_font_size_last_edited=&#8221;on|desktop&#8221; text_orientation_tablet=&#8221;center&#8221; text_orientation_phone=&#8221;center&#8221; text_orientation_last_edited=&#8221;on|phone&#8221; global_colors_info=&#8221;{}&#8221;]<\/p>\n<p>Kurtyny PCV w PVC PRO przygotowywane s\u0105 na dok\u0142adny wymiar, jaki podajesz w konfiguratorze. Dzi\u0119ki temu monta\u017c nie wymaga przycinania ani dopasowywania element\u00f3w na miejscu.<\/p>\n<p>W zale\u017cno\u015bci od warunk\u00f3w w danym budynku rolniczym mo\u017cesz wybra\u0107 dwa sposoby monta\u017cu:<\/p>\n<p>[\/et_pb_text][\/et_pb_column][\/et_pb_row][et_pb_row column_structure=&#8221;1_2,1_2&#8243; custom_padding_last_edited=&#8221;on|phone&#8221; _builder_version=&#8221;4.27.4&#8243; _module_preset=&#8221;default&#8221; custom_margin=&#8221;||0px||false|false&#8221; custom_padding=&#8221;70px||0px||false|false&#8221; custom_padding_tablet=&#8221;100px||0px||false|false&#8221; custom_padding_phone=&#8221;30px||0px||false|false&#8221; global_colors_info=&#8221;{}&#8221;][et_pb_column type=&#8221;1_2&#8243; _builder_version=&#8221;4.27.4&#8243; _module_preset=&#8221;default&#8221; global_colors_info=&#8221;{}&#8221;][et_pb_blurb title=&#8221;na \u015bcianie \u2013 od frontu otworu,&#8221; use_icon=&#8221;on&#8221; font_icon=&#8221;&#x52;||divi||400&#8243; icon_color=&#8221;#356fb4&#8243; image_icon_width=&#8221;54px&#8221; _builder_version=&#8221;4.27.4&#8243; _module_preset=&#8221;default&#8221; header_level=&#8221;h3&#8243; header_font=&#8221;|800|||||||&#8221; header_font_size=&#8221;30px&#8221; body_line_height=&#8221;1.8em&#8221; text_orientation=&#8221;center&#8221; header_font_size_tablet=&#8221;30px&#8221; header_font_size_phone=&#8221;24px&#8221; header_font_size_last_edited=&#8221;on|phone&#8221; global_colors_info=&#8221;{}&#8221;]<\/p>\n<p>co sprawdza si\u0119 np. w wej\u015bciach do ob\u00f3r, chlewni, przechowalni plon\u00f3w czy tuneli foliowych \u2013 kurtyna zakrywa wtedy ca\u0142y otw\u00f3r i zapewnia najlepsz\u0105 szczelno\u015b\u0107,<\/p>\n<p>[\/et_pb_blurb][\/et_pb_column][et_pb_column type=&#8221;1_2&#8243; _builder_version=&#8221;4.27.4&#8243; _module_preset=&#8221;default&#8221; global_colors_info=&#8221;{}&#8221;][et_pb_blurb title=&#8221;wewn\u0105trz otworu \u2013 pod nadpro\u017cem,&#8221; use_icon=&#8221;on&#8221; font_icon=&#8221;&#x52;||divi||400&#8243; icon_color=&#8221;#356fb4&#8243; image_icon_width=&#8221;54px&#8221; _builder_version=&#8221;4.27.4&#8243; _module_preset=&#8221;default&#8221; header_level=&#8221;h3&#8243; header_font=&#8221;|800|||||||&#8221; header_font_size=&#8221;30px&#8221; body_line_height=&#8221;1.8em&#8221; text_orientation=&#8221;center&#8221; header_font_size_tablet=&#8221;30px&#8221; header_font_size_phone=&#8221;24px&#8221; header_font_size_last_edited=&#8221;on|phone&#8221; global_colors_info=&#8221;{}&#8221;]<\/p>\n<p>np. w ch\u0142odniach, magazynach lub pomieszczeniach ze specjaln\u0105 stolark\u0105, gdzie zale\u017cy Ci na osadzeniu kurtyny \u201ew linii \u015bciany\u201d.<\/p>\n<p>[\/et_pb_blurb][\/et_pb_column][\/et_pb_row][et_pb_row custom_padding_last_edited=&#8221;on|phone&#8221; _builder_version=&#8221;4.27.4&#8243; _module_preset=&#8221;default&#8221; custom_margin=&#8221;||0px||false|false&#8221; custom_padding=&#8221;70px||0px||false|false&#8221; custom_padding_tablet=&#8221;100px||0px||false|false&#8221; custom_padding_phone=&#8221;30px||0px||false|false&#8221; global_colors_info=&#8221;{}&#8221;][et_pb_column type=&#8221;4_4&#8243; _builder_version=&#8221;4.27.4&#8243; _module_preset=&#8221;default&#8221; global_colors_info=&#8221;{}&#8221;][et_pb_text _builder_version=&#8221;4.27.4&#8243; _module_preset=&#8221;default&#8221; header_2_font=&#8221;|800|||||||&#8221; header_2_text_align=&#8221;center&#8221; header_2_font_size=&#8221;45px&#8221; header_2_line_height=&#8221;1.3em&#8221; header_3_font=&#8221;|700|||||||&#8221; header_3_text_align=&#8221;center&#8221; header_3_font_size=&#8221;30px&#8221; max_width=&#8221;1200px&#8221; module_alignment=&#8221;center&#8221; custom_padding_tablet=&#8221;&#8221; custom_padding_phone=&#8221;30px||||false|false&#8221; custom_padding_last_edited=&#8221;on|phone&#8221; header_2_text_align_tablet=&#8221;center&#8221; header_2_text_align_phone=&#8221;left&#8221; header_2_text_align_last_edited=&#8221;on|phone&#8221; header_2_font_size_tablet=&#8221;36px&#8221; header_2_font_size_phone=&#8221;26px&#8221; header_2_font_size_last_edited=&#8221;on|desktop&#8221; header_3_text_align_tablet=&#8221;center&#8221; header_3_text_align_phone=&#8221;center&#8221; header_3_text_align_last_edited=&#8221;on|phone&#8221; header_3_font_size_tablet=&#8221;30px&#8221; header_3_font_size_phone=&#8221;24px&#8221; header_3_font_size_last_edited=&#8221;on|phone&#8221; text_orientation_tablet=&#8221;&#8221; text_orientation_phone=&#8221;left&#8221; text_orientation_last_edited=&#8221;on|phone&#8221; global_colors_info=&#8221;{}&#8221;]<\/p>\n<h3>Zawieszenie pas\u00f3w r\u00f3wnie\u017c jest intuicyjne.<\/h3>\n<p>[\/et_pb_text][et_pb_text _builder_version=&#8221;4.27.4&#8243; _module_preset=&#8221;default&#8221; text_line_height=&#8221;1.8em&#8221; header_2_font=&#8221;|800|||||||&#8221; header_2_text_align=&#8221;center&#8221; header_2_font_size=&#8221;45px&#8221; header_2_line_height=&#8221;1.3em&#8221; text_orientation=&#8221;center&#8221; max_width=&#8221;1000px&#8221; module_alignment=&#8221;center&#8221; header_2_font_size_tablet=&#8221;36px&#8221; header_2_font_size_phone=&#8221;26px&#8221; header_2_font_size_last_edited=&#8221;on|desktop&#8221; text_orientation_tablet=&#8221;center&#8221; text_orientation_phone=&#8221;center&#8221; text_orientation_last_edited=&#8221;on|phone&#8221; global_colors_info=&#8221;{}&#8221;]<\/p>\n<p>. Otrzymujesz gotowy zestaw: pasy ju\u017c zakute, listw\u0119 grzebieniow\u0105 dopasowan\u0105 do szeroko\u015bci i wszystkie niezb\u0119dne elementy monta\u017cowe. Ca\u0142o\u015b\u0107 przykr\u0119casz w kilka minut, a pasy wieszasz na listwie.<\/p>\n<p>To rozwi\u0105zanie sprawdzi si\u0119 zar\u00f3wno w du\u017cym gospodarstwie, jak i w ma\u0142ym budynku inwentarskim \u2013 bez konieczno\u015bci wzywania fachowc\u00f3w. Je\u015bli jednak masz pytania, zawsze mo\u017cesz skontaktowa\u0107 si\u0119 z naszym doradc\u0105 \u2013 pomo\u017cemy krok po kroku.<\/p>\n<p>[\/et_pb_text][\/et_pb_column][\/et_pb_row][\/et_pb_section]<\/p>\n","protected":false},"excerpt":{"rendered":"<p>Znajdujesz si\u0119: <span><span><a href=\"https:\/\/pvcpro.eu\/\">Home<\/a><\/span><\/span>Znane problemy w codziennej pracy gospodarstwa rolnego?Utrzymanie odpowiednich warunk\u00f3w w r\u00f3\u017cnych obiektach rolniczychW rolnictwie r\u00f3\u017cnorodno\u015b\u0107 pomieszcze\u0144 i potrzeb jest ogromna \u2013 od ob\u00f3r, chlewni, stajni, przez szklarnie, ch\u0142odnie i przechowalnie, a\u017c po magazyny. W ka\u017cdej z tych przestrzeni liczy si\u0119 kontrola temperatury i wilgoci a tak\u017ce ochrona przed przeci\u0105gami, owadami czy py\u0142em. A [&hellip;]<\/p>\n","protected":false},"author":1,"featured_media":479,"parent":23,"menu_order":0,"comment_status":"closed","ping_status":"closed","template":"","meta":{"_et_pb_use_builder":"on","_et_pb_old_content":"<!-- wp:divi\/placeholder \/-->","_et_gb_content_width":"","_monsterinsights_skip_tracking":false,"_monsterinsights_sitenote_active":false,"_monsterinsights_sitenote_note":"","_monsterinsights_sitenote_category":0,"footnotes":""},"class_list":["post-37","page","type-page","status-publish","has-post-thumbnail","hentry"],"yoast_head":"<!-- This site is optimized with the Yoast SEO Premium plugin v26.5 (Yoast SEO v27.5) - https:\/\/yoast.com\/product\/yoast-seo-premium-wordpress\/ -->\n<title>Kurtyny PCV rolnicze PVC PRO \u2013 ochrona dla gospodarstw rolnych<\/title>\n<meta name=\"description\" content=\"Kurtyny PCV rolnicze PVC PRO \u2013 ochrona przed przeci\u0105gami, owadami i wilgoci\u0105. Idealne do ob\u00f3r, chlewni, szklarni i magazyn\u00f3w. Dopasuj do swojego gospodarstwa!\" \/>\n<meta name=\"robots\" content=\"index, follow, max-snippet:-1, max-image-preview:large, max-video-preview:-1\" \/>\n<link rel=\"canonical\" href=\"https:\/\/pvcpro.eu\/sv\/erbjuda\/pvc-gardiner-for-jordbruket\/\" \/>\n<meta property=\"og:locale\" content=\"sv_SE\" \/>\n<meta property=\"og:type\" content=\"article\" \/>\n<meta property=\"og:title\" content=\"Kurtyny PCV Rolnicze\" \/>\n<meta property=\"og:description\" content=\"Kurtyny PCV rolnicze PVC PRO \u2013 ochrona przed przeci\u0105gami, owadami i wilgoci\u0105. Idealne do ob\u00f3r, chlewni, szklarni i magazyn\u00f3w. Dopasuj do swojego gospodarstwa!\" \/>\n<meta property=\"og:url\" content=\"https:\/\/pvcpro.eu\/sv\/erbjuda\/pvc-gardiner-for-jordbruket\/\" \/>\n<meta property=\"og:site_name\" content=\"PVC PRO\" \/>\n<meta property=\"article:publisher\" content=\"https:\/\/www.facebook.com\/people\/PVC-PRO\/61580923116227\" \/>\n<meta property=\"article:modified_time\" content=\"2025-12-12T14:49:58+00:00\" \/>\n<meta property=\"og:image\" content=\"https:\/\/pvcpro.eu\/wp-content\/uploads\/2025\/09\/kurtyny-rolnicze-pcv.jpg\" \/>\n\t<meta property=\"og:image:width\" content=\"757\" \/>\n\t<meta property=\"og:image:height\" content=\"628\" \/>\n\t<meta property=\"og:image:type\" content=\"image\/jpeg\" \/>\n<meta name=\"twitter:card\" content=\"summary_large_image\" \/>\n<meta name=\"twitter:label1\" content=\"Ber\u00e4knad l\u00e4stid\" \/>\n\t<meta name=\"twitter:data1\" content=\"8 minuter\" \/>\n<script type=\"application\/ld+json\" class=\"yoast-schema-graph\">{\"@context\":\"https:\\\/\\\/schema.org\",\"@graph\":[{\"@type\":\"WebPage\",\"@id\":\"https:\\\/\\\/pvcpro.eu\\\/oferta\\\/kurtyny-pcv-rolnicze\\\/\",\"url\":\"https:\\\/\\\/pvcpro.eu\\\/oferta\\\/kurtyny-pcv-rolnicze\\\/\",\"name\":\"Kurtyny PCV rolnicze PVC PRO \u2013 ochrona dla gospodarstw rolnych\",\"isPartOf\":{\"@id\":\"https:\\\/\\\/pvcpro.eu\\\/en\\\/#website\"},\"primaryImageOfPage\":{\"@id\":\"https:\\\/\\\/pvcpro.eu\\\/oferta\\\/kurtyny-pcv-rolnicze\\\/#primaryimage\"},\"image\":{\"@id\":\"https:\\\/\\\/pvcpro.eu\\\/oferta\\\/kurtyny-pcv-rolnicze\\\/#primaryimage\"},\"thumbnailUrl\":\"https:\\\/\\\/pvcpro.eu\\\/wp-content\\\/uploads\\\/2025\\\/09\\\/kurtyny-rolnicze-pcv.jpg\",\"datePublished\":\"2025-08-26T11:48:56+00:00\",\"dateModified\":\"2025-12-12T14:49:58+00:00\",\"description\":\"Kurtyny PCV rolnicze PVC PRO \u2013 ochrona przed przeci\u0105gami, owadami i wilgoci\u0105. Idealne do ob\u00f3r, chlewni, szklarni i magazyn\u00f3w. Dopasuj do swojego gospodarstwa!\",\"breadcrumb\":{\"@id\":\"https:\\\/\\\/pvcpro.eu\\\/oferta\\\/kurtyny-pcv-rolnicze\\\/#breadcrumb\"},\"inLanguage\":\"sv-SE\",\"potentialAction\":[{\"@type\":\"ReadAction\",\"target\":[\"https:\\\/\\\/pvcpro.eu\\\/oferta\\\/kurtyny-pcv-rolnicze\\\/\"]}]},{\"@type\":\"ImageObject\",\"inLanguage\":\"sv-SE\",\"@id\":\"https:\\\/\\\/pvcpro.eu\\\/oferta\\\/kurtyny-pcv-rolnicze\\\/#primaryimage\",\"url\":\"https:\\\/\\\/pvcpro.eu\\\/wp-content\\\/uploads\\\/2025\\\/09\\\/kurtyny-rolnicze-pcv.jpg\",\"contentUrl\":\"https:\\\/\\\/pvcpro.eu\\\/wp-content\\\/uploads\\\/2025\\\/09\\\/kurtyny-rolnicze-pcv.jpg\",\"width\":757,\"height\":628},{\"@type\":\"BreadcrumbList\",\"@id\":\"https:\\\/\\\/pvcpro.eu\\\/oferta\\\/kurtyny-pcv-rolnicze\\\/#breadcrumb\",\"itemListElement\":[{\"@type\":\"ListItem\",\"position\":1,\"name\":\"Home\",\"item\":\"https:\\\/\\\/pvcpro.eu\\\/\"},{\"@type\":\"ListItem\",\"position\":2,\"name\":\"Oferta\",\"item\":\"https:\\\/\\\/pvcpro.eu\\\/oferta\\\/\"},{\"@type\":\"ListItem\",\"position\":3,\"name\":\"Kurtyny PCV Rolnicze\"}]},{\"@type\":\"WebSite\",\"@id\":\"https:\\\/\\\/pvcpro.eu\\\/en\\\/#website\",\"url\":\"https:\\\/\\\/pvcpro.eu\\\/en\\\/\",\"name\":\"PVC PRO\",\"description\":\"Producent kurtyn paskowych\",\"publisher\":{\"@id\":\"https:\\\/\\\/pvcpro.eu\\\/en\\\/#organization\"},\"potentialAction\":[{\"@type\":\"SearchAction\",\"target\":{\"@type\":\"EntryPoint\",\"urlTemplate\":\"https:\\\/\\\/pvcpro.eu\\\/en\\\/?s={search_term_string}\"},\"query-input\":{\"@type\":\"PropertyValueSpecification\",\"valueRequired\":true,\"valueName\":\"search_term_string\"}}],\"inLanguage\":\"sv-SE\"},{\"@type\":\"Organization\",\"@id\":\"https:\\\/\\\/pvcpro.eu\\\/en\\\/#organization\",\"name\":\"PVC PRO\",\"url\":\"https:\\\/\\\/pvcpro.eu\\\/en\\\/\",\"logo\":{\"@type\":\"ImageObject\",\"inLanguage\":\"sv-SE\",\"@id\":\"https:\\\/\\\/pvcpro.eu\\\/en\\\/#\\\/schema\\\/logo\\\/image\\\/\",\"url\":\"https:\\\/\\\/pvcpro.eu\\\/wp-content\\\/uploads\\\/2025\\\/08\\\/pvc-pro-logo.png\",\"contentUrl\":\"https:\\\/\\\/pvcpro.eu\\\/wp-content\\\/uploads\\\/2025\\\/08\\\/pvc-pro-logo.png\",\"width\":275,\"height\":55,\"caption\":\"PVC PRO\"},\"image\":{\"@id\":\"https:\\\/\\\/pvcpro.eu\\\/en\\\/#\\\/schema\\\/logo\\\/image\\\/\"},\"sameAs\":[\"https:\\\/\\\/www.facebook.com\\\/people\\\/PVC-PRO\\\/61580923116227\"]}]}<\/script>\n<!-- \/ Yoast SEO Premium plugin. -->","yoast_head_json":{"title":"PVC PRO jordbruksgardiner \u2013 skydd f\u00f6r g\u00e5rdar","description":"PVC PRO PVC-gardiner f\u00f6r jordbruket \u2013 skydd mot drag, insekter och fukt. Perfekt f\u00f6r lador, svinstior, v\u00e4xthus och lager. Anpassa f\u00f6r att passa din g\u00e5rd!","robots":{"index":"index","follow":"follow","max-snippet":"max-snippet:-1","max-image-preview":"max-image-preview:large","max-video-preview":"max-video-preview:-1"},"canonical":"https:\/\/pvcpro.eu\/sv\/erbjuda\/pvc-gardiner-for-jordbruket\/","og_locale":"sv_SE","og_type":"article","og_title":"Kurtyny PCV Rolnicze","og_description":"Kurtyny PCV rolnicze PVC PRO \u2013 ochrona przed przeci\u0105gami, owadami i wilgoci\u0105. Idealne do ob\u00f3r, chlewni, szklarni i magazyn\u00f3w. Dopasuj do swojego gospodarstwa!","og_url":"https:\/\/pvcpro.eu\/sv\/erbjuda\/pvc-gardiner-for-jordbruket\/","og_site_name":"PVC PRO","article_publisher":"https:\/\/www.facebook.com\/people\/PVC-PRO\/61580923116227","article_modified_time":"2025-12-12T14:49:58+00:00","og_image":[{"width":757,"height":628,"url":"https:\/\/pvcpro.eu\/wp-content\/uploads\/2025\/09\/kurtyny-rolnicze-pcv.jpg","type":"image\/jpeg"}],"twitter_card":"summary_large_image","twitter_misc":{"Ber\u00e4knad l\u00e4stid":"8 minuter"},"schema":{"@context":"https:\/\/schema.org","@graph":[{"@type":"WebPage","@id":"https:\/\/pvcpro.eu\/oferta\/kurtyny-pcv-rolnicze\/","url":"https:\/\/pvcpro.eu\/oferta\/kurtyny-pcv-rolnicze\/","name":"PVC PRO jordbruksgardiner \u2013 skydd f\u00f6r g\u00e5rdar","isPartOf":{"@id":"https:\/\/pvcpro.eu\/en\/#website"},"primaryImageOfPage":{"@id":"https:\/\/pvcpro.eu\/oferta\/kurtyny-pcv-rolnicze\/#primaryimage"},"image":{"@id":"https:\/\/pvcpro.eu\/oferta\/kurtyny-pcv-rolnicze\/#primaryimage"},"thumbnailUrl":"https:\/\/pvcpro.eu\/wp-content\/uploads\/2025\/09\/kurtyny-rolnicze-pcv.jpg","datePublished":"2025-08-26T11:48:56+00:00","dateModified":"2025-12-12T14:49:58+00:00","description":"PVC PRO PVC-gardiner f\u00f6r jordbruket \u2013 skydd mot drag, insekter och fukt. Perfekt f\u00f6r lador, svinstior, v\u00e4xthus och lager. Anpassa f\u00f6r att passa din g\u00e5rd!","breadcrumb":{"@id":"https:\/\/pvcpro.eu\/oferta\/kurtyny-pcv-rolnicze\/#breadcrumb"},"inLanguage":"sv-SE","potentialAction":[{"@type":"ReadAction","target":["https:\/\/pvcpro.eu\/oferta\/kurtyny-pcv-rolnicze\/"]}]},{"@type":"ImageObject","inLanguage":"sv-SE","@id":"https:\/\/pvcpro.eu\/oferta\/kurtyny-pcv-rolnicze\/#primaryimage","url":"https:\/\/pvcpro.eu\/wp-content\/uploads\/2025\/09\/kurtyny-rolnicze-pcv.jpg","contentUrl":"https:\/\/pvcpro.eu\/wp-content\/uploads\/2025\/09\/kurtyny-rolnicze-pcv.jpg","width":757,"height":628},{"@type":"BreadcrumbList","@id":"https:\/\/pvcpro.eu\/oferta\/kurtyny-pcv-rolnicze\/#breadcrumb","itemListElement":[{"@type":"ListItem","position":1,"name":"Home","item":"https:\/\/pvcpro.eu\/"},{"@type":"ListItem","position":2,"name":"Oferta","item":"https:\/\/pvcpro.eu\/oferta\/"},{"@type":"ListItem","position":3,"name":"Kurtyny PCV Rolnicze"}]},{"@type":"WebSite","@id":"https:\/\/pvcpro.eu\/en\/#website","url":"https:\/\/pvcpro.eu\/en\/","name":"PVC PRO","description":"Tillverkare av gardiner","publisher":{"@id":"https:\/\/pvcpro.eu\/en\/#organization"},"potentialAction":[{"@type":"SearchAction","target":{"@type":"EntryPoint","urlTemplate":"https:\/\/pvcpro.eu\/en\/?s={search_term_string}"},"query-input":{"@type":"PropertyValueSpecification","valueRequired":true,"valueName":"search_term_string"}}],"inLanguage":"sv-SE"},{"@type":"Organization","@id":"https:\/\/pvcpro.eu\/en\/#organization","name":"PVC PRO","url":"https:\/\/pvcpro.eu\/en\/","logo":{"@type":"ImageObject","inLanguage":"sv-SE","@id":"https:\/\/pvcpro.eu\/en\/#\/schema\/logo\/image\/","url":"https:\/\/pvcpro.eu\/wp-content\/uploads\/2025\/08\/pvc-pro-logo.png","contentUrl":"https:\/\/pvcpro.eu\/wp-content\/uploads\/2025\/08\/pvc-pro-logo.png","width":275,"height":55,"caption":"PVC PRO"},"image":{"@id":"https:\/\/pvcpro.eu\/en\/#\/schema\/logo\/image\/"},"sameAs":["https:\/\/www.facebook.com\/people\/PVC-PRO\/61580923116227"]}]}},"jetpack_sharing_enabled":true,"_links":{"self":[{"href":"https:\/\/pvcpro.eu\/sv\/wp-json\/wp\/v2\/pages\/37","targetHints":{"allow":["GET"]}}],"collection":[{"href":"https:\/\/pvcpro.eu\/sv\/wp-json\/wp\/v2\/pages"}],"about":[{"href":"https:\/\/pvcpro.eu\/sv\/wp-json\/wp\/v2\/types\/page"}],"author":[{"embeddable":true,"href":"https:\/\/pvcpro.eu\/sv\/wp-json\/wp\/v2\/users\/1"}],"replies":[{"embeddable":true,"href":"https:\/\/pvcpro.eu\/sv\/wp-json\/wp\/v2\/comments?post=37"}],"version-history":[{"count":0,"href":"https:\/\/pvcpro.eu\/sv\/wp-json\/wp\/v2\/pages\/37\/revisions"}],"up":[{"embeddable":true,"href":"https:\/\/pvcpro.eu\/sv\/wp-json\/wp\/v2\/pages\/23"}],"wp:featuredmedia":[{"embeddable":true,"href":"https:\/\/pvcpro.eu\/sv\/wp-json\/wp\/v2\/media\/479"}],"wp:attachment":[{"href":"https:\/\/pvcpro.eu\/sv\/wp-json\/wp\/v2\/media?parent=37"}],"curies":[{"name":"wp","href":"https:\/\/api.w.org\/{rel}","templated":true}]}}